{"id":18542,"date":"2025-05-20T09:22:13","date_gmt":"2025-05-20T07:22:13","guid":{"rendered":"https:\/\/uelzener.de\/magazin\/?page_id=18542"},"modified":"2025-09-04T12:03:22","modified_gmt":"2025-09-04T10:03:22","slug":"otter-zentrum-hankensbuettel","status":"publish","type":"page","link":"https:\/\/uelzener.de\/magazin\/wir\/otter-zentrum-hankensbuettel\/","title":{"rendered":"Wir unterst\u00fctzen das OTTER-ZENTRUM Hankensb\u00fcttel"},"content":{"rendered":"<p data-renderer-start-pos=\"336\">Ab sofort unterst\u00fctzen wir das OTTER-ZENTRUM Hankensb\u00fcttel ganz offiziell als Teil des Unternehmernetzwerks \u201eNaturpartner Deutschland\u201c!<\/p>\n<p data-renderer-start-pos=\"336\">Tats\u00e4chlich engagieren wir uns bereits seit l\u00e4ngerer Zeit finanziell f\u00fcr das OTTER-ZENTRUM. Durch die Weiterentwicklung des Netzwerks zu einem professionellen Sponsorenverband wird unser Sponsoring nun sichtbarer und bekommt einen offiziellen Rahmen.<\/p>\n<p data-renderer-start-pos=\"588\">Damit setzen wir ein Zeichen f\u00fcr <strong data-renderer-mark=\"true\">aktiven Naturschutz<\/strong> \u2013 gemeinsam mit \u00fcber 125 anderen Unternehmen, die sich f\u00fcr den <strong data-renderer-mark=\"true\">Erhalt unserer Natur<\/strong> stark machen. Hinter dem Netzwerk steht die Aktion Fischotterschutz e.V., die seit \u00fcber 40 Jahren wertvolle Projekte in Bereichen wie Biotopentwicklung, Tierforschung oder Umweltbildung umsetzt.<\/p>\n<p data-renderer-start-pos=\"588\">\n<div class=\"related_articles boxed\">\n    <h2>Mehr zum Thema<\/h2>\n    \n    <div class=\"wrapper\"><div class=\"title align-center\"><h3><a href=\"https:\/\/uelzener.de\/magazin\/wir\/jaehrliche-spende-an-vita-assistenzhunde-verein\/\">J\u00e4hrliche Spende an VITA Assistenzhunde-Verein<\/a><\/h3><\/div><div class=\"img align-center\"><img decoding=\"async\" width=\"315\" height=\"180\" src=\"https:\/\/uelzener.de\/magazin\/app\/uploads\/2025\/07\/assistenzhund-315x180.jpg\" class=\"attachment-315x180 size-315x180 wp-post-image\" alt=\"Assistenzhund an der Leine\" \/><\/div><\/div><div class=\"wrapper\"><div class=\"title align-center\"><h3><a href=\"https:\/\/uelzener.de\/magazin\/wir\/olivenbaum-fuer-hundertwasser-bahnhof-uelzen\/\">Ein neuer Baummieter f\u00fcr den Hundertwasser-Bahnhof in Uelzen!<\/a><\/h3><\/div><div class=\"img align-center\"><img decoding=\"async\" width=\"315\" height=\"180\" src=\"https:\/\/uelzener.de\/magazin\/app\/uploads\/2025\/04\/olivenbaum-uelzen-hauptbahnhof-315x180.jpg\" class=\"attachment-315x180 size-315x180 wp-post-image\" alt=\"Olivenbaum wird eingeweiht als Zeichen der Nachhaltigkeit im Uelzener Hauptbahnhof.\" \/><\/div><\/div><\/div>\n<\/p>\n<p data-renderer-start-pos=\"921\">Das OTTER-ZENTRUM ist dabei nicht nur ein spannender Ort f\u00fcr Besucher:innen, sondern auch eine innovative Bildungseinrichtung \u2013 und auch hier flie\u00dft unser Sponsoring mit ein. Denn Naturschutz lebt vom Mitmachen!<\/p>\n<p data-renderer-start-pos=\"1134\">Wir freuen uns, Teil dieser gro\u00dfartigen Initiative zu sein \u2013 f\u00fcr mehr Artenvielfalt, gesunde Lebensr\u00e4ume und eine Zukunft, in der Natur und Mensch im Einklang leben.<\/p>\n","protected":false},"excerpt":{"rendered":"<p>Ab sofort unterst\u00fctzen wir das OTTER-ZENTRUM Hankensb\u00fcttel ganz offiziell als Teil des Unternehmernetzwerks \u201eNaturpartner Deutschland\u201c! Tats\u00e4chlich engagieren wir uns bereits seit l\u00e4ngerer Zeit finanziell f\u00fcr das OTTER-ZENTRUM. Durch die Weiterentwicklung des Netzwerks zu einem professionellen Sponsorenverband wird unser Sponsoring nun sichtbarer und bekommt einen offiziellen Rahmen. Damit setzen wir ein Zeichen f\u00fcr aktiven Naturschutz \u2013 [&hellip;]<\/p>\n","protected":false},"author":11,"featured_media":18543,"parent":2469,"menu_order":6,"comment_status":"closed","ping_status":"closed","template":"templates\/blog.php","meta":{"_acf_changed":false,"_crdt_document":"","footnotes":"","beyondwords_generate_audio":"","beyondwords_project_id":"","beyondwords_content_id":"","beyondwords_preview_token":"","beyondwords_player_style":"","beyondwords_language_id":"","beyondwords_title_voice_id":"","beyondwords_body_voice_id":"","beyondwords_summary_voice_id":"","beyondwords_error_message":"","beyondwords_disabled":"","beyondwords_delete_content":"","beyondwords_podcast_id":"","beyondwords_hash":"","publish_post_to_speechkit":"","speechkit_hash":"","speechkit_generate_audio":"","speechkit_project_id":"","speechkit_podcast_id":"","speechkit_error_message":"","speechkit_disabled":"","speechkit_access_key":"","speechkit_error":"","speechkit_info":"","speechkit_response":"","speechkit_retries":"","speechkit_status":"","speechkit_updated_at":"","_speechkit_link":"","_speechkit_text":""},"class_list":["post-18542","page","type-page","status-publish","has-post-thumbnail","hentry"],"acf":[],"yoast_head":"<!-- This site is optimized with the Yoast SEO Premium plugin  - https:\/\/yoast.com\/product\/yoast-seo-premium-wordpress\/ -->\n<title>Wir unterst\u00fctzen das OTTER-ZENTRUM Hankensb\u00fcttel | Uelzener Magazin<\/title>\n<meta name=\"description\" content=\"Wir unterst\u00fctzen das OTTER-ZENTRUM Hankensb\u00fcttel aktiv im Rahmen des Naturpartner Deutschland Netzwerks f\u00fcr Naturschutz.\" \/>\n<meta name=\"robots\" content=\"index, follow, max-snippet:-1, max-image-preview:large, max-video-preview:-1\" \/>\n<link rel=\"canonical\" href=\"https:\/\/uelzener.de\/magazin\/wir\/otter-zentrum-hankensbuettel\/\" \/>\n<meta property=\"og:locale\" content=\"de_DE\" \/>\n<meta property=\"og:type\" content=\"article\" \/>\n<meta property=\"og:title\" content=\"Wir unterst\u00fctzen das OTTER-ZENTRUM Hankensb\u00fcttel\" \/>\n<meta property=\"og:description\" content=\"Wir unterst\u00fctzen das OTTER-ZENTRUM Hankensb\u00fcttel aktiv im Rahmen des Naturpartner Deutschland Netzwerks f\u00fcr Naturschutz.\" \/>\n<meta property=\"og:url\" content=\"https:\/\/uelzener.de\/magazin\/wir\/otter-zentrum-hankensbuettel\/\" \/>\n<meta property=\"og:site_name\" content=\"Uelzener Tier-Magazin\" \/>\n<meta property=\"article:publisher\" content=\"https:\/\/www.facebook.com\/Uelzener\" \/>\n<meta property=\"article:modified_time\" content=\"2025-09-04T10:03:22+00:00\" \/>\n<meta property=\"og:image\" content=\"https:\/\/uelzener.de\/magazin\/app\/uploads\/2025\/05\/otter-otterzentrum.jpg\" \/>\n\t<meta property=\"og:image:width\" content=\"1025\" \/>\n\t<meta property=\"og:image:height\" content=\"450\" \/>\n\t<meta property=\"og:image:type\" content=\"image\/jpeg\" \/>\n<meta name=\"twitter:card\" content=\"summary_large_image\" \/>\n<meta name=\"twitter:label1\" content=\"Gesch\u00e4tzte Lesezeit\" \/>\n\t<meta name=\"twitter:data1\" content=\"2\u00a0Minuten\" \/>\n<script type=\"application\/ld+json\" class=\"yoast-schema-graph\">{\"@context\":\"https:\\\/\\\/schema.org\",\"@graph\":[{\"@type\":\"WebPage\",\"@id\":\"https:\\\/\\\/uelzener.de\\\/magazin\\\/wir\\\/otter-zentrum-hankensbuettel\\\/\",\"url\":\"https:\\\/\\\/uelzener.de\\\/magazin\\\/wir\\\/otter-zentrum-hankensbuettel\\\/\",\"name\":\"Wir unterst\u00fctzen das OTTER-ZENTRUM Hankensb\u00fcttel | Uelzener Magazin\",\"isPartOf\":{\"@id\":\"https:\\\/\\\/uelzener.de\\\/magazin\\\/#website\"},\"primaryImageOfPage\":{\"@id\":\"https:\\\/\\\/uelzener.de\\\/magazin\\\/wir\\\/otter-zentrum-hankensbuettel\\\/#primaryimage\"},\"image\":{\"@id\":\"https:\\\/\\\/uelzener.de\\\/magazin\\\/wir\\\/otter-zentrum-hankensbuettel\\\/#primaryimage\"},\"thumbnailUrl\":\"https:\\\/\\\/uelzener.de\\\/magazin\\\/app\\\/uploads\\\/2025\\\/05\\\/otter-otterzentrum.jpg\",\"datePublished\":\"2025-05-20T07:22:13+00:00\",\"dateModified\":\"2025-09-04T10:03:22+00:00\",\"description\":\"Wir unterst\u00fctzen das OTTER-ZENTRUM Hankensb\u00fcttel aktiv im Rahmen des Naturpartner Deutschland Netzwerks f\u00fcr Naturschutz.\",\"breadcrumb\":{\"@id\":\"https:\\\/\\\/uelzener.de\\\/magazin\\\/wir\\\/otter-zentrum-hankensbuettel\\\/#breadcrumb\"},\"inLanguage\":\"de\",\"potentialAction\":[{\"@type\":\"ReadAction\",\"target\":[\"https:\\\/\\\/uelzener.de\\\/magazin\\\/wir\\\/otter-zentrum-hankensbuettel\\\/\"]}]},{\"@type\":\"ImageObject\",\"inLanguage\":\"de\",\"@id\":\"https:\\\/\\\/uelzener.de\\\/magazin\\\/wir\\\/otter-zentrum-hankensbuettel\\\/#primaryimage\",\"url\":\"https:\\\/\\\/uelzener.de\\\/magazin\\\/app\\\/uploads\\\/2025\\\/05\\\/otter-otterzentrum.jpg\",\"contentUrl\":\"https:\\\/\\\/uelzener.de\\\/magazin\\\/app\\\/uploads\\\/2025\\\/05\\\/otter-otterzentrum.jpg\",\"width\":1025,\"height\":450,\"caption\":\"Otter im Otterzentrum.\"},{\"@type\":\"WebSite\",\"@id\":\"https:\\\/\\\/uelzener.de\\\/magazin\\\/#website\",\"url\":\"https:\\\/\\\/uelzener.de\\\/magazin\\\/\",\"name\":\"Uelzener Tiermagazin\",\"description\":\"Online Tierratgeber der Uelzener Versicherungen\",\"publisher\":{\"@id\":\"https:\\\/\\\/uelzener.de\\\/magazin\\\/#organization\"},\"potentialAction\":[{\"@type\":\"SearchAction\",\"target\":{\"@type\":\"EntryPoint\",\"urlTemplate\":\"https:\\\/\\\/uelzener.de\\\/magazin\\\/?s={search_term_string}\"},\"query-input\":{\"@type\":\"PropertyValueSpecification\",\"valueRequired\":true,\"valueName\":\"search_term_string\"}}],\"inLanguage\":\"de\"},{\"@type\":\"Organization\",\"@id\":\"https:\\\/\\\/uelzener.de\\\/magazin\\\/#organization\",\"name\":\"Uelzener Versicherungen\",\"url\":\"https:\\\/\\\/uelzener.de\\\/magazin\\\/\",\"logo\":{\"@type\":\"ImageObject\",\"inLanguage\":\"de\",\"@id\":\"https:\\\/\\\/uelzener.de\\\/magazin\\\/#\\\/schema\\\/logo\\\/image\\\/\",\"url\":\"https:\\\/\\\/uelzener.de\\\/magazin\\\/app\\\/uploads\\\/2024\\\/11\\\/uelzener_allgemeine_versicherungsgesellschaft_a_g_logo.jpg\",\"contentUrl\":\"https:\\\/\\\/uelzener.de\\\/magazin\\\/app\\\/uploads\\\/2024\\\/11\\\/uelzener_allgemeine_versicherungsgesellschaft_a_g_logo.jpg\",\"width\":200,\"height\":200,\"caption\":\"Uelzener Versicherungen\"},\"image\":{\"@id\":\"https:\\\/\\\/uelzener.de\\\/magazin\\\/#\\\/schema\\\/logo\\\/image\\\/\"},\"sameAs\":[\"https:\\\/\\\/www.facebook.com\\\/Uelzener\",\"https:\\\/\\\/instagram.com\\\/uelzener\",\"https:\\\/\\\/www.xing.com\\\/pages\\\/uelzenerallgemeineversicherungs-gesellschafta-g\",\"https:\\\/\\\/www.youtube.com\\\/UelzenerVersicherungen\"]}]}<\/script>\n<!-- \/ Yoast SEO Premium plugin. -->","yoast_head_json":{"title":"Wir unterst\u00fctzen das OTTER-ZENTRUM Hankensb\u00fcttel | Uelzener Magazin","description":"Wir unterst\u00fctzen das OTTER-ZENTRUM Hankensb\u00fcttel aktiv im Rahmen des Naturpartner Deutschland Netzwerks f\u00fcr Naturschutz.","robots":{"index":"index","follow":"follow","max-snippet":"max-snippet:-1","max-image-preview":"max-image-preview:large","max-video-preview":"max-video-preview:-1"},"canonical":"https:\/\/uelzener.de\/magazin\/wir\/otter-zentrum-hankensbuettel\/","og_locale":"de_DE","og_type":"article","og_title":"Wir unterst\u00fctzen das OTTER-ZENTRUM Hankensb\u00fcttel","og_description":"Wir unterst\u00fctzen das OTTER-ZENTRUM Hankensb\u00fcttel aktiv im Rahmen des Naturpartner Deutschland Netzwerks f\u00fcr Naturschutz.","og_url":"https:\/\/uelzener.de\/magazin\/wir\/otter-zentrum-hankensbuettel\/","og_site_name":"Uelzener Tier-Magazin","article_publisher":"https:\/\/www.facebook.com\/Uelzener","article_modified_time":"2025-09-04T10:03:22+00:00","og_image":[{"width":1025,"height":450,"url":"https:\/\/uelzener.de\/magazin\/app\/uploads\/2025\/05\/otter-otterzentrum.jpg","type":"image\/jpeg"}],"twitter_card":"summary_large_image","twitter_misc":{"Gesch\u00e4tzte Lesezeit":"2\u00a0Minuten"},"schema":{"@context":"https:\/\/schema.org","@graph":[{"@type":"WebPage","@id":"https:\/\/uelzener.de\/magazin\/wir\/otter-zentrum-hankensbuettel\/","url":"https:\/\/uelzener.de\/magazin\/wir\/otter-zentrum-hankensbuettel\/","name":"Wir unterst\u00fctzen das OTTER-ZENTRUM Hankensb\u00fcttel | Uelzener Magazin","isPartOf":{"@id":"https:\/\/uelzener.de\/magazin\/#website"},"primaryImageOfPage":{"@id":"https:\/\/uelzener.de\/magazin\/wir\/otter-zentrum-hankensbuettel\/#primaryimage"},"image":{"@id":"https:\/\/uelzener.de\/magazin\/wir\/otter-zentrum-hankensbuettel\/#primaryimage"},"thumbnailUrl":"https:\/\/uelzener.de\/magazin\/app\/uploads\/2025\/05\/otter-otterzentrum.jpg","datePublished":"2025-05-20T07:22:13+00:00","dateModified":"2025-09-04T10:03:22+00:00","description":"Wir unterst\u00fctzen das OTTER-ZENTRUM Hankensb\u00fcttel aktiv im Rahmen des Naturpartner Deutschland Netzwerks f\u00fcr Naturschutz.","breadcrumb":{"@id":"https:\/\/uelzener.de\/magazin\/wir\/otter-zentrum-hankensbuettel\/#breadcrumb"},"inLanguage":"de","potentialAction":[{"@type":"ReadAction","target":["https:\/\/uelzener.de\/magazin\/wir\/otter-zentrum-hankensbuettel\/"]}]},{"@type":"ImageObject","inLanguage":"de","@id":"https:\/\/uelzener.de\/magazin\/wir\/otter-zentrum-hankensbuettel\/#primaryimage","url":"https:\/\/uelzener.de\/magazin\/app\/uploads\/2025\/05\/otter-otterzentrum.jpg","contentUrl":"https:\/\/uelzener.de\/magazin\/app\/uploads\/2025\/05\/otter-otterzentrum.jpg","width":1025,"height":450,"caption":"Otter im Otterzentrum."},{"@type":"WebSite","@id":"https:\/\/uelzener.de\/magazin\/#website","url":"https:\/\/uelzener.de\/magazin\/","name":"Uelzener Tiermagazin","description":"Online Tierratgeber der Uelzener Versicherungen","publisher":{"@id":"https:\/\/uelzener.de\/magazin\/#organization"},"potentialAction":[{"@type":"SearchAction","target":{"@type":"EntryPoint","urlTemplate":"https:\/\/uelzener.de\/magazin\/?s={search_term_string}"},"query-input":{"@type":"PropertyValueSpecification","valueRequired":true,"valueName":"search_term_string"}}],"inLanguage":"de"},{"@type":"Organization","@id":"https:\/\/uelzener.de\/magazin\/#organization","name":"Uelzener Versicherungen","url":"https:\/\/uelzener.de\/magazin\/","logo":{"@type":"ImageObject","inLanguage":"de","@id":"https:\/\/uelzener.de\/magazin\/#\/schema\/logo\/image\/","url":"https:\/\/uelzener.de\/magazin\/app\/uploads\/2024\/11\/uelzener_allgemeine_versicherungsgesellschaft_a_g_logo.jpg","contentUrl":"https:\/\/uelzener.de\/magazin\/app\/uploads\/2024\/11\/uelzener_allgemeine_versicherungsgesellschaft_a_g_logo.jpg","width":200,"height":200,"caption":"Uelzener Versicherungen"},"image":{"@id":"https:\/\/uelzener.de\/magazin\/#\/schema\/logo\/image\/"},"sameAs":["https:\/\/www.facebook.com\/Uelzener","https:\/\/instagram.com\/uelzener","https:\/\/www.xing.com\/pages\/uelzenerallgemeineversicherungs-gesellschafta-g","https:\/\/www.youtube.com\/UelzenerVersicherungen"]}]}},"_links":{"self":[{"href":"https:\/\/uelzener.de\/magazin\/wp-json\/wp\/v2\/pages\/18542","targetHints":{"allow":["GET"]}}],"collection":[{"href":"https:\/\/uelzener.de\/magazin\/wp-json\/wp\/v2\/pages"}],"about":[{"href":"https:\/\/uelzener.de\/magazin\/wp-json\/wp\/v2\/types\/page"}],"author":[{"embeddable":true,"href":"https:\/\/uelzener.de\/magazin\/wp-json\/wp\/v2\/users\/11"}],"replies":[{"embeddable":true,"href":"https:\/\/uelzener.de\/magazin\/wp-json\/wp\/v2\/comments?post=18542"}],"version-history":[{"count":2,"href":"https:\/\/uelzener.de\/magazin\/wp-json\/wp\/v2\/pages\/18542\/revisions"}],"predecessor-version":[{"id":19137,"href":"https:\/\/uelzener.de\/magazin\/wp-json\/wp\/v2\/pages\/18542\/revisions\/19137"}],"up":[{"embeddable":true,"href":"https:\/\/uelzener.de\/magazin\/wp-json\/wp\/v2\/pages\/2469"}],"wp:featuredmedia":[{"embeddable":true,"href":"https:\/\/uelzener.de\/magazin\/wp-json\/wp\/v2\/media\/18543"}],"wp:attachment":[{"href":"https:\/\/uelzener.de\/magazin\/wp-json\/wp\/v2\/media?parent=18542"}],"curies":[{"name":"wp","href":"https:\/\/api.w.org\/{rel}","templated":true}]}}