{"id":18426,"date":"2025-04-28T09:30:25","date_gmt":"2025-04-28T07:30:25","guid":{"rendered":"https:\/\/uelzener.de\/magazin\/?page_id=18426"},"modified":"2025-09-04T12:06:18","modified_gmt":"2025-09-04T10:06:18","slug":"olivenbaum-fuer-hundertwasser-bahnhof-uelzen","status":"publish","type":"page","link":"https:\/\/uelzener.de\/magazin\/wir\/olivenbaum-fuer-hundertwasser-bahnhof-uelzen\/","title":{"rendered":"Ein neuer Baummieter f\u00fcr den Hundertwasser-Bahnhof in Uelzen!"},"content":{"rendered":"<p data-renderer-start-pos=\"3\">Wer in Uelzen ankommt, wird auf besondere Weise willkommen gehei\u00dfen. Unser wundersch\u00f6ner Hundertwasser-Bahnhof ist ein Ort, der Mensch und Natur zusammenbringt und Reisende dazu einl\u00e4dt, innezuhalten und zu rasten.<\/p>\n<p data-renderer-start-pos=\"219\">Am 22. Februar 2025 feierten wir das <strong data-renderer-mark=\"true\">25-j\u00e4hrige Jubil\u00e4um des Hundertwasser-Bahnhofs in Uelzen<\/strong>. Als Unternehmen, das sich seit seiner Gr\u00fcndung vor mehr als 150 Jahren tief mit Uelzen und der Region verbunden f\u00fchlt, ist es uns eine besondere Freude und Ehre, dem Bahnhof unserer Stadt zum Geburtstag <strong data-renderer-mark=\"true\">einen neuen Baummieter <\/strong>zu stiften \u2013 einen Olivenbaum!<\/p>\n<p data-renderer-start-pos=\"572\">Baummieter \u2013 das sind nach <strong data-renderer-mark=\"true\">Friedensreich Hundertwasser <\/strong>Botschafter des Waldes in der Stadt, die in von Menschenhand erbauten Konstruktionen leben, wachsen und gedeihen, und eins mit ihnen werden.<\/p>\n<h2 data-renderer-start-pos=\"769\">Ein Symbol f\u00fcr Frieden und Verantwortung<\/h2>\n<p data-renderer-start-pos=\"811\">Der <strong data-renderer-mark=\"true\">Olivenbaum<\/strong> ist mehr als ein gr\u00fcnes Wahrzeichen. Seit Jahrtausenden steht er f\u00fcr <strong data-renderer-mark=\"true\">Frieden<\/strong>, <strong data-renderer-mark=\"true\">Vers\u00f6hnung<\/strong> und <strong data-renderer-mark=\"true\">Best\u00e4ndigkeit<\/strong>. Das sind Werte, die wir leben und in die Zukunft tragen m\u00f6chten \u2013 in einer Zeit, in der es wichtiger denn je ist, auf unsere Verantwortung f\u00fcreinander und f\u00fcr die Natur zu achten.<\/p>\n<p data-renderer-start-pos=\"1115\">Am 22. Februar, dem Tag der feierlichen Baumenth\u00fcllung, feierten wir nicht nur den 25. Geburtstag des Hundertwasser-Bahnhofs. Wir erinnerten auch an die <strong data-renderer-mark=\"true\">dunklen Stunden unserer Geschichte<\/strong>, denn an diesem Tag vor genau 80 Jahren wurde der Bahnhof in Uelzen durch einen verheerenden Bombenangriff zerst\u00f6rt. Um die Tr\u00fcmmer zu beseitigen, wurden in den darauffolgenden Tagen und Wochen Insassen des Konzentrationslagers Neuengamme zur Zwangsarbeit herangezogen. Noch heute erinnert die KZ-Gedenkst\u00e4tte Neuengamme im S\u00fcdosten von Hamburg an das unermessliche Leid, das Krieg und eine unmenschliche Ideologie \u00fcber die Welt gebracht haben.<\/p>\n<p data-renderer-start-pos=\"1749\">Gemeinsam m\u00f6chten wir ein Zeichen setzen: Mit der Pflanzung dieses Olivenbaums gedenken wir der Vergangenheit und schauen zugleich in die Zukunft.<\/p>\n<h2 data-renderer-start-pos=\"1897\">Verantwortung, die wir leben \ud83c\udf0d<\/h2>\n<p data-renderer-start-pos=\"1930\">Seit \u00fcber 150 Jahren setzen wir uns f\u00fcr das Wohl von Mensch und Tier ein.<\/p>\n<p data-renderer-start-pos=\"2005\"><strong data-renderer-mark=\"true\">Wir sind Wegbereiter.<\/strong><\/p>\n<p data-renderer-start-pos=\"2028\"><strong data-renderer-mark=\"true\">Und Wegbegleiter.<\/strong><\/p>\n<p data-renderer-start-pos=\"2047\"><strong data-renderer-mark=\"true\">F\u00fcr Mensch. F\u00fcr Tier. F\u00fcr alle.<\/strong><\/p>\n<p data-renderer-start-pos=\"2047\"><img decoding=\"async\" class=\"alignnone size-medium wp-image-18428\" src=\"https:\/\/uelzener.de\/magazin\/app\/uploads\/2025\/04\/imke-brammer-rahlfs-olivenbaum-uelzen-hauptbahnhof-226x300.jpg\" alt=\"Imke Brammer-Rahlfs, Vorst\u00e4ndin der Uelzener Versicherungen, mit Olivenbaum im Uelzener Hauptbahnhof.\" width=\"226\" height=\"300\" srcset=\"https:\/\/uelzener.de\/magazin\/app\/uploads\/2025\/04\/imke-brammer-rahlfs-olivenbaum-uelzen-hauptbahnhof-226x300.jpg 226w, https:\/\/uelzener.de\/magazin\/app\/uploads\/2025\/04\/imke-brammer-rahlfs-olivenbaum-uelzen-hauptbahnhof.jpg 602w\" sizes=\"(max-width: 226px) 100vw, 226px\" \/><\/p>\n<p data-renderer-start-pos=\"2083\">Das ist unser Leitsatz bei der Uelzener und danach wollen wir handeln. <a href=\"https:\/\/uelzener.de\/nachhaltigkeit-tierschutz\/\" target=\"_blank\" rel=\"noopener\">Nachhaltigkeit<\/a> und gesellschaftliche Verantwortung sind f\u00fcr uns nicht nur Worte, sondern gelebte Werte. In einer Welt, die von vielf\u00e4ltigen Herausforderungen gepr\u00e4gt ist, ist es f\u00fcr uns von gr\u00f6\u00dfter Bedeutung, mit unserer Arbeit und unseren Projekten einen positiven Einfluss zu nehmen.<\/p>\n<p data-renderer-start-pos=\"2441\">Der Olivenbaum im Hundertwasser-Bahnhof ist ein sichtbares Zeichen unserer Werte. Er soll uns t\u00e4glich daran erinnern, dass wir <strong data-renderer-mark=\"true\">Verantwortung \u00fcbernehmen<\/strong>, <strong data-renderer-mark=\"true\">Br\u00fccken bauen<\/strong> und uns stets f\u00fcr eine <strong data-renderer-mark=\"true\">lebenswerte Zukunft<\/strong> einsetzen m\u00fcssen \u2013 f\u00fcr die kommenden Generationen und dar\u00fcber hinaus.<\/p>\n<p data-renderer-start-pos=\"2441\">\n<div class=\"related_articles boxed\">\n    <h2>Mehr zum Thema<\/h2>\n    \n    <div class=\"wrapper\"><div class=\"title align-center\"><h3><a href=\"https:\/\/uelzener.de\/magazin\/wir\/otter-zentrum-hankensbuettel\/\">Wir unterst\u00fctzen das OTTER-ZENTRUM Hankensb\u00fcttel<\/a><\/h3><\/div><div class=\"img align-center\"><img decoding=\"async\" width=\"315\" height=\"180\" src=\"https:\/\/uelzener.de\/magazin\/app\/uploads\/2025\/05\/otter-otterzentrum-315x180.jpg\" class=\"attachment-315x180 size-315x180 wp-post-image\" alt=\"Otter im Otterzentrum.\" \/><\/div><\/div><div class=\"wrapper\"><div class=\"title align-center\"><h3><a href=\"https:\/\/uelzener.de\/magazin\/wir\/energie-macht-schule-uelzener-spendet\/\">Energie macht Schule: Uelzener Versicherung unterst\u00fctzt nachhaltiges Schulprojekt<\/a><\/h3><\/div><div class=\"img align-center\"><img decoding=\"async\" width=\"315\" height=\"180\" src=\"https:\/\/uelzener.de\/magazin\/app\/uploads\/2025\/04\/symbolbild_kind_lernt_stromkreislauf-315x180.jpg\" class=\"attachment-315x180 size-315x180 wp-post-image\" alt=\"Symbolbilld zeigt Kinderh\u00e4nde und wie es etwas \u00fcber den Stromkreislauf lernt.\" \/><\/div><\/div><div class=\"wrapper\"><div class=\"title align-center\"><h3><a href=\"https:\/\/uelzener.de\/magazin\/wir\/uelzener-foerdermitgliedschaft-ikv-e-v\/\">Unsere F\u00f6rdermitgliedschaft bei dem IKV e.V. geht in die n\u00e4chste Runde!<\/a><\/h3><\/div><div class=\"img align-center\"><img decoding=\"async\" width=\"315\" height=\"180\" src=\"https:\/\/uelzener.de\/magazin\/app\/uploads\/2025\/04\/symbolbild-ikv-urkunde-315x180.jpg\" class=\"attachment-315x180 size-315x180 wp-post-image\" alt=\"\" \/><\/div><\/div><\/div>\n<\/p>\n<h2 data-renderer-start-pos=\"2722\">Ein Baum f\u00fcr die Zukunft \ud83c\udf31<\/h2>\n<p data-renderer-start-pos=\"2751\">Wir denken nicht nur an die n\u00e4chsten Jahre, sondern an die kommenden <strong data-renderer-mark=\"true\">Jahrzehnte<\/strong>. Auch in Zukunft m\u00f6chten wir als <strong data-renderer-mark=\"true\">starker Arbeitgeber<\/strong> in der Region wirken,<a href=\"https:\/\/uelzener.de\/soziales-engagement\/\" target=\"_blank\" rel=\"noopener\">soziale und nachhaltige Projekte unterst\u00fctzen<\/a> und Perspektiven f\u00fcr die Menschen in und um Uelzen schaffen.<\/p>\n<p data-renderer-start-pos=\"3014\">Der Olivenbaum mit all seiner Standhaftigkeit soll uns als Vorbild dienen und uns Halt geben, damit wir gemeinsam als Gesellschaft auch in schweren Zeiten an unseren Werten festhalten und sie f\u00fcr die Zukunft bewahren. M\u00f6ge er wachsen, gedeihen und uns immer daran erinnern, dass es in unseren H\u00e4nden liegt, eine <strong data-renderer-mark=\"true\">nachhaltige, respektvolle und lebenswerte Welt <\/strong>zu gestalten.<\/p>\n","protected":false},"excerpt":{"rendered":"<p>Wer in Uelzen ankommt, wird auf besondere Weise willkommen gehei\u00dfen. Unser wundersch\u00f6ner Hundertwasser-Bahnhof ist ein Ort, der Mensch und Natur zusammenbringt und Reisende dazu einl\u00e4dt, innezuhalten und zu rasten. Am 22. Februar 2025 feierten wir das 25-j\u00e4hrige Jubil\u00e4um des Hundertwasser-Bahnhofs in Uelzen. Als Unternehmen, das sich seit seiner Gr\u00fcndung vor mehr als 150 Jahren tief [&hellip;]<\/p>\n","protected":false},"author":11,"featured_media":18427,"parent":2469,"menu_order":20,"comment_status":"closed","ping_status":"closed","template":"templates\/blog.php","meta":{"_acf_changed":false,"_crdt_document":"","footnotes":"","beyondwords_generate_audio":"","beyondwords_project_id":"","beyondwords_content_id":"","beyondwords_preview_token":"","beyondwords_player_style":"","beyondwords_language_id":"","beyondwords_title_voice_id":"","beyondwords_body_voice_id":"","beyondwords_summary_voice_id":"","beyondwords_error_message":"","beyondwords_disabled":"","beyondwords_delete_content":"","beyondwords_podcast_id":"","beyondwords_hash":"","publish_post_to_speechkit":"","speechkit_hash":"","speechkit_generate_audio":"","speechkit_project_id":"","speechkit_podcast_id":"","speechkit_error_message":"","speechkit_disabled":"","speechkit_access_key":"","speechkit_error":"","speechkit_info":"","speechkit_response":"","speechkit_retries":"","speechkit_status":"","speechkit_updated_at":"","_speechkit_link":"","_speechkit_text":""},"class_list":["post-18426","page","type-page","status-publish","has-post-thumbnail","hentry"],"acf":[],"yoast_head":"<!-- This site is optimized with the Yoast SEO Premium plugin  - https:\/\/yoast.com\/product\/yoast-seo-premium-wordpress\/ -->\n<title>Ein neuer Baummieter f\u00fcr den Hundertwasser-Bahnhof in Uelzen! | Uelzener Magazin<\/title>\n<meta name=\"description\" content=\"Entdecke den neuen Olivenbaum im Hundertwasser-Bahnhof Uelzen. Ein Symbol f\u00fcr Frieden und Best\u00e4ndigkeit.\" \/>\n<meta name=\"robots\" content=\"index, follow, max-snippet:-1, max-image-preview:large, max-video-preview:-1\" \/>\n<link rel=\"canonical\" href=\"https:\/\/uelzener.de\/magazin\/wir\/olivenbaum-fuer-hundertwasser-bahnhof-uelzen\/\" \/>\n<meta property=\"og:locale\" content=\"de_DE\" \/>\n<meta property=\"og:type\" content=\"article\" \/>\n<meta property=\"og:title\" content=\"Ein neuer Baummieter f\u00fcr den Hundertwasser-Bahnhof in Uelzen!\" \/>\n<meta property=\"og:description\" content=\"Entdecke den neuen Olivenbaum im Hundertwasser-Bahnhof Uelzen. Ein Symbol f\u00fcr Frieden und Best\u00e4ndigkeit.\" \/>\n<meta property=\"og:url\" content=\"https:\/\/uelzener.de\/magazin\/wir\/olivenbaum-fuer-hundertwasser-bahnhof-uelzen\/\" \/>\n<meta property=\"og:site_name\" content=\"Uelzener Tier-Magazin\" \/>\n<meta property=\"article:publisher\" content=\"https:\/\/www.facebook.com\/Uelzener\" \/>\n<meta property=\"article:modified_time\" content=\"2025-09-04T10:06:18+00:00\" \/>\n<meta property=\"og:image\" content=\"https:\/\/uelzener.de\/magazin\/app\/uploads\/2025\/04\/olivenbaum-uelzen-hauptbahnhof.jpg\" \/>\n\t<meta property=\"og:image:width\" content=\"1025\" \/>\n\t<meta property=\"og:image:height\" content=\"450\" \/>\n\t<meta property=\"og:image:type\" content=\"image\/jpeg\" \/>\n<meta name=\"twitter:card\" content=\"summary_large_image\" \/>\n<meta name=\"twitter:label1\" content=\"Gesch\u00e4tzte Lesezeit\" \/>\n\t<meta name=\"twitter:data1\" content=\"4\u00a0Minuten\" \/>\n<script type=\"application\/ld+json\" class=\"yoast-schema-graph\">{\"@context\":\"https:\\\/\\\/schema.org\",\"@graph\":[{\"@type\":\"WebPage\",\"@id\":\"https:\\\/\\\/uelzener.de\\\/magazin\\\/wir\\\/olivenbaum-fuer-hundertwasser-bahnhof-uelzen\\\/\",\"url\":\"https:\\\/\\\/uelzener.de\\\/magazin\\\/wir\\\/olivenbaum-fuer-hundertwasser-bahnhof-uelzen\\\/\",\"name\":\"Ein neuer Baummieter f\u00fcr den Hundertwasser-Bahnhof in Uelzen! | Uelzener Magazin\",\"isPartOf\":{\"@id\":\"https:\\\/\\\/uelzener.de\\\/magazin\\\/#website\"},\"primaryImageOfPage\":{\"@id\":\"https:\\\/\\\/uelzener.de\\\/magazin\\\/wir\\\/olivenbaum-fuer-hundertwasser-bahnhof-uelzen\\\/#primaryimage\"},\"image\":{\"@id\":\"https:\\\/\\\/uelzener.de\\\/magazin\\\/wir\\\/olivenbaum-fuer-hundertwasser-bahnhof-uelzen\\\/#primaryimage\"},\"thumbnailUrl\":\"https:\\\/\\\/uelzener.de\\\/magazin\\\/app\\\/uploads\\\/2025\\\/04\\\/olivenbaum-uelzen-hauptbahnhof.jpg\",\"datePublished\":\"2025-04-28T07:30:25+00:00\",\"dateModified\":\"2025-09-04T10:06:18+00:00\",\"description\":\"Entdecke den neuen Olivenbaum im Hundertwasser-Bahnhof Uelzen. Ein Symbol f\u00fcr Frieden und Best\u00e4ndigkeit.\",\"breadcrumb\":{\"@id\":\"https:\\\/\\\/uelzener.de\\\/magazin\\\/wir\\\/olivenbaum-fuer-hundertwasser-bahnhof-uelzen\\\/#breadcrumb\"},\"inLanguage\":\"de\",\"potentialAction\":[{\"@type\":\"ReadAction\",\"target\":[\"https:\\\/\\\/uelzener.de\\\/magazin\\\/wir\\\/olivenbaum-fuer-hundertwasser-bahnhof-uelzen\\\/\"]}]},{\"@type\":\"ImageObject\",\"inLanguage\":\"de\",\"@id\":\"https:\\\/\\\/uelzener.de\\\/magazin\\\/wir\\\/olivenbaum-fuer-hundertwasser-bahnhof-uelzen\\\/#primaryimage\",\"url\":\"https:\\\/\\\/uelzener.de\\\/magazin\\\/app\\\/uploads\\\/2025\\\/04\\\/olivenbaum-uelzen-hauptbahnhof.jpg\",\"contentUrl\":\"https:\\\/\\\/uelzener.de\\\/magazin\\\/app\\\/uploads\\\/2025\\\/04\\\/olivenbaum-uelzen-hauptbahnhof.jpg\",\"width\":1025,\"height\":450,\"caption\":\"Olivenbaum wird eingeweiht als Zeichen der Nachhaltigkeit im Uelzener Hauptbahnhof.\"},{\"@type\":\"WebSite\",\"@id\":\"https:\\\/\\\/uelzener.de\\\/magazin\\\/#website\",\"url\":\"https:\\\/\\\/uelzener.de\\\/magazin\\\/\",\"name\":\"Uelzener Tiermagazin\",\"description\":\"Online Tierratgeber der Uelzener Versicherungen\",\"publisher\":{\"@id\":\"https:\\\/\\\/uelzener.de\\\/magazin\\\/#organization\"},\"potentialAction\":[{\"@type\":\"SearchAction\",\"target\":{\"@type\":\"EntryPoint\",\"urlTemplate\":\"https:\\\/\\\/uelzener.de\\\/magazin\\\/?s={search_term_string}\"},\"query-input\":{\"@type\":\"PropertyValueSpecification\",\"valueRequired\":true,\"valueName\":\"search_term_string\"}}],\"inLanguage\":\"de\"},{\"@type\":\"Organization\",\"@id\":\"https:\\\/\\\/uelzener.de\\\/magazin\\\/#organization\",\"name\":\"Uelzener Versicherungen\",\"url\":\"https:\\\/\\\/uelzener.de\\\/magazin\\\/\",\"logo\":{\"@type\":\"ImageObject\",\"inLanguage\":\"de\",\"@id\":\"https:\\\/\\\/uelzener.de\\\/magazin\\\/#\\\/schema\\\/logo\\\/image\\\/\",\"url\":\"https:\\\/\\\/uelzener.de\\\/magazin\\\/app\\\/uploads\\\/2024\\\/11\\\/uelzener_allgemeine_versicherungsgesellschaft_a_g_logo.jpg\",\"contentUrl\":\"https:\\\/\\\/uelzener.de\\\/magazin\\\/app\\\/uploads\\\/2024\\\/11\\\/uelzener_allgemeine_versicherungsgesellschaft_a_g_logo.jpg\",\"width\":200,\"height\":200,\"caption\":\"Uelzener Versicherungen\"},\"image\":{\"@id\":\"https:\\\/\\\/uelzener.de\\\/magazin\\\/#\\\/schema\\\/logo\\\/image\\\/\"},\"sameAs\":[\"https:\\\/\\\/www.facebook.com\\\/Uelzener\",\"https:\\\/\\\/instagram.com\\\/uelzener\",\"https:\\\/\\\/www.xing.com\\\/pages\\\/uelzenerallgemeineversicherungs-gesellschafta-g\",\"https:\\\/\\\/www.youtube.com\\\/UelzenerVersicherungen\"]}]}<\/script>\n<!-- \/ Yoast SEO Premium plugin. -->","yoast_head_json":{"title":"Ein neuer Baummieter f\u00fcr den Hundertwasser-Bahnhof in Uelzen! | Uelzener Magazin","description":"Entdecke den neuen Olivenbaum im Hundertwasser-Bahnhof Uelzen. Ein Symbol f\u00fcr Frieden und Best\u00e4ndigkeit.","robots":{"index":"index","follow":"follow","max-snippet":"max-snippet:-1","max-image-preview":"max-image-preview:large","max-video-preview":"max-video-preview:-1"},"canonical":"https:\/\/uelzener.de\/magazin\/wir\/olivenbaum-fuer-hundertwasser-bahnhof-uelzen\/","og_locale":"de_DE","og_type":"article","og_title":"Ein neuer Baummieter f\u00fcr den Hundertwasser-Bahnhof in Uelzen!","og_description":"Entdecke den neuen Olivenbaum im Hundertwasser-Bahnhof Uelzen. Ein Symbol f\u00fcr Frieden und Best\u00e4ndigkeit.","og_url":"https:\/\/uelzener.de\/magazin\/wir\/olivenbaum-fuer-hundertwasser-bahnhof-uelzen\/","og_site_name":"Uelzener Tier-Magazin","article_publisher":"https:\/\/www.facebook.com\/Uelzener","article_modified_time":"2025-09-04T10:06:18+00:00","og_image":[{"width":1025,"height":450,"url":"https:\/\/uelzener.de\/magazin\/app\/uploads\/2025\/04\/olivenbaum-uelzen-hauptbahnhof.jpg","type":"image\/jpeg"}],"twitter_card":"summary_large_image","twitter_misc":{"Gesch\u00e4tzte Lesezeit":"4\u00a0Minuten"},"schema":{"@context":"https:\/\/schema.org","@graph":[{"@type":"WebPage","@id":"https:\/\/uelzener.de\/magazin\/wir\/olivenbaum-fuer-hundertwasser-bahnhof-uelzen\/","url":"https:\/\/uelzener.de\/magazin\/wir\/olivenbaum-fuer-hundertwasser-bahnhof-uelzen\/","name":"Ein neuer Baummieter f\u00fcr den Hundertwasser-Bahnhof in Uelzen! | Uelzener Magazin","isPartOf":{"@id":"https:\/\/uelzener.de\/magazin\/#website"},"primaryImageOfPage":{"@id":"https:\/\/uelzener.de\/magazin\/wir\/olivenbaum-fuer-hundertwasser-bahnhof-uelzen\/#primaryimage"},"image":{"@id":"https:\/\/uelzener.de\/magazin\/wir\/olivenbaum-fuer-hundertwasser-bahnhof-uelzen\/#primaryimage"},"thumbnailUrl":"https:\/\/uelzener.de\/magazin\/app\/uploads\/2025\/04\/olivenbaum-uelzen-hauptbahnhof.jpg","datePublished":"2025-04-28T07:30:25+00:00","dateModified":"2025-09-04T10:06:18+00:00","description":"Entdecke den neuen Olivenbaum im Hundertwasser-Bahnhof Uelzen. Ein Symbol f\u00fcr Frieden und Best\u00e4ndigkeit.","breadcrumb":{"@id":"https:\/\/uelzener.de\/magazin\/wir\/olivenbaum-fuer-hundertwasser-bahnhof-uelzen\/#breadcrumb"},"inLanguage":"de","potentialAction":[{"@type":"ReadAction","target":["https:\/\/uelzener.de\/magazin\/wir\/olivenbaum-fuer-hundertwasser-bahnhof-uelzen\/"]}]},{"@type":"ImageObject","inLanguage":"de","@id":"https:\/\/uelzener.de\/magazin\/wir\/olivenbaum-fuer-hundertwasser-bahnhof-uelzen\/#primaryimage","url":"https:\/\/uelzener.de\/magazin\/app\/uploads\/2025\/04\/olivenbaum-uelzen-hauptbahnhof.jpg","contentUrl":"https:\/\/uelzener.de\/magazin\/app\/uploads\/2025\/04\/olivenbaum-uelzen-hauptbahnhof.jpg","width":1025,"height":450,"caption":"Olivenbaum wird eingeweiht als Zeichen der Nachhaltigkeit im Uelzener Hauptbahnhof."},{"@type":"WebSite","@id":"https:\/\/uelzener.de\/magazin\/#website","url":"https:\/\/uelzener.de\/magazin\/","name":"Uelzener Tiermagazin","description":"Online Tierratgeber der Uelzener Versicherungen","publisher":{"@id":"https:\/\/uelzener.de\/magazin\/#organization"},"potentialAction":[{"@type":"SearchAction","target":{"@type":"EntryPoint","urlTemplate":"https:\/\/uelzener.de\/magazin\/?s={search_term_string}"},"query-input":{"@type":"PropertyValueSpecification","valueRequired":true,"valueName":"search_term_string"}}],"inLanguage":"de"},{"@type":"Organization","@id":"https:\/\/uelzener.de\/magazin\/#organization","name":"Uelzener Versicherungen","url":"https:\/\/uelzener.de\/magazin\/","logo":{"@type":"ImageObject","inLanguage":"de","@id":"https:\/\/uelzener.de\/magazin\/#\/schema\/logo\/image\/","url":"https:\/\/uelzener.de\/magazin\/app\/uploads\/2024\/11\/uelzener_allgemeine_versicherungsgesellschaft_a_g_logo.jpg","contentUrl":"https:\/\/uelzener.de\/magazin\/app\/uploads\/2024\/11\/uelzener_allgemeine_versicherungsgesellschaft_a_g_logo.jpg","width":200,"height":200,"caption":"Uelzener Versicherungen"},"image":{"@id":"https:\/\/uelzener.de\/magazin\/#\/schema\/logo\/image\/"},"sameAs":["https:\/\/www.facebook.com\/Uelzener","https:\/\/instagram.com\/uelzener","https:\/\/www.xing.com\/pages\/uelzenerallgemeineversicherungs-gesellschafta-g","https:\/\/www.youtube.com\/UelzenerVersicherungen"]}]}},"_links":{"self":[{"href":"https:\/\/uelzener.de\/magazin\/wp-json\/wp\/v2\/pages\/18426","targetHints":{"allow":["GET"]}}],"collection":[{"href":"https:\/\/uelzener.de\/magazin\/wp-json\/wp\/v2\/pages"}],"about":[{"href":"https:\/\/uelzener.de\/magazin\/wp-json\/wp\/v2\/types\/page"}],"author":[{"embeddable":true,"href":"https:\/\/uelzener.de\/magazin\/wp-json\/wp\/v2\/users\/11"}],"replies":[{"embeddable":true,"href":"https:\/\/uelzener.de\/magazin\/wp-json\/wp\/v2\/comments?post=18426"}],"version-history":[{"count":4,"href":"https:\/\/uelzener.de\/magazin\/wp-json\/wp\/v2\/pages\/18426\/revisions"}],"predecessor-version":[{"id":19139,"href":"https:\/\/uelzener.de\/magazin\/wp-json\/wp\/v2\/pages\/18426\/revisions\/19139"}],"up":[{"embeddable":true,"href":"https:\/\/uelzener.de\/magazin\/wp-json\/wp\/v2\/pages\/2469"}],"wp:featuredmedia":[{"embeddable":true,"href":"https:\/\/uelzener.de\/magazin\/wp-json\/wp\/v2\/media\/18427"}],"wp:attachment":[{"href":"https:\/\/uelzener.de\/magazin\/wp-json\/wp\/v2\/media?parent=18426"}],"curies":[{"name":"wp","href":"https:\/\/api.w.org\/{rel}","templated":true}]}}