{"id":18297,"date":"2025-04-08T13:51:19","date_gmt":"2025-04-08T11:51:19","guid":{"rendered":"https:\/\/uelzener.de\/magazin\/?page_id=18297"},"modified":"2025-09-04T12:10:44","modified_gmt":"2025-09-04T10:10:44","slug":"energie-macht-schule-uelzener-spendet","status":"publish","type":"page","link":"https:\/\/uelzener.de\/magazin\/wir\/energie-macht-schule-uelzener-spendet\/","title":{"rendered":"Energie macht Schule: Uelzener Versicherung unterst\u00fctzt nachhaltiges Schulprojekt"},"content":{"rendered":"<p data-renderer-start-pos=\"1\">Wie entsteht Energie? Wie funktioniert ein Stromkreis? Und warum ist nachhaltiger Umgang mit Ressourcen so wichtig? Diesen Fragen widmen sich die Sch\u00fclerinnen und Sch\u00fcler der <strong data-renderer-mark=\"true\">Grundschule Rosche<\/strong> mit dem Baustein f\u00fcr nachhaltige Entwicklung (BNE) im Rahmen des Projekts <strong data-renderer-mark=\"true\"><a href=\"https:\/\/www.energie-macht-schule.de\/\" target=\"_blank\" rel=\"nofollow noopener\">Energie macht Schule<\/a>.<\/strong> Hierbei geht es um einen interdisziplin\u00e4ren Bildungsansatz, der Naturwissenschaft, Technik und Umweltbewusstsein vereint.<\/p>\n<p data-renderer-start-pos=\"1\">Nachhaltigkeit, Regionalit\u00e4t und soziales Engagement sind Werte, die uns als Unternehmen wichtig sind. Daher unterst\u00fctzen wir, die <a href=\"https:\/\/uelzener.de\/\" target=\"_blank\" rel=\"noopener\">Uelzener Versicherungen<\/a>, dieses zukunftsweisende Vorhaben gern mit einer Spende.<\/p>\n<p data-renderer-start-pos=\"416\">Ziel des Projekts ist es, den Kindern auf praxisnahe Weise die Grundlagen der Energieerzeugung und -nutzung zu vermitteln und gleichzeitig ihr Bewusstsein f\u00fcr Ressourcenschonung und erneuerbare Energien zu sch\u00e4rfen.<\/p>\n<h2 data-renderer-start-pos=\"826\">Lernen durch Experimentieren \u2013 ein nachhaltiger Ansatz<\/h2>\n<p data-renderer-start-pos=\"882\">\u00dcber ein Schulhalbjahr hinweg setzen sich die Sch\u00fclerinnen und Sch\u00fcler intensiv mit dem Thema Energie auseinander. In w\u00f6chentlichen Einheiten messen, analysieren und reflektieren sie ihren eigenen Energieverbrauch. Dabei gehen sie Fragen nach wie:<\/p>\n<ul>\n<li data-renderer-start-pos=\"1131\">Wo und wie verbrauchen wir t\u00e4glich Energie?<\/li>\n<li data-renderer-start-pos=\"1131\">Welche M\u00f6glichkeiten gibt es, Strom effizienter zu nutzen?<\/li>\n<li data-renderer-start-pos=\"1131\">Welche Rolle spielen erneuerbare Energien f\u00fcr eine nachhaltige Zukunft?<\/li>\n<\/ul>\n<p data-renderer-start-pos=\"1313\">Ein Projekt-Highlight ist der <strong data-renderer-mark=\"true\">Bau eigener Stromh\u00e4user<\/strong>: Durch praktische Experimente lernen die Kinder, wie ein Stromkreis funktioniert und wie sich der Energieverbrauch durch verschiedene Ma\u00dfnahmen beeinflussen l\u00e4sst. Diese spielerische Herangehensweise f\u00f6rdert nicht nur das technische Verst\u00e4ndnis, sondern auch kreative Probleml\u00f6sungen und Teamarbeit.<\/p>\n<p data-renderer-start-pos=\"1313\">\n<div class=\"related_articles boxed\">\n    <h2>Mehr zum Thema<\/h2>\n    \n    <div class=\"wrapper\"><div class=\"title align-center\"><h3><a href=\"https:\/\/uelzener.de\/magazin\/wir\/olivenbaum-fuer-hundertwasser-bahnhof-uelzen\/\">Ein neuer Baummieter f\u00fcr den Hundertwasser-Bahnhof in Uelzen!<\/a><\/h3><\/div><div class=\"img align-center\"><img decoding=\"async\" width=\"315\" height=\"180\" src=\"https:\/\/uelzener.de\/magazin\/app\/uploads\/2025\/04\/olivenbaum-uelzen-hauptbahnhof-315x180.jpg\" class=\"attachment-315x180 size-315x180 wp-post-image\" alt=\"Olivenbaum wird eingeweiht als Zeichen der Nachhaltigkeit im Uelzener Hauptbahnhof.\" \/><\/div><\/div><div class=\"wrapper\"><div class=\"title align-center\"><h3><a href=\"https:\/\/uelzener.de\/magazin\/wir\/uelzener-foerdermitgliedschaft-ikv-e-v\/\">Unsere F\u00f6rdermitgliedschaft bei dem IKV e.V. geht in die n\u00e4chste Runde!<\/a><\/h3><\/div><div class=\"img align-center\"><img decoding=\"async\" width=\"315\" height=\"180\" src=\"https:\/\/uelzener.de\/magazin\/app\/uploads\/2025\/04\/symbolbild-ikv-urkunde-315x180.jpg\" class=\"attachment-315x180 size-315x180 wp-post-image\" alt=\"\" \/><\/div><\/div><div class=\"wrapper\"><div class=\"title align-center\"><h3><a href=\"https:\/\/uelzener.de\/magazin\/wir\/jaehrliche-spende-an-vita-assistenzhunde-verein\/\">J\u00e4hrliche Spende an VITA Assistenzhunde-Verein<\/a><\/h3><\/div><div class=\"img align-center\"><img decoding=\"async\" width=\"315\" height=\"180\" src=\"https:\/\/uelzener.de\/magazin\/app\/uploads\/2025\/07\/assistenzhund-315x180.jpg\" class=\"attachment-315x180 size-315x180 wp-post-image\" alt=\"Assistenzhund an der Leine\" \/><\/div><\/div><\/div>\n<\/p>\n<h2 data-renderer-start-pos=\"1668\">Ergebnisse, die inspirieren \u2013 f\u00fcr die Schule und die Region<\/h2>\n<p data-renderer-start-pos=\"1729\">Das Projekt endet mit der <strong data-renderer-mark=\"true\">Erstellung eines digitalen Abschlussberichts<\/strong> in Form eines <strong data-renderer-mark=\"true\">E-Books<\/strong>, in dem die Kinder ihre Erkenntnisse dokumentieren. Dieser Bericht wird nicht nur im Rahmen einer Abschlusspr\u00e4sentation vorgestellt, sondern auch der \u00d6ffentlichkeit zug\u00e4nglich gemacht \u2013 ein wertvoller Beitrag, um das Thema Nachhaltigkeit st\u00e4rker ins Bewusstsein zu r\u00fccken.<\/p>\n<p data-renderer-start-pos=\"1729\">Wir freuen uns, dieses inspirierende Projekt zu unterst\u00fctzen, denn nachhaltiges Denken beginnt bereits in jungen Jahren. Die gewonnenen Erkenntnisse aus \u201eEnergie macht Schule\u201c sind nicht nur f\u00fcr die Sch\u00fclerinnen und Sch\u00fcler von heute wichtig, sondern auch f\u00fcr die Gestaltung einer nachhaltigeren Zukunft in unserer Region. Umso mehr sind wir gespannt auf die Ergebnisse.<\/p>\n","protected":false},"excerpt":{"rendered":"<p>Wie entsteht Energie? Wie funktioniert ein Stromkreis? Und warum ist nachhaltiger Umgang mit Ressourcen so wichtig? Diesen Fragen widmen sich die Sch\u00fclerinnen und Sch\u00fcler der Grundschule Rosche mit dem Baustein f\u00fcr nachhaltige Entwicklung (BNE) im Rahmen des Projekts Energie macht Schule. Hierbei geht es um einen interdisziplin\u00e4ren Bildungsansatz, der Naturwissenschaft, Technik und Umweltbewusstsein vereint. Nachhaltigkeit, [&hellip;]<\/p>\n","protected":false},"author":11,"featured_media":18298,"parent":2469,"menu_order":7,"comment_status":"closed","ping_status":"closed","template":"templates\/blog.php","meta":{"_acf_changed":false,"_crdt_document":"","footnotes":"","beyondwords_generate_audio":"","beyondwords_project_id":"","beyondwords_content_id":"","beyondwords_preview_token":"","beyondwords_player_style":"","beyondwords_language_id":"","beyondwords_title_voice_id":"","beyondwords_body_voice_id":"","beyondwords_summary_voice_id":"","beyondwords_error_message":"","beyondwords_disabled":"","beyondwords_delete_content":"","beyondwords_podcast_id":"","beyondwords_hash":"","publish_post_to_speechkit":"","speechkit_hash":"","speechkit_generate_audio":"","speechkit_project_id":"","speechkit_podcast_id":"","speechkit_error_message":"","speechkit_disabled":"","speechkit_access_key":"","speechkit_error":"","speechkit_info":"","speechkit_response":"","speechkit_retries":"","speechkit_status":"","speechkit_updated_at":"","_speechkit_link":"","_speechkit_text":""},"class_list":["post-18297","page","type-page","status-publish","has-post-thumbnail","hentry"],"acf":[],"yoast_head":"<!-- This site is optimized with the Yoast SEO Premium plugin  - https:\/\/yoast.com\/product\/yoast-seo-premium-wordpress\/ -->\n<title>Energie macht Schule: Uelzener Versicherung unterst\u00fctzt nachhaltiges Schulprojekt | Uelzener Magazin<\/title>\n<meta name=\"description\" content=\"Uelzener spendet an Energie macht Schule: Ein Projekt zur F\u00f6rderung von Technik, Naturwissenschaft und Umweltbewusstsein in der Grundschule.\" \/>\n<meta name=\"robots\" content=\"index, follow, max-snippet:-1, max-image-preview:large, max-video-preview:-1\" \/>\n<link rel=\"canonical\" href=\"https:\/\/uelzener.de\/magazin\/wir\/energie-macht-schule-uelzener-spendet\/\" \/>\n<meta property=\"og:locale\" content=\"de_DE\" \/>\n<meta property=\"og:type\" content=\"article\" \/>\n<meta property=\"og:title\" content=\"Energie macht Schule: Uelzener Versicherung unterst\u00fctzt nachhaltiges Schulprojekt\" \/>\n<meta property=\"og:description\" content=\"Uelzener spendet an Energie macht Schule: Ein Projekt zur F\u00f6rderung von Technik, Naturwissenschaft und Umweltbewusstsein in der Grundschule.\" \/>\n<meta property=\"og:url\" content=\"https:\/\/uelzener.de\/magazin\/wir\/energie-macht-schule-uelzener-spendet\/\" \/>\n<meta property=\"og:site_name\" content=\"Uelzener Tier-Magazin\" \/>\n<meta property=\"article:publisher\" content=\"https:\/\/www.facebook.com\/Uelzener\" \/>\n<meta property=\"article:modified_time\" content=\"2025-09-04T10:10:44+00:00\" \/>\n<meta property=\"og:image\" content=\"https:\/\/uelzener.de\/magazin\/app\/uploads\/2025\/04\/symbolbild_kind_lernt_stromkreislauf.jpg\" \/>\n\t<meta property=\"og:image:width\" content=\"1025\" \/>\n\t<meta property=\"og:image:height\" content=\"450\" \/>\n\t<meta property=\"og:image:type\" content=\"image\/jpeg\" \/>\n<meta name=\"twitter:card\" content=\"summary_large_image\" \/>\n<meta name=\"twitter:label1\" content=\"Gesch\u00e4tzte Lesezeit\" \/>\n\t<meta name=\"twitter:data1\" content=\"3\u00a0Minuten\" \/>\n<script type=\"application\/ld+json\" class=\"yoast-schema-graph\">{\"@context\":\"https:\\\/\\\/schema.org\",\"@graph\":[{\"@type\":\"WebPage\",\"@id\":\"https:\\\/\\\/uelzener.de\\\/magazin\\\/wir\\\/energie-macht-schule-uelzener-spendet\\\/\",\"url\":\"https:\\\/\\\/uelzener.de\\\/magazin\\\/wir\\\/energie-macht-schule-uelzener-spendet\\\/\",\"name\":\"Energie macht Schule: Uelzener Versicherung unterst\u00fctzt nachhaltiges Schulprojekt | Uelzener Magazin\",\"isPartOf\":{\"@id\":\"https:\\\/\\\/uelzener.de\\\/magazin\\\/#website\"},\"primaryImageOfPage\":{\"@id\":\"https:\\\/\\\/uelzener.de\\\/magazin\\\/wir\\\/energie-macht-schule-uelzener-spendet\\\/#primaryimage\"},\"image\":{\"@id\":\"https:\\\/\\\/uelzener.de\\\/magazin\\\/wir\\\/energie-macht-schule-uelzener-spendet\\\/#primaryimage\"},\"thumbnailUrl\":\"https:\\\/\\\/uelzener.de\\\/magazin\\\/app\\\/uploads\\\/2025\\\/04\\\/symbolbild_kind_lernt_stromkreislauf.jpg\",\"datePublished\":\"2025-04-08T11:51:19+00:00\",\"dateModified\":\"2025-09-04T10:10:44+00:00\",\"description\":\"Uelzener spendet an Energie macht Schule: Ein Projekt zur F\u00f6rderung von Technik, Naturwissenschaft und Umweltbewusstsein in der Grundschule.\",\"breadcrumb\":{\"@id\":\"https:\\\/\\\/uelzener.de\\\/magazin\\\/wir\\\/energie-macht-schule-uelzener-spendet\\\/#breadcrumb\"},\"inLanguage\":\"de\",\"potentialAction\":[{\"@type\":\"ReadAction\",\"target\":[\"https:\\\/\\\/uelzener.de\\\/magazin\\\/wir\\\/energie-macht-schule-uelzener-spendet\\\/\"]}]},{\"@type\":\"ImageObject\",\"inLanguage\":\"de\",\"@id\":\"https:\\\/\\\/uelzener.de\\\/magazin\\\/wir\\\/energie-macht-schule-uelzener-spendet\\\/#primaryimage\",\"url\":\"https:\\\/\\\/uelzener.de\\\/magazin\\\/app\\\/uploads\\\/2025\\\/04\\\/symbolbild_kind_lernt_stromkreislauf.jpg\",\"contentUrl\":\"https:\\\/\\\/uelzener.de\\\/magazin\\\/app\\\/uploads\\\/2025\\\/04\\\/symbolbild_kind_lernt_stromkreislauf.jpg\",\"width\":1025,\"height\":450,\"caption\":\"Symbolbilld zeigt Kinderh\u00e4nde und wie es etwas \u00fcber den Stromkreislauf lernt.\"},{\"@type\":\"WebSite\",\"@id\":\"https:\\\/\\\/uelzener.de\\\/magazin\\\/#website\",\"url\":\"https:\\\/\\\/uelzener.de\\\/magazin\\\/\",\"name\":\"Uelzener Tiermagazin\",\"description\":\"Online Tierratgeber der Uelzener Versicherungen\",\"publisher\":{\"@id\":\"https:\\\/\\\/uelzener.de\\\/magazin\\\/#organization\"},\"potentialAction\":[{\"@type\":\"SearchAction\",\"target\":{\"@type\":\"EntryPoint\",\"urlTemplate\":\"https:\\\/\\\/uelzener.de\\\/magazin\\\/?s={search_term_string}\"},\"query-input\":{\"@type\":\"PropertyValueSpecification\",\"valueRequired\":true,\"valueName\":\"search_term_string\"}}],\"inLanguage\":\"de\"},{\"@type\":\"Organization\",\"@id\":\"https:\\\/\\\/uelzener.de\\\/magazin\\\/#organization\",\"name\":\"Uelzener Versicherungen\",\"url\":\"https:\\\/\\\/uelzener.de\\\/magazin\\\/\",\"logo\":{\"@type\":\"ImageObject\",\"inLanguage\":\"de\",\"@id\":\"https:\\\/\\\/uelzener.de\\\/magazin\\\/#\\\/schema\\\/logo\\\/image\\\/\",\"url\":\"https:\\\/\\\/uelzener.de\\\/magazin\\\/app\\\/uploads\\\/2024\\\/11\\\/uelzener_allgemeine_versicherungsgesellschaft_a_g_logo.jpg\",\"contentUrl\":\"https:\\\/\\\/uelzener.de\\\/magazin\\\/app\\\/uploads\\\/2024\\\/11\\\/uelzener_allgemeine_versicherungsgesellschaft_a_g_logo.jpg\",\"width\":200,\"height\":200,\"caption\":\"Uelzener Versicherungen\"},\"image\":{\"@id\":\"https:\\\/\\\/uelzener.de\\\/magazin\\\/#\\\/schema\\\/logo\\\/image\\\/\"},\"sameAs\":[\"https:\\\/\\\/www.facebook.com\\\/Uelzener\",\"https:\\\/\\\/instagram.com\\\/uelzener\",\"https:\\\/\\\/www.xing.com\\\/pages\\\/uelzenerallgemeineversicherungs-gesellschafta-g\",\"https:\\\/\\\/www.youtube.com\\\/UelzenerVersicherungen\"]}]}<\/script>\n<!-- \/ Yoast SEO Premium plugin. -->","yoast_head_json":{"title":"Energie macht Schule: Uelzener Versicherung unterst\u00fctzt nachhaltiges Schulprojekt | Uelzener Magazin","description":"Uelzener spendet an Energie macht Schule: Ein Projekt zur F\u00f6rderung von Technik, Naturwissenschaft und Umweltbewusstsein in der Grundschule.","robots":{"index":"index","follow":"follow","max-snippet":"max-snippet:-1","max-image-preview":"max-image-preview:large","max-video-preview":"max-video-preview:-1"},"canonical":"https:\/\/uelzener.de\/magazin\/wir\/energie-macht-schule-uelzener-spendet\/","og_locale":"de_DE","og_type":"article","og_title":"Energie macht Schule: Uelzener Versicherung unterst\u00fctzt nachhaltiges Schulprojekt","og_description":"Uelzener spendet an Energie macht Schule: Ein Projekt zur F\u00f6rderung von Technik, Naturwissenschaft und Umweltbewusstsein in der Grundschule.","og_url":"https:\/\/uelzener.de\/magazin\/wir\/energie-macht-schule-uelzener-spendet\/","og_site_name":"Uelzener Tier-Magazin","article_publisher":"https:\/\/www.facebook.com\/Uelzener","article_modified_time":"2025-09-04T10:10:44+00:00","og_image":[{"width":1025,"height":450,"url":"https:\/\/uelzener.de\/magazin\/app\/uploads\/2025\/04\/symbolbild_kind_lernt_stromkreislauf.jpg","type":"image\/jpeg"}],"twitter_card":"summary_large_image","twitter_misc":{"Gesch\u00e4tzte Lesezeit":"3\u00a0Minuten"},"schema":{"@context":"https:\/\/schema.org","@graph":[{"@type":"WebPage","@id":"https:\/\/uelzener.de\/magazin\/wir\/energie-macht-schule-uelzener-spendet\/","url":"https:\/\/uelzener.de\/magazin\/wir\/energie-macht-schule-uelzener-spendet\/","name":"Energie macht Schule: Uelzener Versicherung unterst\u00fctzt nachhaltiges Schulprojekt | Uelzener Magazin","isPartOf":{"@id":"https:\/\/uelzener.de\/magazin\/#website"},"primaryImageOfPage":{"@id":"https:\/\/uelzener.de\/magazin\/wir\/energie-macht-schule-uelzener-spendet\/#primaryimage"},"image":{"@id":"https:\/\/uelzener.de\/magazin\/wir\/energie-macht-schule-uelzener-spendet\/#primaryimage"},"thumbnailUrl":"https:\/\/uelzener.de\/magazin\/app\/uploads\/2025\/04\/symbolbild_kind_lernt_stromkreislauf.jpg","datePublished":"2025-04-08T11:51:19+00:00","dateModified":"2025-09-04T10:10:44+00:00","description":"Uelzener spendet an Energie macht Schule: Ein Projekt zur F\u00f6rderung von Technik, Naturwissenschaft und Umweltbewusstsein in der Grundschule.","breadcrumb":{"@id":"https:\/\/uelzener.de\/magazin\/wir\/energie-macht-schule-uelzener-spendet\/#breadcrumb"},"inLanguage":"de","potentialAction":[{"@type":"ReadAction","target":["https:\/\/uelzener.de\/magazin\/wir\/energie-macht-schule-uelzener-spendet\/"]}]},{"@type":"ImageObject","inLanguage":"de","@id":"https:\/\/uelzener.de\/magazin\/wir\/energie-macht-schule-uelzener-spendet\/#primaryimage","url":"https:\/\/uelzener.de\/magazin\/app\/uploads\/2025\/04\/symbolbild_kind_lernt_stromkreislauf.jpg","contentUrl":"https:\/\/uelzener.de\/magazin\/app\/uploads\/2025\/04\/symbolbild_kind_lernt_stromkreislauf.jpg","width":1025,"height":450,"caption":"Symbolbilld zeigt Kinderh\u00e4nde und wie es etwas \u00fcber den Stromkreislauf lernt."},{"@type":"WebSite","@id":"https:\/\/uelzener.de\/magazin\/#website","url":"https:\/\/uelzener.de\/magazin\/","name":"Uelzener Tiermagazin","description":"Online Tierratgeber der Uelzener Versicherungen","publisher":{"@id":"https:\/\/uelzener.de\/magazin\/#organization"},"potentialAction":[{"@type":"SearchAction","target":{"@type":"EntryPoint","urlTemplate":"https:\/\/uelzener.de\/magazin\/?s={search_term_string}"},"query-input":{"@type":"PropertyValueSpecification","valueRequired":true,"valueName":"search_term_string"}}],"inLanguage":"de"},{"@type":"Organization","@id":"https:\/\/uelzener.de\/magazin\/#organization","name":"Uelzener Versicherungen","url":"https:\/\/uelzener.de\/magazin\/","logo":{"@type":"ImageObject","inLanguage":"de","@id":"https:\/\/uelzener.de\/magazin\/#\/schema\/logo\/image\/","url":"https:\/\/uelzener.de\/magazin\/app\/uploads\/2024\/11\/uelzener_allgemeine_versicherungsgesellschaft_a_g_logo.jpg","contentUrl":"https:\/\/uelzener.de\/magazin\/app\/uploads\/2024\/11\/uelzener_allgemeine_versicherungsgesellschaft_a_g_logo.jpg","width":200,"height":200,"caption":"Uelzener Versicherungen"},"image":{"@id":"https:\/\/uelzener.de\/magazin\/#\/schema\/logo\/image\/"},"sameAs":["https:\/\/www.facebook.com\/Uelzener","https:\/\/instagram.com\/uelzener","https:\/\/www.xing.com\/pages\/uelzenerallgemeineversicherungs-gesellschafta-g","https:\/\/www.youtube.com\/UelzenerVersicherungen"]}]}},"_links":{"self":[{"href":"https:\/\/uelzener.de\/magazin\/wp-json\/wp\/v2\/pages\/18297","targetHints":{"allow":["GET"]}}],"collection":[{"href":"https:\/\/uelzener.de\/magazin\/wp-json\/wp\/v2\/pages"}],"about":[{"href":"https:\/\/uelzener.de\/magazin\/wp-json\/wp\/v2\/types\/page"}],"author":[{"embeddable":true,"href":"https:\/\/uelzener.de\/magazin\/wp-json\/wp\/v2\/users\/11"}],"replies":[{"embeddable":true,"href":"https:\/\/uelzener.de\/magazin\/wp-json\/wp\/v2\/comments?post=18297"}],"version-history":[{"count":6,"href":"https:\/\/uelzener.de\/magazin\/wp-json\/wp\/v2\/pages\/18297\/revisions"}],"predecessor-version":[{"id":19141,"href":"https:\/\/uelzener.de\/magazin\/wp-json\/wp\/v2\/pages\/18297\/revisions\/19141"}],"up":[{"embeddable":true,"href":"https:\/\/uelzener.de\/magazin\/wp-json\/wp\/v2\/pages\/2469"}],"wp:featuredmedia":[{"embeddable":true,"href":"https:\/\/uelzener.de\/magazin\/wp-json\/wp\/v2\/media\/18298"}],"wp:attachment":[{"href":"https:\/\/uelzener.de\/magazin\/wp-json\/wp\/v2\/media?parent=18297"}],"curies":[{"name":"wp","href":"https:\/\/api.w.org\/{rel}","templated":true}]}}