{"id":16297,"date":"2023-06-28T16:00:36","date_gmt":"2023-06-28T14:00:36","guid":{"rendered":"https:\/\/uelzener.de\/magazin\/?page_id=16297"},"modified":"2024-06-10T14:28:47","modified_gmt":"2024-06-10T12:28:47","slug":"die-uelzener-rockt-das-radio-%f0%9f%93%bb","status":"publish","type":"page","link":"https:\/\/uelzener.de\/magazin\/wir\/die-uelzener-rockt-das-radio-%f0%9f%93%bb\/","title":{"rendered":"Die Uelzener rockt das Radio \ud83d\udcfb"},"content":{"rendered":"<p>Am 28. Juni ist der Tag des Versicherungsbewusstseins. Diesen haben wir selbstverst\u00e4ndlich zum Anlass genommen, das Bewusstsein gerade f\u00fcr Tierkrankenversicherungen zu st\u00e4rken.<\/p>\n<p>Von der Nordsee bis zu den Alpen k\u00f6nnen daher heute die H\u00f6rer:innen von Radiosendern wie Rock Antenne Hamburg, Radio Frankfurt, Radio Alpenwelle oder sogar dem Radio Schlagerparadies der Uelzener Podcast-Stimme von <a href=\"https:\/\/uelzener.de\/wir-ueber-uns\/\" target=\"_blank\" rel=\"noopener\">Dr. Felix Garlipp<\/a> lauschen. Wer ihn heute verpasst hat: Die Aktion l\u00e4uft seit dem 24. Juni und endet erst am 30. Juni..<\/p>\n<p>Erneut konnten wir so als Spezialist:innen f\u00fcr Tierversicherungen mit insgesamt 72 Ausstrahlungen bundesweit \u00fcber 5 Millionen Menschen erreichen!<\/p>\n<p><audio src=\"https:\/\/uelzener.de\/magazin\/app\/uploads\/2023\/10\/Uelzener_Versicherungsbewusstseinstag2023_B_230629_Radio-Frankfurt.mp3\" controls=\"controls\"><\/audio><\/p>\n<p>Ein besonderer Fokus bekommt dabei auch unsere neuen Hunde-Bausteine, damit du noch individueller auf tierische Umst\u00e4nde des Lebens reagieren kannst. Erweitere deinen Versicherungsschutz um unsere optionalen Bausteine und erhalte so noch umfassendere Leistungserg\u00e4nzungen f\u00fcr deinen Hund. Interessant? Auf zum Beispiel der Hunde-OP-Seite findest du ab Sommer 2023 ausf\u00fchrliche Informationen zu allen <a href=\"https:\/\/uelzener.de\/hund\/hunde-op-versicherung\/\" target=\"_blank\" rel=\"noopener\">Uelzener Hunde-Bausteinen<\/a>.<\/p>\n","protected":false},"excerpt":{"rendered":"<p>Am 28. Juni ist der Tag des Versicherungsbewusstseins. Diesen haben wir selbstverst\u00e4ndlich zum Anlass genommen, das Bewusstsein gerade f\u00fcr Tierkrankenversicherungen zu st\u00e4rken. Von der Nordsee bis zu den Alpen k\u00f6nnen daher heute die H\u00f6rer:innen von Radiosendern wie Rock Antenne Hamburg, Radio Frankfurt, Radio Alpenwelle oder sogar dem Radio Schlagerparadies der Uelzener Podcast-Stimme von Dr. Felix [&hellip;]<\/p>\n","protected":false},"author":11,"featured_media":16302,"parent":2469,"menu_order":10,"comment_status":"closed","ping_status":"closed","template":"templates\/blog.php","meta":{"_acf_changed":false,"_crdt_document":"","footnotes":"","beyondwords_generate_audio":"0","beyondwords_project_id":"","beyondwords_content_id":"","beyondwords_preview_token":"","beyondwords_player_style":"","beyondwords_language_id":"","beyondwords_title_voice_id":"","beyondwords_body_voice_id":"","beyondwords_summary_voice_id":"","beyondwords_error_message":"","beyondwords_disabled":"","beyondwords_delete_content":"","beyondwords_podcast_id":"","beyondwords_hash":"","publish_post_to_speechkit":"","speechkit_hash":"","speechkit_generate_audio":"","speechkit_project_id":"","speechkit_podcast_id":"","speechkit_error_message":"","speechkit_disabled":"","speechkit_access_key":"","speechkit_error":"","speechkit_info":"","speechkit_response":"","speechkit_retries":"","speechkit_status":"","speechkit_updated_at":"","_speechkit_link":"","_speechkit_text":""},"class_list":["post-16297","page","type-page","status-publish","has-post-thumbnail","hentry"],"acf":[],"yoast_head":"<!-- This site is optimized with the Yoast SEO Premium plugin  - https:\/\/yoast.com\/product\/yoast-seo-premium-wordpress\/ -->\n<title>Die Uelzener rockt das Radio \ud83d\udcfb | Uelzener Magazin<\/title>\n<meta name=\"robots\" content=\"index, follow, max-snippet:-1, max-image-preview:large, max-video-preview:-1\" \/>\n<link rel=\"canonical\" href=\"https:\/\/uelzener.de\/magazin\/wir\/die-uelzener-rockt-das-radio-\ud83d\udcfb\/\" \/>\n<meta property=\"og:locale\" content=\"de_DE\" \/>\n<meta property=\"og:type\" content=\"article\" \/>\n<meta property=\"og:title\" content=\"Die Uelzener rockt das Radio \ud83d\udcfb\" \/>\n<meta property=\"og:description\" content=\"Am 28. Juni ist der Tag des Versicherungsbewusstseins. Diesen haben wir selbstverst\u00e4ndlich zum Anlass genommen, das Bewusstsein gerade f\u00fcr Tierkrankenversicherungen zu st\u00e4rken. Von der Nordsee bis zu den Alpen k\u00f6nnen daher heute die H\u00f6rer:innen von Radiosendern wie Rock Antenne Hamburg, Radio Frankfurt, Radio Alpenwelle oder sogar dem Radio Schlagerparadies der Uelzener Podcast-Stimme von Dr. Felix [&hellip;]\" \/>\n<meta property=\"og:url\" content=\"https:\/\/uelzener.de\/magazin\/wir\/die-uelzener-rockt-das-radio-\ud83d\udcfb\/\" \/>\n<meta property=\"og:site_name\" content=\"Uelzener Tier-Magazin\" \/>\n<meta property=\"article:publisher\" content=\"https:\/\/www.facebook.com\/Uelzener\" \/>\n<meta property=\"article:modified_time\" content=\"2024-06-10T12:28:47+00:00\" \/>\n<meta property=\"og:image\" content=\"https:\/\/uelzener.de\/magazin\/app\/uploads\/2023\/10\/alter-mann-streichelt-hund.jpg\" \/>\n\t<meta property=\"og:image:width\" content=\"1025\" \/>\n\t<meta property=\"og:image:height\" content=\"450\" \/>\n\t<meta property=\"og:image:type\" content=\"image\/jpeg\" \/>\n<meta name=\"twitter:card\" content=\"summary_large_image\" \/>\n<meta name=\"twitter:label1\" content=\"Gesch\u00e4tzte Lesezeit\" \/>\n\t<meta name=\"twitter:data1\" content=\"1\u00a0Minute\" \/>\n<script type=\"application\/ld+json\" class=\"yoast-schema-graph\">{\"@context\":\"https:\\\/\\\/schema.org\",\"@graph\":[{\"@type\":\"WebPage\",\"@id\":\"https:\\\/\\\/uelzener.de\\\/magazin\\\/wir\\\/die-uelzener-rockt-das-radio-%f0%9f%93%bb\\\/\",\"url\":\"https:\\\/\\\/uelzener.de\\\/magazin\\\/wir\\\/die-uelzener-rockt-das-radio-%f0%9f%93%bb\\\/\",\"name\":\"Die Uelzener rockt das Radio \ud83d\udcfb | Uelzener Magazin\",\"isPartOf\":{\"@id\":\"https:\\\/\\\/uelzener.de\\\/magazin\\\/#website\"},\"primaryImageOfPage\":{\"@id\":\"https:\\\/\\\/uelzener.de\\\/magazin\\\/wir\\\/die-uelzener-rockt-das-radio-%f0%9f%93%bb\\\/#primaryimage\"},\"image\":{\"@id\":\"https:\\\/\\\/uelzener.de\\\/magazin\\\/wir\\\/die-uelzener-rockt-das-radio-%f0%9f%93%bb\\\/#primaryimage\"},\"thumbnailUrl\":\"https:\\\/\\\/uelzener.de\\\/magazin\\\/app\\\/uploads\\\/2023\\\/10\\\/alter-mann-streichelt-hund.jpg\",\"datePublished\":\"2023-06-28T14:00:36+00:00\",\"dateModified\":\"2024-06-10T12:28:47+00:00\",\"breadcrumb\":{\"@id\":\"https:\\\/\\\/uelzener.de\\\/magazin\\\/wir\\\/die-uelzener-rockt-das-radio-%f0%9f%93%bb\\\/#breadcrumb\"},\"inLanguage\":\"de\",\"potentialAction\":[{\"@type\":\"ReadAction\",\"target\":[\"https:\\\/\\\/uelzener.de\\\/magazin\\\/wir\\\/die-uelzener-rockt-das-radio-%f0%9f%93%bb\\\/\"]}]},{\"@type\":\"ImageObject\",\"inLanguage\":\"de\",\"@id\":\"https:\\\/\\\/uelzener.de\\\/magazin\\\/wir\\\/die-uelzener-rockt-das-radio-%f0%9f%93%bb\\\/#primaryimage\",\"url\":\"https:\\\/\\\/uelzener.de\\\/magazin\\\/app\\\/uploads\\\/2023\\\/10\\\/alter-mann-streichelt-hund.jpg\",\"contentUrl\":\"https:\\\/\\\/uelzener.de\\\/magazin\\\/app\\\/uploads\\\/2023\\\/10\\\/alter-mann-streichelt-hund.jpg\",\"width\":1025,\"height\":450,\"caption\":\"Alter Mann streichelt Hund.\"},{\"@type\":\"WebSite\",\"@id\":\"https:\\\/\\\/uelzener.de\\\/magazin\\\/#website\",\"url\":\"https:\\\/\\\/uelzener.de\\\/magazin\\\/\",\"name\":\"Uelzener Tiermagazin\",\"description\":\"Online Tierratgeber der Uelzener Versicherungen\",\"publisher\":{\"@id\":\"https:\\\/\\\/uelzener.de\\\/magazin\\\/#organization\"},\"potentialAction\":[{\"@type\":\"SearchAction\",\"target\":{\"@type\":\"EntryPoint\",\"urlTemplate\":\"https:\\\/\\\/uelzener.de\\\/magazin\\\/?s={search_term_string}\"},\"query-input\":{\"@type\":\"PropertyValueSpecification\",\"valueRequired\":true,\"valueName\":\"search_term_string\"}}],\"inLanguage\":\"de\"},{\"@type\":\"Organization\",\"@id\":\"https:\\\/\\\/uelzener.de\\\/magazin\\\/#organization\",\"name\":\"Uelzener Versicherungen\",\"url\":\"https:\\\/\\\/uelzener.de\\\/magazin\\\/\",\"logo\":{\"@type\":\"ImageObject\",\"inLanguage\":\"de\",\"@id\":\"https:\\\/\\\/uelzener.de\\\/magazin\\\/#\\\/schema\\\/logo\\\/image\\\/\",\"url\":\"https:\\\/\\\/uelzener.de\\\/magazin\\\/app\\\/uploads\\\/2024\\\/11\\\/uelzener_allgemeine_versicherungsgesellschaft_a_g_logo.jpg\",\"contentUrl\":\"https:\\\/\\\/uelzener.de\\\/magazin\\\/app\\\/uploads\\\/2024\\\/11\\\/uelzener_allgemeine_versicherungsgesellschaft_a_g_logo.jpg\",\"width\":200,\"height\":200,\"caption\":\"Uelzener Versicherungen\"},\"image\":{\"@id\":\"https:\\\/\\\/uelzener.de\\\/magazin\\\/#\\\/schema\\\/logo\\\/image\\\/\"},\"sameAs\":[\"https:\\\/\\\/www.facebook.com\\\/Uelzener\",\"https:\\\/\\\/instagram.com\\\/uelzener\",\"https:\\\/\\\/www.xing.com\\\/pages\\\/uelzenerallgemeineversicherungs-gesellschafta-g\",\"https:\\\/\\\/www.youtube.com\\\/UelzenerVersicherungen\"]}]}<\/script>\n<!-- \/ Yoast SEO Premium plugin. -->","yoast_head_json":{"title":"Die Uelzener rockt das Radio \ud83d\udcfb | Uelzener Magazin","robots":{"index":"index","follow":"follow","max-snippet":"max-snippet:-1","max-image-preview":"max-image-preview:large","max-video-preview":"max-video-preview:-1"},"canonical":"https:\/\/uelzener.de\/magazin\/wir\/die-uelzener-rockt-das-radio-\ud83d\udcfb\/","og_locale":"de_DE","og_type":"article","og_title":"Die Uelzener rockt das Radio \ud83d\udcfb","og_description":"Am 28. Juni ist der Tag des Versicherungsbewusstseins. Diesen haben wir selbstverst\u00e4ndlich zum Anlass genommen, das Bewusstsein gerade f\u00fcr Tierkrankenversicherungen zu st\u00e4rken. Von der Nordsee bis zu den Alpen k\u00f6nnen daher heute die H\u00f6rer:innen von Radiosendern wie Rock Antenne Hamburg, Radio Frankfurt, Radio Alpenwelle oder sogar dem Radio Schlagerparadies der Uelzener Podcast-Stimme von Dr. Felix [&hellip;]","og_url":"https:\/\/uelzener.de\/magazin\/wir\/die-uelzener-rockt-das-radio-\ud83d\udcfb\/","og_site_name":"Uelzener Tier-Magazin","article_publisher":"https:\/\/www.facebook.com\/Uelzener","article_modified_time":"2024-06-10T12:28:47+00:00","og_image":[{"width":1025,"height":450,"url":"https:\/\/uelzener.de\/magazin\/app\/uploads\/2023\/10\/alter-mann-streichelt-hund.jpg","type":"image\/jpeg"}],"twitter_card":"summary_large_image","twitter_misc":{"Gesch\u00e4tzte Lesezeit":"1\u00a0Minute"},"schema":{"@context":"https:\/\/schema.org","@graph":[{"@type":"WebPage","@id":"https:\/\/uelzener.de\/magazin\/wir\/die-uelzener-rockt-das-radio-%f0%9f%93%bb\/","url":"https:\/\/uelzener.de\/magazin\/wir\/die-uelzener-rockt-das-radio-%f0%9f%93%bb\/","name":"Die Uelzener rockt das Radio \ud83d\udcfb | Uelzener Magazin","isPartOf":{"@id":"https:\/\/uelzener.de\/magazin\/#website"},"primaryImageOfPage":{"@id":"https:\/\/uelzener.de\/magazin\/wir\/die-uelzener-rockt-das-radio-%f0%9f%93%bb\/#primaryimage"},"image":{"@id":"https:\/\/uelzener.de\/magazin\/wir\/die-uelzener-rockt-das-radio-%f0%9f%93%bb\/#primaryimage"},"thumbnailUrl":"https:\/\/uelzener.de\/magazin\/app\/uploads\/2023\/10\/alter-mann-streichelt-hund.jpg","datePublished":"2023-06-28T14:00:36+00:00","dateModified":"2024-06-10T12:28:47+00:00","breadcrumb":{"@id":"https:\/\/uelzener.de\/magazin\/wir\/die-uelzener-rockt-das-radio-%f0%9f%93%bb\/#breadcrumb"},"inLanguage":"de","potentialAction":[{"@type":"ReadAction","target":["https:\/\/uelzener.de\/magazin\/wir\/die-uelzener-rockt-das-radio-%f0%9f%93%bb\/"]}]},{"@type":"ImageObject","inLanguage":"de","@id":"https:\/\/uelzener.de\/magazin\/wir\/die-uelzener-rockt-das-radio-%f0%9f%93%bb\/#primaryimage","url":"https:\/\/uelzener.de\/magazin\/app\/uploads\/2023\/10\/alter-mann-streichelt-hund.jpg","contentUrl":"https:\/\/uelzener.de\/magazin\/app\/uploads\/2023\/10\/alter-mann-streichelt-hund.jpg","width":1025,"height":450,"caption":"Alter Mann streichelt Hund."},{"@type":"WebSite","@id":"https:\/\/uelzener.de\/magazin\/#website","url":"https:\/\/uelzener.de\/magazin\/","name":"Uelzener Tiermagazin","description":"Online Tierratgeber der Uelzener Versicherungen","publisher":{"@id":"https:\/\/uelzener.de\/magazin\/#organization"},"potentialAction":[{"@type":"SearchAction","target":{"@type":"EntryPoint","urlTemplate":"https:\/\/uelzener.de\/magazin\/?s={search_term_string}"},"query-input":{"@type":"PropertyValueSpecification","valueRequired":true,"valueName":"search_term_string"}}],"inLanguage":"de"},{"@type":"Organization","@id":"https:\/\/uelzener.de\/magazin\/#organization","name":"Uelzener Versicherungen","url":"https:\/\/uelzener.de\/magazin\/","logo":{"@type":"ImageObject","inLanguage":"de","@id":"https:\/\/uelzener.de\/magazin\/#\/schema\/logo\/image\/","url":"https:\/\/uelzener.de\/magazin\/app\/uploads\/2024\/11\/uelzener_allgemeine_versicherungsgesellschaft_a_g_logo.jpg","contentUrl":"https:\/\/uelzener.de\/magazin\/app\/uploads\/2024\/11\/uelzener_allgemeine_versicherungsgesellschaft_a_g_logo.jpg","width":200,"height":200,"caption":"Uelzener Versicherungen"},"image":{"@id":"https:\/\/uelzener.de\/magazin\/#\/schema\/logo\/image\/"},"sameAs":["https:\/\/www.facebook.com\/Uelzener","https:\/\/instagram.com\/uelzener","https:\/\/www.xing.com\/pages\/uelzenerallgemeineversicherungs-gesellschafta-g","https:\/\/www.youtube.com\/UelzenerVersicherungen"]}]}},"_links":{"self":[{"href":"https:\/\/uelzener.de\/magazin\/wp-json\/wp\/v2\/pages\/16297","targetHints":{"allow":["GET"]}}],"collection":[{"href":"https:\/\/uelzener.de\/magazin\/wp-json\/wp\/v2\/pages"}],"about":[{"href":"https:\/\/uelzener.de\/magazin\/wp-json\/wp\/v2\/types\/page"}],"author":[{"embeddable":true,"href":"https:\/\/uelzener.de\/magazin\/wp-json\/wp\/v2\/users\/11"}],"replies":[{"embeddable":true,"href":"https:\/\/uelzener.de\/magazin\/wp-json\/wp\/v2\/comments?post=16297"}],"version-history":[{"count":14,"href":"https:\/\/uelzener.de\/magazin\/wp-json\/wp\/v2\/pages\/16297\/revisions"}],"predecessor-version":[{"id":17516,"href":"https:\/\/uelzener.de\/magazin\/wp-json\/wp\/v2\/pages\/16297\/revisions\/17516"}],"up":[{"embeddable":true,"href":"https:\/\/uelzener.de\/magazin\/wp-json\/wp\/v2\/pages\/2469"}],"wp:featuredmedia":[{"embeddable":true,"href":"https:\/\/uelzener.de\/magazin\/wp-json\/wp\/v2\/media\/16302"}],"wp:attachment":[{"href":"https:\/\/uelzener.de\/magazin\/wp-json\/wp\/v2\/media?parent=16297"}],"curies":[{"name":"wp","href":"https:\/\/api.w.org\/{rel}","templated":true}]}}