{"id":16068,"date":"2023-08-08T15:00:44","date_gmt":"2023-08-08T13:00:44","guid":{"rendered":"https:\/\/uelzener.de\/magazin\/?page_id=16068"},"modified":"2023-11-29T14:25:20","modified_gmt":"2023-11-29T13:25:20","slug":"ein-vormittag-in-der-kleintierpraxis-am-stern-stay-paw-sitive","status":"publish","type":"page","link":"https:\/\/uelzener.de\/magazin\/wir\/ein-vormittag-in-der-kleintierpraxis-am-stern-stay-paw-sitive\/","title":{"rendered":"Ein Vormittag in der Kleintierpraxis am Stern: Stay paw-sitive!"},"content":{"rendered":"<p>Schon am fr\u00fchen Vormittag bellt und miaut es in der Kleintierpraxis am Stern in Uelzen. Die Hunde und Katzen sowie auch Reptilien, V\u00f6gel und kleine Heimtiere sind hier in guten H\u00e4nden: Ute Salzbrunn hat \u00fcber drei Jahrzehnte Erfahrung als Tier\u00e4rztin und Operateurin \u2013 und an ihrer Seite ein engagiertes f\u00fcnfk\u00f6pfiges Team. Heute assistieren Lara F\u00f6rster und Nina Merker ihrer Chefin, und wir d\u00fcrfen im Rahmen des <a href=\"https:\/\/uelzener.de\/wir-ueber-uns\/150-jahre-jubilaeum\/\">150. Jubil\u00e4ums-Magazins der Uelzener Versicherungen<\/a> einen knappen Vormittag im Behandlungszimmer mit dabei sein.<\/p>\n<h2>Dayuna, die Boxerh\u00fcndin<\/h2>\n<p>\u201eGuten Morgen, Frau Hoffmann. Wie geht es Dayuna?\u201c, fragt Ute Salzbrunn. \u201eLeider nicht gut. Ich mache mir Sorgen\u201c, antwortet Sandra Hoffmann. Sie berichtet der Tiermedizinerin vom <a href=\"https:\/\/uelzener.de\/magazin\/hund\/haltung\/wohnung-hundesicher-machen\/\">Sturz ihrer H\u00fcndin \u00fcber mehrere Treppenstufen<\/a> hinweg. Kurz nach dem Unfall habe sich der Zustand der sechsj\u00e4hrigen Boxerh\u00fcndin pl\u00f6tzlich verschlechtert. \u201eSeitdem liegt sie viel, l\u00e4uft wie auf Eiern, lahmt hinten rechts und kippt immer wieder um. Es ist wie ein Schwanken vom Hals her\u201c, berichtet Sandra Hoffmann, die ihrer H\u00fcndin seit dem Sturz Schmerzmittel verabreichen muss. Neurologische Ausf\u00e4lle an den Hinterbeinen, deren Ursache oft Sch\u00e4den am R\u00fcckenmark, dem Gehirn oder an den Nerven sein k\u00f6nnen, hat Sandra Hoffmann durch eine Untersuchung in einer Tierklinik ausschlie\u00dfen lassen. \u201eAlso keine Ataxie\u201c, sagt Ute Salzbrunn, \u201edann wollen wir mal abkl\u00e4ren, was genau dahintersteckt.\u201c Es k\u00f6nne unter Umst\u00e4nden auch eine Meningitis sein, deren<br \/>\nFolge ein steifer Bewegungsablauf ist, oder mit der Schilddr\u00fcse im Zusammenhang stehen.<\/p>\n<p>Ute Salzbrunn tastet den K\u00f6rper von Dayuna ab, begutachtet das H\u00e4matom auf dem hinteren R\u00fcckenbereich und untersucht das linke Knie. \u201eWir sollten auch eine Schilddr\u00fcsenunterfunktion ausschlie\u00dfen \u00fcber einen T4- und TSH-Test. Die Schilddr\u00fcsenhormone k\u00f6nnten das Nervensystem beeinflussen.\u201c Sandra Hoffmann nickt und sagt: \u201eNur eine Hirnwasseruntersuchung m\u00f6chte ich nicht machen lassen. Ich m\u00f6chte f\u00fcr Dayuna kein Risiko eingehen.\u201c<\/p>\n<p>Als N\u00e4chstes nimmt die Tier\u00e4rztin der H\u00fcndin Blut ab. Dabei assistiert die Auszubildende Nina Merker. Lara F\u00f6rster, Tiermedizinische Fachangestellte, gibt derweil Behandlungsdetails in den PC ein. \u201eMorgen um 10 Uhr sind die Ergebnisse der Blutwerte da. Dann melde ich mich. In jedem Fall sollten wir einander \u00fcbermorgen noch einmal sehen\u201c, schl\u00e4gt Salzbrunn Sandra Hoffmann vor. Die ist sichtlich dankbar und fragt noch nach, ob es helfen k\u00f6nne, wenn sie ihre H\u00fcndin im H\u00fcft- und Nackenbereich massiert. \u201eMachen Sie das gerne\u201c, best\u00e4tigt die Tier\u00e4rztin. Sie verschreibt Dayuna ein Neuroleptikum und spritzt ihr noch ein entz\u00fcndungshemmendes Kortison. Dann verabschiedet sie Sandra Hoffmann, die n\u00e4chste Patientin wartet schon.<\/p>\n<h2>Labradorh\u00fcndin Mia<\/h2>\n<p>Die <a href=\"https:\/\/uelzener.de\/magazin\/hund\/rasseportrait\/labrador\/\">Labradorh\u00fcndin<\/a> Mia, die von Barbara L\u00fchr begleitet wird, ist 13 Jahre und leidet unter einer altersbedingten <a href=\"https:\/\/uelzener.de\/magazin\/hund\/tiergesundheit\/arthrose-beim-hund-wie-man-sie-erkennt-und-behandeln-kann\/\">Arthrose<\/a>. Weil sie ein Schmerzmedikament nicht vertragen hat, spritzt Ute Salzbrunn der H\u00fcndin das Medikament Librela, das sind nat\u00fcrliche Antik\u00f6rper gegen bestimmte Schmerzrezeptoren. \u201eEs ist eine moderne biologische Schmerztherapie\u201c, erkl\u00e4rt die Tier\u00e4rztin, die wenig sp\u00e4ter ein Lob f\u00fcr das Tier hat: \u201eMan sp\u00fcrt, dass sie schon Muskulatur aufgebaut hat. Das ist gut!\u201c<\/p>\n<blockquote><p><strong>Ute Salzbrunn <\/strong><strong>ist studierte Tiermedizinerin und <\/strong><strong>Medizinisch-technische Laboratoriumsassistentin. <\/strong><strong>Nach Assistenzzeit <\/strong><strong>in einer Gemischtpraxis in Hessen <\/strong><strong>liess sie sich 1991 in Uelzen mit <\/strong><strong>eigener Praxis am Stern nieder. <\/strong><strong>Zu Ihrem Anspruch sagt sie: <\/strong><strong>,,Mein Ansinnen ist es, mit viel <\/strong><strong>Liebe und Fachwissen zum Tier, <\/strong><strong>die Lieblinge lange gesund zu <\/strong><strong>erhalten, akute Erkrankungen zu <\/strong><strong>heilen und chronische zu lindern.&#8220;<\/strong><\/p><\/blockquote>\n<h2>Die franz\u00f6sischen Bulldoggen Caya und Snatch<\/h2>\n<p>Wenig sp\u00e4ter kommt Julia Meyer mit ihren franz\u00f6sischen Bulldoggen Caya und Snatch ins Behandlungszimmer. Sie ist eine alte Bekannte in der Kleintierpraxis: Bis vor drei Jahren hat sie nach der Ausbildung zur TFA im Team von Ute Salzbrunn mitgearbeitet. Seit Kurzem unterst\u00fctzt sie die Praxis wieder stundenweise als Nebenjob.<\/p>\n<p>Der 13-j\u00e4hrigen Snatch, den Julia Meyer aus einem <a href=\"https:\/\/uelzener.de\/magazin\/wir\/tierheim-aktion-der-uelzener-zum-150-jubilaeum\/\">Tierheim<\/a> \u00fcbernommen hat, musste sich am Wochenende einer Not-Operation unterziehen, da ein Tumor in der Milz geplatzt war und die Milz entfernt werden musste. \u201eEs war schrecklich\u201c, berichtet Meyer, \u201emeine Freundin und ich haben das ganze Wochenende geheult.\u201c Vom Eingriff zeugt eine Narbe am Bauch. Ute Salzbrunn entnimmt dem Hund aus dem Vorderbein Blut, welches langsam in zwei R\u00f6hrchen tropft. \u201eTierblut ist sehr empfindlich\u201c, erkl\u00e4rt sie, \u201ees muss vorsichtig entnommen werden, sonst k\u00f6nnten die Blutzellen zerplatzen.\u201c Das erste R\u00f6hrchen ist mit EDTA beschichtet, damit das Blut nicht gerinnt. Es ist f\u00fcr die Untersuchung des Blutbildes mit den einzelnen Blutzellen bestimmt. Das zweite Serumr\u00f6hrchen dient der Untersuchung der klinischen Chemie wie den Organwerten von Schilddr\u00fcse, Leber, Niere und den Elektrolyten \u201eEr sieht aber wieder rosig aus. Das letzte Mal war er noch sehr blass\u201c, sagt Ute Salzbrunn, und erg\u00e4nzt: \u201eDie F\u00e4den ziehen wir sp\u00e4ter.\u201c<\/p>\n<p>Auch Caya ist f\u00fcr Julia Meyer zurzeit ein Sorgenkind. Die neuneinhalbj\u00e4hrige franz\u00f6sische Bulldogge ist erst seit sechs Wochen bei ihr. Sie hat am Bein hinten rechts eine gestielte Warze, die heute wegoperiert werden soll. Ute Salzbrunn zieht sich Handschuhe an und schert zun\u00e4chst die Haare um die Warze herum weg. Danach reinigt und desinfiziert sie die Stelle und bet\u00e4ubt das Warzengebiet \u00f6rtlich. \u201eDie Warze an sich ist nicht schlimm, aber an einer ung\u00fcnstigen Stelle, dass die Gefahr besteht, dass sie abrei\u00dfen k\u00f6nnte. \u201eHunde lecken gerne an Wunden und bei\u00dfen F\u00e4den auf\u201c, erkl\u00e4rt die Tier\u00e4rztin, \u201eweshalb ein anschlie\u00dfender Leckschutz in Form eines Halskragens wichtig f\u00fcr die Nachsorge ist.\u201c Kurz darauf geht es ins OP-Zimmer. Auf dem OP-Tisch ist die H\u00fcndin zun\u00e4chst etwas aufgeregt, doch nach beruhigenden Worten von Frauchen Julia l\u00e4sst sie das Entfernen der Warze nahezu regungslos \u00fcber sich ergehen. Nachdem Ute Salzbrunn die Wunde vern\u00e4ht hat, blickt sie kurz auf und sagt: \u201eEine OP ohne Komplikationen!\u201c Julia Meyer steht die Erleichterung ins Gesicht geschrieben. \u201eEs sieht so aus, als sei die Warze ein normaler Polyp gewesen. Aber ich schicke sie dennoch in die Pathologie, um ganz sicher zu sein\u201c, sagt Ute Salzbrunn \u2013 und verabschiedet sich von Julia Meyer.<\/p>\n<h2>Kater Tabby<\/h2>\n<p>Zur\u00fcck im Behandlungszimmer stellt sich Christine Meyer mit ihrem Kater Tabby zur Kontrolluntersuchung vor. Vor drei Wochen brachte sie ihren drei Jahre alten Mitbewohner als Notfall morgens in die Praxis. Die Pfote vorne rechts hing abnorm herab. Ein R\u00f6ntgenbild zeigte einen ausgerenkten Ellenbogen. Ute Salzbrunn renkte den Ellenbogen in <a href=\"https:\/\/uelzener.de\/magazin\/katze\/haeufige-fragen\/narkose-bei-katzen\/\">Narkose<\/a> wieder ein und legte \u00fcber zw\u00f6lf Tage einen St\u00fctzverband an. Das Ergebnis der Kontrolluntersuchung: \u201eEs sieht alles gut aus, das rechte Vorderbein kann wieder normal belastet werden.\u201c<\/p>\n<h2>Kater Chiko wird gechipt<\/h2>\n<p>Der n\u00e4chste Patient ist ein Kater namens Chiko, sein Frauchen Eileen Gr\u00fcschow hat ihn vor Kurzem von einem Bauernhof bekommen. Heute ist die allgemeine Voruntersuchung, bevor er zwei Tage sp\u00e4ter zur Kastration gebracht werden soll.<\/p>\n<p>Eileen Gr\u00fcschow erz\u00e4hlt, dass sie den Kater schon entwurmt habe, aber er noch \u00f6fter etwas niest. Der Herz-Kreislaufcheck ist in Ordnung, die Atemwege sind unauff\u00e4llig und auch der Blick in die Ohren verr\u00e4t: \u201ealles prima\u201c.<\/p>\n<p>Ute Salzbrunn fragt, ob der Kater gechipt werden soll und erkl\u00e4rt Eileen Gr\u00fcschow die Vorteile: \u201eDer Microchip ist nur so gro\u00df wie ein Reiskorn und wird unter das Fell des Katers implantiert. Die dazu passende ID-Nummer kann in einen EU-Heimtierausweis eingetragen und in einem \u00fcberregionalen Tierregister aufgenommen werden. Mit einem Ableseger\u00e4t kann dann ein Fundtier genau zugeordnet werden.\u201c Die Kosten f\u00fcr ein Microchip-Implantat liegen zwischen 30 und 50 Euro \u2013 und sind f\u00fcr Eileen Gr\u00fcschow tragbar. Von der Tier\u00e4rztin bekommt sie einen Aufkl\u00e4rungszettel f\u00fcr die Operation.<\/p>\n<blockquote><p><strong>Laut <a href=\"https:\/\/www.tasso.net\/\">Tierschutzorganisation Tasso e.V.<\/a> wurden 2022 etwa 122.000 Katzen und Hunde von ihren Menschen getrennt. Bei rund 99.000 entlaufenen Hunden und Katzen konnte der Verein im selben Zeitraum dabei helfen, sie wieder mit ihren Halter:innen zusammenzubringen. Eine Hilfe war die Chip-Kennzeichnung der Tiere, die es leicht macht, die Tiere eindeutig zu identifi zieren. F\u00fcr die Auslandsreise mit Katze \/ Hund ist der Chip mit einem EU- Heimtierauweis inzwischen Pflicht.<\/strong><\/p><\/blockquote>\n<h2>Die Gl\u00fcckskatze Molli<\/h2>\n<p>Weibliche Katzen, deren <a href=\"https:\/\/uelzener.de\/magazin\/katze\/haeufige-fragen\/katzen-fellfarben\/\">Fell in den Farben Schwarz, Rot und Wei\u00df gemustert<\/a> ist, werden im Volksmund <a href=\"https:\/\/uelzener.de\/magazin\/katze\/rasseportrait\/glueckskatze-dreifarbig-schildpatt\/\">Gl\u00fcckskatzen<\/a> genannt. Eine solche ist die n\u00e4chste Patientin, die von Brigitte Grossmann in den Behandlungsraum gebracht wird. Die 15-j\u00e4hrige Molli leidet an <a href=\"https:\/\/uelzener.de\/magazin\/katze\/tiergesundheit\/diabetes-bei-katzen\/\">Diabetes<\/a>. Durch eine weitgehend zuckerfreie Ern\u00e4hrung und Insulinspritzen morgens und abends ist sie allerdings gut eingestellt. Heute ist Blutkontrolle \u2013 und Molli \u00e4u\u00dfert zun\u00e4chst lautstark ihren Unwillen, sich untersuchen zu lassen. Doch ein mit Antistressspray behandeltes Tuch tr\u00e4gt nach kurzer Zeit dazu bei, dass sie ruhiger wird. Ute Salzbrunn rasiert sie an einer Stelle am Bein und <a href=\"https:\/\/uelzener.de\/magazin\/katze\/tiergesundheit\/katzen-blut-abnehmen-lassen\/\">nimmt ihr Blut ab<\/a>, das zur Untersuchung ins Labor geschickt wird.<\/p>\n<h2>Vier Welpen und Dackel-Mutter Jule<\/h2>\n<p>Kurz vor der Mittagszeit wird es noch einmal lebendig in der Praxis: Der private Z\u00fcchter Salvatore di Benedetto ist mit vier Welpen und <a href=\"https:\/\/uelzener.de\/magazin\/hund\/rasseportrait\/dackel\/\">Dackel<\/a>-Mutter Jule im Behandlungszimmer. Die acht Wochen alten Zwergrauhhaarteckel sollen ihre erste <a href=\"https:\/\/uelzener.de\/magazin\/hund\/tiergesundheit\/impfungen-hund\/\">Impfung<\/a> gegen Staupe, Parvovirose, Leptospirose, infekti\u00f6se Hepatitis und Parainfluenza erhalten.<\/p>\n<p>Die R\u00fcden und H\u00fcndinnen h\u00f6ren auf die Namen Juventus, Jupiter, Justitia und Jacobus Benedettos. Es ist der zehnte Wurf des Z\u00fcchters und laut Zucht- und Eintragungsbestimmungendes Teckel-Vereins sind die Z\u00fcchter bei der Namensgebung an den zehnten Buchstaben des Alphabets gebunden.<\/p>\n<p>Vor der Impfung erfolgt eine gr\u00fcndliche Allgemeinuntersuchung. Jupiter ist der erste Welpe, den Ute Salzbrunn untersucht. Er zeigt ein korrektes Milchzahngebiss, die Ohren sind frei vonParasiten und Entz\u00fcndungen, die Augen, das Fell sowie die Auskultation von Herz und Lunge ohne Auff\u00e4lligkeiten. Der R\u00fcde befindet sich in einem sehr guten <a href=\"https:\/\/uelzener.de\/magazin\/hund\/ernaehrung\/was-essen-hunde\/\">Ern\u00e4hrung<\/a>szustand. \u201eJupiter ist ein Draufg\u00e4nger. Der kommt diese Woche noch zu einer J\u00e4gerin\u201c, berichtet Salvatore Benedetto und erg\u00e4nzt: \u201eAb der sechsten Woche kann man den Charakter erkennen und ab der achten Woche beginnt die Sozialisation, die nach der sechzehnten Woche abgeschlossen ist.\u201c<\/p>\n<p><img decoding=\"async\" class=\"alignnone wp-image-16080 size-large\" src=\"https:\/\/uelzener.de\/magazin\/app\/uploads\/2023\/08\/hund3-1024x1024.jpg\" alt=\"Infografik: Grundimmunisierung f\u00fcr Welpen\" width=\"1024\" height=\"1024\" srcset=\"https:\/\/uelzener.de\/magazin\/app\/uploads\/2023\/08\/hund3-1024x1024.jpg 1024w, https:\/\/uelzener.de\/magazin\/app\/uploads\/2023\/08\/hund3-300x300.jpg 300w, https:\/\/uelzener.de\/magazin\/app\/uploads\/2023\/08\/hund3-150x150.jpg 150w, https:\/\/uelzener.de\/magazin\/app\/uploads\/2023\/08\/hund3-768x768.jpg 768w, https:\/\/uelzener.de\/magazin\/app\/uploads\/2023\/08\/hund3-1026x1026.jpg 1026w, https:\/\/uelzener.de\/magazin\/app\/uploads\/2023\/08\/hund3-668x668.jpg 668w, https:\/\/uelzener.de\/magazin\/app\/uploads\/2023\/08\/hund3.jpg 1080w\" sizes=\"(max-width: 1024px) 100vw, 1024px\" \/><\/p>\n<p>Nach der Impfung und dem Injizieren des Microchips bekommt Jupiter ein <a href=\"https:\/\/uelzener.de\/magazin\/hund\/ernaehrung\/leckerlie-rezepte-fuer-pferd-hund-katze\/\">Leckerli<\/a> \u2013 und Justitia ist an der Reihe. Auch ihr attestiert Ute Salzbrunn eine gute Gesundheit. \u201eJustitia kommt zu einem Polizisten\u201c, sagt Salvatore Benedetto und l\u00e4chelt. Jacobus, der mit 1,95 Kilogramm der schwerste der Welpen ist, und Jupiter werden danach ebenso geimpft und gechipt. Zuletzt untersucht die Tier\u00e4rztin noch Dackelmutter Jule. Auch sie ist kerngesund. Salvatore Benedetto ist zufrieden \u2013 und in wenigen Tagen d\u00fcrfen sich die vier Familien \u00fcber die niedlichen Welpen freuen. Gemeinsam mit dem Z\u00fcchter verabschieden wir uns von Ute Salzbrunn und ihrem Team.<\/p>\n<p>Wir sind dankbar f\u00fcr den Einblick in den Praxisalltag, der uns eine Ahnung davon verschaff t hat, wie breit das tiermedizinische T\u00e4tigkeitsfeld ist und dass Tier\u00e4rzt:innen nach dem neuesten Stand der Forschung arbeiten. Nicht zuletzt aber haben wir auch gesp\u00fcrt, wie erf\u00fcllend die Aufgabe sein kann, einen Hund oder eine Katze wieder gesund zu machen. Und wie gl\u00fccklich dar\u00fcber das Frauchen oder Herrchen ist.<\/p>\n","protected":false},"excerpt":{"rendered":"<p>Schon am fr\u00fchen Vormittag bellt und miaut es in der Kleintierpraxis am Stern in Uelzen. Die Hunde und Katzen sowie auch Reptilien, V\u00f6gel und kleine Heimtiere sind hier in guten H\u00e4nden: Ute Salzbrunn hat \u00fcber drei Jahrzehnte Erfahrung als Tier\u00e4rztin und Operateurin \u2013 und an ihrer Seite ein engagiertes f\u00fcnfk\u00f6pfiges Team. Heute assistieren Lara F\u00f6rster [&hellip;]<\/p>\n","protected":false},"author":11,"featured_media":16070,"parent":2469,"menu_order":13,"comment_status":"closed","ping_status":"closed","template":"templates\/blog.php","meta":{"_acf_changed":false,"_crdt_document":"","footnotes":"","beyondwords_generate_audio":"0","beyondwords_project_id":"","beyondwords_content_id":"","beyondwords_preview_token":"","beyondwords_player_style":"","beyondwords_language_id":"","beyondwords_title_voice_id":"","beyondwords_body_voice_id":"","beyondwords_summary_voice_id":"","beyondwords_error_message":"","beyondwords_disabled":"","beyondwords_delete_content":"","beyondwords_podcast_id":"","beyondwords_hash":"","publish_post_to_speechkit":"","speechkit_hash":"","speechkit_generate_audio":"","speechkit_project_id":"","speechkit_podcast_id":"","speechkit_error_message":"","speechkit_disabled":"","speechkit_access_key":"","speechkit_error":"","speechkit_info":"","speechkit_response":"","speechkit_retries":"","speechkit_status":"","speechkit_updated_at":"","_speechkit_link":"","_speechkit_text":""},"class_list":["post-16068","page","type-page","status-publish","has-post-thumbnail","hentry"],"acf":[],"yoast_head":"<!-- This site is optimized with the Yoast SEO Premium plugin  - https:\/\/yoast.com\/product\/yoast-seo-premium-wordpress\/ -->\n<title>Ein Vormittag in der Kleintierpraxis am Stern: Stay paw-sitive! | Uelzener Magazin<\/title>\n<meta name=\"robots\" content=\"index, follow, max-snippet:-1, max-image-preview:large, max-video-preview:-1\" \/>\n<link rel=\"canonical\" href=\"https:\/\/uelzener.de\/magazin\/wir\/ein-vormittag-in-der-kleintierpraxis-am-stern-stay-paw-sitive\/\" \/>\n<meta property=\"og:locale\" content=\"de_DE\" \/>\n<meta property=\"og:type\" content=\"article\" \/>\n<meta property=\"og:title\" content=\"Ein Vormittag in der Kleintierpraxis am Stern: Stay paw-sitive!\" \/>\n<meta property=\"og:description\" content=\"Schon am fr\u00fchen Vormittag bellt und miaut es in der Kleintierpraxis am Stern in Uelzen. Die Hunde und Katzen sowie auch Reptilien, V\u00f6gel und kleine Heimtiere sind hier in guten H\u00e4nden: Ute Salzbrunn hat \u00fcber drei Jahrzehnte Erfahrung als Tier\u00e4rztin und Operateurin \u2013 und an ihrer Seite ein engagiertes f\u00fcnfk\u00f6pfiges Team. Heute assistieren Lara F\u00f6rster [&hellip;]\" \/>\n<meta property=\"og:url\" content=\"https:\/\/uelzener.de\/magazin\/wir\/ein-vormittag-in-der-kleintierpraxis-am-stern-stay-paw-sitive\/\" \/>\n<meta property=\"og:site_name\" content=\"Uelzener Tier-Magazin\" \/>\n<meta property=\"article:publisher\" content=\"https:\/\/www.facebook.com\/Uelzener\" \/>\n<meta property=\"article:modified_time\" content=\"2023-11-29T13:25:20+00:00\" \/>\n<meta property=\"og:image\" content=\"https:\/\/uelzener.de\/magazin\/app\/uploads\/2023\/08\/tierarztpraxis-katze.jpg\" \/>\n\t<meta property=\"og:image:width\" content=\"1025\" \/>\n\t<meta property=\"og:image:height\" content=\"450\" \/>\n\t<meta property=\"og:image:type\" content=\"image\/jpeg\" \/>\n<meta name=\"twitter:card\" content=\"summary_large_image\" \/>\n<meta name=\"twitter:label1\" content=\"Gesch\u00e4tzte Lesezeit\" \/>\n\t<meta name=\"twitter:data1\" content=\"8\u00a0Minuten\" \/>\n<script type=\"application\/ld+json\" class=\"yoast-schema-graph\">{\"@context\":\"https:\\\/\\\/schema.org\",\"@graph\":[{\"@type\":\"WebPage\",\"@id\":\"https:\\\/\\\/uelzener.de\\\/magazin\\\/wir\\\/ein-vormittag-in-der-kleintierpraxis-am-stern-stay-paw-sitive\\\/\",\"url\":\"https:\\\/\\\/uelzener.de\\\/magazin\\\/wir\\\/ein-vormittag-in-der-kleintierpraxis-am-stern-stay-paw-sitive\\\/\",\"name\":\"Ein Vormittag in der Kleintierpraxis am Stern: Stay paw-sitive! | Uelzener Magazin\",\"isPartOf\":{\"@id\":\"https:\\\/\\\/uelzener.de\\\/magazin\\\/#website\"},\"primaryImageOfPage\":{\"@id\":\"https:\\\/\\\/uelzener.de\\\/magazin\\\/wir\\\/ein-vormittag-in-der-kleintierpraxis-am-stern-stay-paw-sitive\\\/#primaryimage\"},\"image\":{\"@id\":\"https:\\\/\\\/uelzener.de\\\/magazin\\\/wir\\\/ein-vormittag-in-der-kleintierpraxis-am-stern-stay-paw-sitive\\\/#primaryimage\"},\"thumbnailUrl\":\"https:\\\/\\\/uelzener.de\\\/magazin\\\/app\\\/uploads\\\/2023\\\/08\\\/tierarztpraxis-katze.jpg\",\"datePublished\":\"2023-08-08T13:00:44+00:00\",\"dateModified\":\"2023-11-29T13:25:20+00:00\",\"breadcrumb\":{\"@id\":\"https:\\\/\\\/uelzener.de\\\/magazin\\\/wir\\\/ein-vormittag-in-der-kleintierpraxis-am-stern-stay-paw-sitive\\\/#breadcrumb\"},\"inLanguage\":\"de\",\"potentialAction\":[{\"@type\":\"ReadAction\",\"target\":[\"https:\\\/\\\/uelzener.de\\\/magazin\\\/wir\\\/ein-vormittag-in-der-kleintierpraxis-am-stern-stay-paw-sitive\\\/\"]}]},{\"@type\":\"ImageObject\",\"inLanguage\":\"de\",\"@id\":\"https:\\\/\\\/uelzener.de\\\/magazin\\\/wir\\\/ein-vormittag-in-der-kleintierpraxis-am-stern-stay-paw-sitive\\\/#primaryimage\",\"url\":\"https:\\\/\\\/uelzener.de\\\/magazin\\\/app\\\/uploads\\\/2023\\\/08\\\/tierarztpraxis-katze.jpg\",\"contentUrl\":\"https:\\\/\\\/uelzener.de\\\/magazin\\\/app\\\/uploads\\\/2023\\\/08\\\/tierarztpraxis-katze.jpg\",\"width\":1025,\"height\":450,\"caption\":\"Orangene Katze auf Untersuchungstisch in der Tierarztpraxis.\"},{\"@type\":\"WebSite\",\"@id\":\"https:\\\/\\\/uelzener.de\\\/magazin\\\/#website\",\"url\":\"https:\\\/\\\/uelzener.de\\\/magazin\\\/\",\"name\":\"Uelzener Tiermagazin\",\"description\":\"Online Tierratgeber der Uelzener Versicherungen\",\"publisher\":{\"@id\":\"https:\\\/\\\/uelzener.de\\\/magazin\\\/#organization\"},\"potentialAction\":[{\"@type\":\"SearchAction\",\"target\":{\"@type\":\"EntryPoint\",\"urlTemplate\":\"https:\\\/\\\/uelzener.de\\\/magazin\\\/?s={search_term_string}\"},\"query-input\":{\"@type\":\"PropertyValueSpecification\",\"valueRequired\":true,\"valueName\":\"search_term_string\"}}],\"inLanguage\":\"de\"},{\"@type\":\"Organization\",\"@id\":\"https:\\\/\\\/uelzener.de\\\/magazin\\\/#organization\",\"name\":\"Uelzener Versicherungen\",\"url\":\"https:\\\/\\\/uelzener.de\\\/magazin\\\/\",\"logo\":{\"@type\":\"ImageObject\",\"inLanguage\":\"de\",\"@id\":\"https:\\\/\\\/uelzener.de\\\/magazin\\\/#\\\/schema\\\/logo\\\/image\\\/\",\"url\":\"https:\\\/\\\/uelzener.de\\\/magazin\\\/app\\\/uploads\\\/2024\\\/11\\\/uelzener_allgemeine_versicherungsgesellschaft_a_g_logo.jpg\",\"contentUrl\":\"https:\\\/\\\/uelzener.de\\\/magazin\\\/app\\\/uploads\\\/2024\\\/11\\\/uelzener_allgemeine_versicherungsgesellschaft_a_g_logo.jpg\",\"width\":200,\"height\":200,\"caption\":\"Uelzener Versicherungen\"},\"image\":{\"@id\":\"https:\\\/\\\/uelzener.de\\\/magazin\\\/#\\\/schema\\\/logo\\\/image\\\/\"},\"sameAs\":[\"https:\\\/\\\/www.facebook.com\\\/Uelzener\",\"https:\\\/\\\/instagram.com\\\/uelzener\",\"https:\\\/\\\/www.xing.com\\\/pages\\\/uelzenerallgemeineversicherungs-gesellschafta-g\",\"https:\\\/\\\/www.youtube.com\\\/UelzenerVersicherungen\"]}]}<\/script>\n<!-- \/ Yoast SEO Premium plugin. -->","yoast_head_json":{"title":"Ein Vormittag in der Kleintierpraxis am Stern: Stay paw-sitive! | Uelzener Magazin","robots":{"index":"index","follow":"follow","max-snippet":"max-snippet:-1","max-image-preview":"max-image-preview:large","max-video-preview":"max-video-preview:-1"},"canonical":"https:\/\/uelzener.de\/magazin\/wir\/ein-vormittag-in-der-kleintierpraxis-am-stern-stay-paw-sitive\/","og_locale":"de_DE","og_type":"article","og_title":"Ein Vormittag in der Kleintierpraxis am Stern: Stay paw-sitive!","og_description":"Schon am fr\u00fchen Vormittag bellt und miaut es in der Kleintierpraxis am Stern in Uelzen. Die Hunde und Katzen sowie auch Reptilien, V\u00f6gel und kleine Heimtiere sind hier in guten H\u00e4nden: Ute Salzbrunn hat \u00fcber drei Jahrzehnte Erfahrung als Tier\u00e4rztin und Operateurin \u2013 und an ihrer Seite ein engagiertes f\u00fcnfk\u00f6pfiges Team. Heute assistieren Lara F\u00f6rster [&hellip;]","og_url":"https:\/\/uelzener.de\/magazin\/wir\/ein-vormittag-in-der-kleintierpraxis-am-stern-stay-paw-sitive\/","og_site_name":"Uelzener Tier-Magazin","article_publisher":"https:\/\/www.facebook.com\/Uelzener","article_modified_time":"2023-11-29T13:25:20+00:00","og_image":[{"width":1025,"height":450,"url":"https:\/\/uelzener.de\/magazin\/app\/uploads\/2023\/08\/tierarztpraxis-katze.jpg","type":"image\/jpeg"}],"twitter_card":"summary_large_image","twitter_misc":{"Gesch\u00e4tzte Lesezeit":"8\u00a0Minuten"},"schema":{"@context":"https:\/\/schema.org","@graph":[{"@type":"WebPage","@id":"https:\/\/uelzener.de\/magazin\/wir\/ein-vormittag-in-der-kleintierpraxis-am-stern-stay-paw-sitive\/","url":"https:\/\/uelzener.de\/magazin\/wir\/ein-vormittag-in-der-kleintierpraxis-am-stern-stay-paw-sitive\/","name":"Ein Vormittag in der Kleintierpraxis am Stern: Stay paw-sitive! | Uelzener Magazin","isPartOf":{"@id":"https:\/\/uelzener.de\/magazin\/#website"},"primaryImageOfPage":{"@id":"https:\/\/uelzener.de\/magazin\/wir\/ein-vormittag-in-der-kleintierpraxis-am-stern-stay-paw-sitive\/#primaryimage"},"image":{"@id":"https:\/\/uelzener.de\/magazin\/wir\/ein-vormittag-in-der-kleintierpraxis-am-stern-stay-paw-sitive\/#primaryimage"},"thumbnailUrl":"https:\/\/uelzener.de\/magazin\/app\/uploads\/2023\/08\/tierarztpraxis-katze.jpg","datePublished":"2023-08-08T13:00:44+00:00","dateModified":"2023-11-29T13:25:20+00:00","breadcrumb":{"@id":"https:\/\/uelzener.de\/magazin\/wir\/ein-vormittag-in-der-kleintierpraxis-am-stern-stay-paw-sitive\/#breadcrumb"},"inLanguage":"de","potentialAction":[{"@type":"ReadAction","target":["https:\/\/uelzener.de\/magazin\/wir\/ein-vormittag-in-der-kleintierpraxis-am-stern-stay-paw-sitive\/"]}]},{"@type":"ImageObject","inLanguage":"de","@id":"https:\/\/uelzener.de\/magazin\/wir\/ein-vormittag-in-der-kleintierpraxis-am-stern-stay-paw-sitive\/#primaryimage","url":"https:\/\/uelzener.de\/magazin\/app\/uploads\/2023\/08\/tierarztpraxis-katze.jpg","contentUrl":"https:\/\/uelzener.de\/magazin\/app\/uploads\/2023\/08\/tierarztpraxis-katze.jpg","width":1025,"height":450,"caption":"Orangene Katze auf Untersuchungstisch in der Tierarztpraxis."},{"@type":"WebSite","@id":"https:\/\/uelzener.de\/magazin\/#website","url":"https:\/\/uelzener.de\/magazin\/","name":"Uelzener Tiermagazin","description":"Online Tierratgeber der Uelzener Versicherungen","publisher":{"@id":"https:\/\/uelzener.de\/magazin\/#organization"},"potentialAction":[{"@type":"SearchAction","target":{"@type":"EntryPoint","urlTemplate":"https:\/\/uelzener.de\/magazin\/?s={search_term_string}"},"query-input":{"@type":"PropertyValueSpecification","valueRequired":true,"valueName":"search_term_string"}}],"inLanguage":"de"},{"@type":"Organization","@id":"https:\/\/uelzener.de\/magazin\/#organization","name":"Uelzener Versicherungen","url":"https:\/\/uelzener.de\/magazin\/","logo":{"@type":"ImageObject","inLanguage":"de","@id":"https:\/\/uelzener.de\/magazin\/#\/schema\/logo\/image\/","url":"https:\/\/uelzener.de\/magazin\/app\/uploads\/2024\/11\/uelzener_allgemeine_versicherungsgesellschaft_a_g_logo.jpg","contentUrl":"https:\/\/uelzener.de\/magazin\/app\/uploads\/2024\/11\/uelzener_allgemeine_versicherungsgesellschaft_a_g_logo.jpg","width":200,"height":200,"caption":"Uelzener Versicherungen"},"image":{"@id":"https:\/\/uelzener.de\/magazin\/#\/schema\/logo\/image\/"},"sameAs":["https:\/\/www.facebook.com\/Uelzener","https:\/\/instagram.com\/uelzener","https:\/\/www.xing.com\/pages\/uelzenerallgemeineversicherungs-gesellschafta-g","https:\/\/www.youtube.com\/UelzenerVersicherungen"]}]}},"_links":{"self":[{"href":"https:\/\/uelzener.de\/magazin\/wp-json\/wp\/v2\/pages\/16068","targetHints":{"allow":["GET"]}}],"collection":[{"href":"https:\/\/uelzener.de\/magazin\/wp-json\/wp\/v2\/pages"}],"about":[{"href":"https:\/\/uelzener.de\/magazin\/wp-json\/wp\/v2\/types\/page"}],"author":[{"embeddable":true,"href":"https:\/\/uelzener.de\/magazin\/wp-json\/wp\/v2\/users\/11"}],"replies":[{"embeddable":true,"href":"https:\/\/uelzener.de\/magazin\/wp-json\/wp\/v2\/comments?post=16068"}],"version-history":[{"count":12,"href":"https:\/\/uelzener.de\/magazin\/wp-json\/wp\/v2\/pages\/16068\/revisions"}],"predecessor-version":[{"id":16747,"href":"https:\/\/uelzener.de\/magazin\/wp-json\/wp\/v2\/pages\/16068\/revisions\/16747"}],"up":[{"embeddable":true,"href":"https:\/\/uelzener.de\/magazin\/wp-json\/wp\/v2\/pages\/2469"}],"wp:featuredmedia":[{"embeddable":true,"href":"https:\/\/uelzener.de\/magazin\/wp-json\/wp\/v2\/media\/16070"}],"wp:attachment":[{"href":"https:\/\/uelzener.de\/magazin\/wp-json\/wp\/v2\/media?parent=16068"}],"curies":[{"name":"wp","href":"https:\/\/api.w.org\/{rel}","templated":true}]}}