{"id":14819,"date":"2023-04-28T12:00:21","date_gmt":"2023-04-28T10:00:21","guid":{"rendered":"https:\/\/uelzener.de\/magazin\/?page_id=14819"},"modified":"2023-04-28T14:29:55","modified_gmt":"2023-04-28T12:29:55","slug":"interview-mit-theo-hoelscher","status":"publish","type":"page","link":"https:\/\/uelzener.de\/magazin\/wir\/interview-mit-theo-hoelscher\/","title":{"rendered":"Interview mit Dr. Theo H\u00f6lscher"},"content":{"rendered":"<p>Als <a href=\"https:\/\/de.linkedin.com\/in\/dr-theo-h%C3%B6lscher-a64a46209\">Dr. Theo H\u00f6lscher<\/a>, frisch promovierter Agraringenieur aus Kiel, 1989 nach Uelzen kam, um in einem landwirtschaftlichen Beratungsunternehmen in die Gesch\u00e4ftsf\u00fchrung einzusteigen, war Deutschland noch zweigeteilt und die innerdeutsche Grenze gerade einmal 30 Kilometer entfernt.<\/p>\n<p>1994 \u00fcbernahm er bei den Uelzener Versicherungen die Leitung des Verbandsgesch\u00e4fts, bevor er 2001 in den Vorstand wechselte und 2010 zum Vorstandsvorsitzenden ernannt wurde. Im Jubil\u00e4umsjahr der Uelzener 2023 verabschiedet sich Dr. H\u00f6lscher in den Ruhestand. Grund genug, gemeinsam auf ebenso bewegte wie erfolgreiche Zeiten zur\u00fcckzublicken.<\/p>\n<h2>Herr Dr. H\u00f6lscher, nach fast 30 Jahren steht ihr Abschied von den Uelzener Versicherungen kurz bevor. Wie geht es Ihnen damit?<\/h2>\n<p>Ich gehe mit einem lachenden und einem weinenden Auge. Das Unternehmen hat heute weit \u00fcber eine Million Versicherungsvertr\u00e4ge und wir haben uns eine sehr stabile Marktposition erarbeitet. Seit ich 1994 meine Arbeit bei der Uelzener begonnen habe, hat sich unser Pr\u00e4mienvolumen auf mehr als 170 Millionen Euro verachtfacht. Und da ist noch Luft nach oben: In fast jedem zweiten Haushalt wird ein Tier gehalten \u2013 der <a href=\"https:\/\/uelzener.de\/presse\/neue-generation-der-hunde-op-und-krankenversicherung\/\">Stellenwert von Haustieren hat sich insgesamt sehr ver\u00e4ndert<\/a> \u2013 aber nur ein Bruchteil dieser Haustiere ist versichert. Ich gehe mit dem guten Gef\u00fchl, dass das Unternehmen f\u00fcr die Zukunft gut aufgestellt ist.<\/p>\n<h2>Was waren aus Ihrer Sicht die herausragenden versicherungstechnischen Innovationen und wichtigsten Entscheidungen der letzten drei Jahrzehnte?<\/h2>\n<p>Herausragend war ohne Zweifel die Einf\u00fchrung der Tierkranken- und OP-Versicherung 1984, ein Verdienst meines Vorg\u00e4ngers Heinz-Werner Lehmann. Auf ihn ist auch die Tierseuchenversicherung zur\u00fcckzuf\u00fchren, die 1985 an den Start ging.<\/p>\n<p>Die wichtigste Entscheidung der letzten zw\u00f6lf Jahre war die klare Fokussierung der Uelzener wiederum auf den Bereich Tierversicherungen, die 2011\/2012 erfolgt ist.\u00a0 Die Lebensversicherungen, aber auch Wohngeb\u00e4ude, und vorher auch schon die Kfz- und Sachversicherungen haben wir zugunsten dieses Change-Prozesses abgegeben.<\/p>\n<p>Kein Wettbewerber hat sich so auf die Sparten der Tierversicherungen konzentriert wie wir und sich in der Branche einen solchen Markennamen erarbeitet. Das ist einer der entscheidenden Gr\u00fcnde f\u00fcr den Erfolg der Uelzener Versicherungen, wie sie heute dastehen.<\/p>\n<p>Danach war es unser gro\u00dfes Projekt \u201eUelzener 2020\u201c, das wir 2015 angesto\u00dfen haben; dieses IT- und Organisationsprojekt hat unseren Betrieb und Vertrieb, unsere gesamten internen Prozesse komplett umgekrempelt und gerade noch rechtzeitig vor Beginn der <a href=\"https:\/\/uelzener.de\/presse\/hilfen-in-coronazeiten\/\">Corona-Pandemie<\/a> die Voraussetzungen f\u00fcr das Mobile Arbeiten geschaffen und alles, was damit verbunden ist. Mit dem alten System h\u00e4tten wir in dieser digitalen Transformation im Schnelldurchlauf vermutlich gro\u00dfe Schwierigkeiten hinnehmen m\u00fcssen.<\/p>\n<h2>Sind Sie \u2013 bei aller gebotenen Bescheidenheit \u2013 auf etwas stolz, wenn Sie auf Ihre Zeit bei der Uelzener zur\u00fcckblicken?<\/h2>\n<p>Die positive Entwicklung der Uelzener in den letzten 30 Jahren generell macht mich stolz. Dass es mittlerweile Wettbewerber gibt, die uns nachfolgen, ist eine <a href=\"https:\/\/uelzener.de\/presse\/uelzener-ist-bester-tierkrankenversicherung-2022\/\">Auszeichnung f\u00fcr den Weg, den wir gegangen sind<\/a>. Ich bin aber auch stolz auf die Entwicklung vieler <a href=\"https:\/\/uelzener.de\/magazin\/wir\/interviews-langjaehrige-mitarbeiterinnen-der-uelzener\/\">Mitarbeiterinnen und Mitarbeiter<\/a> hier im Haus: wie sie als <a href=\"https:\/\/uelzener.de\/karriere\/\">Auszubildende<\/a> angefangen haben und zu sehen, auf welchen Positionen sie jetzt stehen. Und ich bin stolz darauf, dass die Uelzener ein starker Arbeitgeber ist. Wenn junge Leute beispielsweise mit einem unbefristeten Arbeitsvertrag der Uelzener eine feste Basis f\u00fcr ihre berufliche und private Existenz finden, das ist f\u00fcr mich und f\u00fcr uns ein gutes Gef\u00fchl.<\/p>\n<h2>Wo sehen Sie die gr\u00f6\u00dften Herausforderungen f\u00fcr die Uelzener Versicherungen in den n\u00e4chsten Jahren?<\/h2>\n<p>Wir leben in einer Zeit von gro\u00dfen geopolitischen, gesellschaftlichen Ver\u00e4nderungen, deren Folgen in G\u00e4nze noch gar nicht abzusehen sind. Man denke nur an die Unsicherheit in puncto Sicherheit und in puncto Energie, die der <a href=\"https:\/\/uelzener.de\/presse\/hilfe-fuer-die-ukraine\/\">russische Angriffskrieg in der Ukraine<\/a> mit sich gebracht hat. Dazu das <a href=\"https:\/\/uelzener.de\/magazin\/wir\/corona-tests-fuer-hunde-und-katzen\/\">Pandemie-Geschehen<\/a> der vergangenen 3 Jahre, eine hohe Inflation und nicht zuletzt der Klimawandel. Durch diese st\u00fcrmischen Gew\u00e4sser gilt es die Uelzener erfolgreich zu steuern. Auch das Feld der Wettbewerber hat sich ver\u00e4ndert: Waren wir mit unserem Gesch\u00e4ftsmodell fr\u00fcher das kleine Schnellboot, das um die gro\u00dfen Tanker herumflitzen konnte, hat sich der Markt so entwickelt, dass nun wir das gr\u00f6\u00dfere Schiff sind; den neuen Schnellbooten m\u00fcssen wir Paroli bieten. Das sind die gro\u00dfen Herausforderungen.<\/p>\n<h2>M\u00f6chten Sie Ihren Uelzenern etwas mit auf den Weg geben?<\/h2>\n<p>Das Team, das die Uelzener f\u00fchren wird, hat die Ver\u00e4nderungsprozesse der letzten Jahre wesentlich mitgestaltet. <a href=\"https:\/\/uelzener.de\/magazin\/wir\/entscheidend-ist-ein-starker-wille\/\">Frau Brammer-Rahlfs<\/a>, Herr Fischer und Herr Unger stehen f\u00fcr Kontinuit\u00e4t und sind sehr erfahren darin, beweglich zu bleiben und immer dann nachzujustieren, wenn es n\u00f6tig ist. Daneben haben wir auch die zweite F\u00fchrungsebene mit F\u00fchrungskr\u00e4ften teils aus dem eigenen Haus und auch extern auch aus anderen Branchen kontinuierlich und qualitativ wertvoll aufgebaut und ausgebaut: Dies gilt es zur Wirkung zu bringen und fortzusetzen.<\/p>\n<p>Das ist auch der einzige Rat, den ich geben kann: die Kernkompetenzen bewahren, dabei das momentan eher schwierige Umfeld beobachten und den Mut haben, Dinge auch mal anders zu machen. Die Uelzener ist deswegen so gut, weil sie die F\u00e4higkeit zur Ver\u00e4nderung hat.<\/p>\n<p>Weitere Personen im Vorstand und dem Management der Uelzener Versicherungen findest du auf <a href=\"https:\/\/uelzener.de\/wir-ueber-uns\/\">https:\/\/uelzener.de\/wir-ueber-uns\/<\/a>.<\/p>\n","protected":false},"excerpt":{"rendered":"<p>Als Dr. Theo H\u00f6lscher, frisch promovierter Agraringenieur aus Kiel, 1989 nach Uelzen kam, um in einem landwirtschaftlichen Beratungsunternehmen in die Gesch\u00e4ftsf\u00fchrung einzusteigen, war Deutschland noch zweigeteilt und die innerdeutsche Grenze gerade einmal 30 Kilometer entfernt. 1994 \u00fcbernahm er bei den Uelzener Versicherungen die Leitung des Verbandsgesch\u00e4fts, bevor er 2001 in den Vorstand wechselte und 2010 [&hellip;]<\/p>\n","protected":false},"author":11,"featured_media":15241,"parent":2469,"menu_order":16,"comment_status":"closed","ping_status":"closed","template":"templates\/blog.php","meta":{"_acf_changed":false,"_crdt_document":"","footnotes":"","beyondwords_generate_audio":"","beyondwords_project_id":"","beyondwords_content_id":"","beyondwords_preview_token":"","beyondwords_player_style":"","beyondwords_language_id":"","beyondwords_title_voice_id":"","beyondwords_body_voice_id":"","beyondwords_summary_voice_id":"","beyondwords_error_message":"","beyondwords_disabled":"","beyondwords_delete_content":"","beyondwords_podcast_id":"","beyondwords_hash":"","publish_post_to_speechkit":"","speechkit_hash":"","speechkit_generate_audio":"","speechkit_project_id":"","speechkit_podcast_id":"","speechkit_error_message":"","speechkit_disabled":"","speechkit_access_key":"","speechkit_error":"","speechkit_info":"","speechkit_response":"","speechkit_retries":"","speechkit_status":"","speechkit_updated_at":"","_speechkit_link":"","_speechkit_text":""},"class_list":["post-14819","page","type-page","status-publish","has-post-thumbnail","hentry"],"acf":[],"yoast_head":"<!-- This site is optimized with the Yoast SEO Premium plugin  - https:\/\/yoast.com\/product\/yoast-seo-premium-wordpress\/ -->\n<title>Interview mit Dr. Theo H\u00f6lscher | Uelzener Magazin<\/title>\n<meta name=\"description\" content=\"1994 \u00fcbernahm H\u00f6lscher bei den Uelzener Versicherungen die Leitung des Verbandsgesch\u00e4fts. 2023 verabschiedet er sich in den Ruhestand. Grund genug, gemeinsam auf die seine Zeit zur\u00fcckzublicken.\" \/>\n<meta name=\"robots\" content=\"index, follow, max-snippet:-1, max-image-preview:large, max-video-preview:-1\" \/>\n<link rel=\"canonical\" href=\"https:\/\/uelzener.de\/magazin\/wir\/interview-mit-theo-hoelscher\/\" \/>\n<meta property=\"og:locale\" content=\"de_DE\" \/>\n<meta property=\"og:type\" content=\"article\" \/>\n<meta property=\"og:title\" content=\"Interview mit Dr. Theo H\u00f6lscher\" \/>\n<meta property=\"og:description\" content=\"1994 \u00fcbernahm H\u00f6lscher bei den Uelzener Versicherungen die Leitung des Verbandsgesch\u00e4fts. 2023 verabschiedet er sich in den Ruhestand. Grund genug, gemeinsam auf die seine Zeit zur\u00fcckzublicken.\" \/>\n<meta property=\"og:url\" content=\"https:\/\/uelzener.de\/magazin\/wir\/interview-mit-theo-hoelscher\/\" \/>\n<meta property=\"og:site_name\" content=\"Uelzener Tier-Magazin\" \/>\n<meta property=\"article:publisher\" content=\"https:\/\/www.facebook.com\/Uelzener\" \/>\n<meta property=\"article:modified_time\" content=\"2023-04-28T12:29:55+00:00\" \/>\n<meta property=\"og:image\" content=\"https:\/\/uelzener.de\/magazin\/app\/uploads\/2023\/04\/theo-hoelscher.jpg\" \/>\n\t<meta property=\"og:image:width\" content=\"1025\" \/>\n\t<meta property=\"og:image:height\" content=\"450\" \/>\n\t<meta property=\"og:image:type\" content=\"image\/jpeg\" \/>\n<meta name=\"twitter:card\" content=\"summary_large_image\" \/>\n<meta name=\"twitter:label1\" content=\"Gesch\u00e4tzte Lesezeit\" \/>\n\t<meta name=\"twitter:data1\" content=\"4\u00a0Minuten\" \/>\n<script type=\"application\/ld+json\" class=\"yoast-schema-graph\">{\"@context\":\"https:\\\/\\\/schema.org\",\"@graph\":[{\"@type\":\"WebPage\",\"@id\":\"https:\\\/\\\/uelzener.de\\\/magazin\\\/wir\\\/interview-mit-theo-hoelscher\\\/\",\"url\":\"https:\\\/\\\/uelzener.de\\\/magazin\\\/wir\\\/interview-mit-theo-hoelscher\\\/\",\"name\":\"Interview mit Dr. Theo H\u00f6lscher | Uelzener Magazin\",\"isPartOf\":{\"@id\":\"https:\\\/\\\/uelzener.de\\\/magazin\\\/#website\"},\"primaryImageOfPage\":{\"@id\":\"https:\\\/\\\/uelzener.de\\\/magazin\\\/wir\\\/interview-mit-theo-hoelscher\\\/#primaryimage\"},\"image\":{\"@id\":\"https:\\\/\\\/uelzener.de\\\/magazin\\\/wir\\\/interview-mit-theo-hoelscher\\\/#primaryimage\"},\"thumbnailUrl\":\"https:\\\/\\\/uelzener.de\\\/magazin\\\/app\\\/uploads\\\/2023\\\/04\\\/theo-hoelscher.jpg\",\"datePublished\":\"2023-04-28T10:00:21+00:00\",\"dateModified\":\"2023-04-28T12:29:55+00:00\",\"description\":\"1994 \u00fcbernahm H\u00f6lscher bei den Uelzener Versicherungen die Leitung des Verbandsgesch\u00e4fts. 2023 verabschiedet er sich in den Ruhestand. Grund genug, gemeinsam auf die seine Zeit zur\u00fcckzublicken.\",\"breadcrumb\":{\"@id\":\"https:\\\/\\\/uelzener.de\\\/magazin\\\/wir\\\/interview-mit-theo-hoelscher\\\/#breadcrumb\"},\"inLanguage\":\"de\",\"potentialAction\":[{\"@type\":\"ReadAction\",\"target\":[\"https:\\\/\\\/uelzener.de\\\/magazin\\\/wir\\\/interview-mit-theo-hoelscher\\\/\"]}]},{\"@type\":\"ImageObject\",\"inLanguage\":\"de\",\"@id\":\"https:\\\/\\\/uelzener.de\\\/magazin\\\/wir\\\/interview-mit-theo-hoelscher\\\/#primaryimage\",\"url\":\"https:\\\/\\\/uelzener.de\\\/magazin\\\/app\\\/uploads\\\/2023\\\/04\\\/theo-hoelscher.jpg\",\"contentUrl\":\"https:\\\/\\\/uelzener.de\\\/magazin\\\/app\\\/uploads\\\/2023\\\/04\\\/theo-hoelscher.jpg\",\"width\":1025,\"height\":450,\"caption\":\"Theo H\u00f6lscher, Vorstand Uelzener Versicherungen bis 2023\"},{\"@type\":\"WebSite\",\"@id\":\"https:\\\/\\\/uelzener.de\\\/magazin\\\/#website\",\"url\":\"https:\\\/\\\/uelzener.de\\\/magazin\\\/\",\"name\":\"Uelzener Tiermagazin\",\"description\":\"Online Tierratgeber der Uelzener Versicherungen\",\"publisher\":{\"@id\":\"https:\\\/\\\/uelzener.de\\\/magazin\\\/#organization\"},\"potentialAction\":[{\"@type\":\"SearchAction\",\"target\":{\"@type\":\"EntryPoint\",\"urlTemplate\":\"https:\\\/\\\/uelzener.de\\\/magazin\\\/?s={search_term_string}\"},\"query-input\":{\"@type\":\"PropertyValueSpecification\",\"valueRequired\":true,\"valueName\":\"search_term_string\"}}],\"inLanguage\":\"de\"},{\"@type\":\"Organization\",\"@id\":\"https:\\\/\\\/uelzener.de\\\/magazin\\\/#organization\",\"name\":\"Uelzener Versicherungen\",\"url\":\"https:\\\/\\\/uelzener.de\\\/magazin\\\/\",\"logo\":{\"@type\":\"ImageObject\",\"inLanguage\":\"de\",\"@id\":\"https:\\\/\\\/uelzener.de\\\/magazin\\\/#\\\/schema\\\/logo\\\/image\\\/\",\"url\":\"https:\\\/\\\/uelzener.de\\\/magazin\\\/app\\\/uploads\\\/2024\\\/11\\\/uelzener_allgemeine_versicherungsgesellschaft_a_g_logo.jpg\",\"contentUrl\":\"https:\\\/\\\/uelzener.de\\\/magazin\\\/app\\\/uploads\\\/2024\\\/11\\\/uelzener_allgemeine_versicherungsgesellschaft_a_g_logo.jpg\",\"width\":200,\"height\":200,\"caption\":\"Uelzener Versicherungen\"},\"image\":{\"@id\":\"https:\\\/\\\/uelzener.de\\\/magazin\\\/#\\\/schema\\\/logo\\\/image\\\/\"},\"sameAs\":[\"https:\\\/\\\/www.facebook.com\\\/Uelzener\",\"https:\\\/\\\/instagram.com\\\/uelzener\",\"https:\\\/\\\/www.xing.com\\\/pages\\\/uelzenerallgemeineversicherungs-gesellschafta-g\",\"https:\\\/\\\/www.youtube.com\\\/UelzenerVersicherungen\"]}]}<\/script>\n<!-- \/ Yoast SEO Premium plugin. -->","yoast_head_json":{"title":"Interview mit Dr. Theo H\u00f6lscher | Uelzener Magazin","description":"1994 \u00fcbernahm H\u00f6lscher bei den Uelzener Versicherungen die Leitung des Verbandsgesch\u00e4fts. 2023 verabschiedet er sich in den Ruhestand. Grund genug, gemeinsam auf die seine Zeit zur\u00fcckzublicken.","robots":{"index":"index","follow":"follow","max-snippet":"max-snippet:-1","max-image-preview":"max-image-preview:large","max-video-preview":"max-video-preview:-1"},"canonical":"https:\/\/uelzener.de\/magazin\/wir\/interview-mit-theo-hoelscher\/","og_locale":"de_DE","og_type":"article","og_title":"Interview mit Dr. Theo H\u00f6lscher","og_description":"1994 \u00fcbernahm H\u00f6lscher bei den Uelzener Versicherungen die Leitung des Verbandsgesch\u00e4fts. 2023 verabschiedet er sich in den Ruhestand. Grund genug, gemeinsam auf die seine Zeit zur\u00fcckzublicken.","og_url":"https:\/\/uelzener.de\/magazin\/wir\/interview-mit-theo-hoelscher\/","og_site_name":"Uelzener Tier-Magazin","article_publisher":"https:\/\/www.facebook.com\/Uelzener","article_modified_time":"2023-04-28T12:29:55+00:00","og_image":[{"width":1025,"height":450,"url":"https:\/\/uelzener.de\/magazin\/app\/uploads\/2023\/04\/theo-hoelscher.jpg","type":"image\/jpeg"}],"twitter_card":"summary_large_image","twitter_misc":{"Gesch\u00e4tzte Lesezeit":"4\u00a0Minuten"},"schema":{"@context":"https:\/\/schema.org","@graph":[{"@type":"WebPage","@id":"https:\/\/uelzener.de\/magazin\/wir\/interview-mit-theo-hoelscher\/","url":"https:\/\/uelzener.de\/magazin\/wir\/interview-mit-theo-hoelscher\/","name":"Interview mit Dr. Theo H\u00f6lscher | Uelzener Magazin","isPartOf":{"@id":"https:\/\/uelzener.de\/magazin\/#website"},"primaryImageOfPage":{"@id":"https:\/\/uelzener.de\/magazin\/wir\/interview-mit-theo-hoelscher\/#primaryimage"},"image":{"@id":"https:\/\/uelzener.de\/magazin\/wir\/interview-mit-theo-hoelscher\/#primaryimage"},"thumbnailUrl":"https:\/\/uelzener.de\/magazin\/app\/uploads\/2023\/04\/theo-hoelscher.jpg","datePublished":"2023-04-28T10:00:21+00:00","dateModified":"2023-04-28T12:29:55+00:00","description":"1994 \u00fcbernahm H\u00f6lscher bei den Uelzener Versicherungen die Leitung des Verbandsgesch\u00e4fts. 2023 verabschiedet er sich in den Ruhestand. Grund genug, gemeinsam auf die seine Zeit zur\u00fcckzublicken.","breadcrumb":{"@id":"https:\/\/uelzener.de\/magazin\/wir\/interview-mit-theo-hoelscher\/#breadcrumb"},"inLanguage":"de","potentialAction":[{"@type":"ReadAction","target":["https:\/\/uelzener.de\/magazin\/wir\/interview-mit-theo-hoelscher\/"]}]},{"@type":"ImageObject","inLanguage":"de","@id":"https:\/\/uelzener.de\/magazin\/wir\/interview-mit-theo-hoelscher\/#primaryimage","url":"https:\/\/uelzener.de\/magazin\/app\/uploads\/2023\/04\/theo-hoelscher.jpg","contentUrl":"https:\/\/uelzener.de\/magazin\/app\/uploads\/2023\/04\/theo-hoelscher.jpg","width":1025,"height":450,"caption":"Theo H\u00f6lscher, Vorstand Uelzener Versicherungen bis 2023"},{"@type":"WebSite","@id":"https:\/\/uelzener.de\/magazin\/#website","url":"https:\/\/uelzener.de\/magazin\/","name":"Uelzener Tiermagazin","description":"Online Tierratgeber der Uelzener Versicherungen","publisher":{"@id":"https:\/\/uelzener.de\/magazin\/#organization"},"potentialAction":[{"@type":"SearchAction","target":{"@type":"EntryPoint","urlTemplate":"https:\/\/uelzener.de\/magazin\/?s={search_term_string}"},"query-input":{"@type":"PropertyValueSpecification","valueRequired":true,"valueName":"search_term_string"}}],"inLanguage":"de"},{"@type":"Organization","@id":"https:\/\/uelzener.de\/magazin\/#organization","name":"Uelzener Versicherungen","url":"https:\/\/uelzener.de\/magazin\/","logo":{"@type":"ImageObject","inLanguage":"de","@id":"https:\/\/uelzener.de\/magazin\/#\/schema\/logo\/image\/","url":"https:\/\/uelzener.de\/magazin\/app\/uploads\/2024\/11\/uelzener_allgemeine_versicherungsgesellschaft_a_g_logo.jpg","contentUrl":"https:\/\/uelzener.de\/magazin\/app\/uploads\/2024\/11\/uelzener_allgemeine_versicherungsgesellschaft_a_g_logo.jpg","width":200,"height":200,"caption":"Uelzener Versicherungen"},"image":{"@id":"https:\/\/uelzener.de\/magazin\/#\/schema\/logo\/image\/"},"sameAs":["https:\/\/www.facebook.com\/Uelzener","https:\/\/instagram.com\/uelzener","https:\/\/www.xing.com\/pages\/uelzenerallgemeineversicherungs-gesellschafta-g","https:\/\/www.youtube.com\/UelzenerVersicherungen"]}]}},"_links":{"self":[{"href":"https:\/\/uelzener.de\/magazin\/wp-json\/wp\/v2\/pages\/14819","targetHints":{"allow":["GET"]}}],"collection":[{"href":"https:\/\/uelzener.de\/magazin\/wp-json\/wp\/v2\/pages"}],"about":[{"href":"https:\/\/uelzener.de\/magazin\/wp-json\/wp\/v2\/types\/page"}],"author":[{"embeddable":true,"href":"https:\/\/uelzener.de\/magazin\/wp-json\/wp\/v2\/users\/11"}],"replies":[{"embeddable":true,"href":"https:\/\/uelzener.de\/magazin\/wp-json\/wp\/v2\/comments?post=14819"}],"version-history":[{"count":11,"href":"https:\/\/uelzener.de\/magazin\/wp-json\/wp\/v2\/pages\/14819\/revisions"}],"predecessor-version":[{"id":15477,"href":"https:\/\/uelzener.de\/magazin\/wp-json\/wp\/v2\/pages\/14819\/revisions\/15477"}],"up":[{"embeddable":true,"href":"https:\/\/uelzener.de\/magazin\/wp-json\/wp\/v2\/pages\/2469"}],"wp:featuredmedia":[{"embeddable":true,"href":"https:\/\/uelzener.de\/magazin\/wp-json\/wp\/v2\/media\/15241"}],"wp:attachment":[{"href":"https:\/\/uelzener.de\/magazin\/wp-json\/wp\/v2\/media?parent=14819"}],"curies":[{"name":"wp","href":"https:\/\/api.w.org\/{rel}","templated":true}]}}