{"id":14779,"date":"2023-06-19T09:00:00","date_gmt":"2023-06-19T07:00:00","guid":{"rendered":"https:\/\/uelzener.de\/magazin\/?page_id=14779"},"modified":"2025-04-28T09:37:30","modified_gmt":"2025-04-28T07:37:30","slug":"behind-the-scenes-ichhabenochnie-werbekampagne","status":"publish","type":"page","link":"https:\/\/uelzener.de\/magazin\/wir\/behind-the-scenes-ichhabenochnie-werbekampagne\/","title":{"rendered":"Werbekampagne der Uelzener: Ausgezeichnet mit dem German Brand Award 2023"},"content":{"rendered":"<p>Erinnerst du dich auch an die eine oder andere Werbung, deren Texte du noch heute bei einem geeigneten Stichwort mitsprechen kannst? Die Chancen stehen nicht schlecht, dass sich Tierliebhaber:innen in einigen Jahren ganz \u00e4hnlich an die <em>Ich habe noch nie <\/em>Kampagne der Uelzener Versicherung erinnern. Doch nicht nur Tierhalter:innen ber\u00fchrt diese Kampagne, sie wurde auch in Marketing-Fachkreisen positiv aufgenommen. So ist die Werbekampagne vom Rat f\u00fcr Formgebung mit einem der wichtigsten deutschen Markenpreise, dem German Brand Award 2023, ausgezeichnet worden.<\/p>\n<h2>#ichhabenochnie<\/h2>\n<p>Mit dem Projekt \u201e<a href=\"https:\/\/uelzener.de\/ichhabenochnie\/\">Ich habe noch nie<\/a> \u2026\u201c haben die Uelzener Versicherungen Au\u00dfergew\u00f6hnliches geschaffen. Und das f\u00fcr eine wichtige und n\u00fctzliche Sache. Denn viele Menschen wissen nicht, dass man seinen Hund \u00fcberhaupt versichern kann und untersch\u00e4tzen die gesundheitlichen Risiken ihrer geliebten Vierbeiner.<\/p>\n<p>So gaben in einer Umfrage der Uelzener Versicherungen 60 % der Befragten an, noch nie daran gedacht zu haben, dass ihr Hund im Alter \u00f6fter zum Arzt muss, 69 % sogar, dass ihr Hund auch im Urlaub zum Arzt gehen m\u00fcsste. 51 % haben noch nie geh\u00f6rt, dass ihr Hund auch unter Allergien leiden kann.<\/p>\n<p>Bei all diesen und vielen weiteren Risiken kann eine Tierversicherung helfen. Allein unser <a href=\"https:\/\/uelzener.de\/magazin\/hund\/\">Hunde-Online-Ratgeber der Uelzener Versicherungen<\/a> bietet eine F\u00fclle an Interessantem und Wissenswertem. Doch der entscheidende Schritt ist eine Hundeversicherung abzuschlie\u00dfen.<\/p>\n\n<div class=\"banner\">\n    <a href=\"https:\/\/uelzener.de\/hund\/?agt=0000104925&sem=true&utm_medium=magazin&utm_source=wordpress&utm_campaign=hund&utm_content=banner\">\n        <img decoding=\"async\" width=\"300\" height=\"212\" src=\"https:\/\/uelzener.de\/magazin\/app\/uploads\/2023\/10\/Hunde-Versicherung.jpg\" class=\"attachment-medium size-medium\" alt=\"Banner Hunde-Versicherung\" \/>    <\/a>\n<\/div>\n\n<h2>Werbung schlie\u00dft Erkenntnisl\u00fccke<\/h2>\n<p>Die Werbekampagne sensibilisiert f\u00fcr eine verbreitete Erkenntnisl\u00fccke: N\u00e4mlich, dass es die reale M\u00f6glichkeit gibt, f\u00fcr sein Tier genauso vorzusorgen, wie wir es mit einem Familienmitglied t\u00e4ten.<\/p>\n<h2>Behind the Scenes \u2013 die Beteiligten<\/h2>\n<p>Im Behind the Scenes-Video kann jeder und jede ganz nah miterleben, welche Freude das Team um die Produktion antrieb.<\/p>\n<p>An dieser Stelle daher ein herzliches Dankesch\u00f6n aus der Redaktion an:<\/p>\n<ul>\n<li>Die Online-Agentur <strong>Web-netz<\/strong><\/li>\n<li>Die Kreativ-Agentur <strong>Ventisse<\/strong><\/li>\n<li>Die wunderbaren <strong>Tiertrainer:innen<\/strong><\/li>\n<li>Die <strong>Darsteller:innen<\/strong>, inklusive des Influencers Dario Carlucci, bekannt unter anderem aus dem Reality-TV-Format \u201eAre You The One?\u201c<\/li>\n<li>Nat\u00fcrlich die <strong>Hunde-Darsteller<\/strong> \u2013 die eigentlichen Hauptfiguren der Kampagne!<\/li>\n<li><strong>Das gesamte Marketing-Team der Uelzener Versicherungen<\/strong><\/li>\n<\/ul>\n<h2>Tierfreundliche Dreharbeiten<\/h2>\n<p>Nichts ging ohne die eigentlichen Helden der Kampagne: die Hunde und ihre Tiertrainer:innen. Dreharbeiten sollen tierfreundlich sein und den Hunden im Idealfall Spa\u00df machen. Damit das gelingt, finden keine Dreharbeiten ohne Tiertrainer statt.<\/p>\n<p>Bei den Dreharbeiten zu <em>Ich habe noch nie <\/em>Kampagne konnte man beobachten, wie sorgf\u00e4ltig auf das Wohl der Tiere geachtet wurde. Pausen, Ruhezeiten und klare Anweisungen, die Tiere zwischen den einzelnen Drehs in Ruhe zu lassen. Denn auch tierische Darsteller brauchen eine professionelle Distanz und stille Zeiten, um zu regenerieren und f\u00fcr den n\u00e4chsten Dreh wieder bereit zu sein.<\/p>\n<p>Besonders beeindruckt hat uns von der Uelzener:<\/p>\n<ul>\n<li>Wie die sich fremden Erwachsenen, Kinder und Hunde beim Dreh aufeinander einlassen konnten und ein echtes Miteinander geschaffen haben. Dabei mit durchg\u00e4ngig guter Laune, auch wenn die Kameras aus waren.<\/li>\n<li>Wie viel Arbeit drin steckt f\u00fcr am Ende doch nur recht kurze Filmsequenzen.<\/li>\n<li>Wie unser Konzept dann tats\u00e4chlich lebendig wurde.<\/li>\n<li>Die Disziplin im gesamten Team, die das Ergebnis erst m\u00f6glich machte.<\/li>\n<li>Die entspannte Stimmung, weil alles super organisiert und f\u00fcr alles gesorgt war.<\/li>\n<\/ul>\n<p>So entstanden <a href=\"https:\/\/uelzener.de\/ichhabenochnie\/#section-ytt\">die Videos<\/a> f\u00fcr eine inspirierende Kampagne mit viel Wirkung. Das fand auch die Jury des Branchen-Awards <em>German Brand Award 2023<\/em>.<\/p>\n<h2>Behind the Scenes Video der Kampagne<\/h2>\n<p>Was man in den Clips sp\u00fcrt und auch w\u00e4hrend der Produktion zu beobachten war: Alle Beteiligten hatten Freude daran, Teil dieser emotionalen Botschaft zu sein. Hier kannst du das Video \u201eBehind the Scenes\u201c zur <em>Ich habe noch nie <\/em>Kampagne anschauen. Wenn es dir gef\u00e4llt, freuen wir uns riesig \u00fcber deinen Like und \u00fcber einen Kommentar auf YouTube!<\/p>\n<p><iframe loading=\"lazy\" title=\"YouTube video player\" src=\"\/\/www.youtube.com\/embed\/DcL-ajtX0SY\" width=\"560\" height=\"315\" frameborder=\"0\" allowfullscreen=\"allowfullscreen\" data-mce-fragment=\"1\"><\/iframe><\/p>\n<h2>Auszeichnung mit dem German Brand Award 2023<\/h2>\n<p>Die <em>Ich habe noch nie <\/em>Kampagne wurde mit dem German Brand Award 2023 in der Kategorie <em>Brand Communication \u2013 Digital Campaign <\/em>innerhalb der Hauptkategorie<em> Excellence in Brand Strategy <\/em>and <em>Creation <\/em>ausgezeichnet.<\/p>\n<p>Das sagt die Jury zur <em>Ich habe noch nie <\/em>Kampagne:<\/p>\n<p>\u201eMit der <em>Ich habe noch nie<\/em> Kampagne f\u00fcr die Marke Uelzener haben Sie sich in diesem Jahr besonders von Ihren Wettbewerbern hervorgehoben. Dabei finden wir ausgesprochen beeindruckend, dass positiv und humorvoll mit einem Thema umgegangen wird, das bis heute eigentlich immer negativ kommuniziert wurde. Ein vollkommen anderer Ansatz.\u201c<\/p>\n<p><iframe loading=\"lazy\" title=\"Uelzener Versicherungen | ICH HABE NOCH NIE | German Brand Award\" width=\"500\" height=\"281\" src=\"https:\/\/www.youtube.com\/embed\/-kzVrE9IqXA?feature=oembed\" frameborder=\"0\" allow=\"accelerometer; autoplay; clipboard-write; encrypted-media; gyroscope; picture-in-picture; web-share\" referrerpolicy=\"strict-origin-when-cross-origin\" allowfullscreen><\/iframe><\/p>\n<p>Der <a href=\"https:\/\/de.wikipedia.org\/wiki\/German_Brand_Award\" rel=\"nofollow\">German Brand Award<\/a> wird initiiert vom Rat f\u00fcr Formgebung sowie dem German Brand Institute.<\/p>\n<p>Der Rat f\u00fcr Formgebung ist seit 1953 weltweit f\u00fchrendes Kompetenzzentrum f\u00fcr Kommunikation und Wissenstransfer im Bereich Design, Marke und Innovation. Eine Nominierung best\u00e4tigt die Qualit\u00e4t der Einreichung.<\/p>\n<p>Das German Brand Institute ist eine Stiftung, die zum Ziel hat, die Bedeutung der Marke als entscheidenden Erfolgsfaktor von Unternehmen im nationalen und internationalen Wirtschaftsumfeld zu st\u00e4rken.<\/p>\n<p>Mit dem German Brand Award vergibt die Stiftung eine Auszeichnung f\u00fcr herausragende Markenf\u00fchrung. Schau dir auch die anderen Gewinner:innen an: <a href=\"https:\/\/www.german-brand-award.com\/preistraeger\/galerie.html\" rel=\"nofollow\">Galerie der Gewinner 2023<\/a>.<\/p>\n","protected":false},"excerpt":{"rendered":"<p>Erinnerst du dich auch an die eine oder andere Werbung, deren Texte du noch heute bei einem geeigneten Stichwort mitsprechen kannst? Die Chancen stehen nicht schlecht, dass sich Tierliebhaber:innen in einigen Jahren ganz \u00e4hnlich an die Ich habe noch nie Kampagne der Uelzener Versicherung erinnern. Doch nicht nur Tierhalter:innen ber\u00fchrt diese Kampagne, sie wurde auch [&hellip;]<\/p>\n","protected":false},"author":11,"featured_media":15738,"parent":2469,"menu_order":12,"comment_status":"closed","ping_status":"closed","template":"templates\/blog.php","meta":{"_acf_changed":false,"_crdt_document":"","footnotes":"","beyondwords_generate_audio":"0","beyondwords_project_id":"","beyondwords_content_id":"","beyondwords_preview_token":"","beyondwords_player_style":"","beyondwords_language_id":"","beyondwords_title_voice_id":"","beyondwords_body_voice_id":"","beyondwords_summary_voice_id":"","beyondwords_error_message":"","beyondwords_disabled":"","beyondwords_delete_content":"","beyondwords_podcast_id":"","beyondwords_hash":"","publish_post_to_speechkit":"","speechkit_hash":"","speechkit_generate_audio":"","speechkit_project_id":"","speechkit_podcast_id":"","speechkit_error_message":"","speechkit_disabled":"","speechkit_access_key":"","speechkit_error":"","speechkit_info":"","speechkit_response":"","speechkit_retries":"","speechkit_status":"","speechkit_updated_at":"","_speechkit_link":"","_speechkit_text":""},"class_list":["post-14779","page","type-page","status-publish","has-post-thumbnail","hentry"],"acf":[],"yoast_head":"<!-- This site is optimized with the Yoast SEO Premium plugin  - https:\/\/yoast.com\/product\/yoast-seo-premium-wordpress\/ -->\n<title>Werbekampagne der Uelzener: Ausgezeichnet mit dem German Brand Award 2023 | Uelzener Magazin<\/title>\n<meta name=\"robots\" content=\"index, follow, max-snippet:-1, max-image-preview:large, max-video-preview:-1\" \/>\n<link rel=\"canonical\" href=\"https:\/\/uelzener.de\/magazin\/wir\/behind-the-scenes-ichhabenochnie-werbekampagne\/\" \/>\n<meta property=\"og:locale\" content=\"de_DE\" \/>\n<meta property=\"og:type\" content=\"article\" \/>\n<meta property=\"og:title\" content=\"Werbekampagne der Uelzener: Ausgezeichnet mit dem German Brand Award 2023\" \/>\n<meta property=\"og:description\" content=\"Erinnerst du dich auch an die eine oder andere Werbung, deren Texte du noch heute bei einem geeigneten Stichwort mitsprechen kannst? Die Chancen stehen nicht schlecht, dass sich Tierliebhaber:innen in einigen Jahren ganz \u00e4hnlich an die Ich habe noch nie Kampagne der Uelzener Versicherung erinnern. Doch nicht nur Tierhalter:innen ber\u00fchrt diese Kampagne, sie wurde auch [&hellip;]\" \/>\n<meta property=\"og:url\" content=\"https:\/\/uelzener.de\/magazin\/wir\/behind-the-scenes-ichhabenochnie-werbekampagne\/\" \/>\n<meta property=\"og:site_name\" content=\"Uelzener Tier-Magazin\" \/>\n<meta property=\"article:publisher\" content=\"https:\/\/www.facebook.com\/Uelzener\" \/>\n<meta property=\"article:modified_time\" content=\"2025-04-28T07:37:30+00:00\" \/>\n<meta property=\"og:image\" content=\"https:\/\/uelzener.de\/magazin\/app\/uploads\/2023\/06\/Dario-Carlucci-fuer-die-Uelzener-Versicherungen.jpg\" \/>\n\t<meta property=\"og:image:width\" content=\"1025\" \/>\n\t<meta property=\"og:image:height\" content=\"450\" \/>\n\t<meta property=\"og:image:type\" content=\"image\/jpeg\" \/>\n<meta name=\"twitter:card\" content=\"summary_large_image\" \/>\n<meta name=\"twitter:label1\" content=\"Gesch\u00e4tzte Lesezeit\" \/>\n\t<meta name=\"twitter:data1\" content=\"5\u00a0Minuten\" \/>\n<script type=\"application\/ld+json\" class=\"yoast-schema-graph\">{\"@context\":\"https:\\\/\\\/schema.org\",\"@graph\":[{\"@type\":\"WebPage\",\"@id\":\"https:\\\/\\\/uelzener.de\\\/magazin\\\/wir\\\/behind-the-scenes-ichhabenochnie-werbekampagne\\\/\",\"url\":\"https:\\\/\\\/uelzener.de\\\/magazin\\\/wir\\\/behind-the-scenes-ichhabenochnie-werbekampagne\\\/\",\"name\":\"Werbekampagne der Uelzener: Ausgezeichnet mit dem German Brand Award 2023 | Uelzener Magazin\",\"isPartOf\":{\"@id\":\"https:\\\/\\\/uelzener.de\\\/magazin\\\/#website\"},\"primaryImageOfPage\":{\"@id\":\"https:\\\/\\\/uelzener.de\\\/magazin\\\/wir\\\/behind-the-scenes-ichhabenochnie-werbekampagne\\\/#primaryimage\"},\"image\":{\"@id\":\"https:\\\/\\\/uelzener.de\\\/magazin\\\/wir\\\/behind-the-scenes-ichhabenochnie-werbekampagne\\\/#primaryimage\"},\"thumbnailUrl\":\"https:\\\/\\\/uelzener.de\\\/magazin\\\/app\\\/uploads\\\/2023\\\/06\\\/Dario-Carlucci-fuer-die-Uelzener-Versicherungen.jpg\",\"datePublished\":\"2023-06-19T07:00:00+00:00\",\"dateModified\":\"2025-04-28T07:37:30+00:00\",\"breadcrumb\":{\"@id\":\"https:\\\/\\\/uelzener.de\\\/magazin\\\/wir\\\/behind-the-scenes-ichhabenochnie-werbekampagne\\\/#breadcrumb\"},\"inLanguage\":\"de\",\"potentialAction\":[{\"@type\":\"ReadAction\",\"target\":[\"https:\\\/\\\/uelzener.de\\\/magazin\\\/wir\\\/behind-the-scenes-ichhabenochnie-werbekampagne\\\/\"]}]},{\"@type\":\"ImageObject\",\"inLanguage\":\"de\",\"@id\":\"https:\\\/\\\/uelzener.de\\\/magazin\\\/wir\\\/behind-the-scenes-ichhabenochnie-werbekampagne\\\/#primaryimage\",\"url\":\"https:\\\/\\\/uelzener.de\\\/magazin\\\/app\\\/uploads\\\/2023\\\/06\\\/Dario-Carlucci-fuer-die-Uelzener-Versicherungen.jpg\",\"contentUrl\":\"https:\\\/\\\/uelzener.de\\\/magazin\\\/app\\\/uploads\\\/2023\\\/06\\\/Dario-Carlucci-fuer-die-Uelzener-Versicherungen.jpg\",\"width\":1025,\"height\":450,\"caption\":\"Reality-Star Dario Carlucci posiert f\u00fcr die Uelzener Versicherungen.\"},{\"@type\":\"WebSite\",\"@id\":\"https:\\\/\\\/uelzener.de\\\/magazin\\\/#website\",\"url\":\"https:\\\/\\\/uelzener.de\\\/magazin\\\/\",\"name\":\"Uelzener Tiermagazin\",\"description\":\"Online Tierratgeber der Uelzener Versicherungen\",\"publisher\":{\"@id\":\"https:\\\/\\\/uelzener.de\\\/magazin\\\/#organization\"},\"potentialAction\":[{\"@type\":\"SearchAction\",\"target\":{\"@type\":\"EntryPoint\",\"urlTemplate\":\"https:\\\/\\\/uelzener.de\\\/magazin\\\/?s={search_term_string}\"},\"query-input\":{\"@type\":\"PropertyValueSpecification\",\"valueRequired\":true,\"valueName\":\"search_term_string\"}}],\"inLanguage\":\"de\"},{\"@type\":\"Organization\",\"@id\":\"https:\\\/\\\/uelzener.de\\\/magazin\\\/#organization\",\"name\":\"Uelzener Versicherungen\",\"url\":\"https:\\\/\\\/uelzener.de\\\/magazin\\\/\",\"logo\":{\"@type\":\"ImageObject\",\"inLanguage\":\"de\",\"@id\":\"https:\\\/\\\/uelzener.de\\\/magazin\\\/#\\\/schema\\\/logo\\\/image\\\/\",\"url\":\"https:\\\/\\\/uelzener.de\\\/magazin\\\/app\\\/uploads\\\/2024\\\/11\\\/uelzener_allgemeine_versicherungsgesellschaft_a_g_logo.jpg\",\"contentUrl\":\"https:\\\/\\\/uelzener.de\\\/magazin\\\/app\\\/uploads\\\/2024\\\/11\\\/uelzener_allgemeine_versicherungsgesellschaft_a_g_logo.jpg\",\"width\":200,\"height\":200,\"caption\":\"Uelzener Versicherungen\"},\"image\":{\"@id\":\"https:\\\/\\\/uelzener.de\\\/magazin\\\/#\\\/schema\\\/logo\\\/image\\\/\"},\"sameAs\":[\"https:\\\/\\\/www.facebook.com\\\/Uelzener\",\"https:\\\/\\\/instagram.com\\\/uelzener\",\"https:\\\/\\\/www.xing.com\\\/pages\\\/uelzenerallgemeineversicherungs-gesellschafta-g\",\"https:\\\/\\\/www.youtube.com\\\/UelzenerVersicherungen\"]}]}<\/script>\n<!-- \/ Yoast SEO Premium plugin. -->","yoast_head_json":{"title":"Werbekampagne der Uelzener: Ausgezeichnet mit dem German Brand Award 2023 | Uelzener Magazin","robots":{"index":"index","follow":"follow","max-snippet":"max-snippet:-1","max-image-preview":"max-image-preview:large","max-video-preview":"max-video-preview:-1"},"canonical":"https:\/\/uelzener.de\/magazin\/wir\/behind-the-scenes-ichhabenochnie-werbekampagne\/","og_locale":"de_DE","og_type":"article","og_title":"Werbekampagne der Uelzener: Ausgezeichnet mit dem German Brand Award 2023","og_description":"Erinnerst du dich auch an die eine oder andere Werbung, deren Texte du noch heute bei einem geeigneten Stichwort mitsprechen kannst? Die Chancen stehen nicht schlecht, dass sich Tierliebhaber:innen in einigen Jahren ganz \u00e4hnlich an die Ich habe noch nie Kampagne der Uelzener Versicherung erinnern. Doch nicht nur Tierhalter:innen ber\u00fchrt diese Kampagne, sie wurde auch [&hellip;]","og_url":"https:\/\/uelzener.de\/magazin\/wir\/behind-the-scenes-ichhabenochnie-werbekampagne\/","og_site_name":"Uelzener Tier-Magazin","article_publisher":"https:\/\/www.facebook.com\/Uelzener","article_modified_time":"2025-04-28T07:37:30+00:00","og_image":[{"width":1025,"height":450,"url":"https:\/\/uelzener.de\/magazin\/app\/uploads\/2023\/06\/Dario-Carlucci-fuer-die-Uelzener-Versicherungen.jpg","type":"image\/jpeg"}],"twitter_card":"summary_large_image","twitter_misc":{"Gesch\u00e4tzte Lesezeit":"5\u00a0Minuten"},"schema":{"@context":"https:\/\/schema.org","@graph":[{"@type":"WebPage","@id":"https:\/\/uelzener.de\/magazin\/wir\/behind-the-scenes-ichhabenochnie-werbekampagne\/","url":"https:\/\/uelzener.de\/magazin\/wir\/behind-the-scenes-ichhabenochnie-werbekampagne\/","name":"Werbekampagne der Uelzener: Ausgezeichnet mit dem German Brand Award 2023 | Uelzener Magazin","isPartOf":{"@id":"https:\/\/uelzener.de\/magazin\/#website"},"primaryImageOfPage":{"@id":"https:\/\/uelzener.de\/magazin\/wir\/behind-the-scenes-ichhabenochnie-werbekampagne\/#primaryimage"},"image":{"@id":"https:\/\/uelzener.de\/magazin\/wir\/behind-the-scenes-ichhabenochnie-werbekampagne\/#primaryimage"},"thumbnailUrl":"https:\/\/uelzener.de\/magazin\/app\/uploads\/2023\/06\/Dario-Carlucci-fuer-die-Uelzener-Versicherungen.jpg","datePublished":"2023-06-19T07:00:00+00:00","dateModified":"2025-04-28T07:37:30+00:00","breadcrumb":{"@id":"https:\/\/uelzener.de\/magazin\/wir\/behind-the-scenes-ichhabenochnie-werbekampagne\/#breadcrumb"},"inLanguage":"de","potentialAction":[{"@type":"ReadAction","target":["https:\/\/uelzener.de\/magazin\/wir\/behind-the-scenes-ichhabenochnie-werbekampagne\/"]}]},{"@type":"ImageObject","inLanguage":"de","@id":"https:\/\/uelzener.de\/magazin\/wir\/behind-the-scenes-ichhabenochnie-werbekampagne\/#primaryimage","url":"https:\/\/uelzener.de\/magazin\/app\/uploads\/2023\/06\/Dario-Carlucci-fuer-die-Uelzener-Versicherungen.jpg","contentUrl":"https:\/\/uelzener.de\/magazin\/app\/uploads\/2023\/06\/Dario-Carlucci-fuer-die-Uelzener-Versicherungen.jpg","width":1025,"height":450,"caption":"Reality-Star Dario Carlucci posiert f\u00fcr die Uelzener Versicherungen."},{"@type":"WebSite","@id":"https:\/\/uelzener.de\/magazin\/#website","url":"https:\/\/uelzener.de\/magazin\/","name":"Uelzener Tiermagazin","description":"Online Tierratgeber der Uelzener Versicherungen","publisher":{"@id":"https:\/\/uelzener.de\/magazin\/#organization"},"potentialAction":[{"@type":"SearchAction","target":{"@type":"EntryPoint","urlTemplate":"https:\/\/uelzener.de\/magazin\/?s={search_term_string}"},"query-input":{"@type":"PropertyValueSpecification","valueRequired":true,"valueName":"search_term_string"}}],"inLanguage":"de"},{"@type":"Organization","@id":"https:\/\/uelzener.de\/magazin\/#organization","name":"Uelzener Versicherungen","url":"https:\/\/uelzener.de\/magazin\/","logo":{"@type":"ImageObject","inLanguage":"de","@id":"https:\/\/uelzener.de\/magazin\/#\/schema\/logo\/image\/","url":"https:\/\/uelzener.de\/magazin\/app\/uploads\/2024\/11\/uelzener_allgemeine_versicherungsgesellschaft_a_g_logo.jpg","contentUrl":"https:\/\/uelzener.de\/magazin\/app\/uploads\/2024\/11\/uelzener_allgemeine_versicherungsgesellschaft_a_g_logo.jpg","width":200,"height":200,"caption":"Uelzener Versicherungen"},"image":{"@id":"https:\/\/uelzener.de\/magazin\/#\/schema\/logo\/image\/"},"sameAs":["https:\/\/www.facebook.com\/Uelzener","https:\/\/instagram.com\/uelzener","https:\/\/www.xing.com\/pages\/uelzenerallgemeineversicherungs-gesellschafta-g","https:\/\/www.youtube.com\/UelzenerVersicherungen"]}]}},"_links":{"self":[{"href":"https:\/\/uelzener.de\/magazin\/wp-json\/wp\/v2\/pages\/14779","targetHints":{"allow":["GET"]}}],"collection":[{"href":"https:\/\/uelzener.de\/magazin\/wp-json\/wp\/v2\/pages"}],"about":[{"href":"https:\/\/uelzener.de\/magazin\/wp-json\/wp\/v2\/types\/page"}],"author":[{"embeddable":true,"href":"https:\/\/uelzener.de\/magazin\/wp-json\/wp\/v2\/users\/11"}],"replies":[{"embeddable":true,"href":"https:\/\/uelzener.de\/magazin\/wp-json\/wp\/v2\/comments?post=14779"}],"version-history":[{"count":40,"href":"https:\/\/uelzener.de\/magazin\/wp-json\/wp\/v2\/pages\/14779\/revisions"}],"predecessor-version":[{"id":18432,"href":"https:\/\/uelzener.de\/magazin\/wp-json\/wp\/v2\/pages\/14779\/revisions\/18432"}],"up":[{"embeddable":true,"href":"https:\/\/uelzener.de\/magazin\/wp-json\/wp\/v2\/pages\/2469"}],"wp:featuredmedia":[{"embeddable":true,"href":"https:\/\/uelzener.de\/magazin\/wp-json\/wp\/v2\/media\/15738"}],"wp:attachment":[{"href":"https:\/\/uelzener.de\/magazin\/wp-json\/wp\/v2\/media?parent=14779"}],"curies":[{"name":"wp","href":"https:\/\/api.w.org\/{rel}","templated":true}]}}