{"id":14200,"date":"2022-10-21T09:00:38","date_gmt":"2022-10-21T07:00:38","guid":{"rendered":"https:\/\/uelzener.de\/magazin\/?page_id=14200"},"modified":"2024-03-12T11:44:16","modified_gmt":"2024-03-12T10:44:16","slug":"herbstkatzen","status":"publish","type":"page","link":"https:\/\/uelzener.de\/magazin\/katze\/haeufige-fragen\/herbstkatzen\/","title":{"rendered":"Herbstkatzen: Sind sie die schlechteren Katzen?"},"content":{"rendered":"<p>\u00dcberlegst du gerade jetzt, im Herbst, eine junge Katze aufzunehmen? Wer sich im Herbst entscheidet, eine Katze in der Familie aufzunehmen, erntet manchmal skeptische Blicke. Zudem h\u00f6rt man dann gelegentlich den wohlgemeinten Rat: \u201eWarte bis zum Fr\u00fchjahr, Herbstkatzen taugen nichts\u201c.<\/p>\n<p>Woher kommen diese Vorbehalte gegen\u00fcber Herbstkatzen? Viel wichtiger noch: Was ist an diesem weit verbreiteten Mythos dran? Solltest du bei deinem neuen Familienmitglied darauf achten, wann sie geboren wurde? Alles wichtigen Antworten auf diese Fragen und zum Thema \u201eHerbstkatzen\u201c erf\u00e4hrst du hier.<\/p>\n<h2>Was ist eine Herbstkatze?<\/h2>\n<p>Die im Herbst geborenen Katzen nennt man Herbstkatzen. Vielleicht hast du schon einmal den Namen Stoppelkatzen geh\u00f6rt. Der Name kommt aus der Landwirtschaft. Die abgeernteten Felder im Herbst werden Stoppelfelder genannt. Vor allem fr\u00fcher, als Katzen vorwiegend als Nutztiere gehalten wurden, jagten die Katzen auf den Stoppelfeldern nach M\u00e4usen und bekamen dort auch ihre Jungen. Diese Katzenkinder wurden daher auch Stoppelkatzen genannt. Der Name hat sich vielerorts bis heute gehalten.<\/p>\n<h2>Wann werden Herbstkatzen geboren?<\/h2>\n<p>Wie der Name es schon sagt, werden die Herbstkatzen im Herbst geboren. Doch welcher Zeitraum ist mit \u201eHerbst\u201c gemeint? Unter Herbstkatzen versteht man Katzen, die in den Monaten September bis November geboren werden.<\/p>\n<h2>Wann bekommen Katzen generell Junge?<\/h2>\n<p>Katzen werden zwei- bis dreimal im Jahr <a href=\"https:\/\/uelzener.de\/magazin\/katze\/haltung\/katze-traechtig-alles-infos-zur-schwangerschaft\/\">tr\u00e4chtig<\/a> und bringen 63 bis 66 Tage sp\u00e4ter vier bis sechs Junge zur Welt. Fr\u00fcher konzentrierten sich die geburtenstarken Zeiten auf die Monate April bis Juni und September bis November. Die im Fr\u00fchjahr geborenen Katzen werden zumeist Maikatzen genannt und die im Herbst geborenen Herbstkatzen. Zunehmend beobachtet man jedoch, dass die Wurfzeiten weniger berechenbar sind. Derzeit ist es eher so, dass Katzen \u00fcber das ganze Jahr verteilt geboren werden.<\/p>\n<h2>Herbstkatzen taugen nichts, Maik\u00e4tzchen sind besser<\/h2>\n<p>Diesen abwertenden Satz h\u00f6rt man leider noch sehr h\u00e4ufig. Woher kommt diese Ansicht? Das negative Image der Herbstkatzen ist historisch bedingt. Fr\u00fcher waren Katzen reine Nutztiere. Man hielt Katzen, um M\u00e4use zu fangen. Katzen wurden daher auch nicht gef\u00fcttert oder tier\u00e4rztlich versorgt. Sie mussten selbst f\u00fcr ihre Nahrung sorgen und daf\u00fcr t\u00e4glich bis zu 15 M\u00e4use erjagen.<\/p>\n<p>Die <a href=\"https:\/\/uelzener.de\/magazin\/katze\/haltung\/vom-katzenbaby-zur-jungkatze-entwicklung-kitten\/\">Jungkatzen<\/a> dieser freilebenden und auf sich gestellten Katzen, hatten es leichter, wenn sie im Fr\u00fchjahr geboren wurden. Da Katzenkinder ihren W\u00e4rmehaushalt nicht selbst stabil halten k\u00f6nnen, profitierten sie im Fr\u00fchjahr und Sommer von h\u00f6heren Au\u00dfentemperaturen. Au\u00dferdem fiel es den Katzen im Sommer leichter, das Jagen zu lernen und M\u00e4use zu fangen. So starteten die im Fr\u00fchjahr geborenen K\u00e4tzchen mit ordentlich was auf den Rippen in den Herbst.<\/p>\n<p>Im Herbst geborene Katzen kamen hingegen unter erschwerten Bedingungen auf die Welt. Sie waren h\u00e4rteren Witterungen ausgesetzt und die Ern\u00e4hrungssituation der im Herbst geborenen Katzen war deutlich schlechter. Dies f\u00fchrte dazu, dass die Herbstkasten weniger widerstandsf\u00e4higer waren, \u00f6fter krank wurden und h\u00e4ufiger starben.<\/p>\n<p>Fr\u00fcher war es somit tats\u00e4chlich so, dass im Herbst geborene Katzen schw\u00e4cher waren und deutlich schlechtere \u00dcberlebenschancen hatten. So entstand die Redensart \u201eHerbstkatzen taugen nichts\u201c. Diese Redensart ist heute nicht mehr zutreffend, sondern gilt als Aberglauben. Heute sehen wir Katzen als Familienmitglied und halten sie aus Freude. Unsere Katzen werden zumeist tier\u00e4rztlich gut versorgt, bekommen eine <a href=\"https:\/\/uelzener.de\/katze\/\">Katzenversicherung<\/a>, ausreichend qualitativ hochwertige Nahrung und haben es stets warm. Die Jagd nach M\u00e4usen ist allenfalls noch ein Hobby unserer geliebten Stubentiger. Daher sind die Bedingungen f\u00fcr alle Katzen vergleichbar und der Zeitpunkt der Geburt spielt f\u00fcr die Widerstandsf\u00e4higkeit und Gesundheit unserer Katzen keine Rolle mehr.<\/p>\n<p>Doch woher kommen die Mythen um die Herbstkatzen?<\/p>\n<h2>Mythen um Herbstk\u00e4tzchen<\/h2>\n<p>Viele heute \u00e4ltere, Menschen, gerade auf dem Land, sind mit Katzen als reine Nutztiere aufgewachsen. Sie haben in ihrer Kindheit die Erfahrung gemacht, dass die im Herbst geborenen Katzen anf\u00e4lliger waren, \u00f6fter krank wurden und dann eben auch h\u00e4ufiger starben. Was fr\u00fcher die Realit\u00e4t auf vielen D\u00f6rfern war, wurde im Laufe der vergangenen Jahre zum Mythos. Es entstand eine Erz\u00e4hlung, die immer wieder weiter gegeben wurde und bis heute von vielen ungepr\u00fcft \u00fcbernommen wird. So h\u00f6rt manch angehende Katzenhalter:in auch heute noch den Rat \u201enimm lieber keine Herbstkatze\u201c oder \u201ewarte bis zum n\u00e4chsten Jahr, wenn die Fr\u00fchjahreskatzen kommen\u201c.<\/p>\n<p>Im Folgenden m\u00f6chten wir den einzelnen \u201eFakenews\u201c \u00fcber Herbstkatzen auf den Grund gehen.<\/p>\n<h3>Herbstkatzen werden schneller krank<\/h3>\n<p>Die Annahme, Herbstkatzen werden schneller krank, trifft ausschlie\u00dflich auf Katzen zu, die wild und frei leben. Junge Katzen, die ausschlie\u00dflich drau\u00dfen aufwachsen, die keine regelm\u00e4\u00dfige und hochwertige Nahrung bekommen, leben mit dem Risiko schneller zu erkranken und wom\u00f6glich auch zu sterben. F\u00fcr Herbstkatzen, die in einem wohlbeh\u00fcteten Umfeld aufwachsen, gilt dies jedoch nicht. Tierhalter:innen lassen sie tier\u00e4rztlich versorgen, sie haben es warm und bekommen ausreichend Futter.<\/p>\n<h3>Herbstkatzen sind kleiner<\/h3>\n<p>Herbstkatzen sind wom\u00f6glich kleiner, wenn sie v\u00f6llig frei und ohne Anschluss an einen menschlichen Haushalt leben. Denn dann sind diese im Herbst geborenen Katzen auf sich gestellt und haben es im Herbst und Winter schwerer, ausreichend Futter zu erjagen. In der Folge werden sie nicht so gro\u00df wie Katzen, die sich vor dem Winter ordentlich satt fressen und wachsen konnten.<\/p>\n<p>F\u00fcr <a href=\"https:\/\/uelzener.de\/magazin\/katze\/haltung\/wohnungskatze-beschaeftigen\/\" target=\"_blank\" rel=\"noopener\">Wohnungskatzen<\/a> und gut versorgte Freig\u00e4nger gilt jedoch anderes. Sie sind zu jeder Jahreszeit gut versorgt. Sie m\u00fcssen nicht frieren und bekommen ausreichend Futter. Daher ist die K\u00f6rpergr\u00f6\u00dfe einer Katze nicht vom Zeitpunkt ihrer Geburt abh\u00e4ngig.<\/p>\n<h3>Herbstkatzen werden nicht stubenrein<\/h3>\n<p>So f\u00fcgte man zwei negative Eigenschaften einfach noch eine dritte hinzu. Best\u00e4tigt wird diese Annahme dadurch, dass alle drei negative Eigenschaften oft in einem Atemzug genannt werden. Letztendlich gilt jedoch: Es handelt sich um einen Aberglauben.<\/p>\n<h3>Herbstkatzen sind wilder<\/h3>\n<p>Herbstkatzen gelten oft als wilder. Dahinter stecken wiederum historische Gr\u00fcnde. Die Herbstkatzen, die als reine Nutztiere auf dem Hof und in freier Wildbahn f\u00fcr ihr \u00dcberleben sorgen mussten, wurden tats\u00e4chlich h\u00e4ufiger krank und starben dann auch \u00f6fter. Die \u00fcberlebenden Katzen galten als besonders robust. Denn sie hatten den widrigen Umst\u00e4nden getrotzt und \u00fcberlebt. So sagte man diesen Katzen nach, dass sie besonders wild waren. Dieser Mythos h\u00e4lt sich vielfach bis heute. Dennoch ist er falsch. Denn das Temperament einer Katze h\u00e4ngt nicht davon ab, wann sie im Laufe des Jahres geboren worden ist.<\/p>\n<h2>Fazit<\/h2>\n<p>Du siehst: Das negative Bild der Herbstkatzen ist lediglich ein \u00dcberrest aus Erz\u00e4hlungen und Erfahrungen fr\u00fcherer Zeiten. Die Umst\u00e4nde, unter denen unsere Katzen heute leben, haben sich ver\u00e4ndert und damit auch das Leben der Katzen. So begegnen wir heute normalerweise gut versorgten und hochwertig ern\u00e4hrten Katzen, die als Teil unserer Familien ein sch\u00f6nes und sicheres Leben f\u00fchren. Ob deine Katze eine schw\u00e4chere Konstitution hat, gr\u00f6\u00dfter oder kleiner ist, temperamentvoll oder ruhiger oder leicht stubenrein wird. All das h\u00e4ngt nicht von ihrem Geburtszeitpunkt ab.<\/p>\n<p>Wenn du also gerade dar\u00fcber nachdenkst, ein Tier bei dir aufzunehmen und <a href=\"https:\/\/uelzener.de\/magazin\/katze\/haltung\/katzenbabys-aufziehen\/\">ein Katzenbaby aufzuziehen<\/a>, dann \u00fcberleg, wie sie in dein Leben passt. Der Zeitpunkt ihrer Geburt spielt keine Rolle. Wie gut du f\u00fcr sie da sein kannst und dich k\u00fcmmern kannst, ist entscheidend f\u00fcr euer Zusammenleben.<\/p>\n<h2>FAQ: H\u00e4ufig gestellte Fragen<\/h2>\n<h3>Sind Herbstk\u00e4tzchen anf\u00e4lliger f\u00fcr Krankheiten?<\/h3>\n<p>Herbstk\u00e4tzchen sind nicht anf\u00e4lliger f\u00fcr Krankheiten. Die heute mit uns lebenden Katzen sind zumeist gut versorgt, haben es warm, bekommen ausreichend und hochwertige Nahrung und haben alles, was sie f\u00fcr ihr Wohlbefinden brauchen. Der Geburtszeitpunkt spielt f\u00fcr die Gesundheit deiner Katze keine Rolle mehr.<\/p>\n<h3>Sind Maikatzen wirklich besser?<\/h3>\n<p>Maikatzen sind nicht besser als Katzen, die zu irgendeinem anderen Zeitpunkt im Jahr geboren worden sind. Jede Katze, zu jedem Zeitpunkt geboren, kann unterschiedliche Anlagen mitbringen. Wichtig ist, wie lebt eine Katze. Bekommt sie ausreichend Nahrung und Bewegung? Hat sie es warm und gut? K\u00fcmmert sich jemand um sie und sorgt daf\u00fcr, dass sie es gut hat? Sind alle diese Rahmenbedingungen gegeben, kann jede zu jedem Zeitpunkt geborene Katze ein gutes Leben f\u00fchren.<\/p>\n","protected":false},"excerpt":{"rendered":"<p>\u00dcberlegst du gerade jetzt, im Herbst, eine junge Katze aufzunehmen? Wer sich im Herbst entscheidet, eine Katze in der Familie aufzunehmen, erntet manchmal skeptische Blicke. Zudem h\u00f6rt man dann gelegentlich den wohlgemeinten Rat: \u201eWarte bis zum Fr\u00fchjahr, Herbstkatzen taugen nichts\u201c. Woher kommen diese Vorbehalte gegen\u00fcber Herbstkatzen? Viel wichtiger noch: Was ist an diesem weit verbreiteten [&hellip;]<\/p>\n","protected":false},"author":11,"featured_media":14201,"parent":11691,"menu_order":19,"comment_status":"closed","ping_status":"closed","template":"templates\/blog.php","meta":{"_acf_changed":false,"_crdt_document":"","footnotes":"","beyondwords_generate_audio":"0","beyondwords_project_id":"","beyondwords_content_id":"","beyondwords_preview_token":"","beyondwords_player_style":"","beyondwords_language_id":"","beyondwords_title_voice_id":"","beyondwords_body_voice_id":"","beyondwords_summary_voice_id":"","beyondwords_error_message":"","beyondwords_disabled":"","beyondwords_delete_content":"","beyondwords_podcast_id":"","beyondwords_hash":"","publish_post_to_speechkit":"","speechkit_hash":"","speechkit_generate_audio":"","speechkit_project_id":"","speechkit_podcast_id":"","speechkit_error_message":"","speechkit_disabled":"","speechkit_access_key":"","speechkit_error":"","speechkit_info":"","speechkit_response":"","speechkit_retries":"","speechkit_status":"","speechkit_updated_at":"","_speechkit_link":"","_speechkit_text":""},"class_list":["post-14200","page","type-page","status-publish","has-post-thumbnail","hentry"],"acf":[],"yoast_head":"<!-- This site is optimized with the Yoast SEO Premium plugin  - https:\/\/yoast.com\/product\/yoast-seo-premium-wordpress\/ -->\n<title>Herbstkatzen: Sind sie die schlechteren Katzen? | Uelzener Magazin<\/title>\n<meta name=\"description\" content=\"Was steckt hinter dem Aberglauben und wie viel Wahres ist daran? Wir kl\u00e4ren den Mythos Herbstkatze auf \u261d\ufe0f\" \/>\n<meta name=\"robots\" content=\"index, follow, max-snippet:-1, max-image-preview:large, max-video-preview:-1\" \/>\n<link rel=\"canonical\" href=\"https:\/\/uelzener.de\/magazin\/katze\/haeufige-fragen\/herbstkatzen\/\" \/>\n<meta property=\"og:locale\" content=\"de_DE\" \/>\n<meta property=\"og:type\" content=\"article\" \/>\n<meta property=\"og:title\" content=\"Herbstkatzen: Sind sie die schlechteren Katzen?\" \/>\n<meta property=\"og:description\" content=\"Was steckt hinter dem Aberglauben und wie viel Wahres ist daran? Wir kl\u00e4ren den Mythos Herbstkatze auf \u261d\ufe0f\" \/>\n<meta property=\"og:url\" content=\"https:\/\/uelzener.de\/magazin\/katze\/haeufige-fragen\/herbstkatzen\/\" \/>\n<meta property=\"og:site_name\" content=\"Uelzener Tier-Magazin\" \/>\n<meta property=\"article:publisher\" content=\"https:\/\/www.facebook.com\/Uelzener\" \/>\n<meta property=\"article:modified_time\" content=\"2024-03-12T10:44:16+00:00\" \/>\n<meta property=\"og:image\" content=\"https:\/\/uelzener.de\/magazin\/app\/uploads\/2022\/10\/herbstkaetzchen.jpg\" \/>\n\t<meta property=\"og:image:width\" content=\"1025\" \/>\n\t<meta property=\"og:image:height\" content=\"450\" \/>\n\t<meta property=\"og:image:type\" content=\"image\/jpeg\" \/>\n<meta name=\"twitter:card\" content=\"summary_large_image\" \/>\n<meta name=\"twitter:label1\" content=\"Gesch\u00e4tzte Lesezeit\" \/>\n\t<meta name=\"twitter:data1\" content=\"6\u00a0Minuten\" \/>\n<script type=\"application\/ld+json\" class=\"yoast-schema-graph\">{\"@context\":\"https:\\\/\\\/schema.org\",\"@graph\":[{\"@type\":\"WebPage\",\"@id\":\"https:\\\/\\\/uelzener.de\\\/magazin\\\/katze\\\/haeufige-fragen\\\/herbstkatzen\\\/\",\"url\":\"https:\\\/\\\/uelzener.de\\\/magazin\\\/katze\\\/haeufige-fragen\\\/herbstkatzen\\\/\",\"name\":\"Herbstkatzen: Sind sie die schlechteren Katzen? | Uelzener Magazin\",\"isPartOf\":{\"@id\":\"https:\\\/\\\/uelzener.de\\\/magazin\\\/#website\"},\"primaryImageOfPage\":{\"@id\":\"https:\\\/\\\/uelzener.de\\\/magazin\\\/katze\\\/haeufige-fragen\\\/herbstkatzen\\\/#primaryimage\"},\"image\":{\"@id\":\"https:\\\/\\\/uelzener.de\\\/magazin\\\/katze\\\/haeufige-fragen\\\/herbstkatzen\\\/#primaryimage\"},\"thumbnailUrl\":\"https:\\\/\\\/uelzener.de\\\/magazin\\\/app\\\/uploads\\\/2022\\\/10\\\/herbstkaetzchen.jpg\",\"datePublished\":\"2022-10-21T07:00:38+00:00\",\"dateModified\":\"2024-03-12T10:44:16+00:00\",\"description\":\"Was steckt hinter dem Aberglauben und wie viel Wahres ist daran? Wir kl\u00e4ren den Mythos Herbstkatze auf \u261d\ufe0f\",\"breadcrumb\":{\"@id\":\"https:\\\/\\\/uelzener.de\\\/magazin\\\/katze\\\/haeufige-fragen\\\/herbstkatzen\\\/#breadcrumb\"},\"inLanguage\":\"de\",\"potentialAction\":[{\"@type\":\"ReadAction\",\"target\":[\"https:\\\/\\\/uelzener.de\\\/magazin\\\/katze\\\/haeufige-fragen\\\/herbstkatzen\\\/\"]}]},{\"@type\":\"ImageObject\",\"inLanguage\":\"de\",\"@id\":\"https:\\\/\\\/uelzener.de\\\/magazin\\\/katze\\\/haeufige-fragen\\\/herbstkatzen\\\/#primaryimage\",\"url\":\"https:\\\/\\\/uelzener.de\\\/magazin\\\/app\\\/uploads\\\/2022\\\/10\\\/herbstkaetzchen.jpg\",\"contentUrl\":\"https:\\\/\\\/uelzener.de\\\/magazin\\\/app\\\/uploads\\\/2022\\\/10\\\/herbstkaetzchen.jpg\",\"width\":1025,\"height\":450,\"caption\":\"Hier steht ein Text zu dem Bild lalala\"},{\"@type\":\"WebSite\",\"@id\":\"https:\\\/\\\/uelzener.de\\\/magazin\\\/#website\",\"url\":\"https:\\\/\\\/uelzener.de\\\/magazin\\\/\",\"name\":\"Uelzener Tiermagazin\",\"description\":\"Online Tierratgeber der Uelzener Versicherungen\",\"publisher\":{\"@id\":\"https:\\\/\\\/uelzener.de\\\/magazin\\\/#organization\"},\"potentialAction\":[{\"@type\":\"SearchAction\",\"target\":{\"@type\":\"EntryPoint\",\"urlTemplate\":\"https:\\\/\\\/uelzener.de\\\/magazin\\\/?s={search_term_string}\"},\"query-input\":{\"@type\":\"PropertyValueSpecification\",\"valueRequired\":true,\"valueName\":\"search_term_string\"}}],\"inLanguage\":\"de\"},{\"@type\":\"Organization\",\"@id\":\"https:\\\/\\\/uelzener.de\\\/magazin\\\/#organization\",\"name\":\"Uelzener Versicherungen\",\"url\":\"https:\\\/\\\/uelzener.de\\\/magazin\\\/\",\"logo\":{\"@type\":\"ImageObject\",\"inLanguage\":\"de\",\"@id\":\"https:\\\/\\\/uelzener.de\\\/magazin\\\/#\\\/schema\\\/logo\\\/image\\\/\",\"url\":\"https:\\\/\\\/uelzener.de\\\/magazin\\\/app\\\/uploads\\\/2024\\\/11\\\/uelzener_allgemeine_versicherungsgesellschaft_a_g_logo.jpg\",\"contentUrl\":\"https:\\\/\\\/uelzener.de\\\/magazin\\\/app\\\/uploads\\\/2024\\\/11\\\/uelzener_allgemeine_versicherungsgesellschaft_a_g_logo.jpg\",\"width\":200,\"height\":200,\"caption\":\"Uelzener Versicherungen\"},\"image\":{\"@id\":\"https:\\\/\\\/uelzener.de\\\/magazin\\\/#\\\/schema\\\/logo\\\/image\\\/\"},\"sameAs\":[\"https:\\\/\\\/www.facebook.com\\\/Uelzener\",\"https:\\\/\\\/instagram.com\\\/uelzener\",\"https:\\\/\\\/www.xing.com\\\/pages\\\/uelzenerallgemeineversicherungs-gesellschafta-g\",\"https:\\\/\\\/www.youtube.com\\\/UelzenerVersicherungen\"]}]}<\/script>\n<!-- \/ Yoast SEO Premium plugin. -->","yoast_head_json":{"title":"Herbstkatzen: Sind sie die schlechteren Katzen? | Uelzener Magazin","description":"Was steckt hinter dem Aberglauben und wie viel Wahres ist daran? Wir kl\u00e4ren den Mythos Herbstkatze auf \u261d\ufe0f","robots":{"index":"index","follow":"follow","max-snippet":"max-snippet:-1","max-image-preview":"max-image-preview:large","max-video-preview":"max-video-preview:-1"},"canonical":"https:\/\/uelzener.de\/magazin\/katze\/haeufige-fragen\/herbstkatzen\/","og_locale":"de_DE","og_type":"article","og_title":"Herbstkatzen: Sind sie die schlechteren Katzen?","og_description":"Was steckt hinter dem Aberglauben und wie viel Wahres ist daran? Wir kl\u00e4ren den Mythos Herbstkatze auf \u261d\ufe0f","og_url":"https:\/\/uelzener.de\/magazin\/katze\/haeufige-fragen\/herbstkatzen\/","og_site_name":"Uelzener Tier-Magazin","article_publisher":"https:\/\/www.facebook.com\/Uelzener","article_modified_time":"2024-03-12T10:44:16+00:00","og_image":[{"width":1025,"height":450,"url":"https:\/\/uelzener.de\/magazin\/app\/uploads\/2022\/10\/herbstkaetzchen.jpg","type":"image\/jpeg"}],"twitter_card":"summary_large_image","twitter_misc":{"Gesch\u00e4tzte Lesezeit":"6\u00a0Minuten"},"schema":{"@context":"https:\/\/schema.org","@graph":[{"@type":"WebPage","@id":"https:\/\/uelzener.de\/magazin\/katze\/haeufige-fragen\/herbstkatzen\/","url":"https:\/\/uelzener.de\/magazin\/katze\/haeufige-fragen\/herbstkatzen\/","name":"Herbstkatzen: Sind sie die schlechteren Katzen? | Uelzener Magazin","isPartOf":{"@id":"https:\/\/uelzener.de\/magazin\/#website"},"primaryImageOfPage":{"@id":"https:\/\/uelzener.de\/magazin\/katze\/haeufige-fragen\/herbstkatzen\/#primaryimage"},"image":{"@id":"https:\/\/uelzener.de\/magazin\/katze\/haeufige-fragen\/herbstkatzen\/#primaryimage"},"thumbnailUrl":"https:\/\/uelzener.de\/magazin\/app\/uploads\/2022\/10\/herbstkaetzchen.jpg","datePublished":"2022-10-21T07:00:38+00:00","dateModified":"2024-03-12T10:44:16+00:00","description":"Was steckt hinter dem Aberglauben und wie viel Wahres ist daran? Wir kl\u00e4ren den Mythos Herbstkatze auf \u261d\ufe0f","breadcrumb":{"@id":"https:\/\/uelzener.de\/magazin\/katze\/haeufige-fragen\/herbstkatzen\/#breadcrumb"},"inLanguage":"de","potentialAction":[{"@type":"ReadAction","target":["https:\/\/uelzener.de\/magazin\/katze\/haeufige-fragen\/herbstkatzen\/"]}]},{"@type":"ImageObject","inLanguage":"de","@id":"https:\/\/uelzener.de\/magazin\/katze\/haeufige-fragen\/herbstkatzen\/#primaryimage","url":"https:\/\/uelzener.de\/magazin\/app\/uploads\/2022\/10\/herbstkaetzchen.jpg","contentUrl":"https:\/\/uelzener.de\/magazin\/app\/uploads\/2022\/10\/herbstkaetzchen.jpg","width":1025,"height":450,"caption":"Hier steht ein Text zu dem Bild lalala"},{"@type":"WebSite","@id":"https:\/\/uelzener.de\/magazin\/#website","url":"https:\/\/uelzener.de\/magazin\/","name":"Uelzener Tiermagazin","description":"Online Tierratgeber der Uelzener Versicherungen","publisher":{"@id":"https:\/\/uelzener.de\/magazin\/#organization"},"potentialAction":[{"@type":"SearchAction","target":{"@type":"EntryPoint","urlTemplate":"https:\/\/uelzener.de\/magazin\/?s={search_term_string}"},"query-input":{"@type":"PropertyValueSpecification","valueRequired":true,"valueName":"search_term_string"}}],"inLanguage":"de"},{"@type":"Organization","@id":"https:\/\/uelzener.de\/magazin\/#organization","name":"Uelzener Versicherungen","url":"https:\/\/uelzener.de\/magazin\/","logo":{"@type":"ImageObject","inLanguage":"de","@id":"https:\/\/uelzener.de\/magazin\/#\/schema\/logo\/image\/","url":"https:\/\/uelzener.de\/magazin\/app\/uploads\/2024\/11\/uelzener_allgemeine_versicherungsgesellschaft_a_g_logo.jpg","contentUrl":"https:\/\/uelzener.de\/magazin\/app\/uploads\/2024\/11\/uelzener_allgemeine_versicherungsgesellschaft_a_g_logo.jpg","width":200,"height":200,"caption":"Uelzener Versicherungen"},"image":{"@id":"https:\/\/uelzener.de\/magazin\/#\/schema\/logo\/image\/"},"sameAs":["https:\/\/www.facebook.com\/Uelzener","https:\/\/instagram.com\/uelzener","https:\/\/www.xing.com\/pages\/uelzenerallgemeineversicherungs-gesellschafta-g","https:\/\/www.youtube.com\/UelzenerVersicherungen"]}]}},"_links":{"self":[{"href":"https:\/\/uelzener.de\/magazin\/wp-json\/wp\/v2\/pages\/14200","targetHints":{"allow":["GET"]}}],"collection":[{"href":"https:\/\/uelzener.de\/magazin\/wp-json\/wp\/v2\/pages"}],"about":[{"href":"https:\/\/uelzener.de\/magazin\/wp-json\/wp\/v2\/types\/page"}],"author":[{"embeddable":true,"href":"https:\/\/uelzener.de\/magazin\/wp-json\/wp\/v2\/users\/11"}],"replies":[{"embeddable":true,"href":"https:\/\/uelzener.de\/magazin\/wp-json\/wp\/v2\/comments?post=14200"}],"version-history":[{"count":9,"href":"https:\/\/uelzener.de\/magazin\/wp-json\/wp\/v2\/pages\/14200\/revisions"}],"predecessor-version":[{"id":17171,"href":"https:\/\/uelzener.de\/magazin\/wp-json\/wp\/v2\/pages\/14200\/revisions\/17171"}],"up":[{"embeddable":true,"href":"https:\/\/uelzener.de\/magazin\/wp-json\/wp\/v2\/pages\/11691"}],"wp:featuredmedia":[{"embeddable":true,"href":"https:\/\/uelzener.de\/magazin\/wp-json\/wp\/v2\/media\/14201"}],"wp:attachment":[{"href":"https:\/\/uelzener.de\/magazin\/wp-json\/wp\/v2\/media?parent=14200"}],"curies":[{"name":"wp","href":"https:\/\/api.w.org\/{rel}","templated":true}]}}