{"id":13602,"date":"2024-06-28T08:00:22","date_gmt":"2024-06-28T06:00:22","guid":{"rendered":"https:\/\/uelzener.de\/magazin\/?page_id=13602"},"modified":"2025-07-28T11:45:40","modified_gmt":"2025-07-28T09:45:40","slug":"welche-versicherung-pferd","status":"publish","type":"page","link":"https:\/\/uelzener.de\/magazin\/pferd\/tiergesundheit\/welche-versicherung-pferd\/","title":{"rendered":"Welche Versicherungen f\u00fcrs Pferd? Schutz f\u00fcr Pferd und Reiter:innen"},"content":{"rendered":"<p>Ob beim Ausritt, im Stall oder auf dem Weg zum Turnier \u2013 Pferde und Reiter:innen sollten ausreichend versichert sein. F\u00fcr jeden Bedarf und f\u00fcr jedes Portemonnaie gibt es die richtige Versicherung und eine Entscheidung f\u00e4llt oft schwer. Mit unserer \u00dcbersicht findest du schnell den Tarif, der f\u00fcr dich und dein Pferd am besten geeignet ist.<\/p>\n<p>Zeit mit dem eigenen Pferd zu verbringen ist f\u00fcr viele die allersch\u00f6nste Besch\u00e4ftigung. Putzen, Bodenarbeit, Reiten \u2013 der Umgang mit den gro\u00dfen Tieren erfordert viel Fachwissen und man lernt nie aus. Doch auch bei der gr\u00f6\u00dften Umsicht kann es zu Unf\u00e4llen und Krankheiten kommen. Da kann es sich lohnen, eine Pferde-Versicherung abzuschlie\u00dfen: Zwar kann sie keinen Unfall ungeschehen machen, sie \u00fcbernimmt jedoch hohe Behandlungskosten und sch\u00fctzt so Pferdehalter:innen vor kaum kalkulierbaren Risiken.<\/p>\n<h2><strong>Warum sind Versicherungen f\u00fcr das Pferd wichtig?<\/strong><\/h2>\n<p>Versicherungen sind sowohl f\u00fcr das Pferd als auch f\u00fcr den Menschen wichtig \u2013 bei einer Kolik-Operation m\u00fcssen Pferdehalter:innen mit Kosten von 2.000 bis zu 7.000 Euro rechnen. Auch bei einem Unfall k\u00f6nnen hohe Summen zusammenkommen. Die richtige Versicherung f\u00fcrs Pferd kann nicht nur finanzielle Sch\u00e4den abwenden, sondern erspart Tierfreund:innen auch die Situation, dass man sich eine lebensnotwendige Operation einfach nicht leisten kann.<\/p>\n\n<div class=\"banner\">\n    <a href=\"https:\/\/uelzener.de\/pferd?agt=0000104925&sem=true&utm_medium=magazin&utm_source=wordpress&utm_campaign=pferd&utm_content=banner\">\n        <img decoding=\"async\" width=\"300\" height=\"212\" src=\"https:\/\/uelzener.de\/magazin\/app\/uploads\/2025\/01\/Pferde-Versicherung.jpg\" class=\"attachment-medium size-medium\" alt=\"Banner Pferde-Versicherung\" \/>    <\/a>\n<\/div>\n\n<h2><strong>Welche Versicherung braucht ein Pferd?<\/strong><\/h2>\n<p>Welche Versicherung man als Pferdebesitzer:in braucht, h\u00e4ngt vom individuellen Anspruch ab. Je nach Bedarf und Budget kommen verschiedene Tarife in Frage. Nicht f\u00fcr jeden ist eine Auktions-Versicherung sinnvoll, Krankheiten und <a href=\"https:\/\/uelzener.de\/magazin\/pferd\/haeufige-fragen\/haeufige-reitunfaelle\/\">Reitunf\u00e4lle<\/a> kommen dagegen h\u00e4ufig vor. Um Licht in den Versicherungsdschungel zu bringen, haben wir hier eine \u00dcbersicht der wichtigsten Versicherungen f\u00fcr Mensch und Pferd erstellt:<\/p>\n<h4 style=\"text-align: left;\">1. Pferde-Krankenversicherung<\/h4>\n<p>Bei Unf\u00e4llen oder Krankheiten \u00fcbernimmt eine <strong>Pferde-Krankenversicherung <\/strong> die Kosten f\u00fcr ambulante und station\u00e4re Behandlungen. Sie z\u00e4hlt damit zum umfangreichsten Schutz f\u00fcr Pferde und ihre Halter:innen. Bei der Uelzener sind 100 Prozent Erstattung f\u00fcr ambulante und station\u00e4re Behandlungen bei Krankheit, Unfall und Operationen mit zeitlich unbegrenzter Vor- und Nachbehandlung m\u00f6glich \u2013 ohne Jahreslimit. Auch Vorsorgema\u00dfnahmen wie Impfungen werden von der Uelzener bis zu einem j\u00e4hrlichen Betrag von 100 Euro \u00fcbernommen. Dieser Tarif ist nicht der g\u00fcnstigste, der Schutz des eigenen Pferdes jedoch unbezahlbar.<\/p>\n\n<div class=\"banner\">\n    <a href=\"https:\/\/uelzener.de\/pferd\/herden-versicherung\/?agt=0000104925&sem=true&utm_medium=magazin&utm_source=wordpress&utm_campaign=pferd_kv&utm_content=banner    \">\n        <img decoding=\"async\" width=\"300\" height=\"212\" src=\"https:\/\/uelzener.de\/magazin\/app\/uploads\/2025\/01\/Pferde-Kranken-Versicherung.jpg\" class=\"attachment-medium size-medium\" alt=\"Banner Pferde-Kranken-Versicherung\" \/>    <\/a>\n<\/div>\n\n<h4 style=\"text-align: left;\">2. Pferde-OP-Versicherung<\/h4>\n<p>Schwere Verletzungen oder eine Zahnbehandlung \u2013 Operationen am Pferd k\u00f6nnen schnell mehrere Tausend Euro kosten. Eine <strong>Pferde-OP-Versicherung<\/strong> sch\u00fctzt vor solchen unvorhersehbaren Kosten. Die Leistungen fallen je nach Anbieter und gew\u00e4hltem Tarif unterschiedlich aus: Oft gibt es j\u00e4hrliche H\u00f6chstgrenzen bei den Zahlungsbetr\u00e4gen, Altersbegrenzungen f\u00fcr die versicherten Pferde und Einschr\u00e4nkungen bez\u00fcglich der tier\u00e4rztlichen Geb\u00fchrenordnungen. Bei der Uelzener hingegen sind 100 Prozent Erstattung ohne Jahreslimit f\u00fcr Pferde aller Rassen und Altersgruppen m\u00f6glich. Sie \u00fcbernimmt sogar alternative Tierarztbehandlungen wie Hom\u00f6opathie und Akupunktur im Rahmen der Operation. Bei kleineren Budgets ist diese Leistung eine gute Alternative zur Pferde-Krankenversicherung.<\/p>\n\n<div class=\"banner\">\n    <a href=\"https:\/\/uelzener.de\/pferd\/pferde-op-versicherung\/?agt=0000104925&sem=true&utm_medium=magazin&utm_source=wordpress&utm_campaign=pferd_op&utm_content=banner\">\n        <img decoding=\"async\" width=\"300\" height=\"212\" src=\"https:\/\/uelzener.de\/magazin\/app\/uploads\/2025\/01\/Pferde-OP-Versicherung.jpg\" class=\"attachment-medium size-medium\" alt=\"Banner Pferde-OP-Versicherung\" \/>    <\/a>\n<\/div>\n\n<h4 style=\"text-align: left;\">3. Pferde-Kolik-Versicherung<\/h4>\n<p><img decoding=\"async\" class=\"alignnone wp-image-18719 size-large\" src=\"https:\/\/uelzener.de\/magazin\/app\/uploads\/2025\/07\/infografik_drei-fakten-zu-koliken-bei-pferden-1024x1024.jpg\" alt=\"Infografik der Uelzener Versicherungen: Drei Fakten zu Koliken bei Pferden.\" width=\"1024\" height=\"1024\" srcset=\"https:\/\/uelzener.de\/magazin\/app\/uploads\/2025\/07\/infografik_drei-fakten-zu-koliken-bei-pferden-1024x1024.jpg 1024w, https:\/\/uelzener.de\/magazin\/app\/uploads\/2025\/07\/infografik_drei-fakten-zu-koliken-bei-pferden-300x300.jpg 300w, https:\/\/uelzener.de\/magazin\/app\/uploads\/2025\/07\/infografik_drei-fakten-zu-koliken-bei-pferden-150x150.jpg 150w, https:\/\/uelzener.de\/magazin\/app\/uploads\/2025\/07\/infografik_drei-fakten-zu-koliken-bei-pferden-768x768.jpg 768w, https:\/\/uelzener.de\/magazin\/app\/uploads\/2025\/07\/infografik_drei-fakten-zu-koliken-bei-pferden-1026x1026.jpg 1026w, https:\/\/uelzener.de\/magazin\/app\/uploads\/2025\/07\/infografik_drei-fakten-zu-koliken-bei-pferden-668x668.jpg 668w, https:\/\/uelzener.de\/magazin\/app\/uploads\/2025\/07\/infografik_drei-fakten-zu-koliken-bei-pferden.jpg 1080w\" sizes=\"(max-width: 1024px) 100vw, 1024px\" \/><\/p>\n<p>Eine Kolik ist der Albtraum f\u00fcr alle Pferdebesitzer:innen. <strong>Die Uelzener Pferde-Kolik-Versicherung ist 2024 die Innovation auf dem deutschen Versicherungsmarkt<\/strong>\u00a0\u2013 wir erstatten die Behandlungskosten unabh\u00e4ngig davon, ob dein Pferd operiert werden musste oder im Stall oder der Tierklink behandelt wurde.<\/p>\n\n<div class=\"banner\">\n    <a href=\"https:\/\/uelzener.de\/pferd\/pferde-op-versicherung\/?agt=0000104925&sem=true&utm_medium=magazin&utm_source=wordpress&utm_campaign=pferd_kolik&utm_content=banner\">\n        <img decoding=\"async\" width=\"300\" height=\"212\" src=\"https:\/\/uelzener.de\/magazin\/app\/uploads\/2025\/01\/Pferde-Kolik-Versicherung.jpg\" class=\"attachment-medium size-medium\" alt=\"Banner Pferde-Kolik-Versicherung\" \/>    <\/a>\n<\/div>\n\n<h4 style=\"text-align: left;\">4. Herden-Versicherung<\/h4>\n<p>Ob\u00a0Sport- und Zuchtpferde oder deine Hobby-Herde\u00a0als Privatperson: Deine versicherten Pferde stehen gemeinsam auf der Weide. Pl\u00f6tzlich erschrickt eines der Pferde, bockt los und trifft dabei versehentlich eines deiner anderen Pferde. Die Folge: Eine klaffende Wunde, die in der n\u00e4chsten Tierklinik versorgt wird. Dein Pferd muss zur Wundversorgung einige Tage dortbleiben. Die Tierklinik stellt eine Rechnung in H\u00f6he von 2.800 \u20ac, die \u00fcber deine Haftpflicht-Versicherung aufgrund des Eigenschadens nicht abrechenbar ist.<\/p>\n<p><img decoding=\"async\" class=\"alignnone wp-image-18717 size-large\" src=\"https:\/\/uelzener.de\/magazin\/app\/uploads\/2025\/07\/infografik_sechs-tipps-fuer-pferdebesitzer_innen-1024x1024.jpg\" alt=\"Infografik der Uelzener Versicherungen: Sechs Tipps f\u00fcr Pferdebesitzer:innen.\" width=\"1024\" height=\"1024\" srcset=\"https:\/\/uelzener.de\/magazin\/app\/uploads\/2025\/07\/infografik_sechs-tipps-fuer-pferdebesitzer_innen-1024x1024.jpg 1024w, https:\/\/uelzener.de\/magazin\/app\/uploads\/2025\/07\/infografik_sechs-tipps-fuer-pferdebesitzer_innen-300x300.jpg 300w, https:\/\/uelzener.de\/magazin\/app\/uploads\/2025\/07\/infografik_sechs-tipps-fuer-pferdebesitzer_innen-150x150.jpg 150w, https:\/\/uelzener.de\/magazin\/app\/uploads\/2025\/07\/infografik_sechs-tipps-fuer-pferdebesitzer_innen-768x768.jpg 768w, https:\/\/uelzener.de\/magazin\/app\/uploads\/2025\/07\/infografik_sechs-tipps-fuer-pferdebesitzer_innen-1026x1026.jpg 1026w, https:\/\/uelzener.de\/magazin\/app\/uploads\/2025\/07\/infografik_sechs-tipps-fuer-pferdebesitzer_innen-668x668.jpg 668w, https:\/\/uelzener.de\/magazin\/app\/uploads\/2025\/07\/infografik_sechs-tipps-fuer-pferdebesitzer_innen.jpg 1080w\" sizes=\"(max-width: 1024px) 100vw, 1024px\" \/><\/p>\n<p>Das zeigt, wie schnell Operationen notwendig werden k\u00f6nnen. Unsere <strong>Herden-OP-Versicherung<\/strong> nimmt dir in solchen Situationen zumindest die finanziellen Sorgen.<\/p>\n\n<div class=\"banner\">\n    <a href=\"https:\/\/uelzener.de\/pferd\/herden-versicherung\/?agt=0000104925&sem=true&utm_medium=magazin&utm_source=wordpress&utm_campaign=pferd_herde&utm_content=banner\">\n        <img decoding=\"async\" width=\"300\" height=\"212\" src=\"https:\/\/uelzener.de\/magazin\/app\/uploads\/2025\/01\/Pferde-Herden-Versicherung.jpg\" class=\"attachment-medium size-medium\" alt=\"Banner Pferde-Herden-Versicherung\" \/>    <\/a>\n<\/div>\n\n<h4 style=\"text-align: left;\">5. Pferde-Haftpflichtversicherung<\/h4>\n<p>Die\u00a0<strong> Pferde-Haftpflichtversicherung <\/strong>\u00a0gilt f\u00fcr Pferdehalter:innen als <strong>unerl\u00e4sslich<\/strong>. Verursachen Pferde einen Schaden, sei es eine Sachbesch\u00e4digung oder ein Personenunfall, m\u00fcssen die Tierbesitzer:innen daf\u00fcr aufkommen \u2013 und zwar in unbegrenzter H\u00f6he. Der Umfang einer Haftpflichtversicherung deckt jedoch keine Sch\u00e4den an der eigenen Person und an privatem Eigentum, sondern nur Fremdsch\u00e4den. Wichtig ist auch die Deckungssumme: Unter f\u00fcnf Millionen Euro sollte sie nicht liegen, pauschal sind 15 Millionen Euro f\u00fcr Sach-, Personen- und Verm\u00f6genssch\u00e4den empfohlen. Bei der Uelzener erhalten Versicherte einen Rundumschutz: Hier sind auch Risiken wie Fremd- und Gastreiter, Flursch\u00e4den, Weideunf\u00e4lle, Mietsachsch\u00e4den, die Teilnahme an Veranstaltungen sowie Reiten ohne Sattel und mit ungew\u00f6hnlicher Z\u00e4umung abgedeckt.<\/p>\n\n<div class=\"banner\">\n    <a href=\"https:\/\/uelzener.de\/pferd\/pferde-haftpflichtversicherung\/?agt=0000104925&sem=true&utm_medium=magazin&utm_source=wordpress&utm_campaign=pferd_haf&utm_content=banner\">\n        <img decoding=\"async\" width=\"300\" height=\"212\" src=\"https:\/\/uelzener.de\/magazin\/app\/uploads\/2025\/01\/Pferdehalter-Haftpflicht-Versicherung.jpg\" class=\"attachment-medium size-medium\" alt=\"Banner Pferdehalter-Haftpflicht-Versicherung\" \/>    <\/a>\n<\/div>\n\n<h4 style=\"text-align: left;\">6. Pferdehalter-Rechtsschutz-Versicherung<\/h4>\n<p>Eine <strong>Pferdehalter-Rechtsschutz-Versicherung <\/strong>\u00a0sorgt f\u00fcr den Schutz von Pferdehalter:innen bei einem Rechtsstreit. Bei einer Operation kann etwas falsch laufen oder es entstehen Sch\u00e4den, f\u00fcr die man selbst nicht verantwortlich ist. Oder man kauft ein Pferd und der oder die Vorbesitzer:in verschweigt die Vorerkrankungen des Tieres. Kommt es dann zu einem gerichtlichen Streit, werden sowohl die Anwalts- als auch die Gerichtskosten von der Versicherung \u00fcbernommen. Uelzener-Versicherte erhalten bei der Rechts-Telefonhotline sogar eine f\u00fcr sie kostenlose anwaltliche Erstberatung.<\/p>\n\n<div class=\"banner\">\n    <a href=\"https:\/\/uelzener.de\/pferd\/pferdehalter-rechtsschutz\/?agt=0000104925&sem=true&utm_medium=magazin&utm_source=wordpress&utm_campaign=pferd_rechtsschutz&utm_content=banner\">\n        <img decoding=\"async\" width=\"300\" height=\"212\" src=\"https:\/\/uelzener.de\/magazin\/app\/uploads\/2025\/01\/Pferdehalter-Rechttschutz-Versicherung.jpg\" class=\"attachment-medium size-medium\" alt=\"Banner Pferdehalter-Rechttschutz-Versicherung\" \/>    <\/a>\n<\/div>\n\n<h4 style=\"text-align: left;\">7. Reiter-Unfall-Versicherung<\/h4>\n<p>Die <strong>Reiter-Unfall-Versicherung <\/strong>\u00a0bietet Schutz bei Unf\u00e4llen im Umgang mit dem Pferd. Reiter:innen k\u00f6nnen sich bei einem Sturz schwer verletzen oder das Pferd erschrickt, tritt aus und erwischt seinen Menschen. Dabei k\u00f6nnen langfristige k\u00f6rperliche Einschr\u00e4nkungen entstehen. Ein Krankenhaustagegeld und ein Tagegeld f\u00fcr die Versorgung des Pferdes sowie Invalidit\u00e4tsleistungen sind im Schutz inbegriffen. Auch in einem unverhofften <a href=\"https:\/\/uelzener.de\/magazin\/pferd\/haeufige-fragen\/pferd-tot\/\">Todesfall<\/a> kann eine Todesfallleistung gew\u00e4hrt werden.<strong><br \/>\n<\/strong><\/p>\n\n<div class=\"banner\">\n    <a href=\"https:\/\/uelzener.de\/pferd\/reiter-unfallversicherung\/?agt=0000104925&sem=true&utm_medium=magazin&utm_source=wordpress&utm_campaign=reiterunfall&utm_content=banner\">\n        <img decoding=\"async\" width=\"300\" height=\"212\" src=\"https:\/\/uelzener.de\/magazin\/app\/uploads\/2025\/01\/Reiter-Unfall-Versicherung.jpg\" class=\"attachment-medium size-medium\" alt=\"Banner Reiter-Unfall-Versicherung\" \/>    <\/a>\n<\/div>\n\n<h4 style=\"text-align: left;\">8. Pferde-Lebensversicherung<\/h4>\n<p>Stirbt ein wertvolles Turnierpferd, gleicht eine <strong>Pferde-Lebensversicherung <\/strong>\u00a0zumindest den materiellen Schaden aus. Neben Erkrankungen und Verletzungen sind je nach Tarif im Umfang vieler Versicherungen auch Diebstahl, langfristige Unbrauchbarkeit und Nott\u00f6tungen von Pferden beim Transport abgesichert. Uelzener-Versicherte sind auch gegen sogenannte Pferderipper gesch\u00fctzt und erhalten beim 24-Stunden-Notruf sofortige Unterst\u00fctzung.<\/p>\n\n<div class=\"banner\">\n    <a href=\"https:\/\/uelzener.de\/pferd\/pferde-lebensversicherung\/?agt=0000104925&sem=true&utm_medium=magazin&utm_source=wordpress&utm_campaign=pferd_lv&utm_content=banner\">\n        <img decoding=\"async\" width=\"300\" height=\"212\" src=\"https:\/\/uelzener.de\/magazin\/app\/uploads\/2025\/01\/Pferde-Lebens-Versicherung.jpg\" class=\"attachment-medium size-medium\" alt=\"Banner Pferde-Lebens-Versicherung\" \/>    <\/a>\n<\/div>\n\n<h4 style=\"text-align: left;\">9. Kurzfristige Versicherung<\/h4>\n<p>Manche Risiken lassen sich im Voraus abw\u00e4gen: Ein Fohlen wird bald geboren, mit dem Pferd soll es auf ein Turnier gehen oder eine Kastration ist geplant. Durch eine <strong>kurzfristige Versicherung <\/strong>\u00a0k\u00f6nnen sich Halter:innen einmalig absichern. Die verschiedenen Versicherungen decken die h\u00e4ufigsten Risiken ab und bieten eine finanzielle Entlastung im Schadensfall. Bei der Uelzener k\u00f6nnen Pferdehalter:innen Policen f\u00fcr <strong>Transporte<\/strong>, f\u00fcr <strong>Kastrationen<\/strong>, f\u00fcr die <a href=\"https:\/\/uelzener.de\/magazin\/pferd\/haeufige-fragen\/pferd-traechtig-wissenswertes-pflege-ernaehrung-vorsorge\/\"><strong>Tr\u00e4chtigkeit<\/strong><\/a> und f\u00fcr das <strong>Fohlen<\/strong> abschlie\u00dfen.<\/p>\n\n<div class=\"banner\">\n    <a href=\"https:\/\/uelzener.de\/pferd\/kurzfristige-versicherungen\/?agt=0000104925&sem=true&utm_medium=magazin&utm_source=wordpress&utm_campaign=kurzfristig&utm_content=banner\">\n        <img decoding=\"async\" width=\"300\" height=\"212\" src=\"https:\/\/uelzener.de\/magazin\/app\/uploads\/2025\/01\/Kurzfristige-Versicherungen.jpg\" class=\"attachment-medium size-medium\" alt=\"Banner Kurzfristige-Versicherungen\" \/>    <\/a>\n<\/div>\n\n<h4>10. Tipp: Hausratsversicherung mit Zusatzpaket f\u00fcr Satteldiebstahl<\/h4>\n<p>&#8222;Bei uns wurde eingebrochen.\u201c Nach dem ersten Schock kommen schnell kommen Fragen auf: Was ist gestohlen worden? Was ist besch\u00e4digt? Sind wir \u00fcberhaupt dagegen versichert?<\/p>\n<p>Wusstest du schon, dass du dich in der Uelzener Hausratversicherung auch gegen den Satteldiebstahl absichern kannst? Diese sch\u00fctzt dich nicht nur bei Einbruchdiebstahl, Raub und Vandalismus, sondern auch bei Feuer, Sturm, Hagel, Blitzschlag, \u00dcberspannungssch\u00e4den infolge Blitzschlag, Sch\u00e4den durch Leitungswasser und eben auch, wenn die Diebe einfach mit deinem geliebten Sattel abhauen. Die Absicherung tritt auch ein, wenn der Sattel aus einem Kraftfahrzeug au\u00dferhalb des Versicherungsortes entwendet wird. Damit schnell wieder Frieden einkehren kann, einfach hier zur <a href=\"https:\/\/uelzener.de\/mensch\/hausratversicherung\/\" target=\"_blank\" rel=\"noopener\">Hausratversicherung mit Zusatzpaket<\/a> beraten lassen.<\/p>\n<h2><strong>Wann sollte man eine Pferde-Versicherung abschlie\u00dfen?<\/strong><\/h2>\n<p>Der Zeitpunkt f\u00fcr eine Versicherung sollte gut gew\u00e4hlt sein. Eine Pferde-Haftpflichtversicherung wird am besten so fr\u00fch wie m\u00f6glich, also mit dem Kauf des Pferdes, abgeschlossen. Sobald der Kaufvertrag f\u00fcr ein Pferd in Kraft tritt, m\u00fcssen Halter:innen n\u00e4mlich f\u00fcr ihr Tier haften. Ein neues Umfeld ist f\u00fcr Pferde oft aufregend \u2013 vielleicht entstehen beim Transport Sch\u00e4den am H\u00e4nger oder das Pferd tritt in der neuen Box um sich. Eine Pferde-Haftpflichtversicherung bietet ab dem Moment des Besitzerwechsels ein St\u00fcck Sicherheit. Wichtig ist auch, mit dem Versicherer zu besprechen, ob eine Reitbeteiligung explizit in den Vertrag aufgenommen werden muss. Bei uns sind Reitbeteiligungen ohne namentliche Nennung automatisch mitversichert.<\/p>\n<p>Versicherungen f\u00fcr die veterin\u00e4rmedizinische Versorgung des Pferdes \u2013 wie die OP- und Krankenversicherung \u2013 haben oft besondere Auflagen. Beim Versicherungsstart muss das Pferd gesund sein, es d\u00fcrfen also keine Vorerkrankungen oder Verletzungen vorliegen. F\u00fcr diese F\u00e4lle besteht kein Versicherungsschutz und Kosten werden daf\u00fcr nicht getragen. Es ist trotzdem m\u00f6glich, sein Pferd versichern zu lassen, gegebenenfalls mit Ausschl\u00fcssen. Wenn der Vertrag abgeschlossen ist, setzt der Schutz in der Regel erst nach Ablauf einer Frist ein. Es gibt aber auch Ausnahmen: Eine <a href=\"https:\/\/uelzener.de\/magazin\/pferd\/tiergesundheit\/kolik-beim-pferd\/\">Kolik<\/a> kann beispielsweise schon nach sieben Tagen operiert werden, eine Chip-Operation darf erst nach zw\u00f6lf Monaten erfolgen.<\/p>\n<p>Ab welchem Alter ein Pferd versichert werden kann, ist ebenfalls unterschiedlich. Die Haftpflicht-Versicherung setzt ein, wenn ein neues Pferd abgeholt wird. OP- und Krankenversicherungen sch\u00fctzen das Pferd meist ab einem Alter von zwei bis drei Monaten.<\/p>\n<h2><strong>Welche Versicherung braucht man als Pferdebesitzer:in?<\/strong><\/h2>\n<p>Viele Versicherungen sind optional, manche davon sind zum Schutz von Mensch und Tier unerl\u00e4sslich. Pferdez\u00fcchter:innen oder Turnierreiter:innen haben andere Anspr\u00fcche als Freizeitreiter:innen. F\u00fcr die meisten sind aber die Top 3 der Versicherungen sinnvoll: Die Pferde-Haftpflichtversicherung, die OP-Versicherung und die Reiter-Unfall-Versicherung. Zusammen bieten sie einen Rundumschutz, der die gr\u00f6\u00dften Risiken abdeckt, ohne dass dabei zu tief in die Tasche gegriffen werden muss. Auch eine Pferde-Krankenversicherung ist f\u00fcr viele mehr als lohnend: Von der Tierarztbehandlung bis hin zu kostspieligen Operationen und Nachbehandlungen ist f\u00fcr alles gesorgt. Denn selbst nach einem erfolgreichen Eingriff k\u00f6nnen \u00fcber Jahre hinweg noch weitere Behandlungen anfallen.<\/p>\n<p>Bei der Frage, welche Versicherungen f\u00fcr dich und dein Pferd am sinnvollsten sind, hilft dir auch gern unser Tele-Service weiter. Unter 0581 80700 kannst du dich ganz individuell und unverbindlich beraten lassen. Probiers doch einfach mal.<\/p>\n<h2><strong>FAQ: H\u00e4ufig gestellte Fragen<\/strong><\/h2>\n<h3><strong>Worin liegt der Unterschied zwischen einer Pferde-OP-Versicherung und einer Pferde-Krankenversicherung?<\/strong><\/h3>\n<p>Die Pferde-OP-Versicherung \u00fcbernimmt die Kosten einer medizinisch notwendigen Operation unter Voll- oder Standnarkose sowie deren Nachbehandlung \u2013 je nach Tarif mit unterschiedlicher Dauer.<\/p>\n<p>Die Pferde-Krankenversicherung richtet sich an Eigent\u00fcmer:innen von Pferden, die einen umfangreicheren Versicherungsschutz f\u00fcr ihr Pferd w\u00fcnschen. Sie beinhaltet u. a. die Leistungen einer OP-Versicherung, \u00fcbernimmt aber zus\u00e4tzlich auch Behandlungskosten nach Unfall oder bei Krankheit. Damit bietet die Pferde-Krankenversicherung einen Rundumschutz f\u00fcr das Pferd.<\/p>\n<h3><strong>Wof\u00fcr gibt es eine Pferde-Rechtschutzversicherung? <\/strong><\/h3>\n<p>Unsere Pferdehalter-Rechtsschutzversicherung sichert dich als Pferdehalter:in gegen das Kostenrisiko aus Rechtsstreitigkeiten um dein Pferd in Bezug auf die private Tierhaltung ab.<\/p>\n<h3><strong>Wie viele Versicherungen brauche ich f\u00fcr mein Pferd?<\/strong><\/h3>\n<p>Essenziell und unverzichtbar ist die Pferdehalter-Haftpflichtversicherung, da ich als Halter des Pferdes in unbegrenzter H\u00f6he f\u00fcr Sch\u00e4den, die mein Pferd verursacht, hafte. Weiterhin wichtig ist eine OP-Versicherung oder besser eine Pferde-Krankenversicherung, um das Pferd medizinisch immer optimal versorgen lassen zu k\u00f6nnen. Bei Rechtsstreitigkeiten in der privaten Haltung hilft die Pferdehalter-Rechtsschutzversicherung weiter. Unfallschutz beim Reiten, Auf- und Absitzen oder beim unmittelbaren Umgang mit deinem Pferd hast du mit unserer Reiter-Unfallversicherung.<\/p>\n","protected":false},"excerpt":{"rendered":"<p>Ob beim Ausritt, im Stall oder auf dem Weg zum Turnier \u2013 Pferde und Reiter:innen sollten ausreichend versichert sein. F\u00fcr jeden Bedarf und f\u00fcr jedes Portemonnaie gibt es die richtige Versicherung und eine Entscheidung f\u00e4llt oft schwer. Mit unserer \u00dcbersicht findest du schnell den Tarif, der f\u00fcr dich und dein Pferd am besten geeignet ist. [&hellip;]<\/p>\n","protected":false},"author":9,"featured_media":13619,"parent":11706,"menu_order":8,"comment_status":"closed","ping_status":"closed","template":"templates\/blog.php","meta":{"_acf_changed":false,"_crdt_document":"","footnotes":"","beyondwords_generate_audio":"0","beyondwords_project_id":"","beyondwords_content_id":"","beyondwords_preview_token":"","beyondwords_player_style":"","beyondwords_language_id":"","beyondwords_title_voice_id":"","beyondwords_body_voice_id":"","beyondwords_summary_voice_id":"","beyondwords_error_message":"","beyondwords_disabled":"","beyondwords_delete_content":"","beyondwords_podcast_id":"","beyondwords_hash":"","publish_post_to_speechkit":"","speechkit_hash":"","speechkit_generate_audio":"","speechkit_project_id":"","speechkit_podcast_id":"","speechkit_error_message":"","speechkit_disabled":"","speechkit_access_key":"","speechkit_error":"","speechkit_info":"","speechkit_response":"","speechkit_retries":"","speechkit_status":"","speechkit_updated_at":"","_speechkit_link":"","_speechkit_text":""},"class_list":["post-13602","page","type-page","status-publish","has-post-thumbnail","hentry"],"acf":[],"yoast_head":"<!-- This site is optimized with the Yoast SEO Premium plugin  - https:\/\/yoast.com\/product\/yoast-seo-premium-wordpress\/ -->\n<title>Welche Versicherung sind sinnvoll f\u00fcrs Pferd | Uelzener<\/title>\n<meta name=\"description\" content=\"Erfahre, welche Versicherung f\u00fcr dein Pferd wichtig ist \u2714 Kranken-, Haftpflicht-, Unfallversicherung und Co. \u27a4 Erfahre mehr!\" \/>\n<meta name=\"robots\" content=\"index, follow, max-snippet:-1, max-image-preview:large, max-video-preview:-1\" \/>\n<link rel=\"canonical\" href=\"https:\/\/uelzener.de\/magazin\/pferd\/tiergesundheit\/welche-versicherung-pferd\/\" \/>\n<meta property=\"og:locale\" content=\"de_DE\" \/>\n<meta property=\"og:type\" content=\"article\" \/>\n<meta property=\"og:title\" content=\"Welche Versicherungen f\u00fcrs Pferd? Schutz f\u00fcr Pferd und Reiter:innen\" \/>\n<meta property=\"og:description\" content=\"Erfahre, welche Versicherung f\u00fcr dein Pferd wichtig ist \u2714 Kranken-, Haftpflicht-, Unfallversicherung und Co. \u27a4 Erfahre mehr!\" \/>\n<meta property=\"og:url\" content=\"https:\/\/uelzener.de\/magazin\/pferd\/tiergesundheit\/welche-versicherung-pferd\/\" \/>\n<meta property=\"og:site_name\" content=\"Uelzener Tier-Magazin\" \/>\n<meta property=\"article:publisher\" content=\"https:\/\/www.facebook.com\/Uelzener\" \/>\n<meta property=\"article:modified_time\" content=\"2025-07-28T09:45:40+00:00\" \/>\n<meta property=\"og:image\" content=\"https:\/\/uelzener.de\/magazin\/app\/uploads\/2022\/08\/Welche-Versicherung-fuers-Pferd.jpg\" \/>\n\t<meta property=\"og:image:width\" content=\"1025\" \/>\n\t<meta property=\"og:image:height\" content=\"450\" \/>\n\t<meta property=\"og:image:type\" content=\"image\/jpeg\" \/>\n<meta name=\"twitter:card\" content=\"summary_large_image\" \/>\n<meta name=\"twitter:label1\" content=\"Gesch\u00e4tzte Lesezeit\" \/>\n\t<meta name=\"twitter:data1\" content=\"10\u00a0Minuten\" \/>\n<script type=\"application\/ld+json\" class=\"yoast-schema-graph\">{\"@context\":\"https:\\\/\\\/schema.org\",\"@graph\":[{\"@type\":\"WebPage\",\"@id\":\"https:\\\/\\\/uelzener.de\\\/magazin\\\/pferd\\\/tiergesundheit\\\/welche-versicherung-pferd\\\/\",\"url\":\"https:\\\/\\\/uelzener.de\\\/magazin\\\/pferd\\\/tiergesundheit\\\/welche-versicherung-pferd\\\/\",\"name\":\"Welche Versicherung sind sinnvoll f\u00fcrs Pferd | Uelzener\",\"isPartOf\":{\"@id\":\"https:\\\/\\\/uelzener.de\\\/magazin\\\/#website\"},\"primaryImageOfPage\":{\"@id\":\"https:\\\/\\\/uelzener.de\\\/magazin\\\/pferd\\\/tiergesundheit\\\/welche-versicherung-pferd\\\/#primaryimage\"},\"image\":{\"@id\":\"https:\\\/\\\/uelzener.de\\\/magazin\\\/pferd\\\/tiergesundheit\\\/welche-versicherung-pferd\\\/#primaryimage\"},\"thumbnailUrl\":\"https:\\\/\\\/uelzener.de\\\/magazin\\\/app\\\/uploads\\\/2022\\\/08\\\/Welche-Versicherung-fuers-Pferd.jpg\",\"datePublished\":\"2024-06-28T06:00:22+00:00\",\"dateModified\":\"2025-07-28T09:45:40+00:00\",\"description\":\"Erfahre, welche Versicherung f\u00fcr dein Pferd wichtig ist \u2714 Kranken-, Haftpflicht-, Unfallversicherung und Co. \u27a4 Erfahre mehr!\",\"breadcrumb\":{\"@id\":\"https:\\\/\\\/uelzener.de\\\/magazin\\\/pferd\\\/tiergesundheit\\\/welche-versicherung-pferd\\\/#breadcrumb\"},\"inLanguage\":\"de\",\"potentialAction\":[{\"@type\":\"ReadAction\",\"target\":[\"https:\\\/\\\/uelzener.de\\\/magazin\\\/pferd\\\/tiergesundheit\\\/welche-versicherung-pferd\\\/\"]}]},{\"@type\":\"ImageObject\",\"inLanguage\":\"de\",\"@id\":\"https:\\\/\\\/uelzener.de\\\/magazin\\\/pferd\\\/tiergesundheit\\\/welche-versicherung-pferd\\\/#primaryimage\",\"url\":\"https:\\\/\\\/uelzener.de\\\/magazin\\\/app\\\/uploads\\\/2022\\\/08\\\/Welche-Versicherung-fuers-Pferd.jpg\",\"contentUrl\":\"https:\\\/\\\/uelzener.de\\\/magazin\\\/app\\\/uploads\\\/2022\\\/08\\\/Welche-Versicherung-fuers-Pferd.jpg\",\"width\":1025,\"height\":450,\"caption\":\"Reiterin f\u00fchrt gesatteltes, braunes Pferd am Z\u00fcgel \u00fcber sonnige Wiesen\"},{\"@type\":\"WebSite\",\"@id\":\"https:\\\/\\\/uelzener.de\\\/magazin\\\/#website\",\"url\":\"https:\\\/\\\/uelzener.de\\\/magazin\\\/\",\"name\":\"Uelzener Tiermagazin\",\"description\":\"Online Tierratgeber der Uelzener Versicherungen\",\"publisher\":{\"@id\":\"https:\\\/\\\/uelzener.de\\\/magazin\\\/#organization\"},\"potentialAction\":[{\"@type\":\"SearchAction\",\"target\":{\"@type\":\"EntryPoint\",\"urlTemplate\":\"https:\\\/\\\/uelzener.de\\\/magazin\\\/?s={search_term_string}\"},\"query-input\":{\"@type\":\"PropertyValueSpecification\",\"valueRequired\":true,\"valueName\":\"search_term_string\"}}],\"inLanguage\":\"de\"},{\"@type\":\"Organization\",\"@id\":\"https:\\\/\\\/uelzener.de\\\/magazin\\\/#organization\",\"name\":\"Uelzener Versicherungen\",\"url\":\"https:\\\/\\\/uelzener.de\\\/magazin\\\/\",\"logo\":{\"@type\":\"ImageObject\",\"inLanguage\":\"de\",\"@id\":\"https:\\\/\\\/uelzener.de\\\/magazin\\\/#\\\/schema\\\/logo\\\/image\\\/\",\"url\":\"https:\\\/\\\/uelzener.de\\\/magazin\\\/app\\\/uploads\\\/2024\\\/11\\\/uelzener_allgemeine_versicherungsgesellschaft_a_g_logo.jpg\",\"contentUrl\":\"https:\\\/\\\/uelzener.de\\\/magazin\\\/app\\\/uploads\\\/2024\\\/11\\\/uelzener_allgemeine_versicherungsgesellschaft_a_g_logo.jpg\",\"width\":200,\"height\":200,\"caption\":\"Uelzener Versicherungen\"},\"image\":{\"@id\":\"https:\\\/\\\/uelzener.de\\\/magazin\\\/#\\\/schema\\\/logo\\\/image\\\/\"},\"sameAs\":[\"https:\\\/\\\/www.facebook.com\\\/Uelzener\",\"https:\\\/\\\/instagram.com\\\/uelzener\",\"https:\\\/\\\/www.xing.com\\\/pages\\\/uelzenerallgemeineversicherungs-gesellschafta-g\",\"https:\\\/\\\/www.youtube.com\\\/UelzenerVersicherungen\"]}]}<\/script>\n<!-- \/ Yoast SEO Premium plugin. -->","yoast_head_json":{"title":"Welche Versicherung sind sinnvoll f\u00fcrs Pferd | Uelzener","description":"Erfahre, welche Versicherung f\u00fcr dein Pferd wichtig ist \u2714 Kranken-, Haftpflicht-, Unfallversicherung und Co. \u27a4 Erfahre mehr!","robots":{"index":"index","follow":"follow","max-snippet":"max-snippet:-1","max-image-preview":"max-image-preview:large","max-video-preview":"max-video-preview:-1"},"canonical":"https:\/\/uelzener.de\/magazin\/pferd\/tiergesundheit\/welche-versicherung-pferd\/","og_locale":"de_DE","og_type":"article","og_title":"Welche Versicherungen f\u00fcrs Pferd? Schutz f\u00fcr Pferd und Reiter:innen","og_description":"Erfahre, welche Versicherung f\u00fcr dein Pferd wichtig ist \u2714 Kranken-, Haftpflicht-, Unfallversicherung und Co. \u27a4 Erfahre mehr!","og_url":"https:\/\/uelzener.de\/magazin\/pferd\/tiergesundheit\/welche-versicherung-pferd\/","og_site_name":"Uelzener Tier-Magazin","article_publisher":"https:\/\/www.facebook.com\/Uelzener","article_modified_time":"2025-07-28T09:45:40+00:00","og_image":[{"width":1025,"height":450,"url":"https:\/\/uelzener.de\/magazin\/app\/uploads\/2022\/08\/Welche-Versicherung-fuers-Pferd.jpg","type":"image\/jpeg"}],"twitter_card":"summary_large_image","twitter_misc":{"Gesch\u00e4tzte Lesezeit":"10\u00a0Minuten"},"schema":{"@context":"https:\/\/schema.org","@graph":[{"@type":"WebPage","@id":"https:\/\/uelzener.de\/magazin\/pferd\/tiergesundheit\/welche-versicherung-pferd\/","url":"https:\/\/uelzener.de\/magazin\/pferd\/tiergesundheit\/welche-versicherung-pferd\/","name":"Welche Versicherung sind sinnvoll f\u00fcrs Pferd | Uelzener","isPartOf":{"@id":"https:\/\/uelzener.de\/magazin\/#website"},"primaryImageOfPage":{"@id":"https:\/\/uelzener.de\/magazin\/pferd\/tiergesundheit\/welche-versicherung-pferd\/#primaryimage"},"image":{"@id":"https:\/\/uelzener.de\/magazin\/pferd\/tiergesundheit\/welche-versicherung-pferd\/#primaryimage"},"thumbnailUrl":"https:\/\/uelzener.de\/magazin\/app\/uploads\/2022\/08\/Welche-Versicherung-fuers-Pferd.jpg","datePublished":"2024-06-28T06:00:22+00:00","dateModified":"2025-07-28T09:45:40+00:00","description":"Erfahre, welche Versicherung f\u00fcr dein Pferd wichtig ist \u2714 Kranken-, Haftpflicht-, Unfallversicherung und Co. \u27a4 Erfahre mehr!","breadcrumb":{"@id":"https:\/\/uelzener.de\/magazin\/pferd\/tiergesundheit\/welche-versicherung-pferd\/#breadcrumb"},"inLanguage":"de","potentialAction":[{"@type":"ReadAction","target":["https:\/\/uelzener.de\/magazin\/pferd\/tiergesundheit\/welche-versicherung-pferd\/"]}]},{"@type":"ImageObject","inLanguage":"de","@id":"https:\/\/uelzener.de\/magazin\/pferd\/tiergesundheit\/welche-versicherung-pferd\/#primaryimage","url":"https:\/\/uelzener.de\/magazin\/app\/uploads\/2022\/08\/Welche-Versicherung-fuers-Pferd.jpg","contentUrl":"https:\/\/uelzener.de\/magazin\/app\/uploads\/2022\/08\/Welche-Versicherung-fuers-Pferd.jpg","width":1025,"height":450,"caption":"Reiterin f\u00fchrt gesatteltes, braunes Pferd am Z\u00fcgel \u00fcber sonnige Wiesen"},{"@type":"WebSite","@id":"https:\/\/uelzener.de\/magazin\/#website","url":"https:\/\/uelzener.de\/magazin\/","name":"Uelzener Tiermagazin","description":"Online Tierratgeber der Uelzener Versicherungen","publisher":{"@id":"https:\/\/uelzener.de\/magazin\/#organization"},"potentialAction":[{"@type":"SearchAction","target":{"@type":"EntryPoint","urlTemplate":"https:\/\/uelzener.de\/magazin\/?s={search_term_string}"},"query-input":{"@type":"PropertyValueSpecification","valueRequired":true,"valueName":"search_term_string"}}],"inLanguage":"de"},{"@type":"Organization","@id":"https:\/\/uelzener.de\/magazin\/#organization","name":"Uelzener Versicherungen","url":"https:\/\/uelzener.de\/magazin\/","logo":{"@type":"ImageObject","inLanguage":"de","@id":"https:\/\/uelzener.de\/magazin\/#\/schema\/logo\/image\/","url":"https:\/\/uelzener.de\/magazin\/app\/uploads\/2024\/11\/uelzener_allgemeine_versicherungsgesellschaft_a_g_logo.jpg","contentUrl":"https:\/\/uelzener.de\/magazin\/app\/uploads\/2024\/11\/uelzener_allgemeine_versicherungsgesellschaft_a_g_logo.jpg","width":200,"height":200,"caption":"Uelzener Versicherungen"},"image":{"@id":"https:\/\/uelzener.de\/magazin\/#\/schema\/logo\/image\/"},"sameAs":["https:\/\/www.facebook.com\/Uelzener","https:\/\/instagram.com\/uelzener","https:\/\/www.xing.com\/pages\/uelzenerallgemeineversicherungs-gesellschafta-g","https:\/\/www.youtube.com\/UelzenerVersicherungen"]}]}},"_links":{"self":[{"href":"https:\/\/uelzener.de\/magazin\/wp-json\/wp\/v2\/pages\/13602","targetHints":{"allow":["GET"]}}],"collection":[{"href":"https:\/\/uelzener.de\/magazin\/wp-json\/wp\/v2\/pages"}],"about":[{"href":"https:\/\/uelzener.de\/magazin\/wp-json\/wp\/v2\/types\/page"}],"author":[{"embeddable":true,"href":"https:\/\/uelzener.de\/magazin\/wp-json\/wp\/v2\/users\/9"}],"replies":[{"embeddable":true,"href":"https:\/\/uelzener.de\/magazin\/wp-json\/wp\/v2\/comments?post=13602"}],"version-history":[{"count":24,"href":"https:\/\/uelzener.de\/magazin\/wp-json\/wp\/v2\/pages\/13602\/revisions"}],"predecessor-version":[{"id":18720,"href":"https:\/\/uelzener.de\/magazin\/wp-json\/wp\/v2\/pages\/13602\/revisions\/18720"}],"up":[{"embeddable":true,"href":"https:\/\/uelzener.de\/magazin\/wp-json\/wp\/v2\/pages\/11706"}],"wp:featuredmedia":[{"embeddable":true,"href":"https:\/\/uelzener.de\/magazin\/wp-json\/wp\/v2\/media\/13619"}],"wp:attachment":[{"href":"https:\/\/uelzener.de\/magazin\/wp-json\/wp\/v2\/media?parent=13602"}],"curies":[{"name":"wp","href":"https:\/\/api.w.org\/{rel}","templated":true}]}}