{"id":12310,"date":"2021-03-16T08:21:38","date_gmt":"2021-03-16T07:21:38","guid":{"rendered":"https:\/\/uelzener.de\/magazin\/?page_id=12310"},"modified":"2024-06-10T14:20:00","modified_gmt":"2024-06-10T12:20:00","slug":"entscheidend-ist-ein-starker-wille","status":"publish","type":"page","link":"https:\/\/uelzener.de\/magazin\/wir\/entscheidend-ist-ein-starker-wille\/","title":{"rendered":"Imke Brammer-Rahlfs zum Internationalen Frauentag: &#8222;Entscheidend ist ein starker Wille&#8220;"},"content":{"rendered":"<p><strong>Am 8. M\u00e4rz ist Internationaler Frauentag. Frauen und M\u00e4nner sind in Deutschland gleichberechtigt. So will es das Grundgesetz. Und erst im Januar hat die Bundesregierung ein weiteres Gesetz auf den Weg gebracht, das Frauen in Unternehmen den Zugang zu F\u00fchrungspositionen erleichtern soll. Wie steht es um die Rolle der berufst\u00e4tigen Frau im Kreis Uelzen? Wir haben mit Imke Brammer-Rahlfs, Vorst\u00e4ndin bei den Uelzener Versicherungen, gesprochen. <\/strong><\/p>\n<h2><strong>Frau Brammer-Rahlfs, wissen Sie, wie viele Frauen bei den Uelzener Versicherungen arbeiten? <\/strong><\/h2>\n<p>Brammer-Rahlfs: (lacht) Als Vorst\u00e4ndin, die auch f\u00fcr das Personal verantwortlich ist, sollte ich es wissen. Bei uns tr\u00e4gt auf jeder zweiten F\u00fchrungsposition eine Frau die Verantwortung. Und rund 70 Prozent unserer Belegschaft sind Frauen. Bei etwa 300 Mitarbeiter:innen bedeutet das: Bei uns arbeiten 210 Frauen.<\/p>\n<h2><strong>Wie kam es zu dem hohen Anteil an Frauen in F\u00fchrungspositionen bei der Uelzener? <\/strong><\/h2>\n<p>Brammer-Rahlfs: (lacht) Die Frauen haben sich durchgesetzt. Aber keine Frau bekommt einen Posten, nur weil sie eine Frau ist. Sie bekommt ihn, weil sie daf\u00fcr qualifiziert ist. Bei der Besetzung von Stellen darf das Geschlecht keine Rolle spielen. Und dass wir im Unternehmen einen so hohen Frauenanteil haben, hat sich organisch entwickelt. Wir sind sehr familienfreundlich. Viele Frauen kommen bereits nach einer kurzen Babypause wieder ins Unternehmen zur\u00fcck.<\/p>\n<h2><strong>Was empfehlen Sie Frauen, die Karriere machen wollen?<\/strong><\/h2>\n<p>Brammer-Rahlfs: Mehr netzwerken. Ich selbst bin in vier Arbeitsgruppen t\u00e4tig und versuche, meine Kontakte kontinuierlich zu pflegen. Ein weiterer wichtiger Baustein: Weiterbildung. Ich mache ungef\u00e4hr alle 4 bis 8 Wochen ein Seminar, das mich weiterbringt. Au\u00dferdem ist meine Erfahrung, dass Frauen einfach mehr Selbstbewusstsein haben sollten, weniger Selbstzweifel und Perfektionismus. Entscheidend f\u00fcr den Weg an die Spitze sind die Soft-Skills, ein starker Wille und eine klare Lebensplanung.<\/p>\n<h2><strong>Und Sie selbst hatten diese klare Lebensplanung?<br \/>\n<\/strong><\/h2>\n<p>Brammer-Rahlfs: Dass ich Vorst\u00e4ndin geworden bin, sehe ich als Geschenk. Immerhin haben rund 80<br \/>\nProzent der Unternehmen in Deutschland keine Frau im Vorstand. Ich habe mir diese Position aber auch erarbeitet. Direkt nach dem Studium habe ich als Diplom-Kauffrau bei den Uelzener Versicherungen angefangen und immer dabei geblieben. Mein Lebensplan war von Anfang an Kinder und Karriere zu verbinden. Ich wusste: Das geht nur mit entsprechender Unterst\u00fctzung durch meinen Mann und die Familie. Und die habe ich bekommen.<\/p>\n<h2><strong>Gibt es einen dezidiert weiblichen F\u00fchrungsstil?<\/strong><\/h2>\n<p>Brammer-Rahlfs: Meine Erfahrung ist, dass der F\u00fchrungsstil mehr mit der jeweiligen Pers\u00f6nlichkeit zu tun hat \u2013 unabh\u00e4ngig ob Frau oder Mann. Was ich aber schon feststelle: Wenn sich Frauen und M\u00e4nner identisch verhalten, dann wird das Verhalten oft nicht gleich bewertet. Dort, wo einem Mann eher durchsetzungsf\u00e4hig und ein Macher ist, wird das Verhalten einer Frau manchmal als zickig bewertet. Auch das Aussehen ist bei Frauen oft wichtig. Bei M\u00e4nnern dagegen kaum.<\/p>\n<h2><strong>Wie w\u00fcrden Sie Ihren F\u00fchrungsstil beschreiben?<\/strong><\/h2>\n<p>Brammer-Rahlfs: F\u00fchren hat f\u00fcr mich etwas mit Dienen zu tun. Der chinesische Philosoph Laotse soll erkannt haben: \u201eWer Menschen f\u00fchren will, muss hinter ihnen gehen.\u201c Das entspricht meinem F\u00fchrungsbild. Meine Aufgabe im Bereich Personal ist, dass sich bei uns alle wohlf\u00fchlen. Dann k\u00f6nnen alle Mitarbeiter:innen produktiv sein und gute Leistungen bringen. Au\u00dferdem halte ich einen wertsch\u00e4tzenden und fairen Umgang miteinander f\u00fcr sehr wichtig. Einer unserer Kernwerte im Unternehmen ist F\u00fcrsorge. Das versuchen wir zu leben.<\/p>\n<h2><strong>Gibt es etwas, das Sie aufgrund Ihrer Position als Vorst\u00e4ndin f\u00fcr Ihr Leben vermissen?<\/strong><\/h2>\n<p>Brammer-Rahlfs: F\u00fcr manches fehlt mir schlicht die Zeit. Das betrifft meine Familie, zu der auch zwei Labradore und eine Haflingerstute geh\u00f6ren, ebenso wie mein ehrenamtliches Engagement, das ich fr\u00fcher im Vereins- oder Kirchenvorstand geleistet habe. Dabei ist mir das sehr wichtig. Jeder sollte sich doch fragen: Was kann ich f\u00fcr die Gemeinschaft tun? Sehr gefreut habe ich mich, als die Uelzener Versicherung den Verein VITA Assistenzhunde e.V. mit einer Spende unterst\u00fctzten konnte. Die Partnerschaft zwischen Mensch und Hund ist einzigartig.<\/p>\n<h2><strong>Stichwort Work-Life-Balance: In der Krise haben Frauen noch mehr zu tun als M\u00e4nner, da sie zuhause in der Regel mehr Aufgaben \u00fcbernehmen. Das verst\u00e4rkt den Trend zu einer traditionellen Rollenverteilung. Wie sieht das in Ihrem Unternehmen aus?\u00a0<\/strong><\/h2>\n<p>Brammer-Rahlfs: Vielfalt und Chancengleichheit sind bei uns seit Langem ein ganz wichtiges Thema. Vor \u00fcber zwanzig Jahren habe ich noch Meetings erlebt, bei denen ich die einzige Frau war. Mittlerweile sind wir ein sehr weibliches Unternehmen. Mit diesem Setting sind wir gut unterwegs \u2013 was die Unternehmenskultur angeht ebenso wie bei unserem starken Wachstumskurs der vergangenen Jahre.<\/p>\n<h2><strong>Bieten sich durch Homeoffice, bedingt durch die Corona-Pandemie, auch mehr Chancen f\u00fcr Frauen?<\/strong><\/h2>\n<p>Brammer-Rahlfs: Davon bin ich \u00fcberzeugt. Corona wird das Arbeitsleben von Frauen nachhaltig ver\u00e4ndern. Viele Arbeiten lassen sich jetzt von zu Hause aus oder mobil erledigen \u2013 ohne langen Weg zur Arbeitsstelle. Das bringt Vorteile mit sich, wenn frau Kind und Karriere verbinden m\u00f6chte. Zudem hat die Digitalisierung neue Berufsfelder geschaffen. Auch das bedeutet f\u00fcr Frauen weitere Chancen auf dem Arbeitsmarkt.<\/p>\n<h2><strong>Imke Brammer-Rahlfs<br \/>\n<\/strong><\/h2>\n<p>Die <a href=\"https:\/\/uelzener.de\/magazin\/wir\/interview-mit-neuer-vorstandsgruppe\/\">Vorst\u00e4ndin der Uelzener Versicherung<\/a> hat Betriebswirtschaftslehre studiert und einen weiteren versicherungsfachlichen Abschluss als \u201eSpezialistin Risikomanagement\u201c.\u00a0 Im Uelzener Unternehmen hat sie 1991 als Sachbearbeiterin im Haftpflicht- und Unfallsachbereich angefangen. Nach der Gruppenleitung in diesem Bereich wurde sie Gesch\u00e4ftsf\u00fchrerin der Rechtsschutz Schadenservice GmbH und hat in dieser Funktion unter anderem ein neues Schadensmanagement f\u00fcr das Unternehmen aufgebaut. In den Vorstand berufen wurde sie im April 2012.<\/p>\n","protected":false},"excerpt":{"rendered":"<p>Am 8. M\u00e4rz ist Internationaler Frauentag. Frauen und M\u00e4nner sind in Deutschland gleichberechtigt. So will es das Grundgesetz. Und erst im Januar hat die Bundesregierung ein weiteres Gesetz auf den Weg gebracht, das Frauen in Unternehmen den Zugang zu F\u00fchrungspositionen erleichtern soll. Wie steht es um die Rolle der berufst\u00e4tigen Frau im Kreis Uelzen? Wir [&hellip;]<\/p>\n","protected":false},"author":3,"featured_media":12311,"parent":2469,"menu_order":0,"comment_status":"closed","ping_status":"closed","template":"templates\/blog.php","meta":{"_acf_changed":false,"_crdt_document":"","footnotes":"","beyondwords_generate_audio":"","beyondwords_project_id":"","beyondwords_content_id":"","beyondwords_preview_token":"","beyondwords_player_style":"","beyondwords_language_id":"","beyondwords_title_voice_id":"","beyondwords_body_voice_id":"","beyondwords_summary_voice_id":"","beyondwords_error_message":"","beyondwords_disabled":"","beyondwords_delete_content":"","beyondwords_podcast_id":"","beyondwords_hash":"","publish_post_to_speechkit":"","speechkit_hash":"","speechkit_generate_audio":"","speechkit_project_id":"","speechkit_podcast_id":"","speechkit_error_message":"","speechkit_disabled":"","speechkit_access_key":"","speechkit_error":"","speechkit_info":"","speechkit_response":"","speechkit_retries":"","speechkit_status":"","speechkit_updated_at":"","_speechkit_link":"","_speechkit_text":""},"class_list":["post-12310","page","type-page","status-publish","has-post-thumbnail","hentry"],"acf":[],"yoast_head":"<!-- This site is optimized with the Yoast SEO Premium plugin  - https:\/\/yoast.com\/product\/yoast-seo-premium-wordpress\/ -->\n<title>Imke Brammer-Rahlfs zum Internationalen Frauentag: &quot;Entscheidend ist ein starker Wille&quot; | Uelzener Magazin<\/title>\n<meta name=\"description\" content=\"Wie steht es um die Rolle der berufst\u00e4tigen Frau im Kreis Uelzen? Wir haben mit Imke Brammer-Rahlfs, Vorst\u00e4ndin bei den Uelzener Versicherungen, gesprochen.\" \/>\n<meta name=\"robots\" content=\"index, follow, max-snippet:-1, max-image-preview:large, max-video-preview:-1\" \/>\n<link rel=\"canonical\" href=\"https:\/\/uelzener.de\/magazin\/wir\/entscheidend-ist-ein-starker-wille\/\" \/>\n<meta property=\"og:locale\" content=\"de_DE\" \/>\n<meta property=\"og:type\" content=\"article\" \/>\n<meta property=\"og:title\" content=\"Imke Brammer-Rahlfs zum Internationalen Frauentag: &quot;Entscheidend ist ein starker Wille&quot;\" \/>\n<meta property=\"og:description\" content=\"Wie steht es um die Rolle der berufst\u00e4tigen Frau im Kreis Uelzen? Wir haben mit Imke Brammer-Rahlfs, Vorst\u00e4ndin bei den Uelzener Versicherungen, gesprochen.\" \/>\n<meta property=\"og:url\" content=\"https:\/\/uelzener.de\/magazin\/wir\/entscheidend-ist-ein-starker-wille\/\" \/>\n<meta property=\"og:site_name\" content=\"Uelzener Tier-Magazin\" \/>\n<meta property=\"article:publisher\" content=\"https:\/\/www.facebook.com\/Uelzener\" \/>\n<meta property=\"article:modified_time\" content=\"2024-06-10T12:20:00+00:00\" \/>\n<meta property=\"og:image\" content=\"https:\/\/uelzener.de\/magazin\/app\/uploads\/2021\/03\/Uelzener_Brammer_Rahlfs-mit-Hund-e1615879237920.jpg\" \/>\n\t<meta property=\"og:image:width\" content=\"2224\" \/>\n\t<meta property=\"og:image:height\" content=\"1112\" \/>\n\t<meta property=\"og:image:type\" content=\"image\/jpeg\" \/>\n<meta name=\"twitter:card\" content=\"summary_large_image\" \/>\n<meta name=\"twitter:label1\" content=\"Gesch\u00e4tzte Lesezeit\" \/>\n\t<meta name=\"twitter:data1\" content=\"4\u00a0Minuten\" \/>\n<script type=\"application\/ld+json\" class=\"yoast-schema-graph\">{\"@context\":\"https:\\\/\\\/schema.org\",\"@graph\":[{\"@type\":\"WebPage\",\"@id\":\"https:\\\/\\\/uelzener.de\\\/magazin\\\/wir\\\/entscheidend-ist-ein-starker-wille\\\/\",\"url\":\"https:\\\/\\\/uelzener.de\\\/magazin\\\/wir\\\/entscheidend-ist-ein-starker-wille\\\/\",\"name\":\"Imke Brammer-Rahlfs zum Internationalen Frauentag: \\\"Entscheidend ist ein starker Wille\\\" | Uelzener Magazin\",\"isPartOf\":{\"@id\":\"https:\\\/\\\/uelzener.de\\\/magazin\\\/#website\"},\"primaryImageOfPage\":{\"@id\":\"https:\\\/\\\/uelzener.de\\\/magazin\\\/wir\\\/entscheidend-ist-ein-starker-wille\\\/#primaryimage\"},\"image\":{\"@id\":\"https:\\\/\\\/uelzener.de\\\/magazin\\\/wir\\\/entscheidend-ist-ein-starker-wille\\\/#primaryimage\"},\"thumbnailUrl\":\"https:\\\/\\\/uelzener.de\\\/magazin\\\/app\\\/uploads\\\/2021\\\/03\\\/Uelzener_Brammer_Rahlfs-mit-Hund-e1615879237920.jpg\",\"datePublished\":\"2021-03-16T07:21:38+00:00\",\"dateModified\":\"2024-06-10T12:20:00+00:00\",\"description\":\"Wie steht es um die Rolle der berufst\u00e4tigen Frau im Kreis Uelzen? Wir haben mit Imke Brammer-Rahlfs, Vorst\u00e4ndin bei den Uelzener Versicherungen, gesprochen.\",\"breadcrumb\":{\"@id\":\"https:\\\/\\\/uelzener.de\\\/magazin\\\/wir\\\/entscheidend-ist-ein-starker-wille\\\/#breadcrumb\"},\"inLanguage\":\"de\",\"potentialAction\":[{\"@type\":\"ReadAction\",\"target\":[\"https:\\\/\\\/uelzener.de\\\/magazin\\\/wir\\\/entscheidend-ist-ein-starker-wille\\\/\"]}]},{\"@type\":\"ImageObject\",\"inLanguage\":\"de\",\"@id\":\"https:\\\/\\\/uelzener.de\\\/magazin\\\/wir\\\/entscheidend-ist-ein-starker-wille\\\/#primaryimage\",\"url\":\"https:\\\/\\\/uelzener.de\\\/magazin\\\/app\\\/uploads\\\/2021\\\/03\\\/Uelzener_Brammer_Rahlfs-mit-Hund-e1615879237920.jpg\",\"contentUrl\":\"https:\\\/\\\/uelzener.de\\\/magazin\\\/app\\\/uploads\\\/2021\\\/03\\\/Uelzener_Brammer_Rahlfs-mit-Hund-e1615879237920.jpg\",\"width\":2224,\"height\":1112,\"caption\":\"Frau mit braunem Hund\"},{\"@type\":\"WebSite\",\"@id\":\"https:\\\/\\\/uelzener.de\\\/magazin\\\/#website\",\"url\":\"https:\\\/\\\/uelzener.de\\\/magazin\\\/\",\"name\":\"Uelzener Tiermagazin\",\"description\":\"Online Tierratgeber der Uelzener Versicherungen\",\"publisher\":{\"@id\":\"https:\\\/\\\/uelzener.de\\\/magazin\\\/#organization\"},\"potentialAction\":[{\"@type\":\"SearchAction\",\"target\":{\"@type\":\"EntryPoint\",\"urlTemplate\":\"https:\\\/\\\/uelzener.de\\\/magazin\\\/?s={search_term_string}\"},\"query-input\":{\"@type\":\"PropertyValueSpecification\",\"valueRequired\":true,\"valueName\":\"search_term_string\"}}],\"inLanguage\":\"de\"},{\"@type\":\"Organization\",\"@id\":\"https:\\\/\\\/uelzener.de\\\/magazin\\\/#organization\",\"name\":\"Uelzener Versicherungen\",\"url\":\"https:\\\/\\\/uelzener.de\\\/magazin\\\/\",\"logo\":{\"@type\":\"ImageObject\",\"inLanguage\":\"de\",\"@id\":\"https:\\\/\\\/uelzener.de\\\/magazin\\\/#\\\/schema\\\/logo\\\/image\\\/\",\"url\":\"https:\\\/\\\/uelzener.de\\\/magazin\\\/app\\\/uploads\\\/2024\\\/11\\\/uelzener_allgemeine_versicherungsgesellschaft_a_g_logo.jpg\",\"contentUrl\":\"https:\\\/\\\/uelzener.de\\\/magazin\\\/app\\\/uploads\\\/2024\\\/11\\\/uelzener_allgemeine_versicherungsgesellschaft_a_g_logo.jpg\",\"width\":200,\"height\":200,\"caption\":\"Uelzener Versicherungen\"},\"image\":{\"@id\":\"https:\\\/\\\/uelzener.de\\\/magazin\\\/#\\\/schema\\\/logo\\\/image\\\/\"},\"sameAs\":[\"https:\\\/\\\/www.facebook.com\\\/Uelzener\",\"https:\\\/\\\/instagram.com\\\/uelzener\",\"https:\\\/\\\/www.xing.com\\\/pages\\\/uelzenerallgemeineversicherungs-gesellschafta-g\",\"https:\\\/\\\/www.youtube.com\\\/UelzenerVersicherungen\"]}]}<\/script>\n<!-- \/ Yoast SEO Premium plugin. -->","yoast_head_json":{"title":"Imke Brammer-Rahlfs zum Internationalen Frauentag: \"Entscheidend ist ein starker Wille\" | Uelzener Magazin","description":"Wie steht es um die Rolle der berufst\u00e4tigen Frau im Kreis Uelzen? Wir haben mit Imke Brammer-Rahlfs, Vorst\u00e4ndin bei den Uelzener Versicherungen, gesprochen.","robots":{"index":"index","follow":"follow","max-snippet":"max-snippet:-1","max-image-preview":"max-image-preview:large","max-video-preview":"max-video-preview:-1"},"canonical":"https:\/\/uelzener.de\/magazin\/wir\/entscheidend-ist-ein-starker-wille\/","og_locale":"de_DE","og_type":"article","og_title":"Imke Brammer-Rahlfs zum Internationalen Frauentag: \"Entscheidend ist ein starker Wille\"","og_description":"Wie steht es um die Rolle der berufst\u00e4tigen Frau im Kreis Uelzen? Wir haben mit Imke Brammer-Rahlfs, Vorst\u00e4ndin bei den Uelzener Versicherungen, gesprochen.","og_url":"https:\/\/uelzener.de\/magazin\/wir\/entscheidend-ist-ein-starker-wille\/","og_site_name":"Uelzener Tier-Magazin","article_publisher":"https:\/\/www.facebook.com\/Uelzener","article_modified_time":"2024-06-10T12:20:00+00:00","og_image":[{"width":2224,"height":1112,"url":"https:\/\/uelzener.de\/magazin\/app\/uploads\/2021\/03\/Uelzener_Brammer_Rahlfs-mit-Hund-e1615879237920.jpg","type":"image\/jpeg"}],"twitter_card":"summary_large_image","twitter_misc":{"Gesch\u00e4tzte Lesezeit":"4\u00a0Minuten"},"schema":{"@context":"https:\/\/schema.org","@graph":[{"@type":"WebPage","@id":"https:\/\/uelzener.de\/magazin\/wir\/entscheidend-ist-ein-starker-wille\/","url":"https:\/\/uelzener.de\/magazin\/wir\/entscheidend-ist-ein-starker-wille\/","name":"Imke Brammer-Rahlfs zum Internationalen Frauentag: \"Entscheidend ist ein starker Wille\" | Uelzener Magazin","isPartOf":{"@id":"https:\/\/uelzener.de\/magazin\/#website"},"primaryImageOfPage":{"@id":"https:\/\/uelzener.de\/magazin\/wir\/entscheidend-ist-ein-starker-wille\/#primaryimage"},"image":{"@id":"https:\/\/uelzener.de\/magazin\/wir\/entscheidend-ist-ein-starker-wille\/#primaryimage"},"thumbnailUrl":"https:\/\/uelzener.de\/magazin\/app\/uploads\/2021\/03\/Uelzener_Brammer_Rahlfs-mit-Hund-e1615879237920.jpg","datePublished":"2021-03-16T07:21:38+00:00","dateModified":"2024-06-10T12:20:00+00:00","description":"Wie steht es um die Rolle der berufst\u00e4tigen Frau im Kreis Uelzen? Wir haben mit Imke Brammer-Rahlfs, Vorst\u00e4ndin bei den Uelzener Versicherungen, gesprochen.","breadcrumb":{"@id":"https:\/\/uelzener.de\/magazin\/wir\/entscheidend-ist-ein-starker-wille\/#breadcrumb"},"inLanguage":"de","potentialAction":[{"@type":"ReadAction","target":["https:\/\/uelzener.de\/magazin\/wir\/entscheidend-ist-ein-starker-wille\/"]}]},{"@type":"ImageObject","inLanguage":"de","@id":"https:\/\/uelzener.de\/magazin\/wir\/entscheidend-ist-ein-starker-wille\/#primaryimage","url":"https:\/\/uelzener.de\/magazin\/app\/uploads\/2021\/03\/Uelzener_Brammer_Rahlfs-mit-Hund-e1615879237920.jpg","contentUrl":"https:\/\/uelzener.de\/magazin\/app\/uploads\/2021\/03\/Uelzener_Brammer_Rahlfs-mit-Hund-e1615879237920.jpg","width":2224,"height":1112,"caption":"Frau mit braunem Hund"},{"@type":"WebSite","@id":"https:\/\/uelzener.de\/magazin\/#website","url":"https:\/\/uelzener.de\/magazin\/","name":"Uelzener Tiermagazin","description":"Online Tierratgeber der Uelzener Versicherungen","publisher":{"@id":"https:\/\/uelzener.de\/magazin\/#organization"},"potentialAction":[{"@type":"SearchAction","target":{"@type":"EntryPoint","urlTemplate":"https:\/\/uelzener.de\/magazin\/?s={search_term_string}"},"query-input":{"@type":"PropertyValueSpecification","valueRequired":true,"valueName":"search_term_string"}}],"inLanguage":"de"},{"@type":"Organization","@id":"https:\/\/uelzener.de\/magazin\/#organization","name":"Uelzener Versicherungen","url":"https:\/\/uelzener.de\/magazin\/","logo":{"@type":"ImageObject","inLanguage":"de","@id":"https:\/\/uelzener.de\/magazin\/#\/schema\/logo\/image\/","url":"https:\/\/uelzener.de\/magazin\/app\/uploads\/2024\/11\/uelzener_allgemeine_versicherungsgesellschaft_a_g_logo.jpg","contentUrl":"https:\/\/uelzener.de\/magazin\/app\/uploads\/2024\/11\/uelzener_allgemeine_versicherungsgesellschaft_a_g_logo.jpg","width":200,"height":200,"caption":"Uelzener Versicherungen"},"image":{"@id":"https:\/\/uelzener.de\/magazin\/#\/schema\/logo\/image\/"},"sameAs":["https:\/\/www.facebook.com\/Uelzener","https:\/\/instagram.com\/uelzener","https:\/\/www.xing.com\/pages\/uelzenerallgemeineversicherungs-gesellschafta-g","https:\/\/www.youtube.com\/UelzenerVersicherungen"]}]}},"_links":{"self":[{"href":"https:\/\/uelzener.de\/magazin\/wp-json\/wp\/v2\/pages\/12310","targetHints":{"allow":["GET"]}}],"collection":[{"href":"https:\/\/uelzener.de\/magazin\/wp-json\/wp\/v2\/pages"}],"about":[{"href":"https:\/\/uelzener.de\/magazin\/wp-json\/wp\/v2\/types\/page"}],"author":[{"embeddable":true,"href":"https:\/\/uelzener.de\/magazin\/wp-json\/wp\/v2\/users\/3"}],"replies":[{"embeddable":true,"href":"https:\/\/uelzener.de\/magazin\/wp-json\/wp\/v2\/comments?post=12310"}],"version-history":[{"count":8,"href":"https:\/\/uelzener.de\/magazin\/wp-json\/wp\/v2\/pages\/12310\/revisions"}],"predecessor-version":[{"id":17495,"href":"https:\/\/uelzener.de\/magazin\/wp-json\/wp\/v2\/pages\/12310\/revisions\/17495"}],"up":[{"embeddable":true,"href":"https:\/\/uelzener.de\/magazin\/wp-json\/wp\/v2\/pages\/2469"}],"wp:featuredmedia":[{"embeddable":true,"href":"https:\/\/uelzener.de\/magazin\/wp-json\/wp\/v2\/media\/12311"}],"wp:attachment":[{"href":"https:\/\/uelzener.de\/magazin\/wp-json\/wp\/v2\/media?parent=12310"}],"curies":[{"name":"wp","href":"https:\/\/api.w.org\/{rel}","templated":true}]}}