{"id":10288,"date":"2024-07-03T13:00:00","date_gmt":"2024-07-03T11:00:00","guid":{"rendered":""},"modified":"2024-11-13T12:12:30","modified_gmt":"2024-11-13T11:12:30","slug":"west-nil-virus-pferd","status":"publish","type":"page","link":"https:\/\/uelzener.de\/magazin\/pferd\/tiergesundheit\/west-nil-virus-pferd\/","title":{"rendered":"West-Nil-Virus: F\u00fcr Pferde und Menschen eine Gefahr"},"content":{"rendered":"<p>Das West-Nil-Virus verbreitet sich seit einigen Jahren auch in Deutschland. Die Infektion trifft in erster Linie V\u00f6gel, aber auch Pferde und Menschen k\u00f6nnen sich infizieren. Wir gehen dem Virus auf den Grund und erkl\u00e4ren, wie es sich \u00fcbertr\u00e4gt, was bei einer Infektion zu beachten ist und was sich pr\u00e4ventiv gegen eine Infektion unternehmen l\u00e4sst.<\/p>\n<h2>So wird das West-Nil-Fieber auf Pferde \u00fcbertragen<\/h2>\n<p>\u00dcbertr\u00e4ger des West-Nil-Virus sind Stechm\u00fccken. Mensch sowie Pferd k\u00f6nnen durch den Stich einer infizierten M\u00fccke an dem Virus erkranken. Eine direkte \u00dcbertragung zwischen Mensch-Mensch, Pferd-Mensch und Pferd-Pferd ist jedoch nicht m\u00f6glich. Das West-Nil-Virus wird \u00fcber das Blut \u00fcbertragen und besonders beim Menschen k\u00f6nnen eine Organtransplantation sowie eine Bluttransfusion ebenfalls f\u00fcr eine Infektion verantwortlich sein.<\/p>\n<h2>Welchen Grund hat der steigende Anstieg des West-Nil-Virus?<\/h2>\n<p>Erstmalig aufgetaucht ist das West-Nil-Virus 1937 in Uganda und breitete sich stetig \u00fcber alle Kontinente aus. In den 60er Jahren gelangte das Virus nach Europa. In Deutschland trat 2018 erstmalig das West-Nil-Fieber bei Pferden und V\u00f6geln auf. Ein Grund f\u00fcr die stetige Verbreitung, besonders in Deutschland, ist das langanhaltende, warme Wetter. Die Sommertemperaturen steigern die Vermehrung des Virus in der M\u00fccke. Au\u00dferdem hat die M\u00fccke bei hei\u00dfem und langem Sommer die beste M\u00f6glichkeit sich zu vermehren. Die M\u00fcckenpopulation steigt st\u00e4rker an.<\/p>\n<h2>Beim West-Nil-Virus zeigen nur einige Pferde Symptome<\/h2>\n<p>Genau wie beim Menschen entwickeln bei einer Infektion mit dem West-Nil-Virus die meisten Pferde keine Symptome. Wenn jedoch Anzeichen sichtbar werden, tauchen bei Pferden die ersten Symptome zwischen 3 und 14 Tage nach dem Stich der M\u00fccke auf:<\/p>\n<ul>\n<li><strong><a href=\"https:\/\/www.uelzener.de\/blog\/tier\/fieber-husten-nasenausfluss-hat-ihr-pferd-eine-erkaeltung.html\">Fieber bei Pferden<\/a><\/strong><\/li>\n<li>Depressionen<\/li>\n<li>Hinterhandschw\u00e4che<\/li>\n<li>Straucheln und Stolpern<\/li>\n<li>Appetitlosigkeit<\/li>\n<li><a href=\"https:\/\/uelzener.de\/magazin\/pferd\/tiergesundheit\/kolik-beim-pferd\/\">Kolik<\/a> Anzeichen<\/li>\n<li>Mattigkeit<\/li>\n<li>Apathie<\/li>\n<li>Kr\u00e4mpfe<\/li>\n<li>Muskelzuckungen<\/li>\n<li>Blindheit<\/li>\n<li>Kopfschiefhaltung<\/li>\n<li>Partielle L\u00e4hmung<\/li>\n<\/ul>\n<p>Bei rund 30 bis 40 Prozent der infizierten Pferde bei denen Symptome sichtbar sind, verl\u00e4uft die Erkrankung t\u00f6dlich. Aber selbst bei einer Genesung bleibt das West-Nil-Virus bei circa 20 Prozent der infizierten Pferde nicht ohne Folgen. <a href=\"https:\/\/uelzener.de\/magazin\/pferd\/tiergesundheit\/ataxie-beim-pferd\/\" target=\"_blank\" rel=\"noopener\">Ataxie<\/a> und Schw\u00e4cheerscheinungen k\u00f6nnen als Folgeerscheinung auftreten. Im schlimmsten Fall ist das Pferd als Reitpferd unbrauchbar.<\/p>\n<h2>So kannst du das West-Nil-Virus bei Pferden erkennen<\/h2>\n<p>Eine klare Aussage kann nur eine Laboruntersuchung des Blutes, K\u00f6rperfl\u00fcssigkeiten oder Organe der Pferde geben. Die Symptome sind sehr unspezifisch bzw. treten in vielen F\u00e4llen gar nicht auf. So kann das West-Nil-Fieber bei Pferden nicht mit einer herk\u00f6mmlichen Routineuntersuchung diagnostiziert werden.<\/p>\n<h2>Meldepflicht: So gehst du vor, wenn das West-Nil-Virus ausbricht<\/h2>\n<p>Liegt eine Infektion mit dem West-Nil-Virus bei Pferden oder V\u00f6geln vor, gilt eine Anzeigepflicht. Nicht nur der Tierhalter, sondern auch der Tierarzt sowie die Laboreinrichtungen m\u00fcssen den Fall melden. Das Veterin\u00e4ramt ben\u00f6tigt dabei folgende Informationen:<\/p>\n<ul>\n<li>Name, Anschrift und Standort<\/li>\n<li>Haltungsform des Pferdes<\/li>\n<li>andere Tiere, die m\u00f6glicherweise vom West-Nil-Virus betroffen sein k\u00f6nnten<\/li>\n<\/ul>\n<p>Aber auch beim Menschen ist eine Ansteckung mit der Infektion meldepflichtig \u00ad\u2013 der behandelnde Arzt informiert die Beh\u00f6rden.<\/p>\n<p><img decoding=\"async\" src=\"\/magazin\/app\/uploads\/2021\/02\/e689593e-1907-4dd8-9185-3761c463a6cc.jpg\" \/><\/p>\n<p>Als Pr\u00e4ventionsma\u00dfnahme zum Schutz vor dem West-Nil-Virus kann dein Pferd mit einer Impfung gesch\u00fctzt werden. Eine Grundimmunisierung sollte vor der n\u00e4chsten M\u00fcckensaison erfolgt sein. Besonders in bereits betroffenen Gebieten sowie bei h\u00e4ufigen Besuchen von Pferdeveranstaltungen r\u00e4t die St\u00e4ndige Impfkommission zu einer Impfung. Bei Unsicherheiten hilft der Tierarzt weiter.<\/p>\n<p><img decoding=\"async\" class=\"alignnone wp-image-17205 size-large\" src=\"https:\/\/uelzener.de\/magazin\/app\/uploads\/2024\/03\/Pferd6-1024x1024.jpg\" alt=\"Uelzener Infografik: Wie viele Pferde ein Deutschland sind geimpft?\" width=\"1024\" height=\"1024\" srcset=\"https:\/\/uelzener.de\/magazin\/app\/uploads\/2024\/03\/Pferd6-1024x1024.jpg 1024w, https:\/\/uelzener.de\/magazin\/app\/uploads\/2024\/03\/Pferd6-300x300.jpg 300w, https:\/\/uelzener.de\/magazin\/app\/uploads\/2024\/03\/Pferd6-150x150.jpg 150w, https:\/\/uelzener.de\/magazin\/app\/uploads\/2024\/03\/Pferd6-768x768.jpg 768w, https:\/\/uelzener.de\/magazin\/app\/uploads\/2024\/03\/Pferd6-1026x1026.jpg 1026w, https:\/\/uelzener.de\/magazin\/app\/uploads\/2024\/03\/Pferd6-668x668.jpg 668w, https:\/\/uelzener.de\/magazin\/app\/uploads\/2024\/03\/Pferd6.jpg 1080w\" sizes=\"(max-width: 1024px) 100vw, 1024px\" \/><\/p>\n<p>Bei einer West-Nil-Virus-Impfung deines Pferdes entstehen Kosten f\u00fcr Impfstoff und Behandlung. Wenn dein Pferd mit unserer <strong>Pferde-Krankenversicherung<\/strong> versichert ist, werden diese Kosten im Rahmen der Prophylaxema\u00dfnahmen, welche auf 100 \u20ac pro Versicherungsjahr begrenzt sind, erstattet. In einigen Bundesl\u00e4ndern k\u00f6nnen Pferdebesitzer au\u00dferdem Beihilfen f\u00fcr die Untersuchung und Impfung gegen das West-Nil-Virus beantragen. Informiere dich hierzu am besten direkt bei der Tierseuchenkasse deines Bundeslandes.<\/p>\n\n<div class=\"banner\">\n    <a href=\"https:\/\/uelzener.de\/pferd\/herden-versicherung\/?agt=0000104925&sem=true&utm_medium=magazin&utm_source=wordpress&utm_campaign=pferd_kv&utm_content=banner    \">\n        <img decoding=\"async\" width=\"300\" height=\"212\" src=\"https:\/\/uelzener.de\/magazin\/app\/uploads\/2025\/01\/Pferde-Kranken-Versicherung.jpg\" class=\"attachment-medium size-medium\" alt=\"Banner Pferde-Kranken-Versicherung\" \/>    <\/a>\n<\/div>\n\n<h2>Ma\u00dfnahmen zur Reduzierung der Stechm\u00fccken<\/h2>\n<p>Hat die M\u00fcckensaison begonnen, k\u00f6nnen folgende Ma\u00dfnahmen zur Reduzierung der Plagegeister das Risiko einer Infektion mindern und so zum pr\u00e4ventiven Schutz Deines Pferdes beitragen:<\/p>\n<ul>\n<li>Das Wasser der Tr\u00e4nken sollten t\u00e4glich gewechselt werden. So haben eventuelle M\u00fcckeneier im Wasser keine Chance zur Vermehrung.<\/li>\n<li>Generell sollten alle anderen Beh\u00e4ltnisse, in denen sich Wasser sammelt, abgedeckt oder st\u00e4ndig geleert werden. Je weniger Stechm\u00fccken sich im Umfeld des Pferdes befinden, desto kleiner ist das Risiko einer Ansteckung mit dem West-Nil-Virus.<\/li>\n<li>M\u00fccken haben zudem eine magische Anziehung aufs Licht. Sobald niemand mehr im Stall arbeitet, ist abends das Ausschalten des Lichtes die beste M\u00f6glichkeit, die Plagegeister vom Stall fernzuhalten.<\/li>\n<li>M\u00fcckenfallen k\u00f6nnen ebenfalls am Stall die Zahl der Stechm\u00fccken eind\u00e4mmen.<\/li>\n<li>Besonders, wenn Pferde auf der Weide untergebracht sind, k\u00f6nnen Insektensprays (Repellentien) einen M\u00fcckenstich verhindern. So kannst du das Risiko einer Infektion mit dem West-Nil-Virus f\u00fcr Ihr Pferd senken.<\/li>\n<\/ul>\n<h2>Fazit<\/h2>\n<p>Das West-Nil-Virus kommt vergleichsweise selten vor. Viele infizierte Pferde zeigen keine Symptome. \u00c4u\u00dfern sich bei einem Tier Symptome, k\u00f6nnen diese jedoch schlimme Folgen haben. 30 % bis 40 % der Erkrankungen verlaufen t\u00f6dlich. Aber auch genesende Pferde leiden oftmals unter problematischen Nachwirkungen, die bis zur dauerhaften Unbrauchbarkeit f\u00fchren k\u00f6nnen.<\/p>\n<h2>FAQ: H\u00e4ufig gestellte Fragen<\/h2>\n<h3>Gibt es Medikamente gegen das West-Nil-Virus?<\/h3>\n<p>Ein zuverl\u00e4ssiges Medikament gegen das Virus gibt es in der Schulmedizin derzeit nicht. Die Infektion mit West-Nil-Virus kann nur symptomatisch behandelt werden.<\/p>\n<h3>Wie h\u00e4ufig kommt das West-Nil-Virus vor?<\/h3>\n<p>Laut <a href=\"https:\/\/www.rki.de\/DE\/Content\/InfAZ\/W\/WestNilFieber\/West-Nil-Fieber_Ueberblick.html#:~:text=Im%20Sp%C3%A4tsommer%202019%20wurden%20erste,%3B%202022%3A%2017%20Infektionen).\">Robert-Koch-Institut (RKI)<\/a> tritt das West-Nil-Fieber seit 2019 auch in Deutschland auf. 2019 wurden 5 Infektionen bekannt. Im darauffolgenden Jahr stieg die Anzahl der bekannten Infektionen auf 22 an. 2021 wurden 4 Infektionen verzeichnet und 2022 waren es 17. Das RKI geht davon aus, dass es weitere unerkannt gebliebene Infektionen gab, da sich nur bei einem geringen Teil der Infizierten Symptome zeigen.<\/p>\n","protected":false},"excerpt":{"rendered":"<p>Das West-Nil-Virus verbreitet sich seit einigen Jahren auch in Deutschland. Die Infektion trifft in erster Linie V\u00f6gel, aber auch Pferde und Menschen k\u00f6nnen sich infizieren. Wir gehen dem Virus auf den Grund und erkl\u00e4ren, wie es sich \u00fcbertr\u00e4gt, was bei einer Infektion zu beachten ist und was sich pr\u00e4ventiv gegen eine Infektion unternehmen l\u00e4sst. So [&hellip;]<\/p>\n","protected":false},"author":1,"featured_media":15760,"parent":11706,"menu_order":59,"comment_status":"open","ping_status":"open","template":"templates\/blog.php","meta":{"_acf_changed":false,"_crdt_document":"","footnotes":"","beyondwords_generate_audio":"0","beyondwords_project_id":"","beyondwords_content_id":"","beyondwords_preview_token":"","beyondwords_player_style":"","beyondwords_language_id":"","beyondwords_title_voice_id":"","beyondwords_body_voice_id":"","beyondwords_summary_voice_id":"","beyondwords_error_message":"","beyondwords_disabled":"","beyondwords_delete_content":"","beyondwords_podcast_id":"","beyondwords_hash":"","publish_post_to_speechkit":"","speechkit_hash":"","speechkit_generate_audio":"","speechkit_project_id":"","speechkit_podcast_id":"","speechkit_error_message":"","speechkit_disabled":"","speechkit_access_key":"","speechkit_error":"","speechkit_info":"","speechkit_response":"","speechkit_retries":"","speechkit_status":"","speechkit_updated_at":"","_speechkit_link":"","_speechkit_text":""},"class_list":["post-10288","page","type-page","status-publish","has-post-thumbnail","hentry"],"acf":[],"yoast_head":"<!-- This site is optimized with the Yoast SEO Premium plugin  - https:\/\/yoast.com\/product\/yoast-seo-premium-wordpress\/ -->\n<title>West-Nil-Virus bei Pferden - Symptome &amp; Behandlung | Uelzener<\/title>\n<meta name=\"description\" content=\"Erfahre alles zur West-Nil-Virus-Infektion beim Pferd \u2713 Symptome \u2713 \u00dcbertragung \u2713 Impfung \u2713 Pr\u00e4vention \u25b6 Hier informieren!\" \/>\n<meta name=\"robots\" content=\"index, follow, max-snippet:-1, max-image-preview:large, max-video-preview:-1\" \/>\n<link rel=\"canonical\" href=\"https:\/\/uelzener.de\/magazin\/pferd\/tiergesundheit\/west-nil-virus-pferd\/\" \/>\n<meta property=\"og:locale\" content=\"de_DE\" \/>\n<meta property=\"og:type\" content=\"article\" \/>\n<meta property=\"og:title\" content=\"West-Nil-Virus: F\u00fcr Pferde und Menschen eine Gefahr\" \/>\n<meta property=\"og:description\" content=\"Erfahre alles zur West-Nil-Virus-Infektion beim Pferd \u2713 Symptome \u2713 \u00dcbertragung \u2713 Impfung \u2713 Pr\u00e4vention \u25b6 Hier informieren!\" \/>\n<meta property=\"og:url\" content=\"https:\/\/uelzener.de\/magazin\/pferd\/tiergesundheit\/west-nil-virus-pferd\/\" \/>\n<meta property=\"og:site_name\" content=\"Uelzener Tier-Magazin\" \/>\n<meta property=\"article:publisher\" content=\"https:\/\/www.facebook.com\/Uelzener\" \/>\n<meta property=\"article:modified_time\" content=\"2024-11-13T11:12:30+00:00\" \/>\n<meta property=\"og:image\" content=\"https:\/\/uelzener.de\/magazin\/app\/uploads\/2023\/06\/west-nil-virus-pferd.jpg\" \/>\n\t<meta property=\"og:image:width\" content=\"1025\" \/>\n\t<meta property=\"og:image:height\" content=\"450\" \/>\n\t<meta property=\"og:image:type\" content=\"image\/jpeg\" \/>\n<meta name=\"twitter:card\" content=\"summary_large_image\" \/>\n<meta name=\"twitter:label1\" content=\"Gesch\u00e4tzte Lesezeit\" \/>\n\t<meta name=\"twitter:data1\" content=\"5\u00a0Minuten\" \/>\n<script type=\"application\/ld+json\" class=\"yoast-schema-graph\">{\"@context\":\"https:\\\/\\\/schema.org\",\"@graph\":[{\"@type\":\"WebPage\",\"@id\":\"https:\\\/\\\/uelzener.de\\\/magazin\\\/pferd\\\/tiergesundheit\\\/west-nil-virus-pferd\\\/\",\"url\":\"https:\\\/\\\/uelzener.de\\\/magazin\\\/pferd\\\/tiergesundheit\\\/west-nil-virus-pferd\\\/\",\"name\":\"West-Nil-Virus bei Pferden - Symptome & Behandlung | Uelzener\",\"isPartOf\":{\"@id\":\"https:\\\/\\\/uelzener.de\\\/magazin\\\/#website\"},\"primaryImageOfPage\":{\"@id\":\"https:\\\/\\\/uelzener.de\\\/magazin\\\/pferd\\\/tiergesundheit\\\/west-nil-virus-pferd\\\/#primaryimage\"},\"image\":{\"@id\":\"https:\\\/\\\/uelzener.de\\\/magazin\\\/pferd\\\/tiergesundheit\\\/west-nil-virus-pferd\\\/#primaryimage\"},\"thumbnailUrl\":\"https:\\\/\\\/uelzener.de\\\/magazin\\\/app\\\/uploads\\\/2023\\\/06\\\/west-nil-virus-pferd.jpg\",\"datePublished\":\"2024-07-03T11:00:00+00:00\",\"dateModified\":\"2024-11-13T11:12:30+00:00\",\"description\":\"Erfahre alles zur West-Nil-Virus-Infektion beim Pferd \u2713 Symptome \u2713 \u00dcbertragung \u2713 Impfung \u2713 Pr\u00e4vention \u25b6 Hier informieren!\",\"breadcrumb\":{\"@id\":\"https:\\\/\\\/uelzener.de\\\/magazin\\\/pferd\\\/tiergesundheit\\\/west-nil-virus-pferd\\\/#breadcrumb\"},\"inLanguage\":\"de\",\"potentialAction\":[{\"@type\":\"ReadAction\",\"target\":[\"https:\\\/\\\/uelzener.de\\\/magazin\\\/pferd\\\/tiergesundheit\\\/west-nil-virus-pferd\\\/\"]}]},{\"@type\":\"ImageObject\",\"inLanguage\":\"de\",\"@id\":\"https:\\\/\\\/uelzener.de\\\/magazin\\\/pferd\\\/tiergesundheit\\\/west-nil-virus-pferd\\\/#primaryimage\",\"url\":\"https:\\\/\\\/uelzener.de\\\/magazin\\\/app\\\/uploads\\\/2023\\\/06\\\/west-nil-virus-pferd.jpg\",\"contentUrl\":\"https:\\\/\\\/uelzener.de\\\/magazin\\\/app\\\/uploads\\\/2023\\\/06\\\/west-nil-virus-pferd.jpg\",\"width\":1025,\"height\":450,\"caption\":\"Der West-Nil-Virus wird durch M\u00fccken \u00fcbertragen und ist f\u00fcr Pferde gef\u00e4hrlich.\"},{\"@type\":\"WebSite\",\"@id\":\"https:\\\/\\\/uelzener.de\\\/magazin\\\/#website\",\"url\":\"https:\\\/\\\/uelzener.de\\\/magazin\\\/\",\"name\":\"Uelzener Tiermagazin\",\"description\":\"Online Tierratgeber der Uelzener Versicherungen\",\"publisher\":{\"@id\":\"https:\\\/\\\/uelzener.de\\\/magazin\\\/#organization\"},\"potentialAction\":[{\"@type\":\"SearchAction\",\"target\":{\"@type\":\"EntryPoint\",\"urlTemplate\":\"https:\\\/\\\/uelzener.de\\\/magazin\\\/?s={search_term_string}\"},\"query-input\":{\"@type\":\"PropertyValueSpecification\",\"valueRequired\":true,\"valueName\":\"search_term_string\"}}],\"inLanguage\":\"de\"},{\"@type\":\"Organization\",\"@id\":\"https:\\\/\\\/uelzener.de\\\/magazin\\\/#organization\",\"name\":\"Uelzener Versicherungen\",\"url\":\"https:\\\/\\\/uelzener.de\\\/magazin\\\/\",\"logo\":{\"@type\":\"ImageObject\",\"inLanguage\":\"de\",\"@id\":\"https:\\\/\\\/uelzener.de\\\/magazin\\\/#\\\/schema\\\/logo\\\/image\\\/\",\"url\":\"https:\\\/\\\/uelzener.de\\\/magazin\\\/app\\\/uploads\\\/2024\\\/11\\\/uelzener_allgemeine_versicherungsgesellschaft_a_g_logo.jpg\",\"contentUrl\":\"https:\\\/\\\/uelzener.de\\\/magazin\\\/app\\\/uploads\\\/2024\\\/11\\\/uelzener_allgemeine_versicherungsgesellschaft_a_g_logo.jpg\",\"width\":200,\"height\":200,\"caption\":\"Uelzener Versicherungen\"},\"image\":{\"@id\":\"https:\\\/\\\/uelzener.de\\\/magazin\\\/#\\\/schema\\\/logo\\\/image\\\/\"},\"sameAs\":[\"https:\\\/\\\/www.facebook.com\\\/Uelzener\",\"https:\\\/\\\/instagram.com\\\/uelzener\",\"https:\\\/\\\/www.xing.com\\\/pages\\\/uelzenerallgemeineversicherungs-gesellschafta-g\",\"https:\\\/\\\/www.youtube.com\\\/UelzenerVersicherungen\"]}]}<\/script>\n<!-- \/ Yoast SEO Premium plugin. -->","yoast_head_json":{"title":"West-Nil-Virus bei Pferden - Symptome & Behandlung | Uelzener","description":"Erfahre alles zur West-Nil-Virus-Infektion beim Pferd \u2713 Symptome \u2713 \u00dcbertragung \u2713 Impfung \u2713 Pr\u00e4vention \u25b6 Hier informieren!","robots":{"index":"index","follow":"follow","max-snippet":"max-snippet:-1","max-image-preview":"max-image-preview:large","max-video-preview":"max-video-preview:-1"},"canonical":"https:\/\/uelzener.de\/magazin\/pferd\/tiergesundheit\/west-nil-virus-pferd\/","og_locale":"de_DE","og_type":"article","og_title":"West-Nil-Virus: F\u00fcr Pferde und Menschen eine Gefahr","og_description":"Erfahre alles zur West-Nil-Virus-Infektion beim Pferd \u2713 Symptome \u2713 \u00dcbertragung \u2713 Impfung \u2713 Pr\u00e4vention \u25b6 Hier informieren!","og_url":"https:\/\/uelzener.de\/magazin\/pferd\/tiergesundheit\/west-nil-virus-pferd\/","og_site_name":"Uelzener Tier-Magazin","article_publisher":"https:\/\/www.facebook.com\/Uelzener","article_modified_time":"2024-11-13T11:12:30+00:00","og_image":[{"width":1025,"height":450,"url":"https:\/\/uelzener.de\/magazin\/app\/uploads\/2023\/06\/west-nil-virus-pferd.jpg","type":"image\/jpeg"}],"twitter_card":"summary_large_image","twitter_misc":{"Gesch\u00e4tzte Lesezeit":"5\u00a0Minuten"},"schema":{"@context":"https:\/\/schema.org","@graph":[{"@type":"WebPage","@id":"https:\/\/uelzener.de\/magazin\/pferd\/tiergesundheit\/west-nil-virus-pferd\/","url":"https:\/\/uelzener.de\/magazin\/pferd\/tiergesundheit\/west-nil-virus-pferd\/","name":"West-Nil-Virus bei Pferden - Symptome & Behandlung | Uelzener","isPartOf":{"@id":"https:\/\/uelzener.de\/magazin\/#website"},"primaryImageOfPage":{"@id":"https:\/\/uelzener.de\/magazin\/pferd\/tiergesundheit\/west-nil-virus-pferd\/#primaryimage"},"image":{"@id":"https:\/\/uelzener.de\/magazin\/pferd\/tiergesundheit\/west-nil-virus-pferd\/#primaryimage"},"thumbnailUrl":"https:\/\/uelzener.de\/magazin\/app\/uploads\/2023\/06\/west-nil-virus-pferd.jpg","datePublished":"2024-07-03T11:00:00+00:00","dateModified":"2024-11-13T11:12:30+00:00","description":"Erfahre alles zur West-Nil-Virus-Infektion beim Pferd \u2713 Symptome \u2713 \u00dcbertragung \u2713 Impfung \u2713 Pr\u00e4vention \u25b6 Hier informieren!","breadcrumb":{"@id":"https:\/\/uelzener.de\/magazin\/pferd\/tiergesundheit\/west-nil-virus-pferd\/#breadcrumb"},"inLanguage":"de","potentialAction":[{"@type":"ReadAction","target":["https:\/\/uelzener.de\/magazin\/pferd\/tiergesundheit\/west-nil-virus-pferd\/"]}]},{"@type":"ImageObject","inLanguage":"de","@id":"https:\/\/uelzener.de\/magazin\/pferd\/tiergesundheit\/west-nil-virus-pferd\/#primaryimage","url":"https:\/\/uelzener.de\/magazin\/app\/uploads\/2023\/06\/west-nil-virus-pferd.jpg","contentUrl":"https:\/\/uelzener.de\/magazin\/app\/uploads\/2023\/06\/west-nil-virus-pferd.jpg","width":1025,"height":450,"caption":"Der West-Nil-Virus wird durch M\u00fccken \u00fcbertragen und ist f\u00fcr Pferde gef\u00e4hrlich."},{"@type":"WebSite","@id":"https:\/\/uelzener.de\/magazin\/#website","url":"https:\/\/uelzener.de\/magazin\/","name":"Uelzener Tiermagazin","description":"Online Tierratgeber der Uelzener Versicherungen","publisher":{"@id":"https:\/\/uelzener.de\/magazin\/#organization"},"potentialAction":[{"@type":"SearchAction","target":{"@type":"EntryPoint","urlTemplate":"https:\/\/uelzener.de\/magazin\/?s={search_term_string}"},"query-input":{"@type":"PropertyValueSpecification","valueRequired":true,"valueName":"search_term_string"}}],"inLanguage":"de"},{"@type":"Organization","@id":"https:\/\/uelzener.de\/magazin\/#organization","name":"Uelzener Versicherungen","url":"https:\/\/uelzener.de\/magazin\/","logo":{"@type":"ImageObject","inLanguage":"de","@id":"https:\/\/uelzener.de\/magazin\/#\/schema\/logo\/image\/","url":"https:\/\/uelzener.de\/magazin\/app\/uploads\/2024\/11\/uelzener_allgemeine_versicherungsgesellschaft_a_g_logo.jpg","contentUrl":"https:\/\/uelzener.de\/magazin\/app\/uploads\/2024\/11\/uelzener_allgemeine_versicherungsgesellschaft_a_g_logo.jpg","width":200,"height":200,"caption":"Uelzener Versicherungen"},"image":{"@id":"https:\/\/uelzener.de\/magazin\/#\/schema\/logo\/image\/"},"sameAs":["https:\/\/www.facebook.com\/Uelzener","https:\/\/instagram.com\/uelzener","https:\/\/www.xing.com\/pages\/uelzenerallgemeineversicherungs-gesellschafta-g","https:\/\/www.youtube.com\/UelzenerVersicherungen"]}]}},"_links":{"self":[{"href":"https:\/\/uelzener.de\/magazin\/wp-json\/wp\/v2\/pages\/10288","targetHints":{"allow":["GET"]}}],"collection":[{"href":"https:\/\/uelzener.de\/magazin\/wp-json\/wp\/v2\/pages"}],"about":[{"href":"https:\/\/uelzener.de\/magazin\/wp-json\/wp\/v2\/types\/page"}],"author":[{"embeddable":true,"href":"https:\/\/uelzener.de\/magazin\/wp-json\/wp\/v2\/users\/1"}],"replies":[{"embeddable":true,"href":"https:\/\/uelzener.de\/magazin\/wp-json\/wp\/v2\/comments?post=10288"}],"version-history":[{"count":16,"href":"https:\/\/uelzener.de\/magazin\/wp-json\/wp\/v2\/pages\/10288\/revisions"}],"predecessor-version":[{"id":17381,"href":"https:\/\/uelzener.de\/magazin\/wp-json\/wp\/v2\/pages\/10288\/revisions\/17381"}],"up":[{"embeddable":true,"href":"https:\/\/uelzener.de\/magazin\/wp-json\/wp\/v2\/pages\/11706"}],"wp:featuredmedia":[{"embeddable":true,"href":"https:\/\/uelzener.de\/magazin\/wp-json\/wp\/v2\/media\/15760"}],"wp:attachment":[{"href":"https:\/\/uelzener.de\/magazin\/wp-json\/wp\/v2\/media?parent=10288"}],"curies":[{"name":"wp","href":"https:\/\/api.w.org\/{rel}","templated":true}]}}