{"id":10287,"date":"2022-02-15T00:00:00","date_gmt":"2022-02-14T23:00:00","guid":{"rendered":""},"modified":"2024-01-31T10:43:24","modified_gmt":"2024-01-31T09:43:24","slug":"fieber-und-erkaeltung-pferd","status":"publish","type":"page","link":"https:\/\/uelzener.de\/magazin\/pferd\/tiergesundheit\/fieber-und-erkaeltung-pferd\/","title":{"rendered":"Husten, Nasenausfluss und Fieber beim Pferd: Anzeichen f\u00fcr eine Erk\u00e4ltung?"},"content":{"rendered":"<p>Eine Erk\u00e4ltung kann auch Pferden zu schaffen machen. Aber ist eine Erk\u00e4ltung von Mensch auf Pferd \u00fcbertragbar? Bei dieser Frage kannst Du aufatmen und ohne Gefahr mit laufender Nase Deinem Pferd einen Besuch abstatten. Mehr zur Erk\u00e4ltung beim Pferd und warum Du diese Erkrankung nicht auf die leichte Schulter nehmen solltest, erf\u00e4hrst Du in diesem Beitrag.<\/p>\n<h2>K\u00f6nnen Pferde sich erk\u00e4lten?<\/h2>\n<p>Eine Erk\u00e4ltung ist ein Infekt der Atemwege. Ursache sind meist Viren, die durch Nase und Maul in die Schleimh\u00e4ute gelangen. Bei Pferden und Menschen ist der Prozess der Ansteckung der Gleiche.<\/p>\n<p>Bei einer Erk\u00e4ltung leiden Pferde unter denselben Symptomen, wie wir Menschen. Durch das geschw\u00e4chte Immunsystem haben Viren und Bakterien ein leichtes Spiel. Deshalb sollten Pferdebesitzer bei den Anzeichen einer Erk\u00e4ltung den Tierarzt rufen. Nur ein Experte kann die richtige Behandlung bei einer Erk\u00e4ltung bestimmt und gezielt behandeln.<\/p>\n<h2>Warum bekommen Pferde eine Erk\u00e4ltung?<\/h2>\n<p>Bei Pferden mit ohnehin geschw\u00e4chtem Immunsystem \u2013 zum Beispiel aufgrund einer vorherigen Erkrankung, Transport, Futter- oder <a href=\"https:\/\/uelzener.de\/magazin\/pferd\/haeufige-fragen\/liste-haeufigste-pferdekrankheiten-operationen\/\" target=\"_blank\" rel=\"noopener\">Stallwechsel<\/a> \u2013 ist das Risiko, an einer Erk\u00e4ltung zu erkranken, h\u00f6her. Obwohl bei Pferden eine Erk\u00e4ltung meist im Winter zuschl\u00e4gt, ist nicht die K\u00e4lte daran schuld. Pferde kommen hervorragend mit frostigen Temperaturen zurecht. Durch die <strong>Thermoregulation<\/strong> geh\u00f6ren Pferde zu den Tieren, die sich perfekt an Temperaturschwankungen anpassen k\u00f6nnen. Jedoch ist st\u00e4ndige N\u00e4sse und Zugluft nicht gut f\u00fcr die Gesundheit der Vierbeiner. Ein trockener und windgesch\u00fctzter Unterstand ist Pflicht. Achtung: Frische Luft ist f\u00fcr Pferde jedoch lebensnotwendig und muss auch bei Boxenhaltung unbedingt vorhanden sein.<\/p>\n<p><img decoding=\"async\" src=\"\/magazin\/app\/uploads\/2021\/02\/25ec4b0e-356e-4170-97e6-7ae5e22d5467.jpg\" \/><\/p>\n<p>Niesen, Schniefen, Schnauben sind klassische Symptome einer Erk\u00e4ltung. <strong>Nasenausfluss<\/strong> bei Pferden kommt jedoch selten allein. In der Regel handelt es sich um <strong>Begleiterscheinungen <\/strong>einer Infektion der Atemwege. Aber wann muss bei einem Schnupfen der Tierarzt kommen? Der Nasenausfluss kann unterschiedlich beschaffen sein und h\u00e4ngt von der vorliegenden Krankheit ab.<\/p>\n<ul>\n<li>Ist der Nasenausfluss des Pferdes nur einseitig, kann statt einer Erk\u00e4ltung auch Nasenrotz f\u00fcr die Beschwerden verantwortlich sein.<\/li>\n<li>Ein eitriger und schleimiger Ausfluss aus beiden N\u00fcstern deutet auf eine bakterielle Infektion hin.<\/li>\n<li>Bei einer Virus-Infektion hingegen ist der Nasenausfluss eher w\u00e4ssrig und stark ausgepr\u00e4gt.<\/li>\n<\/ul>\n<p>Diese Anzeichen kann jedoch nur ein <strong>Tierarzt<\/strong> sicher deuten. Bei Unsicherheiten schafft ein <strong>Anruf beim Experten Gewissheit.<\/strong> Hat das Pferd nur w\u00e4ssrigen Nasenausfluss und ist ansonsten vom Allgemeinbefinden ungest\u00f6rt (kein Fieber, Futter- und Wasseraufnahme normal), dann reicht erst einmal das Beobachten. Solche Diagnosen beim Tierarzt werden von der <a href=\"https:\/\/uelzener.de\/pferd\/pferde-krankenversicherung\/\">Pferde-Krankenversicherung<\/a> der Uelzener komplett \u00fcbernommen.<\/p>\n<h2>Mein Pferd hat Husten<\/h2>\n<p>Bei der Erk\u00e4ltung eines Pferdes ist Husten meist ein weiteres typisches Symptom. Die Gr\u00fcnde f\u00fcr Husten bei Pferden sind jedoch vielf\u00e4ltig. <strong>Staub, Allergien oder Ammoniakbelastung<\/strong> k\u00f6nnen ebenfalls die Atemwege reizen. Atemwegserkrankungen wie <a href=\"https:\/\/uelzener.de\/magazin\/pferd\/tiergesundheit\/daempfigkeit-atemwegserkrankungen-beim-pferd\/\">D\u00e4mpfigkeit<\/a> kommen bei Pferden h\u00e4ufig vor. Eine Erk\u00e4ltung bzw. eine <strong>Atemwegserkrankun<\/strong><strong>g<\/strong> muss vollst\u00e4ndig ausheilen. Ein zu fr\u00fcher Trainingsstart und \u00dcberbelastung kann eine <strong>chronische Bronchitis<\/strong> des Pferdes zur Folge haben. In schwerwiegenden F\u00e4llen kann ein Pferd durch eine chronische Lungenerkrankung sogar als Reitpferd nicht mehr nutzbar sein. \u00dcbrigens: Von chronisch spricht man in der Medizin, wenn eine Erkrankung mehr als drei Wochen besteht.<\/p>\n<h2>Mein Pferd hat Fieber<\/h2>\n<p>Genau wie beim Menschen ist auch beim Pferd Fieber ein Symptom und wichtig f\u00fcr die Abwehr. Durch die Steigerung der <strong>K\u00f6rpertemperatur<\/strong> bek\u00e4mpft das Pferd Infektionserreger, wie Bakterien oder Viren. Die <strong>Normaltemperatur<\/strong> bei Pferden liegt zwischen <strong>37 und 38.5 Grad.<\/strong> Bei sehr jungen Fohlen ist auch eine Temperatur von 39 Grad nicht besorgniserregend. Fieber verr\u00e4t viel \u00fcber die Gesundheit des Pferdes. Grund f\u00fcr Fieber bei Pferden kann eine <strong>Infektionserkrankung<\/strong> (z.B. Erk\u00e4ltung oder <strong><a href=\"https:\/\/uelzener.de\/magazin\/pferd\/tiergesundheit\/west-nil-virus-pferd\/\">West-Nil-Virus bei Pferden<\/a><\/strong>), aber auch eine <strong>Entz\u00fcndung oder eine Vergiftung<\/strong> sein.<\/p>\n<p>Steigt die K\u00f6rpertemperatur des Pferdes \u00fcber 40 Grad, sollte umgehend der Tierarzt verst\u00e4ndigt werden. Denn ab einer Temperatur von <strong>41 Grad kann das Fieber f\u00fcr Ihr Pferd lebensbedrohlich<\/strong> sein.<\/p>\n<p>&nbsp;<\/p>\n<p><img decoding=\"async\" src=\"\/magazin\/app\/uploads\/2021\/02\/1ffaeca4-cbed-45a8-b815-b20fa9707ae2.jpg\" \/><\/p>\n<p>Ein handels\u00fcbliches <strong>digitales Fieberthermometer<\/strong> reicht vollkommen aus, um zu pr\u00fcfen, ob Dein Pferd Normaltemperatur oder Fieber hat. Bitte nutze zum Fieber messen bei Deinem Pferd kein altes Thermometer aus Glas mit Quecksilberf\u00fcllung. Die Gefahr, dass es zerbricht, ist viel zu gro\u00df. Au\u00dferdem ist der direkte Kontakt mit Quecksilber f\u00fcr Mensch und Pferd hoch giftig. Gemessen wird im After der Tiere. Stelle Dich seitlich neben das Pferd, nimm den Schweif zur Seite und halte das Thermometer beim Messen gut fest, sonst verschwindet es im schlimmsten Fall im Pferd. Optimaler Weise h\u00e4lt eine zweite Person das Pferd am Kopf fest.<\/p>\n<h2>Erk\u00e4ltungssymptome k\u00f6nnen auch auf eine Druse hinweisen<\/h2>\n<p>Husten, Nasenausfluss und leichtes Fieber sind klassische Erk\u00e4ltungssymptome. Beobachte Dein Pferd genau. \u00c4hnliche Anzeichen tauchen auch bei einer <strong><a href=\"https:\/\/www.uelzener.de\/blog\/tier\/schockdiagnose-druse.html\">Druse bei Pferden<\/a><\/strong> auf. <strong>Druse<\/strong> ist eine bakterielle Infektion, die f\u00fcr Pferde lebensbedrohlich sein kann. Eine weitere Gefahr besteht, wenn die Symptome einer Druse nicht erkannt werden. Die <strong>Infektionskrankheit<\/strong> ist hochansteckend unter Pferden. Ist ein Pferd an Druse erkrankt, sollte es daher unbedingt isoliert werden.<\/p>\n<p><a href=\"https:\/\/uelzener.de\/magazin\/pferd\/haeufige-fragen\/liste-haeufigste-pferdekrankheiten-operationen\/\">Mehr zu weiteren Pferdekrankheiten<\/a> hier im Uelzener Tiermagazin!<\/p>\n","protected":false},"excerpt":{"rendered":"<p>Eine Erk\u00e4ltung kann auch Pferden zu schaffen machen. Aber ist eine Erk\u00e4ltung von Mensch auf Pferd \u00fcbertragbar? Bei dieser Frage kannst Du aufatmen und ohne Gefahr mit laufender Nase Deinem Pferd einen Besuch abstatten. Mehr zur Erk\u00e4ltung beim Pferd und warum Du diese Erkrankung nicht auf die leichte Schulter nehmen solltest, erf\u00e4hrst Du in diesem [&hellip;]<\/p>\n","protected":false},"author":1,"featured_media":13035,"parent":11706,"menu_order":57,"comment_status":"closed","ping_status":"closed","template":"templates\/blog.php","meta":{"_acf_changed":false,"_crdt_document":"","footnotes":"","beyondwords_generate_audio":"0","beyondwords_project_id":"","beyondwords_content_id":"","beyondwords_preview_token":"","beyondwords_player_style":"","beyondwords_language_id":"","beyondwords_title_voice_id":"","beyondwords_body_voice_id":"","beyondwords_summary_voice_id":"","beyondwords_error_message":"","beyondwords_disabled":"","beyondwords_delete_content":"","beyondwords_podcast_id":"","beyondwords_hash":"","publish_post_to_speechkit":"","speechkit_hash":"","speechkit_generate_audio":"","speechkit_project_id":"","speechkit_podcast_id":"","speechkit_error_message":"","speechkit_disabled":"","speechkit_access_key":"","speechkit_error":"","speechkit_info":"","speechkit_response":"","speechkit_retries":"","speechkit_status":"","speechkit_updated_at":"","_speechkit_link":"","_speechkit_text":""},"class_list":["post-10287","page","type-page","status-publish","has-post-thumbnail","hentry"],"acf":[],"yoast_head":"<!-- This site is optimized with the Yoast SEO Premium plugin  - https:\/\/yoast.com\/product\/yoast-seo-premium-wordpress\/ -->\n<title>Husten, Nasenausfluss &amp; Fieber beim Pferd | Uelzener<\/title>\n<meta name=\"description\" content=\"So erkennst Du bei Deinem Pferd eine Erk\u00e4ltung \u2713 Nasenausfluss \u2713 Husten \u2713 Fieber messen \u25b6 Hier mehr erfahren!\" \/>\n<meta name=\"robots\" content=\"index, follow, max-snippet:-1, max-image-preview:large, max-video-preview:-1\" \/>\n<link rel=\"canonical\" href=\"https:\/\/uelzener.de\/magazin\/pferd\/tiergesundheit\/fieber-und-erkaeltung-pferd\/\" \/>\n<meta property=\"og:locale\" content=\"de_DE\" \/>\n<meta property=\"og:type\" content=\"article\" \/>\n<meta property=\"og:title\" content=\"Husten, Nasenausfluss und Fieber beim Pferd: Anzeichen f\u00fcr eine Erk\u00e4ltung?\" \/>\n<meta property=\"og:description\" content=\"So erkennst Du bei Deinem Pferd eine Erk\u00e4ltung \u2713 Nasenausfluss \u2713 Husten \u2713 Fieber messen \u25b6 Hier mehr erfahren!\" \/>\n<meta property=\"og:url\" content=\"https:\/\/uelzener.de\/magazin\/pferd\/tiergesundheit\/fieber-und-erkaeltung-pferd\/\" \/>\n<meta property=\"og:site_name\" content=\"Uelzener Tier-Magazin\" \/>\n<meta property=\"article:publisher\" content=\"https:\/\/www.facebook.com\/Uelzener\" \/>\n<meta property=\"article:modified_time\" content=\"2024-01-31T09:43:24+00:00\" \/>\n<meta property=\"og:image\" content=\"https:\/\/uelzener.de\/magazin\/app\/uploads\/2022\/02\/Erkaeltung-beim-Pferd.jpg\" \/>\n\t<meta property=\"og:image:width\" content=\"1024\" \/>\n\t<meta property=\"og:image:height\" content=\"450\" \/>\n\t<meta property=\"og:image:type\" content=\"image\/jpeg\" \/>\n<meta name=\"twitter:card\" content=\"summary_large_image\" \/>\n<meta name=\"twitter:label1\" content=\"Gesch\u00e4tzte Lesezeit\" \/>\n\t<meta name=\"twitter:data1\" content=\"4\u00a0Minuten\" \/>\n<script type=\"application\/ld+json\" class=\"yoast-schema-graph\">{\"@context\":\"https:\\\/\\\/schema.org\",\"@graph\":[{\"@type\":\"WebPage\",\"@id\":\"https:\\\/\\\/uelzener.de\\\/magazin\\\/pferd\\\/tiergesundheit\\\/fieber-und-erkaeltung-pferd\\\/\",\"url\":\"https:\\\/\\\/uelzener.de\\\/magazin\\\/pferd\\\/tiergesundheit\\\/fieber-und-erkaeltung-pferd\\\/\",\"name\":\"Husten, Nasenausfluss & Fieber beim Pferd | Uelzener\",\"isPartOf\":{\"@id\":\"https:\\\/\\\/uelzener.de\\\/magazin\\\/#website\"},\"primaryImageOfPage\":{\"@id\":\"https:\\\/\\\/uelzener.de\\\/magazin\\\/pferd\\\/tiergesundheit\\\/fieber-und-erkaeltung-pferd\\\/#primaryimage\"},\"image\":{\"@id\":\"https:\\\/\\\/uelzener.de\\\/magazin\\\/pferd\\\/tiergesundheit\\\/fieber-und-erkaeltung-pferd\\\/#primaryimage\"},\"thumbnailUrl\":\"https:\\\/\\\/uelzener.de\\\/magazin\\\/app\\\/uploads\\\/2022\\\/02\\\/Erkaeltung-beim-Pferd.jpg\",\"datePublished\":\"2022-02-14T23:00:00+00:00\",\"dateModified\":\"2024-01-31T09:43:24+00:00\",\"description\":\"So erkennst Du bei Deinem Pferd eine Erk\u00e4ltung \u2713 Nasenausfluss \u2713 Husten \u2713 Fieber messen \u25b6 Hier mehr erfahren!\",\"breadcrumb\":{\"@id\":\"https:\\\/\\\/uelzener.de\\\/magazin\\\/pferd\\\/tiergesundheit\\\/fieber-und-erkaeltung-pferd\\\/#breadcrumb\"},\"inLanguage\":\"de\",\"potentialAction\":[{\"@type\":\"ReadAction\",\"target\":[\"https:\\\/\\\/uelzener.de\\\/magazin\\\/pferd\\\/tiergesundheit\\\/fieber-und-erkaeltung-pferd\\\/\"]}]},{\"@type\":\"ImageObject\",\"inLanguage\":\"de\",\"@id\":\"https:\\\/\\\/uelzener.de\\\/magazin\\\/pferd\\\/tiergesundheit\\\/fieber-und-erkaeltung-pferd\\\/#primaryimage\",\"url\":\"https:\\\/\\\/uelzener.de\\\/magazin\\\/app\\\/uploads\\\/2022\\\/02\\\/Erkaeltung-beim-Pferd.jpg\",\"contentUrl\":\"https:\\\/\\\/uelzener.de\\\/magazin\\\/app\\\/uploads\\\/2022\\\/02\\\/Erkaeltung-beim-Pferd.jpg\",\"width\":1024,\"height\":450,\"caption\":\"N\u00fcstern eines braunen Pferdes: Ist es erk\u00e4ltet?\"},{\"@type\":\"WebSite\",\"@id\":\"https:\\\/\\\/uelzener.de\\\/magazin\\\/#website\",\"url\":\"https:\\\/\\\/uelzener.de\\\/magazin\\\/\",\"name\":\"Uelzener Tiermagazin\",\"description\":\"Online Tierratgeber der Uelzener Versicherungen\",\"publisher\":{\"@id\":\"https:\\\/\\\/uelzener.de\\\/magazin\\\/#organization\"},\"potentialAction\":[{\"@type\":\"SearchAction\",\"target\":{\"@type\":\"EntryPoint\",\"urlTemplate\":\"https:\\\/\\\/uelzener.de\\\/magazin\\\/?s={search_term_string}\"},\"query-input\":{\"@type\":\"PropertyValueSpecification\",\"valueRequired\":true,\"valueName\":\"search_term_string\"}}],\"inLanguage\":\"de\"},{\"@type\":\"Organization\",\"@id\":\"https:\\\/\\\/uelzener.de\\\/magazin\\\/#organization\",\"name\":\"Uelzener Versicherungen\",\"url\":\"https:\\\/\\\/uelzener.de\\\/magazin\\\/\",\"logo\":{\"@type\":\"ImageObject\",\"inLanguage\":\"de\",\"@id\":\"https:\\\/\\\/uelzener.de\\\/magazin\\\/#\\\/schema\\\/logo\\\/image\\\/\",\"url\":\"https:\\\/\\\/uelzener.de\\\/magazin\\\/app\\\/uploads\\\/2024\\\/11\\\/uelzener_allgemeine_versicherungsgesellschaft_a_g_logo.jpg\",\"contentUrl\":\"https:\\\/\\\/uelzener.de\\\/magazin\\\/app\\\/uploads\\\/2024\\\/11\\\/uelzener_allgemeine_versicherungsgesellschaft_a_g_logo.jpg\",\"width\":200,\"height\":200,\"caption\":\"Uelzener Versicherungen\"},\"image\":{\"@id\":\"https:\\\/\\\/uelzener.de\\\/magazin\\\/#\\\/schema\\\/logo\\\/image\\\/\"},\"sameAs\":[\"https:\\\/\\\/www.facebook.com\\\/Uelzener\",\"https:\\\/\\\/instagram.com\\\/uelzener\",\"https:\\\/\\\/www.xing.com\\\/pages\\\/uelzenerallgemeineversicherungs-gesellschafta-g\",\"https:\\\/\\\/www.youtube.com\\\/UelzenerVersicherungen\"]}]}<\/script>\n<!-- \/ Yoast SEO Premium plugin. -->","yoast_head_json":{"title":"Husten, Nasenausfluss & Fieber beim Pferd | Uelzener","description":"So erkennst Du bei Deinem Pferd eine Erk\u00e4ltung \u2713 Nasenausfluss \u2713 Husten \u2713 Fieber messen \u25b6 Hier mehr erfahren!","robots":{"index":"index","follow":"follow","max-snippet":"max-snippet:-1","max-image-preview":"max-image-preview:large","max-video-preview":"max-video-preview:-1"},"canonical":"https:\/\/uelzener.de\/magazin\/pferd\/tiergesundheit\/fieber-und-erkaeltung-pferd\/","og_locale":"de_DE","og_type":"article","og_title":"Husten, Nasenausfluss und Fieber beim Pferd: Anzeichen f\u00fcr eine Erk\u00e4ltung?","og_description":"So erkennst Du bei Deinem Pferd eine Erk\u00e4ltung \u2713 Nasenausfluss \u2713 Husten \u2713 Fieber messen \u25b6 Hier mehr erfahren!","og_url":"https:\/\/uelzener.de\/magazin\/pferd\/tiergesundheit\/fieber-und-erkaeltung-pferd\/","og_site_name":"Uelzener Tier-Magazin","article_publisher":"https:\/\/www.facebook.com\/Uelzener","article_modified_time":"2024-01-31T09:43:24+00:00","og_image":[{"width":1024,"height":450,"url":"https:\/\/uelzener.de\/magazin\/app\/uploads\/2022\/02\/Erkaeltung-beim-Pferd.jpg","type":"image\/jpeg"}],"twitter_card":"summary_large_image","twitter_misc":{"Gesch\u00e4tzte Lesezeit":"4\u00a0Minuten"},"schema":{"@context":"https:\/\/schema.org","@graph":[{"@type":"WebPage","@id":"https:\/\/uelzener.de\/magazin\/pferd\/tiergesundheit\/fieber-und-erkaeltung-pferd\/","url":"https:\/\/uelzener.de\/magazin\/pferd\/tiergesundheit\/fieber-und-erkaeltung-pferd\/","name":"Husten, Nasenausfluss & Fieber beim Pferd | Uelzener","isPartOf":{"@id":"https:\/\/uelzener.de\/magazin\/#website"},"primaryImageOfPage":{"@id":"https:\/\/uelzener.de\/magazin\/pferd\/tiergesundheit\/fieber-und-erkaeltung-pferd\/#primaryimage"},"image":{"@id":"https:\/\/uelzener.de\/magazin\/pferd\/tiergesundheit\/fieber-und-erkaeltung-pferd\/#primaryimage"},"thumbnailUrl":"https:\/\/uelzener.de\/magazin\/app\/uploads\/2022\/02\/Erkaeltung-beim-Pferd.jpg","datePublished":"2022-02-14T23:00:00+00:00","dateModified":"2024-01-31T09:43:24+00:00","description":"So erkennst Du bei Deinem Pferd eine Erk\u00e4ltung \u2713 Nasenausfluss \u2713 Husten \u2713 Fieber messen \u25b6 Hier mehr erfahren!","breadcrumb":{"@id":"https:\/\/uelzener.de\/magazin\/pferd\/tiergesundheit\/fieber-und-erkaeltung-pferd\/#breadcrumb"},"inLanguage":"de","potentialAction":[{"@type":"ReadAction","target":["https:\/\/uelzener.de\/magazin\/pferd\/tiergesundheit\/fieber-und-erkaeltung-pferd\/"]}]},{"@type":"ImageObject","inLanguage":"de","@id":"https:\/\/uelzener.de\/magazin\/pferd\/tiergesundheit\/fieber-und-erkaeltung-pferd\/#primaryimage","url":"https:\/\/uelzener.de\/magazin\/app\/uploads\/2022\/02\/Erkaeltung-beim-Pferd.jpg","contentUrl":"https:\/\/uelzener.de\/magazin\/app\/uploads\/2022\/02\/Erkaeltung-beim-Pferd.jpg","width":1024,"height":450,"caption":"N\u00fcstern eines braunen Pferdes: Ist es erk\u00e4ltet?"},{"@type":"WebSite","@id":"https:\/\/uelzener.de\/magazin\/#website","url":"https:\/\/uelzener.de\/magazin\/","name":"Uelzener Tiermagazin","description":"Online Tierratgeber der Uelzener Versicherungen","publisher":{"@id":"https:\/\/uelzener.de\/magazin\/#organization"},"potentialAction":[{"@type":"SearchAction","target":{"@type":"EntryPoint","urlTemplate":"https:\/\/uelzener.de\/magazin\/?s={search_term_string}"},"query-input":{"@type":"PropertyValueSpecification","valueRequired":true,"valueName":"search_term_string"}}],"inLanguage":"de"},{"@type":"Organization","@id":"https:\/\/uelzener.de\/magazin\/#organization","name":"Uelzener Versicherungen","url":"https:\/\/uelzener.de\/magazin\/","logo":{"@type":"ImageObject","inLanguage":"de","@id":"https:\/\/uelzener.de\/magazin\/#\/schema\/logo\/image\/","url":"https:\/\/uelzener.de\/magazin\/app\/uploads\/2024\/11\/uelzener_allgemeine_versicherungsgesellschaft_a_g_logo.jpg","contentUrl":"https:\/\/uelzener.de\/magazin\/app\/uploads\/2024\/11\/uelzener_allgemeine_versicherungsgesellschaft_a_g_logo.jpg","width":200,"height":200,"caption":"Uelzener Versicherungen"},"image":{"@id":"https:\/\/uelzener.de\/magazin\/#\/schema\/logo\/image\/"},"sameAs":["https:\/\/www.facebook.com\/Uelzener","https:\/\/instagram.com\/uelzener","https:\/\/www.xing.com\/pages\/uelzenerallgemeineversicherungs-gesellschafta-g","https:\/\/www.youtube.com\/UelzenerVersicherungen"]}]}},"_links":{"self":[{"href":"https:\/\/uelzener.de\/magazin\/wp-json\/wp\/v2\/pages\/10287","targetHints":{"allow":["GET"]}}],"collection":[{"href":"https:\/\/uelzener.de\/magazin\/wp-json\/wp\/v2\/pages"}],"about":[{"href":"https:\/\/uelzener.de\/magazin\/wp-json\/wp\/v2\/types\/page"}],"author":[{"embeddable":true,"href":"https:\/\/uelzener.de\/magazin\/wp-json\/wp\/v2\/users\/1"}],"replies":[{"embeddable":true,"href":"https:\/\/uelzener.de\/magazin\/wp-json\/wp\/v2\/comments?post=10287"}],"version-history":[{"count":14,"href":"https:\/\/uelzener.de\/magazin\/wp-json\/wp\/v2\/pages\/10287\/revisions"}],"predecessor-version":[{"id":16978,"href":"https:\/\/uelzener.de\/magazin\/wp-json\/wp\/v2\/pages\/10287\/revisions\/16978"}],"up":[{"embeddable":true,"href":"https:\/\/uelzener.de\/magazin\/wp-json\/wp\/v2\/pages\/11706"}],"wp:featuredmedia":[{"embeddable":true,"href":"https:\/\/uelzener.de\/magazin\/wp-json\/wp\/v2\/media\/13035"}],"wp:attachment":[{"href":"https:\/\/uelzener.de\/magazin\/wp-json\/wp\/v2\/media?parent=10287"}],"curies":[{"name":"wp","href":"https:\/\/api.w.org\/{rel}","templated":true}]}}