{"id":10282,"date":"2020-04-15T00:00:00","date_gmt":"2020-04-15T00:00:00","guid":{"rendered":""},"modified":"2025-09-02T11:37:00","modified_gmt":"2025-09-02T09:37:00","slug":"pferdehaltung-in-zeiten-von-corona","status":"publish","type":"page","link":"https:\/\/uelzener.de\/magazin\/pferd\/haltung\/pferdehaltung-in-zeiten-von-corona\/","title":{"rendered":"Pferdehaltung in Zeiten von Corona"},"content":{"rendered":"<p><strong>Die Corona-Pandemie hat unser aller Leben auf den Kopf gestellt. Dennoch m\u00fcssen Pferde und Ponys nat\u00fcrlich weiterhin artgerecht versorgt werden. Einige Einschr\u00e4nkungen beim Stallbesuch sind dennoch leider unumg\u00e4nglich. Was aktuell geht und was nicht geht, das haben wir f\u00fcr Dich zusammengestellt.<\/strong><\/p>\n<p>Artgerechte Pferdeversorgung ist gesetzlich verankert. Das deutsche Tierschutzgesetz sagt ausdr\u00fccklich, dass Pferde artgerecht gehalten werden m\u00fcssen. Dazu z\u00e4hlen auch regelm\u00e4\u00dfige Bewegung und die notwendige tiermedizinische Versorgung sowie T\u00e4tigkeiten wie Hufpflege.<\/p>\n<p>Pferdehaltern soll es demnach erlaubt sein, sich unter bestimmten Voraussetzungen weiterhin um ihr Pferd zu k\u00fcmmern. Aber eines ist klar: Um die Pandemie in Deutschland einzud\u00e4mmen, m\u00fcssen alle Menschen ihren Beitrag leisten \u2013 auch Pferdebesitzer und Stallbetreiber.<\/p>\n<h2><strong>Schlie\u00dfung von Sportst\u00e4tten und Kontaktverbot w\u00e4hrend Corona<\/strong><\/h2>\n<p>Seit Mitte M\u00e4rz sind alle Sportst\u00e4tten auf Erlass der Bundesregierung geschlossen. Dar\u00fcber hinaus besteht seit dem 22. M\u00e4rz 2020 ein vor\u00fcbergehendes Kontaktverbot, das Zusammenk\u00fcnfte von mehr als zwei Personen in der \u00d6ffentlichkeit untersagt. Nur Angeh\u00f6rige einer Familie sind von dieser Regel ausgenommen.<\/p>\n<p>Nach Ansicht der Deutschen Reiterlichen Vereinigung e. V. (FN) m\u00fcssen seitdem Reitunterricht, Schulbetrieb und Zusammenk\u00fcnfte aller Art in Pferdesportanlagen eingestellt werden. Auch die Pferdebesitzer unterliegen Einschr\u00e4nkungen, die zur Eind\u00e4mmung der Corona-Pandemie unumg\u00e4nglich sind. So sind hygienische sowie regionale und bundesweite beh\u00f6rdliche Vorgaben zu beachten.<\/p>\n<h2><strong>Corona-Regeln im Umgang mit dem Pferd und anderen Einstellern<\/strong><\/h2>\n<p>Angesichts dieser gesetzlichen Regelungen h\u00e4lt die Deutsche Reiterliche Vereinigung e. V. (FN) folgendes f\u00fcr fachlich notwendig:<\/p>\n<ul>\n<li>Alle Pferde m\u00fcssen artgerecht gef\u00fcttert und gepflegt werden. Das bezieht auch das t\u00e4gliche Ausmisten und Einstreuen sowie eine Kontrolle der Tr\u00f6ge und Tr\u00e4nken mit ein.<\/li>\n<li>Der Gesundheitszustand jedes Pferdes muss t\u00e4glich \u00fcberpr\u00fcft werden.<\/li>\n<li>Der verantwortliche Betriebsleiter erstellt einen Anwesenheitsplan f\u00fcr die notwendigen Personen, die f\u00fcr die Versorgung und Bewegung der Pferde Zutritt zum Stall und der Reitanlage ben\u00f6tigen. Darin werden Anwesenheitszeiten vorgegeben, um die Anzahl der Menschen, die sich zeitgleich im Stall oder auf der Anlage befinden, zu minimieren.<\/li>\n<li>Die Einbestellung von Tierarzt und Schmied muss erlaubt sein, sollte aber vom Betriebsleiter vorgenommen werden.<\/li>\n<li>Alle Pferdebesitzer sollten den Kontakt zu anderen Einstellern sowie dem Stallpersonal vermeiden und einen Abstand von mehreren Metern einhalten.<\/li>\n<li>Es d\u00fcrfen auf einer Reitfl\u00e4che von 20m x 40m maximal vier Pferde gleichzeitig bewegt werden.<\/li>\n<li>Personen, die nicht f\u00fcr die Versorgung und Bewegung der Pferde zust\u00e4ndig sind, d\u00fcrfen die Anlage nicht betreten. Dasselbe gilt f\u00fcr Personen mit Krankheitssymptomen.<\/li>\n<\/ul>\n<p>Das zust\u00e4ndige Bundesministerium f\u00fcr Ern\u00e4hrung und Landwirtschaft (BMEL) h\u00e4lt diese Positionen derzeit ebenfalls f\u00fcr nachvollziehbar und berechtigt. Es gelten jedoch im Einzelfall die Regeln des jeweiligen Bundeslandes.<\/p>\n\n<div class=\"related_articles boxed\">\n    <h2>Mehr zum Thema<\/h2>\n    \n    <div class=\"wrapper\"><div class=\"title align-center\"><h3><a href=\"https:\/\/uelzener.de\/magazin\/pferd\/haltung\/einstreu-stroh-pellets-pferd\/\">Einstreu f\u00fcr Pferde: So triffst du die richtige Wahl!<\/a><\/h3><\/div><div class=\"img align-center\"><img decoding=\"async\" width=\"315\" height=\"180\" src=\"https:\/\/uelzener.de\/magazin\/app\/uploads\/2022\/12\/einstreu-pferd-315x180.jpg\" class=\"attachment-315x180 size-315x180 wp-post-image\" alt=\"Alter Holzstall mit Heu als Einstreu f\u00fcr Pferde.\" \/><\/div><\/div><div class=\"wrapper\"><div class=\"title align-center\"><h3><a href=\"https:\/\/uelzener.de\/magazin\/pferd\/tiergesundheit\/shivering-pferd-ursachen-symptome-behandlung\/\">Shivering: Ursachen, Symptome, Behandlung<\/a><\/h3><\/div><div class=\"img align-center\"><img decoding=\"async\" width=\"315\" height=\"180\" src=\"https:\/\/uelzener.de\/magazin\/app\/uploads\/2023\/11\/shivering-pferd-315x180.jpg\" class=\"attachment-315x180 size-315x180 wp-post-image\" alt=\"Pferd hebt unwillk\u00fcrlich hinteres Bein an. Das ist ein Symptom von Shivering.\" \/><\/div><\/div><\/div>\n\n<h2><strong>Notfallversorgung im Fall einer Ausgangssperre<\/strong><\/h2>\n<p>Die FN r\u00e4t f\u00fcr den Fall, dass die bisherigen Regeln der Kontakteinschr\u00e4nkung versch\u00e4rft werden und eine Ausgangssperre greift, vorsorglich Notversorgungspl\u00e4ne zu erstellen. Die Uelzener bietet den kostenlosen Download einer Pferdenotfallvereinbarung sowie eine Pferdeinfo f\u00fcr die Boxent\u00fcr unter <a href=\"https:\/\/service.uelzener.de\/Downloads\" target=\"_blank\" rel=\"noopener\">https:\/\/service.uelzener.de\/Downloads<\/a> an.<\/p>\n<p>Die Pl\u00e4ne sollen es den Stallbetreibern erm\u00f6glichen, mit minimalem Personalaufwand eine Notversorgung und Notbewegung der Pferde sicherzustellen. Medikamentenpl\u00e4ne und Futterbesonderheiten f\u00fcr die jeweiligen Pferde m\u00fcssen zentral verf\u00fcgbar sein.<\/p>\n<p>In einigen F\u00e4llen sehen sich Stallbetreiber leider bereits jetzt gezwungen, ihre Anlagen f\u00fcr den Publikumsverkehr \u2013 also auch f\u00fcr Pferdebesitzer und Einsteller \u2013 zu schlie\u00dfen. Nach Auffassung der Deutschen Reiterlichen Vereinigung e. V. (FN) hat ein Anlagenbetreiber das Recht dazu. Denn als Betreiber von Pferdesportanlagen sind sie dazu verpflichtet, die derzeit g\u00fcltigen, beh\u00f6rdlich angeordneten Ma\u00dfnahmen umzusetzen und tragen daf\u00fcr die Verantwortung. Eine Schlie\u00dfung ist aber nur m\u00f6glich, wenn der Betreiber mit seinem Personal in der Lage ist, die notwendige Versorgung und Bewegung der Pferde sicherzustellen.<\/p>\n<h2><strong>Besuch von Tierarzt und Hufschmied <\/strong><\/h2>\n<p>Um die pferdegerechte Versorgung sicherzustellen, ist laut dem Tierschutzgesetz auch eine tier\u00e4rztliche Versorgung im Notfall oder der Besuch des Hufschmieds unumg\u00e4nglich. Aktuell d\u00fcrfen Tierarzt und Hufbearbeiter also kommen. Die Deutsche Reiterliche Vereinigung e. V. (FN) h\u00e4lt es aber f\u00fcr ratsam, dass in Pensionsst\u00e4llen und Vereinen ausschlie\u00dflich die f\u00fcr den Betrieb verantwortliche Person Tierarzt oder Schmied auf den Hof bestellt.<\/p>\n<h2><strong>Aktivit\u00e4ten mit dem Pferd au\u00dferhalb der Reitanlage<\/strong><\/h2>\n<p>Unter bestimmten Voraussetzungen d\u00fcrfen Pferde auch noch transportiert werden. Die Leitlinien zur Beurteilung von Pferdehaltungen unter Tierschutzgesichtspunkten legen fest, dass bei Erkrankungen oder Verletzungen eines Pferdes rechtzeitig ein Tierarzt hinzuziehen ist. Untersuchungen, Behandlungen und insbesondere Operationen von Pferden k\u00f6nnen h\u00e4ufig nicht im heimischen Stall durchgef\u00fchrt werden, sodass der Transport des Pferdes in eine Tierklinik zu jeder Zeit m\u00f6glich sein muss. F\u00fcr solche F\u00e4lle eignet sich unsere kurzfristige Pferde-Transport-Versicherung, um Sie vor m\u00f6glichen hohen Kosten zu sch\u00fctzen.<\/p>\n\n<div class=\"banner\">\n    <a href=\"https:\/\/uelzener.de\/pferd\/kurzfristige-versicherungen\/?agt=0000104925&sem=true&utm_medium=magazin&utm_source=wordpress&utm_campaign=kurzfristig&utm_content=banner\">\n        <img decoding=\"async\" width=\"300\" height=\"212\" src=\"https:\/\/uelzener.de\/magazin\/app\/uploads\/2025\/01\/Kurzfristige-Versicherungen.jpg\" class=\"attachment-medium size-medium\" alt=\"Banner Kurzfristige-Versicherungen\" \/>    <\/a>\n<\/div>\n\n<h2>Equine Coronavirus (ECoV)<\/h2>\n<p>Seit 2010 ist zwar ein Coronavirus bei Pferden bekannt. Dieses Equine Coronavirus (ECoV) hat aber nichts mit dem neuen Coronavirus (SARS-CoV-2) zu tun, das bei Menschen Covid-19 ausl\u00f6st. Wer gesund ist, kann also weiterhin mit seinem Pferd in Kontakt sein. Grunds\u00e4tzliche Hygieneregeln, die bereits vor der Verbreitung von Covid-19 empfohlen waren \u2013 wie das gr\u00fcndliche H\u00e4ndewaschen mit Seife vor und nach dem Tierkontakt \u2013 sollten jedoch Beachtung finden.<\/p>\n","protected":false},"excerpt":{"rendered":"<p>Die Corona-Pandemie hat unser aller Leben auf den Kopf gestellt. Dennoch m\u00fcssen Pferde und Ponys nat\u00fcrlich weiterhin artgerecht versorgt werden. Einige Einschr\u00e4nkungen beim Stallbesuch sind dennoch leider unumg\u00e4nglich. Was aktuell geht und was nicht geht, das haben wir f\u00fcr Dich zusammengestellt. Artgerechte Pferdeversorgung ist gesetzlich verankert. Das deutsche Tierschutzgesetz sagt ausdr\u00fccklich, dass Pferde artgerecht gehalten [&hellip;]<\/p>\n","protected":false},"author":1,"featured_media":10871,"parent":11678,"menu_order":7,"comment_status":"open","ping_status":"open","template":"templates\/blog.php","meta":{"_acf_changed":false,"_crdt_document":"","footnotes":"","beyondwords_generate_audio":"0","beyondwords_project_id":"","beyondwords_content_id":"","beyondwords_preview_token":"","beyondwords_player_style":"","beyondwords_language_id":"","beyondwords_title_voice_id":"","beyondwords_body_voice_id":"","beyondwords_summary_voice_id":"","beyondwords_error_message":"","beyondwords_disabled":"","beyondwords_delete_content":"","beyondwords_podcast_id":"","beyondwords_hash":"","publish_post_to_speechkit":"","speechkit_hash":"","speechkit_generate_audio":"","speechkit_project_id":"","speechkit_podcast_id":"","speechkit_error_message":"","speechkit_disabled":"","speechkit_access_key":"","speechkit_error":"","speechkit_info":"","speechkit_response":"","speechkit_retries":"","speechkit_status":"","speechkit_updated_at":"","_speechkit_link":"","_speechkit_text":""},"class_list":["post-10282","page","type-page","status-publish","has-post-thumbnail","hentry"],"acf":[],"yoast_head":"<!-- This site is optimized with the Yoast SEO Premium plugin  - https:\/\/yoast.com\/product\/yoast-seo-premium-wordpress\/ -->\n<title>Corona: Pferdehaltung in Pandemie-Zeiten \u2013 Uelzener<\/title>\n<meta name=\"description\" content=\"SARS-CoV-2 bedeutet auch einen sensibilisierten Umgang mit Pferd und anderen Einstellern. Hier haben wir die wichtigsten Informationen.\" \/>\n<meta name=\"robots\" content=\"index, follow, max-snippet:-1, max-image-preview:large, max-video-preview:-1\" \/>\n<link rel=\"canonical\" href=\"https:\/\/uelzener.de\/magazin\/pferd\/haltung\/pferdehaltung-in-zeiten-von-corona\/\" \/>\n<meta property=\"og:locale\" content=\"de_DE\" \/>\n<meta property=\"og:type\" content=\"article\" \/>\n<meta property=\"og:title\" content=\"Pferdehaltung in Zeiten von Corona\" \/>\n<meta property=\"og:description\" content=\"SARS-CoV-2 bedeutet auch einen sensibilisierten Umgang mit Pferd und anderen Einstellern. Hier haben wir die wichtigsten Informationen.\" \/>\n<meta property=\"og:url\" content=\"https:\/\/uelzener.de\/magazin\/pferd\/haltung\/pferdehaltung-in-zeiten-von-corona\/\" \/>\n<meta property=\"og:site_name\" content=\"Uelzener Tier-Magazin\" \/>\n<meta property=\"article:publisher\" content=\"https:\/\/www.facebook.com\/Uelzener\" \/>\n<meta property=\"article:modified_time\" content=\"2025-09-02T09:37:00+00:00\" \/>\n<meta property=\"og:image\" content=\"https:\/\/uelzener.de\/magazin\/app\/uploads\/2020\/04\/e1f8bfab-8767-49a0-ae20-f75491ec3da1.jpg\" \/>\n\t<meta property=\"og:image:width\" content=\"952\" \/>\n\t<meta property=\"og:image:height\" content=\"496\" \/>\n\t<meta property=\"og:image:type\" content=\"image\/jpeg\" \/>\n<meta name=\"twitter:card\" content=\"summary_large_image\" \/>\n<meta name=\"twitter:label1\" content=\"Gesch\u00e4tzte Lesezeit\" \/>\n\t<meta name=\"twitter:data1\" content=\"5\u00a0Minuten\" \/>\n<script type=\"application\/ld+json\" class=\"yoast-schema-graph\">{\"@context\":\"https:\\\/\\\/schema.org\",\"@graph\":[{\"@type\":\"WebPage\",\"@id\":\"https:\\\/\\\/uelzener.de\\\/magazin\\\/pferd\\\/haltung\\\/pferdehaltung-in-zeiten-von-corona\\\/\",\"url\":\"https:\\\/\\\/uelzener.de\\\/magazin\\\/pferd\\\/haltung\\\/pferdehaltung-in-zeiten-von-corona\\\/\",\"name\":\"Corona: Pferdehaltung in Pandemie-Zeiten \u2013 Uelzener\",\"isPartOf\":{\"@id\":\"https:\\\/\\\/uelzener.de\\\/magazin\\\/#website\"},\"primaryImageOfPage\":{\"@id\":\"https:\\\/\\\/uelzener.de\\\/magazin\\\/pferd\\\/haltung\\\/pferdehaltung-in-zeiten-von-corona\\\/#primaryimage\"},\"image\":{\"@id\":\"https:\\\/\\\/uelzener.de\\\/magazin\\\/pferd\\\/haltung\\\/pferdehaltung-in-zeiten-von-corona\\\/#primaryimage\"},\"thumbnailUrl\":\"https:\\\/\\\/uelzener.de\\\/magazin\\\/app\\\/uploads\\\/2020\\\/04\\\/e1f8bfab-8767-49a0-ae20-f75491ec3da1.jpg\",\"datePublished\":\"2020-04-15T00:00:00+00:00\",\"dateModified\":\"2025-09-02T09:37:00+00:00\",\"description\":\"SARS-CoV-2 bedeutet auch einen sensibilisierten Umgang mit Pferd und anderen Einstellern. Hier haben wir die wichtigsten Informationen.\",\"breadcrumb\":{\"@id\":\"https:\\\/\\\/uelzener.de\\\/magazin\\\/pferd\\\/haltung\\\/pferdehaltung-in-zeiten-von-corona\\\/#breadcrumb\"},\"inLanguage\":\"de\",\"potentialAction\":[{\"@type\":\"ReadAction\",\"target\":[\"https:\\\/\\\/uelzener.de\\\/magazin\\\/pferd\\\/haltung\\\/pferdehaltung-in-zeiten-von-corona\\\/\"]}]},{\"@type\":\"ImageObject\",\"inLanguage\":\"de\",\"@id\":\"https:\\\/\\\/uelzener.de\\\/magazin\\\/pferd\\\/haltung\\\/pferdehaltung-in-zeiten-von-corona\\\/#primaryimage\",\"url\":\"https:\\\/\\\/uelzener.de\\\/magazin\\\/app\\\/uploads\\\/2020\\\/04\\\/e1f8bfab-8767-49a0-ae20-f75491ec3da1.jpg\",\"contentUrl\":\"https:\\\/\\\/uelzener.de\\\/magazin\\\/app\\\/uploads\\\/2020\\\/04\\\/e1f8bfab-8767-49a0-ae20-f75491ec3da1.jpg\",\"width\":952,\"height\":496,\"caption\":\"Die Pferde stehen in ihren Boxen im Stall, w\u00e4hrend der Corona-Pandemie ist es nicht leicht sein Tier t\u00e4glich zu sehen.\"},{\"@type\":\"WebSite\",\"@id\":\"https:\\\/\\\/uelzener.de\\\/magazin\\\/#website\",\"url\":\"https:\\\/\\\/uelzener.de\\\/magazin\\\/\",\"name\":\"Uelzener Tiermagazin\",\"description\":\"Online Tierratgeber der Uelzener Versicherungen\",\"publisher\":{\"@id\":\"https:\\\/\\\/uelzener.de\\\/magazin\\\/#organization\"},\"potentialAction\":[{\"@type\":\"SearchAction\",\"target\":{\"@type\":\"EntryPoint\",\"urlTemplate\":\"https:\\\/\\\/uelzener.de\\\/magazin\\\/?s={search_term_string}\"},\"query-input\":{\"@type\":\"PropertyValueSpecification\",\"valueRequired\":true,\"valueName\":\"search_term_string\"}}],\"inLanguage\":\"de\"},{\"@type\":\"Organization\",\"@id\":\"https:\\\/\\\/uelzener.de\\\/magazin\\\/#organization\",\"name\":\"Uelzener Versicherungen\",\"url\":\"https:\\\/\\\/uelzener.de\\\/magazin\\\/\",\"logo\":{\"@type\":\"ImageObject\",\"inLanguage\":\"de\",\"@id\":\"https:\\\/\\\/uelzener.de\\\/magazin\\\/#\\\/schema\\\/logo\\\/image\\\/\",\"url\":\"https:\\\/\\\/uelzener.de\\\/magazin\\\/app\\\/uploads\\\/2024\\\/11\\\/uelzener_allgemeine_versicherungsgesellschaft_a_g_logo.jpg\",\"contentUrl\":\"https:\\\/\\\/uelzener.de\\\/magazin\\\/app\\\/uploads\\\/2024\\\/11\\\/uelzener_allgemeine_versicherungsgesellschaft_a_g_logo.jpg\",\"width\":200,\"height\":200,\"caption\":\"Uelzener Versicherungen\"},\"image\":{\"@id\":\"https:\\\/\\\/uelzener.de\\\/magazin\\\/#\\\/schema\\\/logo\\\/image\\\/\"},\"sameAs\":[\"https:\\\/\\\/www.facebook.com\\\/Uelzener\",\"https:\\\/\\\/instagram.com\\\/uelzener\",\"https:\\\/\\\/www.xing.com\\\/pages\\\/uelzenerallgemeineversicherungs-gesellschafta-g\",\"https:\\\/\\\/www.youtube.com\\\/UelzenerVersicherungen\"]}]}<\/script>\n<!-- \/ Yoast SEO Premium plugin. -->","yoast_head_json":{"title":"Corona: Pferdehaltung in Pandemie-Zeiten \u2013 Uelzener","description":"SARS-CoV-2 bedeutet auch einen sensibilisierten Umgang mit Pferd und anderen Einstellern. Hier haben wir die wichtigsten Informationen.","robots":{"index":"index","follow":"follow","max-snippet":"max-snippet:-1","max-image-preview":"max-image-preview:large","max-video-preview":"max-video-preview:-1"},"canonical":"https:\/\/uelzener.de\/magazin\/pferd\/haltung\/pferdehaltung-in-zeiten-von-corona\/","og_locale":"de_DE","og_type":"article","og_title":"Pferdehaltung in Zeiten von Corona","og_description":"SARS-CoV-2 bedeutet auch einen sensibilisierten Umgang mit Pferd und anderen Einstellern. Hier haben wir die wichtigsten Informationen.","og_url":"https:\/\/uelzener.de\/magazin\/pferd\/haltung\/pferdehaltung-in-zeiten-von-corona\/","og_site_name":"Uelzener Tier-Magazin","article_publisher":"https:\/\/www.facebook.com\/Uelzener","article_modified_time":"2025-09-02T09:37:00+00:00","og_image":[{"width":952,"height":496,"url":"https:\/\/uelzener.de\/magazin\/app\/uploads\/2020\/04\/e1f8bfab-8767-49a0-ae20-f75491ec3da1.jpg","type":"image\/jpeg"}],"twitter_card":"summary_large_image","twitter_misc":{"Gesch\u00e4tzte Lesezeit":"5\u00a0Minuten"},"schema":{"@context":"https:\/\/schema.org","@graph":[{"@type":"WebPage","@id":"https:\/\/uelzener.de\/magazin\/pferd\/haltung\/pferdehaltung-in-zeiten-von-corona\/","url":"https:\/\/uelzener.de\/magazin\/pferd\/haltung\/pferdehaltung-in-zeiten-von-corona\/","name":"Corona: Pferdehaltung in Pandemie-Zeiten \u2013 Uelzener","isPartOf":{"@id":"https:\/\/uelzener.de\/magazin\/#website"},"primaryImageOfPage":{"@id":"https:\/\/uelzener.de\/magazin\/pferd\/haltung\/pferdehaltung-in-zeiten-von-corona\/#primaryimage"},"image":{"@id":"https:\/\/uelzener.de\/magazin\/pferd\/haltung\/pferdehaltung-in-zeiten-von-corona\/#primaryimage"},"thumbnailUrl":"https:\/\/uelzener.de\/magazin\/app\/uploads\/2020\/04\/e1f8bfab-8767-49a0-ae20-f75491ec3da1.jpg","datePublished":"2020-04-15T00:00:00+00:00","dateModified":"2025-09-02T09:37:00+00:00","description":"SARS-CoV-2 bedeutet auch einen sensibilisierten Umgang mit Pferd und anderen Einstellern. Hier haben wir die wichtigsten Informationen.","breadcrumb":{"@id":"https:\/\/uelzener.de\/magazin\/pferd\/haltung\/pferdehaltung-in-zeiten-von-corona\/#breadcrumb"},"inLanguage":"de","potentialAction":[{"@type":"ReadAction","target":["https:\/\/uelzener.de\/magazin\/pferd\/haltung\/pferdehaltung-in-zeiten-von-corona\/"]}]},{"@type":"ImageObject","inLanguage":"de","@id":"https:\/\/uelzener.de\/magazin\/pferd\/haltung\/pferdehaltung-in-zeiten-von-corona\/#primaryimage","url":"https:\/\/uelzener.de\/magazin\/app\/uploads\/2020\/04\/e1f8bfab-8767-49a0-ae20-f75491ec3da1.jpg","contentUrl":"https:\/\/uelzener.de\/magazin\/app\/uploads\/2020\/04\/e1f8bfab-8767-49a0-ae20-f75491ec3da1.jpg","width":952,"height":496,"caption":"Die Pferde stehen in ihren Boxen im Stall, w\u00e4hrend der Corona-Pandemie ist es nicht leicht sein Tier t\u00e4glich zu sehen."},{"@type":"WebSite","@id":"https:\/\/uelzener.de\/magazin\/#website","url":"https:\/\/uelzener.de\/magazin\/","name":"Uelzener Tiermagazin","description":"Online Tierratgeber der Uelzener Versicherungen","publisher":{"@id":"https:\/\/uelzener.de\/magazin\/#organization"},"potentialAction":[{"@type":"SearchAction","target":{"@type":"EntryPoint","urlTemplate":"https:\/\/uelzener.de\/magazin\/?s={search_term_string}"},"query-input":{"@type":"PropertyValueSpecification","valueRequired":true,"valueName":"search_term_string"}}],"inLanguage":"de"},{"@type":"Organization","@id":"https:\/\/uelzener.de\/magazin\/#organization","name":"Uelzener Versicherungen","url":"https:\/\/uelzener.de\/magazin\/","logo":{"@type":"ImageObject","inLanguage":"de","@id":"https:\/\/uelzener.de\/magazin\/#\/schema\/logo\/image\/","url":"https:\/\/uelzener.de\/magazin\/app\/uploads\/2024\/11\/uelzener_allgemeine_versicherungsgesellschaft_a_g_logo.jpg","contentUrl":"https:\/\/uelzener.de\/magazin\/app\/uploads\/2024\/11\/uelzener_allgemeine_versicherungsgesellschaft_a_g_logo.jpg","width":200,"height":200,"caption":"Uelzener Versicherungen"},"image":{"@id":"https:\/\/uelzener.de\/magazin\/#\/schema\/logo\/image\/"},"sameAs":["https:\/\/www.facebook.com\/Uelzener","https:\/\/instagram.com\/uelzener","https:\/\/www.xing.com\/pages\/uelzenerallgemeineversicherungs-gesellschafta-g","https:\/\/www.youtube.com\/UelzenerVersicherungen"]}]}},"_links":{"self":[{"href":"https:\/\/uelzener.de\/magazin\/wp-json\/wp\/v2\/pages\/10282","targetHints":{"allow":["GET"]}}],"collection":[{"href":"https:\/\/uelzener.de\/magazin\/wp-json\/wp\/v2\/pages"}],"about":[{"href":"https:\/\/uelzener.de\/magazin\/wp-json\/wp\/v2\/types\/page"}],"author":[{"embeddable":true,"href":"https:\/\/uelzener.de\/magazin\/wp-json\/wp\/v2\/users\/1"}],"replies":[{"embeddable":true,"href":"https:\/\/uelzener.de\/magazin\/wp-json\/wp\/v2\/comments?post=10282"}],"version-history":[{"count":11,"href":"https:\/\/uelzener.de\/magazin\/wp-json\/wp\/v2\/pages\/10282\/revisions"}],"predecessor-version":[{"id":19095,"href":"https:\/\/uelzener.de\/magazin\/wp-json\/wp\/v2\/pages\/10282\/revisions\/19095"}],"up":[{"embeddable":true,"href":"https:\/\/uelzener.de\/magazin\/wp-json\/wp\/v2\/pages\/11678"}],"wp:featuredmedia":[{"embeddable":true,"href":"https:\/\/uelzener.de\/magazin\/wp-json\/wp\/v2\/media\/10871"}],"wp:attachment":[{"href":"https:\/\/uelzener.de\/magazin\/wp-json\/wp\/v2\/media?parent=10282"}],"curies":[{"name":"wp","href":"https:\/\/api.w.org\/{rel}","templated":true}]}}