{"id":10272,"date":"2019-07-23T00:00:00","date_gmt":"2019-07-23T00:00:00","guid":{"rendered":""},"modified":"2023-09-18T12:57:59","modified_gmt":"2023-09-18T10:57:59","slug":"haflinger","status":"publish","type":"page","link":"https:\/\/uelzener.de\/magazin\/pferd\/rasseportrait\/haflinger\/","title":{"rendered":"Clever und robust: Der Haflinger"},"content":{"rendered":"<p><strong>Der k\u00fchle Blonde besticht durch seine Charakterst\u00e4rke und Ausgeglichenheit. Ob auf dem Reitplatz, im Gel\u00e4nde oder vor der Kutsche \u2013 der Haflinger ist vielf\u00e4ltig einsetzbar und ein zuverl\u00e4ssiger Freizeitpartner. Das macht die Kleinpferde beliebt bei Jung und Alt.<\/strong><\/p>\n<p>Der Haflinger ist ein intelligentes und robustes Kleinpferd. Durch sein auffallendes \u00c4u\u00dferes erkennen ihn auch Nicht-Pferdekenner recht gut. Er wird oft als Reit- oder Fahrpferd f\u00fcr Kinder eingesetzt, kann aber auch Erwachsene gut tragen.<\/p>\n<p><strong>Das Interieur<\/strong><\/p>\n<p>Der Haflinger ist vom Wesen her gutm\u00fctig, freundlich und unerschrocken, wodurch er sich als Kinderpony oder Pferd in der <a href=\"https:\/\/uelzener.de\/magazin\/pferd\/erziehung-und-training\/reitschule-kind\/\">Reitschule f\u00fcr Kinder<\/a> und Erwachsene eignet. Dennoch hat er manchmal seinen eigenen Kopf, was daf\u00fcr sorgt, dass es mit ihm auf keinen Fall langweilig wird. Im Gegenteil: Mit seiner Willensst\u00e4rke und seinem Temperament entscheidet er gern selbst, wohin es gehen soll.<\/p>\n<p>Da der Haflinger urspr\u00fcnglich aus den Tiroler Alpen stammt, ist er trittsicher und sehr widerstandf\u00e4hig, was die \u00e4u\u00dferen Umst\u00e4nde betrifft. Au\u00dferdem ist er gen\u00fcgsam und kann gut drau\u00dfen gehalten werden, sofern er einen trockenen Unterstand hat. Damit ist er vor Regen, Schnee und Sonne sicher.<\/p>\n<p>Insgesamt zeigt sich der Haflinger als ein robustes, aber cleveres Freizeitpferd. In der Dressur oder beim Springen sind Haflinger weniger anzutreffen. Ihre Einsatzgebiete sind \u00fcberwiegend als Kutschpferd wie f\u00fcr den <a href=\"https:\/\/uelzener.de\/magazin\/pferd\/erziehung-und-training\/kutschenfuehrerschein\/\">Kutschf\u00fchrerschein<\/a> oder Trekkingpferd. Aber auch als Pferd in Reitschulen und auf Reiterh\u00f6fen eignen sich die Haflinger sehr gut.<\/p>\n<p><img decoding=\"async\" src=\"\/magazin\/app\/uploads\/2021\/02\/0cdca5d7-e9db-432d-99f3-6ec94ff6ed6d.jpg\" \/><\/p>\n<p>Mit einem Stockma\u00df von meist 142 bis 148 Zentimetern z\u00e4hlt der Haflinger zu den gr\u00f6\u00dften Ponyrassen. Mit dieser Gr\u00f6\u00dfe eignet er sich f\u00fcr fast alle Reiter jeder Gr\u00f6\u00dfen- und Gewichtsklasse und kann somit von Erwachsenen und Kindern gleicherma\u00dfen geritten werden.<\/p>\n<p>Im Vergleich zum Urtyp sind die heutigen Haflinger vom K\u00f6rperbau sichtbar schlanker und sportlicher. Sie haben einen kurzen, trockenen Kopf mit gro\u00dfen und klaren Augen. Das Profil ist konkav. Der Hals ist ausreichend lang und leicht im Genick.<\/p>\n<p>Den schr\u00e4gen, gut bemuskelten Schultern folgt ein langer, gut ausgepr\u00e4gter Widerrist, der bis weit in den R\u00fccken reicht. Eine breite und tiefe Brust zeichnen den Haflinger ebenso aus wie die gut bemuskelte, absch\u00fcssige Kruppe.<\/p>\n<p>Das Fundament des Haflingers ist trocken, die Gliedma\u00dfen korrekt, mit kr\u00e4ftigen Gelenken und mittellangen Fesseln ausgestattet.<\/p>\n<p>Haflinger sind leicht zu erkennen. Sie sind meist Lichtf\u00fcchse, das hei\u00dft, sie haben fuchsfarbenes Fell und eine blonde M\u00e4hne. Der Bauch und die Beininnenseiten sind oft heller als das restliche Fell. Ein sogenanntes Mehlmaul kann ebenfalls auftreten.<\/p>\n<p>,<img decoding=\"async\" src=\"\/magazin\/app\/uploads\/2021\/02\/df658bf7-5bb0-4b1d-8641-ea6cb6d387ce.jpg\" \/><\/p>\n<p>Seinen Ursprung hat der Haflinger in S\u00fcdtirol in Italien. In den bergigen Regionen war er ein begehrtes Gebirgspferd. Er wurde neben der Verwendung als Reitpferd auch als Lastpferd eingesetzt, da er sehr ausdauernd und trittsicher ist.<\/p>\n<p>In Deutschland wurden zeitweise Vollblutaraber eingekreuzt, um die Rasse zu veredeln und die Reiteigenschaften zu verbessern. In den letzten Jahren wurden die Reinzucht-Haflinger allerdings wieder bevorzugt, weshalb die Zucht von Haflinger mit und ohne Fremdblut getrennt wird. Von der Optik unterscheiden sich die beiden Haflinger-Typen nur wenig.<\/p>\n","protected":false},"excerpt":{"rendered":"<p>Der k\u00fchle Blonde besticht durch seine Charakterst\u00e4rke und Ausgeglichenheit. Ob auf dem Reitplatz, im Gel\u00e4nde oder vor der Kutsche \u2013 der Haflinger ist vielf\u00e4ltig einsetzbar und ein zuverl\u00e4ssiger Freizeitpartner. Das macht die Kleinpferde beliebt bei Jung und Alt. Der Haflinger ist ein intelligentes und robustes Kleinpferd. Durch sein auffallendes \u00c4u\u00dferes erkennen ihn auch Nicht-Pferdekenner recht [&hellip;]<\/p>\n","protected":false},"author":1,"featured_media":10861,"parent":2490,"menu_order":11,"comment_status":"open","ping_status":"open","template":"templates\/blog.php","meta":{"_acf_changed":false,"_crdt_document":"","footnotes":"","beyondwords_generate_audio":"","beyondwords_project_id":"","beyondwords_content_id":"","beyondwords_preview_token":"","beyondwords_player_style":"","beyondwords_language_id":"","beyondwords_title_voice_id":"","beyondwords_body_voice_id":"","beyondwords_summary_voice_id":"","beyondwords_error_message":"","beyondwords_disabled":"","beyondwords_delete_content":"","beyondwords_podcast_id":"","beyondwords_hash":"","publish_post_to_speechkit":"","speechkit_hash":"","speechkit_generate_audio":"","speechkit_project_id":"","speechkit_podcast_id":"","speechkit_error_message":"","speechkit_disabled":"","speechkit_access_key":"","speechkit_error":"","speechkit_info":"","speechkit_response":"","speechkit_retries":"","speechkit_status":"","speechkit_updated_at":"","_speechkit_link":"","_speechkit_text":""},"class_list":["post-10272","page","type-page","status-publish","has-post-thumbnail","hentry"],"acf":[],"yoast_head":"<!-- This site is optimized with the Yoast SEO Premium plugin  - https:\/\/yoast.com\/product\/yoast-seo-premium-wordpress\/ -->\n<title>Clever und robust: Der Haflinger | Uelzener<\/title>\n<meta name=\"description\" content=\"Der k\u00fchle Blonde besticht durch seine Charakterst\u00e4rke und Ausgeglichenheit. Ob auf dem Reitplatz, im Gel\u00e4nde oder vor der Kutsche \u2013 der Haflinger ist vielf\u00e4ltig einsetzbar und ein guter Freizeitpartner.\" \/>\n<meta name=\"robots\" content=\"index, follow, max-snippet:-1, max-image-preview:large, max-video-preview:-1\" \/>\n<link rel=\"canonical\" href=\"https:\/\/uelzener.de\/magazin\/pferd\/rasseportrait\/haflinger\/\" \/>\n<meta property=\"og:locale\" content=\"de_DE\" \/>\n<meta property=\"og:type\" content=\"article\" \/>\n<meta property=\"og:title\" content=\"Clever und robust: Der Haflinger\" \/>\n<meta property=\"og:description\" content=\"Der k\u00fchle Blonde besticht durch seine Charakterst\u00e4rke und Ausgeglichenheit. Ob auf dem Reitplatz, im Gel\u00e4nde oder vor der Kutsche \u2013 der Haflinger ist vielf\u00e4ltig einsetzbar und ein guter Freizeitpartner.\" \/>\n<meta property=\"og:url\" content=\"https:\/\/uelzener.de\/magazin\/pferd\/rasseportrait\/haflinger\/\" \/>\n<meta property=\"og:site_name\" content=\"Uelzener Tier-Magazin\" \/>\n<meta property=\"article:publisher\" content=\"https:\/\/www.facebook.com\/Uelzener\" \/>\n<meta property=\"article:modified_time\" content=\"2023-09-18T10:57:59+00:00\" \/>\n<meta property=\"og:image\" content=\"https:\/\/uelzener.de\/magazin\/app\/uploads\/2019\/07\/08dc8acf-65e8-438b-8e77-39ec37994710.jpg\" \/>\n\t<meta property=\"og:image:width\" content=\"650\" \/>\n\t<meta property=\"og:image:height\" content=\"433\" \/>\n\t<meta property=\"og:image:type\" content=\"image\/jpeg\" \/>\n<meta name=\"twitter:card\" content=\"summary_large_image\" \/>\n<meta name=\"twitter:label1\" content=\"Gesch\u00e4tzte Lesezeit\" \/>\n\t<meta name=\"twitter:data1\" content=\"3\u00a0Minuten\" \/>\n<script type=\"application\/ld+json\" class=\"yoast-schema-graph\">{\"@context\":\"https:\/\/schema.org\",\"@graph\":[{\"@type\":\"WebPage\",\"@id\":\"https:\/\/uelzener.de\/magazin\/pferd\/rasseportrait\/haflinger\/\",\"url\":\"https:\/\/uelzener.de\/magazin\/pferd\/rasseportrait\/haflinger\/\",\"name\":\"Clever und robust: Der Haflinger | Uelzener\",\"isPartOf\":{\"@id\":\"https:\/\/uelzener.de\/magazin\/#website\"},\"primaryImageOfPage\":{\"@id\":\"https:\/\/uelzener.de\/magazin\/pferd\/rasseportrait\/haflinger\/#primaryimage\"},\"image\":{\"@id\":\"https:\/\/uelzener.de\/magazin\/pferd\/rasseportrait\/haflinger\/#primaryimage\"},\"thumbnailUrl\":\"https:\/\/uelzener.de\/magazin\/app\/uploads\/2019\/07\/08dc8acf-65e8-438b-8e77-39ec37994710.jpg\",\"datePublished\":\"2019-07-23T00:00:00+00:00\",\"dateModified\":\"2023-09-18T10:57:59+00:00\",\"description\":\"Der k\u00fchle Blonde besticht durch seine Charakterst\u00e4rke und Ausgeglichenheit. Ob auf dem Reitplatz, im Gel\u00e4nde oder vor der Kutsche \u2013 der Haflinger ist vielf\u00e4ltig einsetzbar und ein guter Freizeitpartner.\",\"breadcrumb\":{\"@id\":\"https:\/\/uelzener.de\/magazin\/pferd\/rasseportrait\/haflinger\/#breadcrumb\"},\"inLanguage\":\"de\",\"potentialAction\":[{\"@type\":\"ReadAction\",\"target\":[\"https:\/\/uelzener.de\/magazin\/pferd\/rasseportrait\/haflinger\/\"]}]},{\"@type\":\"ImageObject\",\"inLanguage\":\"de\",\"@id\":\"https:\/\/uelzener.de\/magazin\/pferd\/rasseportrait\/haflinger\/#primaryimage\",\"url\":\"https:\/\/uelzener.de\/magazin\/app\/uploads\/2019\/07\/08dc8acf-65e8-438b-8e77-39ec37994710.jpg\",\"contentUrl\":\"https:\/\/uelzener.de\/magazin\/app\/uploads\/2019\/07\/08dc8acf-65e8-438b-8e77-39ec37994710.jpg\",\"width\":650,\"height\":433,\"caption\":\"Ein braunes Haflinger mit strahlend blonder M\u00e4hne steht auf einer gr\u00fcnen Wiese.\"},{\"@type\":\"WebSite\",\"@id\":\"https:\/\/uelzener.de\/magazin\/#website\",\"url\":\"https:\/\/uelzener.de\/magazin\/\",\"name\":\"Uelzener Tiermagazin\",\"description\":\"Online Tierratgeber der Uelzener Versicherungen\",\"publisher\":{\"@id\":\"https:\/\/uelzener.de\/magazin\/#organization\"},\"potentialAction\":[{\"@type\":\"SearchAction\",\"target\":{\"@type\":\"EntryPoint\",\"urlTemplate\":\"https:\/\/uelzener.de\/magazin\/?s={search_term_string}\"},\"query-input\":{\"@type\":\"PropertyValueSpecification\",\"valueRequired\":true,\"valueName\":\"search_term_string\"}}],\"inLanguage\":\"de\"},{\"@type\":\"Organization\",\"@id\":\"https:\/\/uelzener.de\/magazin\/#organization\",\"name\":\"Uelzener Versicherungen\",\"url\":\"https:\/\/uelzener.de\/magazin\/\",\"logo\":{\"@type\":\"ImageObject\",\"inLanguage\":\"de\",\"@id\":\"https:\/\/uelzener.de\/magazin\/#\/schema\/logo\/image\/\",\"url\":\"https:\/\/uelzener.de\/magazin\/app\/uploads\/2024\/11\/uelzener_allgemeine_versicherungsgesellschaft_a_g_logo.jpg\",\"contentUrl\":\"https:\/\/uelzener.de\/magazin\/app\/uploads\/2024\/11\/uelzener_allgemeine_versicherungsgesellschaft_a_g_logo.jpg\",\"width\":200,\"height\":200,\"caption\":\"Uelzener Versicherungen\"},\"image\":{\"@id\":\"https:\/\/uelzener.de\/magazin\/#\/schema\/logo\/image\/\"},\"sameAs\":[\"https:\/\/www.facebook.com\/Uelzener\",\"https:\/\/instagram.com\/uelzener\",\"https:\/\/www.xing.com\/pages\/uelzenerallgemeineversicherungs-gesellschafta-g\",\"https:\/\/www.youtube.com\/UelzenerVersicherungen\"]}]}<\/script>\n<!-- \/ Yoast SEO Premium plugin. -->","yoast_head_json":{"title":"Clever und robust: Der Haflinger | Uelzener","description":"Der k\u00fchle Blonde besticht durch seine Charakterst\u00e4rke und Ausgeglichenheit. Ob auf dem Reitplatz, im Gel\u00e4nde oder vor der Kutsche \u2013 der Haflinger ist vielf\u00e4ltig einsetzbar und ein guter Freizeitpartner.","robots":{"index":"index","follow":"follow","max-snippet":"max-snippet:-1","max-image-preview":"max-image-preview:large","max-video-preview":"max-video-preview:-1"},"canonical":"https:\/\/uelzener.de\/magazin\/pferd\/rasseportrait\/haflinger\/","og_locale":"de_DE","og_type":"article","og_title":"Clever und robust: Der Haflinger","og_description":"Der k\u00fchle Blonde besticht durch seine Charakterst\u00e4rke und Ausgeglichenheit. Ob auf dem Reitplatz, im Gel\u00e4nde oder vor der Kutsche \u2013 der Haflinger ist vielf\u00e4ltig einsetzbar und ein guter Freizeitpartner.","og_url":"https:\/\/uelzener.de\/magazin\/pferd\/rasseportrait\/haflinger\/","og_site_name":"Uelzener Tier-Magazin","article_publisher":"https:\/\/www.facebook.com\/Uelzener","article_modified_time":"2023-09-18T10:57:59+00:00","og_image":[{"width":650,"height":433,"url":"https:\/\/uelzener.de\/magazin\/app\/uploads\/2019\/07\/08dc8acf-65e8-438b-8e77-39ec37994710.jpg","type":"image\/jpeg"}],"twitter_card":"summary_large_image","twitter_misc":{"Gesch\u00e4tzte Lesezeit":"3\u00a0Minuten"},"schema":{"@context":"https:\/\/schema.org","@graph":[{"@type":"WebPage","@id":"https:\/\/uelzener.de\/magazin\/pferd\/rasseportrait\/haflinger\/","url":"https:\/\/uelzener.de\/magazin\/pferd\/rasseportrait\/haflinger\/","name":"Clever und robust: Der Haflinger | Uelzener","isPartOf":{"@id":"https:\/\/uelzener.de\/magazin\/#website"},"primaryImageOfPage":{"@id":"https:\/\/uelzener.de\/magazin\/pferd\/rasseportrait\/haflinger\/#primaryimage"},"image":{"@id":"https:\/\/uelzener.de\/magazin\/pferd\/rasseportrait\/haflinger\/#primaryimage"},"thumbnailUrl":"https:\/\/uelzener.de\/magazin\/app\/uploads\/2019\/07\/08dc8acf-65e8-438b-8e77-39ec37994710.jpg","datePublished":"2019-07-23T00:00:00+00:00","dateModified":"2023-09-18T10:57:59+00:00","description":"Der k\u00fchle Blonde besticht durch seine Charakterst\u00e4rke und Ausgeglichenheit. Ob auf dem Reitplatz, im Gel\u00e4nde oder vor der Kutsche \u2013 der Haflinger ist vielf\u00e4ltig einsetzbar und ein guter Freizeitpartner.","breadcrumb":{"@id":"https:\/\/uelzener.de\/magazin\/pferd\/rasseportrait\/haflinger\/#breadcrumb"},"inLanguage":"de","potentialAction":[{"@type":"ReadAction","target":["https:\/\/uelzener.de\/magazin\/pferd\/rasseportrait\/haflinger\/"]}]},{"@type":"ImageObject","inLanguage":"de","@id":"https:\/\/uelzener.de\/magazin\/pferd\/rasseportrait\/haflinger\/#primaryimage","url":"https:\/\/uelzener.de\/magazin\/app\/uploads\/2019\/07\/08dc8acf-65e8-438b-8e77-39ec37994710.jpg","contentUrl":"https:\/\/uelzener.de\/magazin\/app\/uploads\/2019\/07\/08dc8acf-65e8-438b-8e77-39ec37994710.jpg","width":650,"height":433,"caption":"Ein braunes Haflinger mit strahlend blonder M\u00e4hne steht auf einer gr\u00fcnen Wiese."},{"@type":"WebSite","@id":"https:\/\/uelzener.de\/magazin\/#website","url":"https:\/\/uelzener.de\/magazin\/","name":"Uelzener Tiermagazin","description":"Online Tierratgeber der Uelzener Versicherungen","publisher":{"@id":"https:\/\/uelzener.de\/magazin\/#organization"},"potentialAction":[{"@type":"SearchAction","target":{"@type":"EntryPoint","urlTemplate":"https:\/\/uelzener.de\/magazin\/?s={search_term_string}"},"query-input":{"@type":"PropertyValueSpecification","valueRequired":true,"valueName":"search_term_string"}}],"inLanguage":"de"},{"@type":"Organization","@id":"https:\/\/uelzener.de\/magazin\/#organization","name":"Uelzener Versicherungen","url":"https:\/\/uelzener.de\/magazin\/","logo":{"@type":"ImageObject","inLanguage":"de","@id":"https:\/\/uelzener.de\/magazin\/#\/schema\/logo\/image\/","url":"https:\/\/uelzener.de\/magazin\/app\/uploads\/2024\/11\/uelzener_allgemeine_versicherungsgesellschaft_a_g_logo.jpg","contentUrl":"https:\/\/uelzener.de\/magazin\/app\/uploads\/2024\/11\/uelzener_allgemeine_versicherungsgesellschaft_a_g_logo.jpg","width":200,"height":200,"caption":"Uelzener Versicherungen"},"image":{"@id":"https:\/\/uelzener.de\/magazin\/#\/schema\/logo\/image\/"},"sameAs":["https:\/\/www.facebook.com\/Uelzener","https:\/\/instagram.com\/uelzener","https:\/\/www.xing.com\/pages\/uelzenerallgemeineversicherungs-gesellschafta-g","https:\/\/www.youtube.com\/UelzenerVersicherungen"]}]}},"_links":{"self":[{"href":"https:\/\/uelzener.de\/magazin\/wp-json\/wp\/v2\/pages\/10272","targetHints":{"allow":["GET"]}}],"collection":[{"href":"https:\/\/uelzener.de\/magazin\/wp-json\/wp\/v2\/pages"}],"about":[{"href":"https:\/\/uelzener.de\/magazin\/wp-json\/wp\/v2\/types\/page"}],"author":[{"embeddable":true,"href":"https:\/\/uelzener.de\/magazin\/wp-json\/wp\/v2\/users\/1"}],"replies":[{"embeddable":true,"href":"https:\/\/uelzener.de\/magazin\/wp-json\/wp\/v2\/comments?post=10272"}],"version-history":[{"count":4,"href":"https:\/\/uelzener.de\/magazin\/wp-json\/wp\/v2\/pages\/10272\/revisions"}],"predecessor-version":[{"id":13224,"href":"https:\/\/uelzener.de\/magazin\/wp-json\/wp\/v2\/pages\/10272\/revisions\/13224"}],"up":[{"embeddable":true,"href":"https:\/\/uelzener.de\/magazin\/wp-json\/wp\/v2\/pages\/2490"}],"wp:featuredmedia":[{"embeddable":true,"href":"https:\/\/uelzener.de\/magazin\/wp-json\/wp\/v2\/media\/10861"}],"wp:attachment":[{"href":"https:\/\/uelzener.de\/magazin\/wp-json\/wp\/v2\/media?parent=10272"}],"curies":[{"name":"wp","href":"https:\/\/api.w.org\/{rel}","templated":true}]}}