{"id":10259,"date":"2022-12-30T11:00:00","date_gmt":"2022-12-30T10:00:00","guid":{"rendered":""},"modified":"2025-11-13T10:39:17","modified_gmt":"2025-11-13T09:39:17","slug":"pferde-im-winter","status":"publish","type":"page","link":"https:\/\/uelzener.de\/magazin\/pferd\/tiergesundheit\/pferde-im-winter\/","title":{"rendered":"Pferde im Winter: Fit durch die kalte Jahreszeit"},"content":{"rendered":"<p><span style=\"color: #29293a;\">Ausreichend frische Luft ist f\u00fcr Pferde im Sommer wie im Winter ein Grundbed\u00fcrfnis. Die niedrigen Temperaturen nehmen Pferde und Menschen jedoch ganz unterschiedlich wahr. Die Nullgradgrenze ist noch nicht erreicht: Trotz dicker Jacke und Handschuhen fangen Menschen bereits an zu frieren. Pferde sp\u00fcren die K\u00e4lte aber noch l\u00e4ngst nicht. Das Unterhautfettgewebe wirkt n\u00e4mlich isolierend und ihr dichtes Winterfell sch\u00fctzt vor der K\u00e4lte. Einer Haltung im Offenstall steht folglich auch im Winter nichts entgegen.<\/span><\/p>\n<p>Beachte noch folgende Tipps, sodass du mit deinem Pferd fit durch den Winter kommst.<\/p>\n<h2>Erh\u00f6hte Unfallgefahr im Blick<\/h2>\n<p>Ausritte durch schneebedeckte Landschaften sind H\u00f6hepunkte f\u00fcr Pferd und Reitende in der tristen Jahreszeit. Aber Vorsicht: L\u00f6cher im Boden und Eisfl\u00e4chen unter dem Schnee k\u00f6nnen t\u00fcckische Stolperfallen werden. Daher: Bei unklarer Bodensituation sollte man das Pferd lieber f\u00fchren.<\/p>\n<p>Eine weitere Gefahr in den Wintermonaten ist die fr\u00fchere Dunkelheit. Bei D\u00e4mmerung und Dunkelheit m\u00fcssen Pferd und Reiterin oder Reiter ausreichend beleuchtet sein. \u00dcbrigens: Die Stra\u00dfenverkehrsordnung gilt auch f\u00fcr Pferd und Reitende. Bei Dunkelheit gibt es dort klare Regeln: Das Paar aus Vier- und Zweibeiner muss mit einer wei\u00dfen Leuchte vorne und einer roten hinten klar gekennzeichnet sein. Au\u00dferdem gilt: Sicher durch Sichtbarkeit \u2013 durch gute Beleuchtung sinkt das Unfallrisiko.<\/p>\n<h2>Angemessen trainieren im Winter<\/h2>\n<p>L\u00e4sst das Wetter die traumhaften Ausritte zu, sollten Pferdebesitzerinnen und Pferdebesitzer im Winter einiges beachten. Bevor es richtig losgeht, hei\u00dft es gut aufw\u00e4rmen. Man kann zum Beispiel das Pferd zu Beginn f\u00fchren. Die Muskeln des Vierbeiners, aber auch der Zweibeiner, w\u00e4rmen sich langsam auf.<\/p>\n<p>Dein Pferd wird dich lieben, wenn du das kalte Trensengebiss aufw\u00e4rmst. Dazu kann man die Trense zum Beispiel in der eigenen Hand erw\u00e4rmen. Pferde k\u00f6nnen das kalte Metall im Maul unangenehm finden.<\/p>\n<p>Fell und Haut sch\u00fctzen das Pferd vor der K\u00e4lte. Bei einem Ausritt oder beim <a href=\"https:\/\/uelzener.de\/magazin\/pferd\/erziehung-und-training\/pferdetraining-auf-gefrorenem-boden\/\">Training auf gefrorenem Boden<\/a> k\u00f6nnen die Tiere durch das Winterfell jedoch schneller ins Schwitzen geraten. Ein angemessenes Training ist daher im Winter wichtig. Trockenreiten und Abschwitzdecken bringen das Pferd wieder ins Gleichgewicht. Ein Gl\u00fccksfall kann ein Solarium im Stall sein. Auch Reiter sollten auf ausreichend warme Kleidung beim Training und bei Ausritten achten.<\/p>\n<p>Bewegt dein Pferd sich zu wenig, was gerade im Winter schnell passieren kann, so kann es auch <a href=\"https:\/\/uelzener.de\/magazin\/pferd\/tiergesundheit\/kotwasser-beim-pferd\/\">Kotwasser<\/a> entwickeln.<\/p>\n<h2>Frostfreies Futter bieten<\/h2>\n<p>Auch die Futtersituation entscheidet dar\u00fcber, ob das Pferd im Winter gesund und leistungsf\u00e4hig bleibt. Herrschen Frosttemperaturen, hat eine ausreichende Versorgung mit Wasser h\u00f6chste Priorit\u00e4t. Tr\u00e4nken und offene Wasserstellen sollten regelm\u00e4\u00dfig vor dem Einfrieren gepr\u00fcft werden. Fressen Pferde gefrorenes Gras kann es zu gesundheitlichen Problemen kommen. Ihnen sollte mit ausreichend Heu eine Alternative angeboten werden. Frostfreie Lagerung ist ebenfalls bei Roter Bete, \u00c4pfeln, M\u00f6hren und Co. wichtig. Das <a href=\"https:\/\/uelzener.de\/magazin\/pferd\/tiergesundheit\/kolik-beim-pferd\/\">Kolikrisiko<\/a> der Pferde steigt durch gefrorene Futtermittel.<\/p>\n<p>&nbsp;<\/p>\n<p><audio src=\"https:\/\/uelzener.de\/magazin\/app\/uploads\/2024\/01\/231206_Uelzener_Podcast_Pferde_im_Winter_radionews.mp3\" controls=\"controls\"><\/audio><\/p>\n<p><em>Ein Radiobeitrag mit Dr. Garlipp von den Uelzener Versicherungen zum Thema Kolik und Pferde im Winter. Im Dezember 2023 und Januar 2024 unter anderem ausgestrahlt auf den Radiosendern Donau 3 FM, Radio Schlagerparadies, ROCK ANTENNE Hamburg und Radio Frankfurt.<\/em><\/p>\n<h2>Futterrationen anpassen<\/h2>\n<p>Besonders wichtig bei der <a href=\"https:\/\/uelzener.de\/magazin\/pferd\/ernaehrung\/winterfuetterung-pferd\/\">Winterf\u00fctterung des Pferdes<\/a> ist eine ausreichende Menge an gutem Heu oder Heulage. Aufgrund des erh\u00f6hten Energiebedarfs in der kalten Jahreszeit ben\u00f6tigen \u00e4ltere Pferde oft eine erh\u00f6hte Futterration. Pferde im Training brauchen ebenfalls mehr Energie, die \u00fcber Kraftfutter zugef\u00fchrt werden kann. Auch hier sollte eine gute Heuversorgung die Grundlage bilden und die Kraftfuttergabe der tats\u00e4chlichen Leistung angepasst sein, um Verfettung oder Unterversorgung zu vermeiden.<\/p>\n<h2>Bis wie viel Grad k\u00f6nnen Pferde drau\u00dfen bleiben?<\/h2>\n<p>Die ideale Temperatur f\u00fcr Pferde liegt bei -7\u00b0 Celsius bis +25\u00b0 Celsius. F\u00fcr Offenstallpferde liegt die thermoneutrale Zone sogar bei -15 \u00b0C bis + 25 \u00b0C. Sinkt die Temperatur unter \u201315 \u00b0C, solltest du zuf\u00fcttern, sodass das Pferd seine K\u00f6rpertemperatur durch den Stoffwechsel regulieren kann. Zwischen 5 \u00b0C und 15 \u00b0C f\u00fchlen sich Pferde aber am wohlsten. Die Thermoregulation setzt bei rund \u201315 \u00b0C ein.<\/p>\n\n<div class=\"related_articles boxed\">\n    <h2>Mehr zum Thema<\/h2>\n    \n    <div class=\"wrapper\"><div class=\"title align-center\"><h3><a href=\"https:\/\/uelzener.de\/magazin\/pferd\/tipps-fuer-den-alltag\/das-richtige-eindecken-deines-pferdes\/\">Das richtige Eindecken deines Pferdes<\/a><\/h3><\/div><div class=\"img align-center\"><img decoding=\"async\" width=\"315\" height=\"180\" src=\"https:\/\/uelzener.de\/magazin\/app\/uploads\/2023\/11\/pferd-einecken-315x180.jpg\" class=\"attachment-315x180 size-315x180 wp-post-image\" alt=\"Eingedecktes Pferd steht in verschneiter Landschaft.\" \/><\/div><\/div><div class=\"wrapper\"><div class=\"title align-center\"><h3><a href=\"https:\/\/uelzener.de\/magazin\/pferd\/erziehung-und-training\/skijoering-und-schlittenfahren-mit-pferden-winterliche-abenteuer-fuer-mensch-und-tier\/\">Skij\u00f6ring und Schlittenfahren mit Pferden: Winterliche Abenteuer f\u00fcr Mensch und Tier<\/a><\/h3><\/div><div class=\"img align-center\"><img decoding=\"async\" width=\"315\" height=\"180\" src=\"https:\/\/uelzener.de\/magazin\/app\/uploads\/2024\/12\/GettyImages-1095992390_ba-315x180.jpg\" class=\"attachment-315x180 size-315x180 wp-post-image\" alt=\"Zwei Pferde ziehen einen Schlitten mit Menschen darauf durch den Schnee \u00fcber einen Pfad. Im Hintergrund sind vom Schnee bedeckte B\u00e4ume zu sehen.\" \/><\/div><\/div><div class=\"wrapper\"><div class=\"title align-center\"><h3><a href=\"https:\/\/uelzener.de\/magazin\/pferd\/erziehung-und-training\/pferde-im-winterlicht-fotografietipps-und-ideen\/\">Pferde im Winterlicht: Fotografietipps und -ideen<\/a><\/h3><\/div><div class=\"img align-center\"><img decoding=\"async\" width=\"315\" height=\"180\" src=\"https:\/\/uelzener.de\/magazin\/app\/uploads\/2025\/01\/pferde-im-winter-fotografieren-1-315x180.jpg\" class=\"attachment-315x180 size-315x180 wp-post-image\" alt=\"Eine Frau reitet mit ihrem Pferd in einer Schneepr\u00e4rie durch den Sonnenaufgang\" \/><\/div><\/div><\/div>\n\n<h2>Thermoregulation<\/h2>\n<p>Viele Reiterinnen und Reiter m\u00f6chten ihr Pferd in der kalten Jahreszeit eindecken, weil sie f\u00fcrchten, dass es friert. Aber: Ein gesundes, nicht geschorenes und artgerecht gehaltenes Pferd kommt prima mit kaltem Wetter zurecht. Seine Thermoregulation, also die K\u00f6rperfunktionen, die daf\u00fcr sorgen, dass die K\u00f6rpertemperatur konstant bleibt, ist sehr leistungsstark. Damit sie auch reibungslos funktioniert, muss das Pferd regelm\u00e4\u00dfig Umweltreizen ausgesetzt sein, denn sie trainieren die Thermoregulation. Beachte folgende Punkte, wenn du aber dein <a href=\"https:\/\/uelzener.de\/magazin\/pferd\/haeufige-fragen\/pferd-scheren\/\">Pferd scheren<\/a> m\u00f6chtest.<\/p>\n<h2>Vor kaltem Wind und Dauerregen sch\u00fctzen<\/h2>\n<p>Weht jedoch starker Wind und es regnet tagelang, brauchen Pferde einen R\u00fcckzugsort. Ein Unterstand sch\u00fctzt die Tiere vor schlechten Wetterbedingungen. Wichtig: Er muss auch schweren St\u00fcrmen oder einer Schneelast standhalten. <a href=\"https:\/\/uelzener.de\/magazin\/pferd\/haltung\/brauchen-pferde-einen-warmen-stall\/\">Ob Pferde generell aber einen warmen Stall brauchen, das erf\u00e4hrst du hier<\/a>.<\/p>\n<h2><span style=\"color: #29293a;\">Matsch und Morast vermeiden<\/span><\/h2>\n<p><span style=\"color: #29293a;\">Bei anhaltendem Regen bildet sich schnell Morast vor der Futter- \u00a0und Wasserstelle. Es ist ideal, wenn der Boden rund um Futterstellen mit Paddockplatten trockengelegt wird. Futterpl\u00e4tze und Tr\u00e4nken k\u00f6nnen \u2013 soweit es die Bedingungen auf der Koppel zulassen \u2013 \u00a0auch regelm\u00e4\u00dfig versetzt werden. Die Tiere treten so nicht st\u00e4ndig auf derselben Stelle und auch die Grasnarbe bleibt erhalten. Steht das Pferd dauerhaft im Matsch, der zus\u00e4tzlich mit Urin und Kot vermischt ist, wird es anf\u00e4lliger f\u00fcr Krankheiten, wie beispielweise Mauke. <\/span><span style=\"color: #29293a;\">Willst du mehr \u00fcber die Vorbeugung und Pflege der Hauterkrankung erfahren? Dann lies hier alles zur <a href=\"https:\/\/uelzener.de\/magazin\/pferd\/tiergesundheit\/mauke-pferd\/\">Mauke beim Pferd<\/a>.<\/span><\/p>\n","protected":false},"excerpt":{"rendered":"<p>Ausreichend frische Luft ist f\u00fcr Pferde im Sommer wie im Winter ein Grundbed\u00fcrfnis. Die niedrigen Temperaturen nehmen Pferde und Menschen jedoch ganz unterschiedlich wahr. Die Nullgradgrenze ist noch nicht erreicht: Trotz dicker Jacke und Handschuhen fangen Menschen bereits an zu frieren. Pferde sp\u00fcren die K\u00e4lte aber noch l\u00e4ngst nicht. Das Unterhautfettgewebe wirkt n\u00e4mlich isolierend und [&hellip;]<\/p>\n","protected":false},"author":11,"featured_media":14678,"parent":11706,"menu_order":52,"comment_status":"open","ping_status":"open","template":"templates\/blog.php","meta":{"_acf_changed":false,"_crdt_document":"","footnotes":"","beyondwords_generate_audio":"0","beyondwords_project_id":"","beyondwords_content_id":"","beyondwords_preview_token":"","beyondwords_player_style":"","beyondwords_language_id":"","beyondwords_title_voice_id":"","beyondwords_body_voice_id":"","beyondwords_summary_voice_id":"","beyondwords_error_message":"","beyondwords_disabled":"","beyondwords_delete_content":"","beyondwords_podcast_id":"","beyondwords_hash":"","publish_post_to_speechkit":"","speechkit_hash":"","speechkit_generate_audio":"","speechkit_project_id":"","speechkit_podcast_id":"","speechkit_error_message":"","speechkit_disabled":"","speechkit_access_key":"","speechkit_error":"","speechkit_info":"","speechkit_response":"","speechkit_retries":"","speechkit_status":"","speechkit_updated_at":"","_speechkit_link":"","_speechkit_text":""},"class_list":["post-10259","page","type-page","status-publish","has-post-thumbnail","hentry"],"acf":[],"yoast_head":"<!-- This site is optimized with the Yoast SEO Premium plugin  - https:\/\/yoast.com\/product\/yoast-seo-premium-wordpress\/ -->\n<title>Pferde im Winter: Fit durch die kalte Jahreszeit | Uelzener Tier-Magazin<\/title>\n<meta name=\"description\" content=\"Mit diesen Tipps bringst du dein Pferd fit durch den Winter \u2713 Training \u2713 F\u00fctterung \u2713 Haltung \u2713 Unfallvermeidung \u25b6 Mehr lesen!\" \/>\n<meta name=\"robots\" content=\"index, follow, max-snippet:-1, max-image-preview:large, max-video-preview:-1\" \/>\n<link rel=\"canonical\" href=\"https:\/\/uelzener.de\/magazin\/pferd\/tiergesundheit\/pferde-im-winter\/\" \/>\n<meta property=\"og:locale\" content=\"de_DE\" \/>\n<meta property=\"og:type\" content=\"article\" \/>\n<meta property=\"og:title\" content=\"Pferde im Winter: Fit durch die kalte Jahreszeit\" \/>\n<meta property=\"og:description\" content=\"Mit diesen Tipps bringst du dein Pferd fit durch den Winter \u2713 Training \u2713 F\u00fctterung \u2713 Haltung \u2713 Unfallvermeidung \u25b6 Mehr lesen!\" \/>\n<meta property=\"og:url\" content=\"https:\/\/uelzener.de\/magazin\/pferd\/tiergesundheit\/pferde-im-winter\/\" \/>\n<meta property=\"og:site_name\" content=\"Uelzener Tier-Magazin\" \/>\n<meta property=\"article:publisher\" content=\"https:\/\/www.facebook.com\/Uelzener\" \/>\n<meta property=\"article:modified_time\" content=\"2025-11-13T09:39:17+00:00\" \/>\n<meta property=\"og:image\" content=\"https:\/\/uelzener.de\/magazin\/app\/uploads\/2022\/12\/pferd-im-winter.jpg\" \/>\n\t<meta property=\"og:image:width\" content=\"1025\" \/>\n\t<meta property=\"og:image:height\" content=\"450\" \/>\n\t<meta property=\"og:image:type\" content=\"image\/jpeg\" \/>\n<meta name=\"twitter:card\" content=\"summary_large_image\" \/>\n<meta name=\"twitter:label1\" content=\"Gesch\u00e4tzte Lesezeit\" \/>\n\t<meta name=\"twitter:data1\" content=\"5\u00a0Minuten\" \/>\n<script type=\"application\/ld+json\" class=\"yoast-schema-graph\">{\"@context\":\"https:\\\/\\\/schema.org\",\"@graph\":[{\"@type\":\"WebPage\",\"@id\":\"https:\\\/\\\/uelzener.de\\\/magazin\\\/pferd\\\/tiergesundheit\\\/pferde-im-winter\\\/\",\"url\":\"https:\\\/\\\/uelzener.de\\\/magazin\\\/pferd\\\/tiergesundheit\\\/pferde-im-winter\\\/\",\"name\":\"Pferde im Winter: Fit durch die kalte Jahreszeit | Uelzener Tier-Magazin\",\"isPartOf\":{\"@id\":\"https:\\\/\\\/uelzener.de\\\/magazin\\\/#website\"},\"primaryImageOfPage\":{\"@id\":\"https:\\\/\\\/uelzener.de\\\/magazin\\\/pferd\\\/tiergesundheit\\\/pferde-im-winter\\\/#primaryimage\"},\"image\":{\"@id\":\"https:\\\/\\\/uelzener.de\\\/magazin\\\/pferd\\\/tiergesundheit\\\/pferde-im-winter\\\/#primaryimage\"},\"thumbnailUrl\":\"https:\\\/\\\/uelzener.de\\\/magazin\\\/app\\\/uploads\\\/2022\\\/12\\\/pferd-im-winter.jpg\",\"datePublished\":\"2022-12-30T10:00:00+00:00\",\"dateModified\":\"2025-11-13T09:39:17+00:00\",\"description\":\"Mit diesen Tipps bringst du dein Pferd fit durch den Winter \u2713 Training \u2713 F\u00fctterung \u2713 Haltung \u2713 Unfallvermeidung \u25b6 Mehr lesen!\",\"breadcrumb\":{\"@id\":\"https:\\\/\\\/uelzener.de\\\/magazin\\\/pferd\\\/tiergesundheit\\\/pferde-im-winter\\\/#breadcrumb\"},\"inLanguage\":\"de\",\"potentialAction\":[{\"@type\":\"ReadAction\",\"target\":[\"https:\\\/\\\/uelzener.de\\\/magazin\\\/pferd\\\/tiergesundheit\\\/pferde-im-winter\\\/\"]}]},{\"@type\":\"ImageObject\",\"inLanguage\":\"de\",\"@id\":\"https:\\\/\\\/uelzener.de\\\/magazin\\\/pferd\\\/tiergesundheit\\\/pferde-im-winter\\\/#primaryimage\",\"url\":\"https:\\\/\\\/uelzener.de\\\/magazin\\\/app\\\/uploads\\\/2022\\\/12\\\/pferd-im-winter.jpg\",\"contentUrl\":\"https:\\\/\\\/uelzener.de\\\/magazin\\\/app\\\/uploads\\\/2022\\\/12\\\/pferd-im-winter.jpg\",\"width\":1025,\"height\":450,\"caption\":\"Pony tollt in winterlicher Schneelandschaft und rempelt kr\u00e4ftig einen Schneemann in Pferdeform an.\"},{\"@type\":\"WebSite\",\"@id\":\"https:\\\/\\\/uelzener.de\\\/magazin\\\/#website\",\"url\":\"https:\\\/\\\/uelzener.de\\\/magazin\\\/\",\"name\":\"Uelzener Tiermagazin\",\"description\":\"Online Tierratgeber der Uelzener Versicherungen\",\"publisher\":{\"@id\":\"https:\\\/\\\/uelzener.de\\\/magazin\\\/#organization\"},\"potentialAction\":[{\"@type\":\"SearchAction\",\"target\":{\"@type\":\"EntryPoint\",\"urlTemplate\":\"https:\\\/\\\/uelzener.de\\\/magazin\\\/?s={search_term_string}\"},\"query-input\":{\"@type\":\"PropertyValueSpecification\",\"valueRequired\":true,\"valueName\":\"search_term_string\"}}],\"inLanguage\":\"de\"},{\"@type\":\"Organization\",\"@id\":\"https:\\\/\\\/uelzener.de\\\/magazin\\\/#organization\",\"name\":\"Uelzener Versicherungen\",\"url\":\"https:\\\/\\\/uelzener.de\\\/magazin\\\/\",\"logo\":{\"@type\":\"ImageObject\",\"inLanguage\":\"de\",\"@id\":\"https:\\\/\\\/uelzener.de\\\/magazin\\\/#\\\/schema\\\/logo\\\/image\\\/\",\"url\":\"https:\\\/\\\/uelzener.de\\\/magazin\\\/app\\\/uploads\\\/2024\\\/11\\\/uelzener_allgemeine_versicherungsgesellschaft_a_g_logo.jpg\",\"contentUrl\":\"https:\\\/\\\/uelzener.de\\\/magazin\\\/app\\\/uploads\\\/2024\\\/11\\\/uelzener_allgemeine_versicherungsgesellschaft_a_g_logo.jpg\",\"width\":200,\"height\":200,\"caption\":\"Uelzener Versicherungen\"},\"image\":{\"@id\":\"https:\\\/\\\/uelzener.de\\\/magazin\\\/#\\\/schema\\\/logo\\\/image\\\/\"},\"sameAs\":[\"https:\\\/\\\/www.facebook.com\\\/Uelzener\",\"https:\\\/\\\/instagram.com\\\/uelzener\",\"https:\\\/\\\/www.xing.com\\\/pages\\\/uelzenerallgemeineversicherungs-gesellschafta-g\",\"https:\\\/\\\/www.youtube.com\\\/UelzenerVersicherungen\"]}]}<\/script>\n<!-- \/ Yoast SEO Premium plugin. -->","yoast_head_json":{"title":"Pferde im Winter: Fit durch die kalte Jahreszeit | Uelzener Tier-Magazin","description":"Mit diesen Tipps bringst du dein Pferd fit durch den Winter \u2713 Training \u2713 F\u00fctterung \u2713 Haltung \u2713 Unfallvermeidung \u25b6 Mehr lesen!","robots":{"index":"index","follow":"follow","max-snippet":"max-snippet:-1","max-image-preview":"max-image-preview:large","max-video-preview":"max-video-preview:-1"},"canonical":"https:\/\/uelzener.de\/magazin\/pferd\/tiergesundheit\/pferde-im-winter\/","og_locale":"de_DE","og_type":"article","og_title":"Pferde im Winter: Fit durch die kalte Jahreszeit","og_description":"Mit diesen Tipps bringst du dein Pferd fit durch den Winter \u2713 Training \u2713 F\u00fctterung \u2713 Haltung \u2713 Unfallvermeidung \u25b6 Mehr lesen!","og_url":"https:\/\/uelzener.de\/magazin\/pferd\/tiergesundheit\/pferde-im-winter\/","og_site_name":"Uelzener Tier-Magazin","article_publisher":"https:\/\/www.facebook.com\/Uelzener","article_modified_time":"2025-11-13T09:39:17+00:00","og_image":[{"width":1025,"height":450,"url":"https:\/\/uelzener.de\/magazin\/app\/uploads\/2022\/12\/pferd-im-winter.jpg","type":"image\/jpeg"}],"twitter_card":"summary_large_image","twitter_misc":{"Gesch\u00e4tzte Lesezeit":"5\u00a0Minuten"},"schema":{"@context":"https:\/\/schema.org","@graph":[{"@type":"WebPage","@id":"https:\/\/uelzener.de\/magazin\/pferd\/tiergesundheit\/pferde-im-winter\/","url":"https:\/\/uelzener.de\/magazin\/pferd\/tiergesundheit\/pferde-im-winter\/","name":"Pferde im Winter: Fit durch die kalte Jahreszeit | Uelzener Tier-Magazin","isPartOf":{"@id":"https:\/\/uelzener.de\/magazin\/#website"},"primaryImageOfPage":{"@id":"https:\/\/uelzener.de\/magazin\/pferd\/tiergesundheit\/pferde-im-winter\/#primaryimage"},"image":{"@id":"https:\/\/uelzener.de\/magazin\/pferd\/tiergesundheit\/pferde-im-winter\/#primaryimage"},"thumbnailUrl":"https:\/\/uelzener.de\/magazin\/app\/uploads\/2022\/12\/pferd-im-winter.jpg","datePublished":"2022-12-30T10:00:00+00:00","dateModified":"2025-11-13T09:39:17+00:00","description":"Mit diesen Tipps bringst du dein Pferd fit durch den Winter \u2713 Training \u2713 F\u00fctterung \u2713 Haltung \u2713 Unfallvermeidung \u25b6 Mehr lesen!","breadcrumb":{"@id":"https:\/\/uelzener.de\/magazin\/pferd\/tiergesundheit\/pferde-im-winter\/#breadcrumb"},"inLanguage":"de","potentialAction":[{"@type":"ReadAction","target":["https:\/\/uelzener.de\/magazin\/pferd\/tiergesundheit\/pferde-im-winter\/"]}]},{"@type":"ImageObject","inLanguage":"de","@id":"https:\/\/uelzener.de\/magazin\/pferd\/tiergesundheit\/pferde-im-winter\/#primaryimage","url":"https:\/\/uelzener.de\/magazin\/app\/uploads\/2022\/12\/pferd-im-winter.jpg","contentUrl":"https:\/\/uelzener.de\/magazin\/app\/uploads\/2022\/12\/pferd-im-winter.jpg","width":1025,"height":450,"caption":"Pony tollt in winterlicher Schneelandschaft und rempelt kr\u00e4ftig einen Schneemann in Pferdeform an."},{"@type":"WebSite","@id":"https:\/\/uelzener.de\/magazin\/#website","url":"https:\/\/uelzener.de\/magazin\/","name":"Uelzener Tiermagazin","description":"Online Tierratgeber der Uelzener Versicherungen","publisher":{"@id":"https:\/\/uelzener.de\/magazin\/#organization"},"potentialAction":[{"@type":"SearchAction","target":{"@type":"EntryPoint","urlTemplate":"https:\/\/uelzener.de\/magazin\/?s={search_term_string}"},"query-input":{"@type":"PropertyValueSpecification","valueRequired":true,"valueName":"search_term_string"}}],"inLanguage":"de"},{"@type":"Organization","@id":"https:\/\/uelzener.de\/magazin\/#organization","name":"Uelzener Versicherungen","url":"https:\/\/uelzener.de\/magazin\/","logo":{"@type":"ImageObject","inLanguage":"de","@id":"https:\/\/uelzener.de\/magazin\/#\/schema\/logo\/image\/","url":"https:\/\/uelzener.de\/magazin\/app\/uploads\/2024\/11\/uelzener_allgemeine_versicherungsgesellschaft_a_g_logo.jpg","contentUrl":"https:\/\/uelzener.de\/magazin\/app\/uploads\/2024\/11\/uelzener_allgemeine_versicherungsgesellschaft_a_g_logo.jpg","width":200,"height":200,"caption":"Uelzener Versicherungen"},"image":{"@id":"https:\/\/uelzener.de\/magazin\/#\/schema\/logo\/image\/"},"sameAs":["https:\/\/www.facebook.com\/Uelzener","https:\/\/instagram.com\/uelzener","https:\/\/www.xing.com\/pages\/uelzenerallgemeineversicherungs-gesellschafta-g","https:\/\/www.youtube.com\/UelzenerVersicherungen"]}]}},"_links":{"self":[{"href":"https:\/\/uelzener.de\/magazin\/wp-json\/wp\/v2\/pages\/10259","targetHints":{"allow":["GET"]}}],"collection":[{"href":"https:\/\/uelzener.de\/magazin\/wp-json\/wp\/v2\/pages"}],"about":[{"href":"https:\/\/uelzener.de\/magazin\/wp-json\/wp\/v2\/types\/page"}],"author":[{"embeddable":true,"href":"https:\/\/uelzener.de\/magazin\/wp-json\/wp\/v2\/users\/11"}],"replies":[{"embeddable":true,"href":"https:\/\/uelzener.de\/magazin\/wp-json\/wp\/v2\/comments?post=10259"}],"version-history":[{"count":32,"href":"https:\/\/uelzener.de\/magazin\/wp-json\/wp\/v2\/pages\/10259\/revisions"}],"predecessor-version":[{"id":19435,"href":"https:\/\/uelzener.de\/magazin\/wp-json\/wp\/v2\/pages\/10259\/revisions\/19435"}],"up":[{"embeddable":true,"href":"https:\/\/uelzener.de\/magazin\/wp-json\/wp\/v2\/pages\/11706"}],"wp:featuredmedia":[{"embeddable":true,"href":"https:\/\/uelzener.de\/magazin\/wp-json\/wp\/v2\/media\/14678"}],"wp:attachment":[{"href":"https:\/\/uelzener.de\/magazin\/wp-json\/wp\/v2\/media?parent=10259"}],"curies":[{"name":"wp","href":"https:\/\/api.w.org\/{rel}","templated":true}]}}