{"id":10223,"date":"2023-07-05T00:00:00","date_gmt":"2023-07-04T22:00:00","guid":{"rendered":""},"modified":"2025-09-11T10:13:19","modified_gmt":"2025-09-11T08:13:19","slug":"sommerekzem-pferd","status":"publish","type":"page","link":"https:\/\/uelzener.de\/magazin\/pferd\/tiergesundheit\/sommerekzem-pferd\/","title":{"rendered":"Sommerekzem beim Pferd: Insektenstiche verursachen starken Juckreiz"},"content":{"rendered":"<p>Scheuert sich dein Pferd in den Sommermonaten h\u00e4ufig und leidet es offensichtlich unter Juckreiz? Daf\u00fcr k\u00f6nnte das Sommerekzem verantwortlich sein, was durch Insekten ausgel\u00f6st wird. Die konkrete Behandlung richtet sich nach der Art und Schwere des Leidens. In diesem Beitrag erf\u00e4hrst du, was du f\u00fcr vorbeugende Ma\u00dfnahmen ergreifen und was du bei Auftreten des Ekzems tun kannst.<\/p>\n<h2>Was ist ein Sommerekzem?<\/h2>\n<p>In der warmen Jahreszeit sind Insekten wie Kriebelm\u00fccken, Bremsen und Gnitzen aktiv. Bei\u00dfen oder stechen sie dein Pferd, sondern sie dabei eiwei\u00dfhaltigen Speichel ab. Darauf kann das Immunsystem \u00fcberreagieren, was Hautprobleme und Juckreiz verursacht.<\/p>\n<p>Oft bekommen Pferde in jungen Jahren erstmals Probleme in den Sommermonaten. Zeigt dein Pferd einmal allergische Reaktionen auf den Insektenspeichel, kannst du leider davon ausgehen, dass es fortan jeden Sommer Probleme bekommt. Oft verschlimmern sich die Symptome auch in den Folgejahren.<\/p>\n<h2>Entstehung des Sommerekzems bei Pferden<\/h2>\n<p>Es ist unklar, warum einige Pferde derart auf den Speichel von M\u00fccken und <a href=\"https:\/\/uelzener.de\/magazin\/pferd\/tiergesundheit\/was-hilft-gegen-pferdebremsen\/\" target=\"_blank\" rel=\"noopener\">Bremsen<\/a> reagieren und andere lediglich etwas genervt von den Blutsaugern sind. Sicher ist, dass es sich um eine \u00dcberreaktion des Immunsystems handelt, die an den Einstichstellen zu Irritationen der Haut und starkem Juckreiz f\u00fchrt, wobei die Immunreaktion bei Pferden unterschiedlich ausgepr\u00e4gt ist.<\/p>\n<p>Das Sommerekzem entsteht bei betroffenen Pferden, wenn ein bestimmtes im Speichel der Insekten enthaltenes Protein in den Organismus gelangt. Dieses Protein wird als Antigen erkannt und darauf reagiert das Immunsystem, indem es Antik\u00f6rper bildet. Der Vorgang entspricht einer allergischen Reaktion. Betroffen sein kann jedes Pferd und in jedem Alter kann ein Sommerekzem erstmals auftreten beziehungsweise bemerkt werden: Manchmal \u00e4u\u00dfern sich die ersten und anf\u00e4nglichen Beschwerden dezenter und unspezifisch. Vielleicht ist dein Pferd lediglich etwas nerv\u00f6ser als \u00fcblich. Sp\u00e4testens, wenn sich Juckreiz bemerkbar macht oder sich dein Pferd gar wund und blutig scheuert, liegt jedoch der Verdacht auf Sommerekzem oder eine andere Hauterkrankung nahe.<\/p>\n<h2>Was sind Kriebelm\u00fccken?<\/h2>\n<p>Ein Sommerekzem wird h\u00e4ufig durch Kriebelm\u00fccken hervorgerufen. Diese zwischen zwei und sechs Millimeter langen M\u00fccken, kommen bei mildem Wetter bereits ab Mitte Februar bis in den Sp\u00e4tsommer oder Herbst vor. Dabei fliegen sie h\u00e4ufig in Schw\u00e4rmen. Sie geh\u00f6ren zu einer M\u00fcckenart, die im Unterschied zu vielen anderen M\u00fcckenarten, nicht stechen, sondern bei\u00dfen. Dazu rei\u00dfen sie mit ihren scherenf\u00f6rmigen Bei\u00dfwerkzeugen die Haut des Pferdes auf. Es bildet sich eine kleine Blase mit Blut, die sie dann aussagen. Daher werden Kriebelm\u00fccken auch Poolsauger genannt.<\/p>\n<p>Nur weibliche Kriebelm\u00fccken saugen Blut. Sie verwenden es f\u00fcr die Versorgung ihrer Eier. Beim Blutsaugen sondern die Kriebelm\u00fccken Speichel ab. Dieser enth\u00e4lt gerinnungshemmende Stoffe, die daf\u00fcr sorgen, dass das Blut l\u00e4nger fl\u00fcssig bleibt. Au\u00dferdem kann der Speichel der Kriebelm\u00fccke allergische Reaktionen ausl\u00f6sen. Diese k\u00f6nnen f\u00fcr die Entstehung eines Sommerekzems verantwortlich sein.<\/p>\n<p>Die Larven der Kriebelm\u00fccke f\u00fchlen sich bei hoher Luftfeuchtigkeit und hohen Temperaturen am wohlsten. Daher findet man Kriebelm\u00fccken h\u00e4ufig in der N\u00e4he von Gew\u00e4ssern und zu Jahreszeiten, in denen es feucht und warm ist. Kriebelm\u00fccken nutzen besonders Weidetiere, wie Rinder und Pferde, als Wirte. Bei Pferden finden sich die Bisswunden meistens an Ohren, Hals und Bauch der Tiere. Es kommt mitunter vor, dass auch Menschen von Kriebelm\u00fccken gebissen werden. Kriebelm\u00fccken sind besonders t\u00fcckisch, weil man ihre Ber\u00fchrung so gut wie nicht sp\u00fcrt.<\/p>\n<h2>Symptome beim Sommerekzem erkennen<\/h2>\n<p>Bemerkst du folgende Symptome, solltest du in der warmen Jahreszeit an das Sommerekzem denken:<\/p>\n<ul>\n<li>Nervosit\u00e4t und Unruhe<\/li>\n<li>h\u00e4ufiges Scheuern<\/li>\n<li>Haarverlust durch Scheuern<\/li>\n<li>knotenf\u00f6rmige Verdickungen unter der Haut<\/li>\n<li>Schuppen<\/li>\n<li>Pusteln und Hautr\u00f6tungen<\/li>\n<li>Verkrustungen<\/li>\n<li>offene Wunden<\/li>\n<li>n\u00e4ssendes Sekret<\/li>\n<\/ul>\n<p>Bei Hautirritationen, krustigen Stellen, offenen Wunden und Bereichen mit n\u00e4ssendem Sekret besteht das Risiko von Sekund\u00e4rinfektionen, da hier Bakterien und Keime eindringen k\u00f6nnen, was unbehandelt schlimmstenfalls in einer Sepsis endet. Muss sich dein Pferd aufgrund des Juckreizes st\u00e4ndig scheuern, frisst es vielleicht weniger und magert ab.<\/p>\n<p>Da \u00e4hnliche Symptome auch anderweitig verursacht werden k\u00f6nnen, zum Beispiel durch <a href=\"https:\/\/uelzener.de\/magazin\/pferd\/tiergesundheit\/milbenbefall-beim-pferd\/\" target=\"_blank\" rel=\"noopener\">Milben<\/a> oder Pilzinfektionen, sollte eine eindeutige Diagnose durch den Tierarzt erfolgen.<\/p>\n<h2><img decoding=\"async\" class=\"alignnone size-medium wp-image-13667\" src=\"https:\/\/uelzener.de\/magazin\/app\/uploads\/2022\/08\/Pferd-mit-Sommerekzem-im-Gesicht-Kopie-225x300.webp\" alt=\"Pferd mit Sommerekzem im Gesicht\" width=\"225\" height=\"300\" srcset=\"https:\/\/uelzener.de\/magazin\/app\/uploads\/2022\/08\/Pferd-mit-Sommerekzem-im-Gesicht-Kopie-225x300.webp 225w, https:\/\/uelzener.de\/magazin\/app\/uploads\/2022\/08\/Pferd-mit-Sommerekzem-im-Gesicht-Kopie.webp 668w\" sizes=\"(max-width: 225px) 100vw, 225px\" \/><\/h2>\n<h2>Ekzem beim Pferd \u2013 die Diagnose<\/h2>\n<p>Ein erster Verdacht ergibt sich beim Tierarzt durch deine Schilderungen, wie sich dein Pferd verh\u00e4lt, sowie durch eine Begutachtung der Haut. Hinweise findet der Tierarzt weiterhin in den Umgebungsbedingungen, denn Kriebelm\u00fccken &amp; Co. f\u00fchlen sich in feuchten Gebieten am wohlsten. N\u00e4heren Aufschluss gibt letztendlich eine Laboranalyse des Blutes.<\/p>\n<h2>Behandlungsm\u00f6glichkeiten beim Sommerekzem<\/h2>\n<p>\u00dcberreaktionen des Immunsystems sind eine komplexe Angelegenheit und das Sommerekzem ist insofern nicht heilbar, da das Protein im Speichel der Insekten stets als Fremdk\u00f6rper erkannt wird, den es zu bek\u00e4mpfen gilt. Allzu starke Immunreaktionen k\u00f6nnen aber ged\u00e4mpft werden. Das erreichen Immunsuppressiva wie Cortison, die die Reaktion unterdr\u00fccken.<\/p>\n<p>Ansonsten ist es wichtig, die symptomatischen Leiden deines Pferdes zu lindern und Wunden medizinisch zu versorgen. In der Regel wird ein Tierarzt das Ausma\u00df begutachten und geeignete Produkte verordnen, die desinfizierend wirken, um Sekund\u00e4rinfektionen vorzubeugen, sowie solche, die Juckreiz lindernde und pflegende Eigenschaften aufweisen. Je nach Art der Irritationen oder Wunden und Verkrustungen erfolgt vor dem Auftragen der Mittel eine S\u00e4uberung. Gegebenenfalls werden die Haare an der betroffenen Stelle entfernt, um Verklebungen auszuschlie\u00dfen. Zur Behandlung eignen sich:<\/p>\n<ul>\n<li>Kochsalzl\u00f6sung zum Reinigen<\/li>\n<li>Zinkoxid bei offenen Wunden und n\u00e4ssenden Bereichen<\/li>\n<li>antibakterielle Mittel bei Entz\u00fcndungen<\/li>\n<li>Immunsuppressiva<\/li>\n<\/ul>\n<p>Schuppige Hautareale jucken enorm. Betroffen sind oft die Partien um die Augen herum, die Ohren, der M\u00e4hnenkamm und der Schweifansatz. Ein \u00f6lhaltiges Pr\u00e4parat hilft, die Schuppen sanft zu entfernen, ohne die Haut zus\u00e4tzlich zu reizen. Begleitende Behandlungsoptionen wie ein <a href=\"https:\/\/uelzener.de\/magazin\/pferd\/pflege\/fliegenschutz-fuer-pferde-ohne-chemie-diy-fliegensprays\/\" target=\"_blank\" rel=\"noopener\">Fliegenschutz f\u00fcr das Pferd<\/a> richten sich nach dem Individualfall und entsprechen solchen, die auch vorbeugend angewandt werden.<\/p>\n<h3>Sommerekzem beim Pferd: Hausmittel zur Behandlung von Kriebelm\u00fccke beim Pferd<\/h3>\n<p>F\u00fcr das Sommerekzem beim Pferd bieten Hausmittel zus\u00e4tzliche M\u00f6glichkeiten, deinem Pferd zu helfen. Einige hast du sicher in deiner <a href=\"https:\/\/uelzener.de\/magazin\/pferd\/tiergesundheit\/die-stallapotheke\/\">Stallapotheke<\/a> oder kannst diese erweitern, wenn dein Pferd betroffen ist. Insbesondere \u00e4therische \u00d6le m\u00f6gen viele Blutsauger nicht, einige haben sogar lindernde und beruhigende Effekte:<\/p>\n<ul>\n<li>Zitrone<\/li>\n<li>Zedernholz<\/li>\n<li>Anis<\/li>\n<li>Minze<\/li>\n<li>Gew\u00fcrznelke<\/li>\n<li>Eukalyptus<\/li>\n<\/ul>\n<p>Kr\u00e4uter wie Brennnessel, L\u00f6wenzahn und Schafgarbe k\u00f6nnen, dem Futter zugef\u00fcgt, den Heilungsprozess von innen heraus unterst\u00fctzen. Bei schuppigen, trockenen Hautpartien verschaffst du deinem Pferd mit Raps\u00f6l Linderung. Kamille wird ein beruhigender Effekt bei Hautreizungen nachgesagt.<\/p>\n<p>Und <a href=\"https:\/\/uelzener.de\/magazin\/pferd\/haeufige-fragen\/kolik-hausmittel\/\">diese Hausmittel helfen bei Kolik<\/a> \u2013 jetzt nachlesen und Lesezeichen setzen.<\/p>\n<h2>Vorbeugende Ma\u00dfnahmen<\/h2>\n<p>Viele der vorbeugenden Ma\u00dfnahmen unterst\u00fctzen auch wenn dein Pferd akut vom Sommerekzem betroffen ist. Das betrifft vor allem die Haltung und Ern\u00e4hrung. Die beste vorbeugende Ma\u00dfnahme ist zweifelsfrei, wenn dein Pferd gar nicht erst mit M\u00fccken und Bremsen in Kontakt kommt. Als Schutz bietet sich neben abwehrenden Insektensprays und \u00e4therischen \u00d6len eine Fliegendecke an, auch als Ekzemdecke bezeichnet.<\/p>\n\n<div class=\"related_articles boxed\">\n    <h2>Mehr zum Thema<\/h2>\n    \n    <div class=\"wrapper\"><div class=\"title align-center\"><h3><a href=\"https:\/\/uelzener.de\/magazin\/pferd\/tipps-fuer-den-alltag\/das-richtige-eindecken-deines-pferdes\/\">Das richtige Eindecken deines Pferdes<\/a><\/h3><\/div><div class=\"img align-center\"><img decoding=\"async\" width=\"315\" height=\"180\" src=\"https:\/\/uelzener.de\/magazin\/app\/uploads\/2023\/11\/pferd-einecken-315x180.jpg\" class=\"attachment-315x180 size-315x180 wp-post-image\" alt=\"Eingedecktes Pferd steht in verschneiter Landschaft.\" \/><\/div><\/div><div class=\"wrapper\"><div class=\"title align-center\"><h3><a href=\"https:\/\/uelzener.de\/magazin\/pferd\/tipps-fuer-den-alltag\/reitausruestung-im-herbst\/\">Herbstliche Ausr\u00fcstung f\u00fcr Pferd und Reiter:in<\/a><\/h3><\/div><div class=\"img align-center\"><img decoding=\"async\" width=\"315\" height=\"180\" src=\"https:\/\/uelzener.de\/magazin\/app\/uploads\/2023\/10\/pferd-im-herbst-315x180.jpg\" class=\"attachment-315x180 size-315x180 wp-post-image\" alt=\"Pferd steht im Herbstfeld\" \/><\/div><\/div><div class=\"wrapper\"><div class=\"title align-center\"><h3><a href=\"https:\/\/uelzener.de\/magazin\/pferd\/tiergesundheit\/pferde-regen\/\">Regenwetter: Wie (alte) Pferde davor wappnen<\/a><\/h3><\/div><div class=\"img align-center\"><img decoding=\"async\" width=\"315\" height=\"180\" src=\"https:\/\/uelzener.de\/magazin\/app\/uploads\/2023\/08\/regenwetter-pferd-315x180.jpg\" class=\"attachment-315x180 size-315x180 wp-post-image\" alt=\"Nasses Pferd neben Heuballen.\" \/><\/div><\/div><\/div>\n\n<p>Da sich Stress auf den Stoffwechsel und das Immunsystem auswirkt, z\u00e4hlt eine ruhige Umgebung zu den vorbeugenden Ma\u00dfnahmen. Achte au\u00dferdem auf eine eiwei\u00dfarme Ern\u00e4hrung und die ausgewogene Versorgung mit Mineralien und Spurenelementen. Kriebelm\u00fccken, Gnitzen und Bremsen sind bevorzugt in feuchter Umgebung sowie in den Morgen- und Abendstunden aktiv. Meide daher entsprechende Orte und Zeiten bei Ausritten und passe die Weidezeiten an. Eine sorgf\u00e4ltige Stallhygiene und ein trockener Untergrund sind f\u00fcr die Insekten weniger attraktiv. Zus\u00e4tzlich kannst du auch im Stall Anti-M\u00fcckenspray einsetzen.<\/p>\n<h2>Behandlungskosten beim Sommerekzem<\/h2>\n<p>Das Sommerekzem beim Pferd kann, selbst wenn du bestm\u00f6glich vorbeugst, einiges an Tierarztkosten verursachen. Das begr\u00fcndet sich haupts\u00e4chlich darin, dass die Erkrankung j\u00e4hrlich wiederkehrt. Gegebenenfalls empfiehlt der Tierarzt au\u00dferdem au\u00dferhalb der Sommermonate eine Immuntherapie, um dein Pferd besser f\u00fcr die warme Jahreszeit zu wappnen.<\/p>\n<p>Wie hoch die Kosten im Einzelfall sind, ist von der Art und dem Schweregrad der Symptome abh\u00e4ngig. Schlie\u00dft du allerdings eine Pferde-Krankenversicherung bei der Uelzener ab, \u00fcbernimmt diese s\u00e4mtliche Kosten f\u00fcr Arzneimittel zur Behandlung. So wei\u00dft du dein Pferd stets bestens versorgt, ohne dir finanzielle Sorgen machen zu m\u00fcssen.<\/p>\n\n<div class=\"banner\">\n    <a href=\"https:\/\/uelzener.de\/pferd\/herden-versicherung\/?agt=0000104925&sem=true&utm_medium=magazin&utm_source=wordpress&utm_campaign=pferd_kv&utm_content=banner    \">\n        <img decoding=\"async\" width=\"300\" height=\"212\" src=\"https:\/\/uelzener.de\/magazin\/app\/uploads\/2025\/01\/Pferde-Kranken-Versicherung.jpg\" class=\"attachment-medium size-medium\" alt=\"Banner Pferde-Kranken-Versicherung\" \/>    <\/a>\n<\/div>\n\n<h2>Viele Pferde leiden j\u00e4hrlich unter Sommerekzem<\/h2>\n<p>Sommerzeit ist M\u00fcckenzeit und der proteinhaltige Speichel der kleinen Blutsauger kann bei Pferden heftige Reaktionen ausl\u00f6sen. Sie leiden unter Juckreiz, scheuern sich wund und m\u00fcssen aufwendig behandelt werden. Du kannst durch optimale F\u00fctterung und Haltungsbedingungen sowie einen wirksamen Insektenschutz einiges tun, um vorzubeugen. Zus\u00e4tzlich bist du mit einer Krankenversicherung f\u00fcr dein Pferd auf der sicheren Seite, denn die Allergie ist nicht heilbar und erfordert eine st\u00e4ndig wiederkehrende Behandlung.<\/p>\n<h2>FAQ: H\u00e4ufig gestellte Fragen zum Thema Sommerekzem beim Pferd<\/h2>\n<h3>Was hilft wirklich gegen ein Sommerekzem beim Pferd?<\/h3>\n<p>Die einzig wirksame Ma\u00dfnahme ist die, den Kontakt zu den Allergie ausl\u00f6senden Insekten zu vermeiden. Im Akutfall ist nur die Symptombehandlung m\u00f6glich. Eine Immuntherapie kann unterst\u00fctzen.<\/p>\n<h3>Wie kann man einem Sommerekzem beim Pferd vorbeugen?<\/h3>\n<p>Angepasste Ausritt- und Weidezeiten, eine Ekzemdecke und Anti-M\u00fcckensprays tragen ebenso wie Sauberkeit und eine proteinarme F\u00fctterung zur Vorbeugung bei.<\/p>\n<h3>Wie erkenne ich ein Sommerekzem beim Pferd?<\/h3>\n<p>Ist dein Pferd vom Sommerekzem betroffen, wird es unruhig, scheuert sich h\u00e4ufig und leidet unter Hautirritationen bis hin zu offenen und n\u00e4ssenden Wunden.<\/p>\n","protected":false},"excerpt":{"rendered":"<p>Scheuert sich dein Pferd in den Sommermonaten h\u00e4ufig und leidet es offensichtlich unter Juckreiz? Daf\u00fcr k\u00f6nnte das Sommerekzem verantwortlich sein, was durch Insekten ausgel\u00f6st wird. Die konkrete Behandlung richtet sich nach der Art und Schwere des Leidens. In diesem Beitrag erf\u00e4hrst du, was du f\u00fcr vorbeugende Ma\u00dfnahmen ergreifen und was du bei Auftreten des Ekzems [&hellip;]<\/p>\n","protected":false},"author":1,"featured_media":15623,"parent":11706,"menu_order":70,"comment_status":"open","ping_status":"open","template":"templates\/blog.php","meta":{"_acf_changed":false,"_crdt_document":"","footnotes":"","beyondwords_generate_audio":"0","beyondwords_project_id":"","beyondwords_content_id":"","beyondwords_preview_token":"","beyondwords_player_style":"","beyondwords_language_id":"","beyondwords_title_voice_id":"","beyondwords_body_voice_id":"","beyondwords_summary_voice_id":"","beyondwords_error_message":"","beyondwords_disabled":"","beyondwords_delete_content":"","beyondwords_podcast_id":"","beyondwords_hash":"","publish_post_to_speechkit":"","speechkit_hash":"","speechkit_generate_audio":"","speechkit_project_id":"","speechkit_podcast_id":"","speechkit_error_message":"","speechkit_disabled":"","speechkit_access_key":"","speechkit_error":"","speechkit_info":"","speechkit_response":"","speechkit_retries":"","speechkit_status":"","speechkit_updated_at":"","_speechkit_link":"","_speechkit_text":""},"class_list":["post-10223","page","type-page","status-publish","has-post-thumbnail","hentry"],"acf":[],"yoast_head":"<!-- This site is optimized with the Yoast SEO Premium plugin  - https:\/\/yoast.com\/product\/yoast-seo-premium-wordpress\/ -->\n<title>Sommerekzem beim Pferd: Insektenstiche verursachen starken Juckreiz | Uelzener<\/title>\n<meta name=\"description\" content=\"Wie entsteht ein Sommerekzem beim Pferd? \u25b6 Wir geben Tipps zur \u2713 Diagnose \u2713 Vorbeugenden Ma\u00dfnahmen \u2713 Behandlung \u25b6 Hier mehr erfahren!\" \/>\n<meta name=\"robots\" content=\"index, follow, max-snippet:-1, max-image-preview:large, max-video-preview:-1\" \/>\n<link rel=\"canonical\" href=\"https:\/\/uelzener.de\/magazin\/pferd\/tiergesundheit\/sommerekzem-pferd\/\" \/>\n<meta property=\"og:locale\" content=\"de_DE\" \/>\n<meta property=\"og:type\" content=\"article\" \/>\n<meta property=\"og:title\" content=\"Sommerekzem beim Pferd: Insektenstiche verursachen starken Juckreiz\" \/>\n<meta property=\"og:description\" content=\"Wie entsteht ein Sommerekzem beim Pferd? \u25b6 Wir geben Tipps zur \u2713 Diagnose \u2713 Vorbeugenden Ma\u00dfnahmen \u2713 Behandlung \u25b6 Hier mehr erfahren!\" \/>\n<meta property=\"og:url\" content=\"https:\/\/uelzener.de\/magazin\/pferd\/tiergesundheit\/sommerekzem-pferd\/\" \/>\n<meta property=\"og:site_name\" content=\"Uelzener Tier-Magazin\" \/>\n<meta property=\"article:publisher\" content=\"https:\/\/www.facebook.com\/Uelzener\" \/>\n<meta property=\"article:modified_time\" content=\"2025-09-11T08:13:19+00:00\" \/>\n<meta property=\"og:image\" content=\"https:\/\/uelzener.de\/magazin\/app\/uploads\/2023\/05\/sommerekzem_pferd.jpg\" \/>\n\t<meta property=\"og:image:width\" content=\"1025\" \/>\n\t<meta property=\"og:image:height\" content=\"450\" \/>\n\t<meta property=\"og:image:type\" content=\"image\/jpeg\" \/>\n<meta name=\"twitter:card\" content=\"summary_large_image\" \/>\n<meta name=\"twitter:label1\" content=\"Gesch\u00e4tzte Lesezeit\" \/>\n\t<meta name=\"twitter:data1\" content=\"9\u00a0Minuten\" \/>\n<script type=\"application\/ld+json\" class=\"yoast-schema-graph\">{\"@context\":\"https:\\\/\\\/schema.org\",\"@graph\":[{\"@type\":\"WebPage\",\"@id\":\"https:\\\/\\\/uelzener.de\\\/magazin\\\/pferd\\\/tiergesundheit\\\/sommerekzem-pferd\\\/\",\"url\":\"https:\\\/\\\/uelzener.de\\\/magazin\\\/pferd\\\/tiergesundheit\\\/sommerekzem-pferd\\\/\",\"name\":\"Sommerekzem beim Pferd: Insektenstiche verursachen starken Juckreiz | Uelzener\",\"isPartOf\":{\"@id\":\"https:\\\/\\\/uelzener.de\\\/magazin\\\/#website\"},\"primaryImageOfPage\":{\"@id\":\"https:\\\/\\\/uelzener.de\\\/magazin\\\/pferd\\\/tiergesundheit\\\/sommerekzem-pferd\\\/#primaryimage\"},\"image\":{\"@id\":\"https:\\\/\\\/uelzener.de\\\/magazin\\\/pferd\\\/tiergesundheit\\\/sommerekzem-pferd\\\/#primaryimage\"},\"thumbnailUrl\":\"https:\\\/\\\/uelzener.de\\\/magazin\\\/app\\\/uploads\\\/2023\\\/05\\\/sommerekzem_pferd.jpg\",\"datePublished\":\"2023-07-04T22:00:00+00:00\",\"dateModified\":\"2025-09-11T08:13:19+00:00\",\"description\":\"Wie entsteht ein Sommerekzem beim Pferd? \u25b6 Wir geben Tipps zur \u2713 Diagnose \u2713 Vorbeugenden Ma\u00dfnahmen \u2713 Behandlung \u25b6 Hier mehr erfahren!\",\"breadcrumb\":{\"@id\":\"https:\\\/\\\/uelzener.de\\\/magazin\\\/pferd\\\/tiergesundheit\\\/sommerekzem-pferd\\\/#breadcrumb\"},\"inLanguage\":\"de\",\"potentialAction\":[{\"@type\":\"ReadAction\",\"target\":[\"https:\\\/\\\/uelzener.de\\\/magazin\\\/pferd\\\/tiergesundheit\\\/sommerekzem-pferd\\\/\"]}]},{\"@type\":\"ImageObject\",\"inLanguage\":\"de\",\"@id\":\"https:\\\/\\\/uelzener.de\\\/magazin\\\/pferd\\\/tiergesundheit\\\/sommerekzem-pferd\\\/#primaryimage\",\"url\":\"https:\\\/\\\/uelzener.de\\\/magazin\\\/app\\\/uploads\\\/2023\\\/05\\\/sommerekzem_pferd.jpg\",\"contentUrl\":\"https:\\\/\\\/uelzener.de\\\/magazin\\\/app\\\/uploads\\\/2023\\\/05\\\/sommerekzem_pferd.jpg\",\"width\":1025,\"height\":450,\"caption\":\"Zwei Pferde auf der Weide. Eines in Fliegenschutz, um Sommerekzeme vorzubeugen.\"},{\"@type\":\"WebSite\",\"@id\":\"https:\\\/\\\/uelzener.de\\\/magazin\\\/#website\",\"url\":\"https:\\\/\\\/uelzener.de\\\/magazin\\\/\",\"name\":\"Uelzener Tiermagazin\",\"description\":\"Online Tierratgeber der Uelzener Versicherungen\",\"publisher\":{\"@id\":\"https:\\\/\\\/uelzener.de\\\/magazin\\\/#organization\"},\"potentialAction\":[{\"@type\":\"SearchAction\",\"target\":{\"@type\":\"EntryPoint\",\"urlTemplate\":\"https:\\\/\\\/uelzener.de\\\/magazin\\\/?s={search_term_string}\"},\"query-input\":{\"@type\":\"PropertyValueSpecification\",\"valueRequired\":true,\"valueName\":\"search_term_string\"}}],\"inLanguage\":\"de\"},{\"@type\":\"Organization\",\"@id\":\"https:\\\/\\\/uelzener.de\\\/magazin\\\/#organization\",\"name\":\"Uelzener Versicherungen\",\"url\":\"https:\\\/\\\/uelzener.de\\\/magazin\\\/\",\"logo\":{\"@type\":\"ImageObject\",\"inLanguage\":\"de\",\"@id\":\"https:\\\/\\\/uelzener.de\\\/magazin\\\/#\\\/schema\\\/logo\\\/image\\\/\",\"url\":\"https:\\\/\\\/uelzener.de\\\/magazin\\\/app\\\/uploads\\\/2024\\\/11\\\/uelzener_allgemeine_versicherungsgesellschaft_a_g_logo.jpg\",\"contentUrl\":\"https:\\\/\\\/uelzener.de\\\/magazin\\\/app\\\/uploads\\\/2024\\\/11\\\/uelzener_allgemeine_versicherungsgesellschaft_a_g_logo.jpg\",\"width\":200,\"height\":200,\"caption\":\"Uelzener Versicherungen\"},\"image\":{\"@id\":\"https:\\\/\\\/uelzener.de\\\/magazin\\\/#\\\/schema\\\/logo\\\/image\\\/\"},\"sameAs\":[\"https:\\\/\\\/www.facebook.com\\\/Uelzener\",\"https:\\\/\\\/instagram.com\\\/uelzener\",\"https:\\\/\\\/www.xing.com\\\/pages\\\/uelzenerallgemeineversicherungs-gesellschafta-g\",\"https:\\\/\\\/www.youtube.com\\\/UelzenerVersicherungen\"]}]}<\/script>\n<!-- \/ Yoast SEO Premium plugin. -->","yoast_head_json":{"title":"Sommerekzem beim Pferd: Insektenstiche verursachen starken Juckreiz | Uelzener","description":"Wie entsteht ein Sommerekzem beim Pferd? \u25b6 Wir geben Tipps zur \u2713 Diagnose \u2713 Vorbeugenden Ma\u00dfnahmen \u2713 Behandlung \u25b6 Hier mehr erfahren!","robots":{"index":"index","follow":"follow","max-snippet":"max-snippet:-1","max-image-preview":"max-image-preview:large","max-video-preview":"max-video-preview:-1"},"canonical":"https:\/\/uelzener.de\/magazin\/pferd\/tiergesundheit\/sommerekzem-pferd\/","og_locale":"de_DE","og_type":"article","og_title":"Sommerekzem beim Pferd: Insektenstiche verursachen starken Juckreiz","og_description":"Wie entsteht ein Sommerekzem beim Pferd? \u25b6 Wir geben Tipps zur \u2713 Diagnose \u2713 Vorbeugenden Ma\u00dfnahmen \u2713 Behandlung \u25b6 Hier mehr erfahren!","og_url":"https:\/\/uelzener.de\/magazin\/pferd\/tiergesundheit\/sommerekzem-pferd\/","og_site_name":"Uelzener Tier-Magazin","article_publisher":"https:\/\/www.facebook.com\/Uelzener","article_modified_time":"2025-09-11T08:13:19+00:00","og_image":[{"width":1025,"height":450,"url":"https:\/\/uelzener.de\/magazin\/app\/uploads\/2023\/05\/sommerekzem_pferd.jpg","type":"image\/jpeg"}],"twitter_card":"summary_large_image","twitter_misc":{"Gesch\u00e4tzte Lesezeit":"9\u00a0Minuten"},"schema":{"@context":"https:\/\/schema.org","@graph":[{"@type":"WebPage","@id":"https:\/\/uelzener.de\/magazin\/pferd\/tiergesundheit\/sommerekzem-pferd\/","url":"https:\/\/uelzener.de\/magazin\/pferd\/tiergesundheit\/sommerekzem-pferd\/","name":"Sommerekzem beim Pferd: Insektenstiche verursachen starken Juckreiz | Uelzener","isPartOf":{"@id":"https:\/\/uelzener.de\/magazin\/#website"},"primaryImageOfPage":{"@id":"https:\/\/uelzener.de\/magazin\/pferd\/tiergesundheit\/sommerekzem-pferd\/#primaryimage"},"image":{"@id":"https:\/\/uelzener.de\/magazin\/pferd\/tiergesundheit\/sommerekzem-pferd\/#primaryimage"},"thumbnailUrl":"https:\/\/uelzener.de\/magazin\/app\/uploads\/2023\/05\/sommerekzem_pferd.jpg","datePublished":"2023-07-04T22:00:00+00:00","dateModified":"2025-09-11T08:13:19+00:00","description":"Wie entsteht ein Sommerekzem beim Pferd? \u25b6 Wir geben Tipps zur \u2713 Diagnose \u2713 Vorbeugenden Ma\u00dfnahmen \u2713 Behandlung \u25b6 Hier mehr erfahren!","breadcrumb":{"@id":"https:\/\/uelzener.de\/magazin\/pferd\/tiergesundheit\/sommerekzem-pferd\/#breadcrumb"},"inLanguage":"de","potentialAction":[{"@type":"ReadAction","target":["https:\/\/uelzener.de\/magazin\/pferd\/tiergesundheit\/sommerekzem-pferd\/"]}]},{"@type":"ImageObject","inLanguage":"de","@id":"https:\/\/uelzener.de\/magazin\/pferd\/tiergesundheit\/sommerekzem-pferd\/#primaryimage","url":"https:\/\/uelzener.de\/magazin\/app\/uploads\/2023\/05\/sommerekzem_pferd.jpg","contentUrl":"https:\/\/uelzener.de\/magazin\/app\/uploads\/2023\/05\/sommerekzem_pferd.jpg","width":1025,"height":450,"caption":"Zwei Pferde auf der Weide. Eines in Fliegenschutz, um Sommerekzeme vorzubeugen."},{"@type":"WebSite","@id":"https:\/\/uelzener.de\/magazin\/#website","url":"https:\/\/uelzener.de\/magazin\/","name":"Uelzener Tiermagazin","description":"Online Tierratgeber der Uelzener Versicherungen","publisher":{"@id":"https:\/\/uelzener.de\/magazin\/#organization"},"potentialAction":[{"@type":"SearchAction","target":{"@type":"EntryPoint","urlTemplate":"https:\/\/uelzener.de\/magazin\/?s={search_term_string}"},"query-input":{"@type":"PropertyValueSpecification","valueRequired":true,"valueName":"search_term_string"}}],"inLanguage":"de"},{"@type":"Organization","@id":"https:\/\/uelzener.de\/magazin\/#organization","name":"Uelzener Versicherungen","url":"https:\/\/uelzener.de\/magazin\/","logo":{"@type":"ImageObject","inLanguage":"de","@id":"https:\/\/uelzener.de\/magazin\/#\/schema\/logo\/image\/","url":"https:\/\/uelzener.de\/magazin\/app\/uploads\/2024\/11\/uelzener_allgemeine_versicherungsgesellschaft_a_g_logo.jpg","contentUrl":"https:\/\/uelzener.de\/magazin\/app\/uploads\/2024\/11\/uelzener_allgemeine_versicherungsgesellschaft_a_g_logo.jpg","width":200,"height":200,"caption":"Uelzener Versicherungen"},"image":{"@id":"https:\/\/uelzener.de\/magazin\/#\/schema\/logo\/image\/"},"sameAs":["https:\/\/www.facebook.com\/Uelzener","https:\/\/instagram.com\/uelzener","https:\/\/www.xing.com\/pages\/uelzenerallgemeineversicherungs-gesellschafta-g","https:\/\/www.youtube.com\/UelzenerVersicherungen"]}]}},"_links":{"self":[{"href":"https:\/\/uelzener.de\/magazin\/wp-json\/wp\/v2\/pages\/10223","targetHints":{"allow":["GET"]}}],"collection":[{"href":"https:\/\/uelzener.de\/magazin\/wp-json\/wp\/v2\/pages"}],"about":[{"href":"https:\/\/uelzener.de\/magazin\/wp-json\/wp\/v2\/types\/page"}],"author":[{"embeddable":true,"href":"https:\/\/uelzener.de\/magazin\/wp-json\/wp\/v2\/users\/1"}],"replies":[{"embeddable":true,"href":"https:\/\/uelzener.de\/magazin\/wp-json\/wp\/v2\/comments?post=10223"}],"version-history":[{"count":22,"href":"https:\/\/uelzener.de\/magazin\/wp-json\/wp\/v2\/pages\/10223\/revisions"}],"predecessor-version":[{"id":19194,"href":"https:\/\/uelzener.de\/magazin\/wp-json\/wp\/v2\/pages\/10223\/revisions\/19194"}],"up":[{"embeddable":true,"href":"https:\/\/uelzener.de\/magazin\/wp-json\/wp\/v2\/pages\/11706"}],"wp:featuredmedia":[{"embeddable":true,"href":"https:\/\/uelzener.de\/magazin\/wp-json\/wp\/v2\/media\/15623"}],"wp:attachment":[{"href":"https:\/\/uelzener.de\/magazin\/wp-json\/wp\/v2\/media?parent=10223"}],"curies":[{"name":"wp","href":"https:\/\/api.w.org\/{rel}","templated":true}]}}