{"id":10138,"date":"2016-08-18T00:00:00","date_gmt":"2016-08-18T00:00:00","guid":{"rendered":""},"modified":"2023-11-03T14:13:54","modified_gmt":"2023-11-03T13:13:54","slug":"tuerkisch-angora","status":"publish","type":"page","link":"https:\/\/uelzener.de\/magazin\/katze\/rasseportrait\/tuerkisch-angora\/","title":{"rendered":"T\u00fcrkisch Angora Katze"},"content":{"rendered":"<p><strong>Wer den Namen T\u00fcrkisch Angora h\u00f6rt, zuckt in der Regel erst mal die Schultern. Denn diese Rassekatzen sind heutzutage relativ unbekannt. Dabei hat so ziemlich jeder schon mal eine T\u00fcrkisch Angora gesehen: N\u00e4mlich \u201eDuchesse\u201c, die vornehme, wei\u00dfe Katze aus Walt Disney&#8217;s \u201eAristocats\u201c. Und genau wie Duchesse sind auch ihre Verwandten: Freundlich, elegant und angenehm unkompliziert.<\/strong><\/p>\n<p>Die T\u00fcrkisch Angora (Angora ist ein alter Name f\u00fcr Ankara) ist die Nationalkatze der T\u00fcrkei. Sie gilt als Vorfahr aller Langhaar-Katzenrassen. Bereits im 15. Jahrhundert waren die oftmals wei\u00dfen Katzen bei den t\u00fcrkischen Sultanen beliebt. Ab dem 16. Jahrhundert kamen die ersten Katzen als Geschenke f\u00fcr europ\u00e4ische F\u00fcrsten nach Europa, wo sie bald die Stars in den k\u00f6niglichen Schl\u00f6ssern wurden. Ende des 19. Jahrhunderts wurde die T\u00fcrkisch Angora mit dem Aufkommen der Perserkatze in der Beliebtheit stark zur\u00fcck gedr\u00e4ngt. Mitte des 20. Jahrhunderts gab es kaum noch reinrassige T\u00fcrkisch Angorakatzen. Erst gezielte Zuchten in der T\u00fcrkei und den USA verhinderten, dass die T\u00fcrkisch Angora vollends ausstarb. 1970 wurde die Rasse offiziell anerkannt, allerdings zun\u00e4chst nur in der Farbe Wei\u00df. Sp\u00e4ter wurden auch die Farben Rot und Schwarz anerkannt.<\/p>\n<p>Die T\u00fcrkisch Angora geh\u00f6rt zu den Halblanghaarkatzen. Ihr seidiges Fell ist im Sommer kurz, im Winter mittellang und dicht. Da das Fell keine Unterwolle besitzt, ist es pflegeleichter als das anderer Langhaarkatzen. Typisch sind au\u00dferdem der buschige Schwanz, die Ohrpinsel und die oftmals blauen Augen. Doch trotz ihres schlanken und zierlichen Aussehens ist die T\u00fcrkisch Angora eine unempfindliche Katze mit einer robusten Gesundheit. Allerdings haben wei\u00dfe Exemplare manchmal Probleme mit Schwerh\u00f6rigkeit, was aber nicht durch \u00dcberz\u00fcchtung entstanden ist, sondern mit dem Gen zusammenh\u00e4ngt, das auch die wei\u00dfe Farbe bestimmt. Demnach ist es auch bei dieser Katzenrasse sehr wichtig, eine gute Katzen-Krankenversicherung abzuschlie\u00dfen. So ist nicht nur Ihre Katze, sondern auch Sie vor hohen Kosten gesch\u00fctzt.<\/p>\n\n<div class=\"banner\">\n    <a href=\"https:\/\/uelzener.de\/katze\/katzen-krankenversicherung\/?agt=0000104925&sem=true&utm_medium=magazin&utm_source=wordpress&utm_campaign=katze_kv&utm_content=banner\">\n        <img decoding=\"async\" width=\"300\" height=\"212\" src=\"https:\/\/uelzener.de\/magazin\/app\/uploads\/2025\/01\/Katzen-Kranken-Versicherung.jpg\" class=\"attachment-medium size-medium\" alt=\"Banner Katzen-Kranken-Versicherung\" \/>    <\/a>\n<\/div>\n\n<p>Auch im Wesen ist die T\u00fcrkisch Angora sehr umg\u00e4nglich. Die intelligente und anh\u00e4ngliche Katze folgt ihrem Besitzer auf Schritt und Tritt, auch beim Spaziergang. Selbstverst\u00e4ndlich achtet sie darauf, dass sie die ihr zustehende Aufmerksamkeit bekommt. Mit ihrer sanften Art wickelt sie jeden um den Finger, wenn sie unabl\u00e4ssig schnurrend und mit freundlichem Nachdruck auf ihren t\u00e4glichen Streicheleinheiten besteht. Die fr\u00fcher vom Adel als \u201eSalonkatze\u201c gehaltene T\u00fcrkisch Angora vergisst allerdings alle Vornehmheit, wenn es ums Spielen geht. T\u00fcrkisch Angoras k\u00f6nnen lange und ausgelassen herum toben und kommen daher auch mit Kindern gut aus. Auch andere Katzen sowie h\u00f6fliche Hunde sind als Gesellschaft gerne gesehen. \u00dcberhaupt f\u00fchlt sich die T\u00fcrkisch Angora mit einer Artgenossin am wohlsten, vor allem, wenn sie tags\u00fcber auf ihren Besitzer verzichten muss. Alleinsein verzeiht sie nicht so leicht. Ist jedoch alles zu ihrer Zufriedenheit, verzaubert sie ihre Umgebung mit ihrer Liebensw\u00fcrdigkeit.<\/p>\n","protected":false},"excerpt":{"rendered":"<p>Wer den Namen T\u00fcrkisch Angora h\u00f6rt, zuckt in der Regel erst mal die Schultern. Denn diese Rassekatzen sind heutzutage relativ unbekannt. Dabei hat so ziemlich jeder schon mal eine T\u00fcrkisch Angora gesehen: N\u00e4mlich \u201eDuchesse\u201c, die vornehme, wei\u00dfe Katze aus Walt Disney&#8217;s \u201eAristocats\u201c. Und genau wie Duchesse sind auch ihre Verwandten: Freundlich, elegant und angenehm unkompliziert. [&hellip;]<\/p>\n","protected":false},"author":1,"featured_media":10728,"parent":2482,"menu_order":9,"comment_status":"open","ping_status":"open","template":"templates\/blog.php","meta":{"_acf_changed":false,"_crdt_document":"","footnotes":"","beyondwords_generate_audio":"0","beyondwords_project_id":"","beyondwords_content_id":"","beyondwords_preview_token":"","beyondwords_player_style":"","beyondwords_language_id":"","beyondwords_title_voice_id":"","beyondwords_body_voice_id":"","beyondwords_summary_voice_id":"","beyondwords_error_message":"","beyondwords_disabled":"","beyondwords_delete_content":"","beyondwords_podcast_id":"","beyondwords_hash":"","publish_post_to_speechkit":"","speechkit_hash":"","speechkit_generate_audio":"","speechkit_project_id":"","speechkit_podcast_id":"","speechkit_error_message":"","speechkit_disabled":"","speechkit_access_key":"","speechkit_error":"","speechkit_info":"","speechkit_response":"","speechkit_retries":"","speechkit_status":"","speechkit_updated_at":"","_speechkit_link":"","_speechkit_text":""},"class_list":["post-10138","page","type-page","status-publish","has-post-thumbnail","hentry"],"acf":[],"yoast_head":"<!-- This site is optimized with the Yoast SEO Premium plugin  - https:\/\/yoast.com\/product\/yoast-seo-premium-wordpress\/ -->\n<title>T\u00fcrkisch Angora im Rasseportrait | Uelzener<\/title>\n<meta name=\"description\" content=\"Erfahre alles zur T\u00fcrkisch Angora Katze \u2713 Herkunft \u2713 Aussehen \u2713 Charakter \u2713 rassetypische Krankheiten \u25b6 Hier informieren!\" \/>\n<meta name=\"robots\" content=\"index, follow, max-snippet:-1, max-image-preview:large, max-video-preview:-1\" \/>\n<link rel=\"canonical\" href=\"https:\/\/uelzener.de\/magazin\/katze\/rasseportrait\/tuerkisch-angora\/\" \/>\n<meta property=\"og:locale\" content=\"de_DE\" \/>\n<meta property=\"og:type\" content=\"article\" \/>\n<meta property=\"og:title\" content=\"T\u00fcrkisch Angora Katze\" \/>\n<meta property=\"og:description\" content=\"Erfahre alles zur T\u00fcrkisch Angora Katze \u2713 Herkunft \u2713 Aussehen \u2713 Charakter \u2713 rassetypische Krankheiten \u25b6 Hier informieren!\" \/>\n<meta property=\"og:url\" content=\"https:\/\/uelzener.de\/magazin\/katze\/rasseportrait\/tuerkisch-angora\/\" \/>\n<meta property=\"og:site_name\" content=\"Uelzener Tier-Magazin\" \/>\n<meta property=\"article:publisher\" content=\"https:\/\/www.facebook.com\/Uelzener\" \/>\n<meta property=\"article:modified_time\" content=\"2023-11-03T13:13:54+00:00\" \/>\n<meta property=\"og:image\" content=\"https:\/\/uelzener.de\/magazin\/app\/uploads\/2016\/08\/448af2b9-ee56-41db-a878-ee63575a308a.jpg\" \/>\n\t<meta property=\"og:image:width\" content=\"650\" \/>\n\t<meta property=\"og:image:height\" content=\"432\" \/>\n\t<meta property=\"og:image:type\" content=\"image\/jpeg\" \/>\n<meta name=\"twitter:card\" content=\"summary_large_image\" \/>\n<meta name=\"twitter:label1\" content=\"Gesch\u00e4tzte Lesezeit\" \/>\n\t<meta name=\"twitter:data1\" content=\"2\u00a0Minuten\" \/>\n<script type=\"application\/ld+json\" class=\"yoast-schema-graph\">{\"@context\":\"https:\\\/\\\/schema.org\",\"@graph\":[{\"@type\":\"WebPage\",\"@id\":\"https:\\\/\\\/uelzener.de\\\/magazin\\\/katze\\\/rasseportrait\\\/tuerkisch-angora\\\/\",\"url\":\"https:\\\/\\\/uelzener.de\\\/magazin\\\/katze\\\/rasseportrait\\\/tuerkisch-angora\\\/\",\"name\":\"T\u00fcrkisch Angora im Rasseportrait | Uelzener\",\"isPartOf\":{\"@id\":\"https:\\\/\\\/uelzener.de\\\/magazin\\\/#website\"},\"primaryImageOfPage\":{\"@id\":\"https:\\\/\\\/uelzener.de\\\/magazin\\\/katze\\\/rasseportrait\\\/tuerkisch-angora\\\/#primaryimage\"},\"image\":{\"@id\":\"https:\\\/\\\/uelzener.de\\\/magazin\\\/katze\\\/rasseportrait\\\/tuerkisch-angora\\\/#primaryimage\"},\"thumbnailUrl\":\"https:\\\/\\\/uelzener.de\\\/magazin\\\/app\\\/uploads\\\/2016\\\/08\\\/448af2b9-ee56-41db-a878-ee63575a308a.jpg\",\"datePublished\":\"2016-08-18T00:00:00+00:00\",\"dateModified\":\"2023-11-03T13:13:54+00:00\",\"description\":\"Erfahre alles zur T\u00fcrkisch Angora Katze \u2713 Herkunft \u2713 Aussehen \u2713 Charakter \u2713 rassetypische Krankheiten \u25b6 Hier informieren!\",\"breadcrumb\":{\"@id\":\"https:\\\/\\\/uelzener.de\\\/magazin\\\/katze\\\/rasseportrait\\\/tuerkisch-angora\\\/#breadcrumb\"},\"inLanguage\":\"de\",\"potentialAction\":[{\"@type\":\"ReadAction\",\"target\":[\"https:\\\/\\\/uelzener.de\\\/magazin\\\/katze\\\/rasseportrait\\\/tuerkisch-angora\\\/\"]}]},{\"@type\":\"ImageObject\",\"inLanguage\":\"de\",\"@id\":\"https:\\\/\\\/uelzener.de\\\/magazin\\\/katze\\\/rasseportrait\\\/tuerkisch-angora\\\/#primaryimage\",\"url\":\"https:\\\/\\\/uelzener.de\\\/magazin\\\/app\\\/uploads\\\/2016\\\/08\\\/448af2b9-ee56-41db-a878-ee63575a308a.jpg\",\"contentUrl\":\"https:\\\/\\\/uelzener.de\\\/magazin\\\/app\\\/uploads\\\/2016\\\/08\\\/448af2b9-ee56-41db-a878-ee63575a308a.jpg\",\"width\":650,\"height\":432,\"caption\":\"Die t\u00fcrkische Angora Katze liegt auf der Terrasse vor einer Tonkugel.\"},{\"@type\":\"WebSite\",\"@id\":\"https:\\\/\\\/uelzener.de\\\/magazin\\\/#website\",\"url\":\"https:\\\/\\\/uelzener.de\\\/magazin\\\/\",\"name\":\"Uelzener Tiermagazin\",\"description\":\"Online Tierratgeber der Uelzener Versicherungen\",\"publisher\":{\"@id\":\"https:\\\/\\\/uelzener.de\\\/magazin\\\/#organization\"},\"potentialAction\":[{\"@type\":\"SearchAction\",\"target\":{\"@type\":\"EntryPoint\",\"urlTemplate\":\"https:\\\/\\\/uelzener.de\\\/magazin\\\/?s={search_term_string}\"},\"query-input\":{\"@type\":\"PropertyValueSpecification\",\"valueRequired\":true,\"valueName\":\"search_term_string\"}}],\"inLanguage\":\"de\"},{\"@type\":\"Organization\",\"@id\":\"https:\\\/\\\/uelzener.de\\\/magazin\\\/#organization\",\"name\":\"Uelzener Versicherungen\",\"url\":\"https:\\\/\\\/uelzener.de\\\/magazin\\\/\",\"logo\":{\"@type\":\"ImageObject\",\"inLanguage\":\"de\",\"@id\":\"https:\\\/\\\/uelzener.de\\\/magazin\\\/#\\\/schema\\\/logo\\\/image\\\/\",\"url\":\"https:\\\/\\\/uelzener.de\\\/magazin\\\/app\\\/uploads\\\/2024\\\/11\\\/uelzener_allgemeine_versicherungsgesellschaft_a_g_logo.jpg\",\"contentUrl\":\"https:\\\/\\\/uelzener.de\\\/magazin\\\/app\\\/uploads\\\/2024\\\/11\\\/uelzener_allgemeine_versicherungsgesellschaft_a_g_logo.jpg\",\"width\":200,\"height\":200,\"caption\":\"Uelzener Versicherungen\"},\"image\":{\"@id\":\"https:\\\/\\\/uelzener.de\\\/magazin\\\/#\\\/schema\\\/logo\\\/image\\\/\"},\"sameAs\":[\"https:\\\/\\\/www.facebook.com\\\/Uelzener\",\"https:\\\/\\\/instagram.com\\\/uelzener\",\"https:\\\/\\\/www.xing.com\\\/pages\\\/uelzenerallgemeineversicherungs-gesellschafta-g\",\"https:\\\/\\\/www.youtube.com\\\/UelzenerVersicherungen\"]}]}<\/script>\n<!-- \/ Yoast SEO Premium plugin. -->","yoast_head_json":{"title":"T\u00fcrkisch Angora im Rasseportrait | Uelzener","description":"Erfahre alles zur T\u00fcrkisch Angora Katze \u2713 Herkunft \u2713 Aussehen \u2713 Charakter \u2713 rassetypische Krankheiten \u25b6 Hier informieren!","robots":{"index":"index","follow":"follow","max-snippet":"max-snippet:-1","max-image-preview":"max-image-preview:large","max-video-preview":"max-video-preview:-1"},"canonical":"https:\/\/uelzener.de\/magazin\/katze\/rasseportrait\/tuerkisch-angora\/","og_locale":"de_DE","og_type":"article","og_title":"T\u00fcrkisch Angora Katze","og_description":"Erfahre alles zur T\u00fcrkisch Angora Katze \u2713 Herkunft \u2713 Aussehen \u2713 Charakter \u2713 rassetypische Krankheiten \u25b6 Hier informieren!","og_url":"https:\/\/uelzener.de\/magazin\/katze\/rasseportrait\/tuerkisch-angora\/","og_site_name":"Uelzener Tier-Magazin","article_publisher":"https:\/\/www.facebook.com\/Uelzener","article_modified_time":"2023-11-03T13:13:54+00:00","og_image":[{"width":650,"height":432,"url":"https:\/\/uelzener.de\/magazin\/app\/uploads\/2016\/08\/448af2b9-ee56-41db-a878-ee63575a308a.jpg","type":"image\/jpeg"}],"twitter_card":"summary_large_image","twitter_misc":{"Gesch\u00e4tzte Lesezeit":"2\u00a0Minuten"},"schema":{"@context":"https:\/\/schema.org","@graph":[{"@type":"WebPage","@id":"https:\/\/uelzener.de\/magazin\/katze\/rasseportrait\/tuerkisch-angora\/","url":"https:\/\/uelzener.de\/magazin\/katze\/rasseportrait\/tuerkisch-angora\/","name":"T\u00fcrkisch Angora im Rasseportrait | Uelzener","isPartOf":{"@id":"https:\/\/uelzener.de\/magazin\/#website"},"primaryImageOfPage":{"@id":"https:\/\/uelzener.de\/magazin\/katze\/rasseportrait\/tuerkisch-angora\/#primaryimage"},"image":{"@id":"https:\/\/uelzener.de\/magazin\/katze\/rasseportrait\/tuerkisch-angora\/#primaryimage"},"thumbnailUrl":"https:\/\/uelzener.de\/magazin\/app\/uploads\/2016\/08\/448af2b9-ee56-41db-a878-ee63575a308a.jpg","datePublished":"2016-08-18T00:00:00+00:00","dateModified":"2023-11-03T13:13:54+00:00","description":"Erfahre alles zur T\u00fcrkisch Angora Katze \u2713 Herkunft \u2713 Aussehen \u2713 Charakter \u2713 rassetypische Krankheiten \u25b6 Hier informieren!","breadcrumb":{"@id":"https:\/\/uelzener.de\/magazin\/katze\/rasseportrait\/tuerkisch-angora\/#breadcrumb"},"inLanguage":"de","potentialAction":[{"@type":"ReadAction","target":["https:\/\/uelzener.de\/magazin\/katze\/rasseportrait\/tuerkisch-angora\/"]}]},{"@type":"ImageObject","inLanguage":"de","@id":"https:\/\/uelzener.de\/magazin\/katze\/rasseportrait\/tuerkisch-angora\/#primaryimage","url":"https:\/\/uelzener.de\/magazin\/app\/uploads\/2016\/08\/448af2b9-ee56-41db-a878-ee63575a308a.jpg","contentUrl":"https:\/\/uelzener.de\/magazin\/app\/uploads\/2016\/08\/448af2b9-ee56-41db-a878-ee63575a308a.jpg","width":650,"height":432,"caption":"Die t\u00fcrkische Angora Katze liegt auf der Terrasse vor einer Tonkugel."},{"@type":"WebSite","@id":"https:\/\/uelzener.de\/magazin\/#website","url":"https:\/\/uelzener.de\/magazin\/","name":"Uelzener Tiermagazin","description":"Online Tierratgeber der Uelzener Versicherungen","publisher":{"@id":"https:\/\/uelzener.de\/magazin\/#organization"},"potentialAction":[{"@type":"SearchAction","target":{"@type":"EntryPoint","urlTemplate":"https:\/\/uelzener.de\/magazin\/?s={search_term_string}"},"query-input":{"@type":"PropertyValueSpecification","valueRequired":true,"valueName":"search_term_string"}}],"inLanguage":"de"},{"@type":"Organization","@id":"https:\/\/uelzener.de\/magazin\/#organization","name":"Uelzener Versicherungen","url":"https:\/\/uelzener.de\/magazin\/","logo":{"@type":"ImageObject","inLanguage":"de","@id":"https:\/\/uelzener.de\/magazin\/#\/schema\/logo\/image\/","url":"https:\/\/uelzener.de\/magazin\/app\/uploads\/2024\/11\/uelzener_allgemeine_versicherungsgesellschaft_a_g_logo.jpg","contentUrl":"https:\/\/uelzener.de\/magazin\/app\/uploads\/2024\/11\/uelzener_allgemeine_versicherungsgesellschaft_a_g_logo.jpg","width":200,"height":200,"caption":"Uelzener Versicherungen"},"image":{"@id":"https:\/\/uelzener.de\/magazin\/#\/schema\/logo\/image\/"},"sameAs":["https:\/\/www.facebook.com\/Uelzener","https:\/\/instagram.com\/uelzener","https:\/\/www.xing.com\/pages\/uelzenerallgemeineversicherungs-gesellschafta-g","https:\/\/www.youtube.com\/UelzenerVersicherungen"]}]}},"_links":{"self":[{"href":"https:\/\/uelzener.de\/magazin\/wp-json\/wp\/v2\/pages\/10138","targetHints":{"allow":["GET"]}}],"collection":[{"href":"https:\/\/uelzener.de\/magazin\/wp-json\/wp\/v2\/pages"}],"about":[{"href":"https:\/\/uelzener.de\/magazin\/wp-json\/wp\/v2\/types\/page"}],"author":[{"embeddable":true,"href":"https:\/\/uelzener.de\/magazin\/wp-json\/wp\/v2\/users\/1"}],"replies":[{"embeddable":true,"href":"https:\/\/uelzener.de\/magazin\/wp-json\/wp\/v2\/comments?post=10138"}],"version-history":[{"count":7,"href":"https:\/\/uelzener.de\/magazin\/wp-json\/wp\/v2\/pages\/10138\/revisions"}],"predecessor-version":[{"id":16589,"href":"https:\/\/uelzener.de\/magazin\/wp-json\/wp\/v2\/pages\/10138\/revisions\/16589"}],"up":[{"embeddable":true,"href":"https:\/\/uelzener.de\/magazin\/wp-json\/wp\/v2\/pages\/2482"}],"wp:featuredmedia":[{"embeddable":true,"href":"https:\/\/uelzener.de\/magazin\/wp-json\/wp\/v2\/media\/10728"}],"wp:attachment":[{"href":"https:\/\/uelzener.de\/magazin\/wp-json\/wp\/v2\/media?parent=10138"}],"curies":[{"name":"wp","href":"https:\/\/api.w.org\/{rel}","templated":true}]}}