{"id":10121,"date":"2020-06-04T00:00:00","date_gmt":"2020-06-03T22:00:00","guid":{"rendered":""},"modified":"2025-08-21T11:37:25","modified_gmt":"2025-08-21T09:37:25","slug":"zecken-hund","status":"publish","type":"page","link":"https:\/\/uelzener.de\/magazin\/hund\/tiergesundheit\/zecken-hund\/","title":{"rendered":"Zecken beim Hund: Richtig entfernen und dein Tier sch\u00fctzen"},"content":{"rendered":"<p><strong>Schon gewusst, dass Zecken echte \u00dcberlebensk\u00fcnstler sind? Sie \u00fcberleben selbst mehrere Stunden im Wasser, im Gefrierfach oder in der Waschmaschine. Gerade in den w\u00e4rmeren Monaten steigt die Zeckenplage auf Spazierg\u00e4ngen. Was Du \u00fcber Zecken wissen solltest, erf\u00e4hrst Du hier. <\/strong><\/p>\n<p>Die meisten Hundehalter kennen die leidige Zeckenproblematik: Manchmal hat es den Anschein, der geliebte Vierbeiner w\u00fcrde die Zecken regelrecht anziehen. Neugierig erkunden sie die Umgebung und sammeln so eine Menge Zecken ein.<\/p>\n<h2>Beginn der Zeckensaison<\/h2>\n<p>Genau genommen gibt es keine Zeit, in der man vor den l\u00e4stigen Plagegeistern sicher ist. <strong>Zecken kommen das ganze Jahr \u00fcber vor<\/strong> \u2013 selbst die kalten Wintermonate sind kein Garant f\u00fcr einen zeckenfreien Spaziergang. Allerdings steigen die Zeckenpopulation und die H\u00e4ufigkeit des Befalls mit zunehmender Temperatur an. Insbesondere vom <strong>Beginn des Fr\u00fchlings (M\u00e4rz) bis zum Ende des Herbstes (Oktober) <\/strong>sollte man sich und seinen Vierbeiner gr\u00fcndlich nach Zecken absuchen.<\/p>\n<h2>Vorkommen der Zecken<\/h2>\n<p>Zecken leben an Orten mit relativ <strong>feuchtem und warmem Klima<\/strong>. Sie halten sich vorwiegend am <strong>Wegesrand, auf Wiesen, an Waldr\u00e4ndern oder am Ufer von Fl\u00fcssen oder Seen<\/strong> auf. Sie lauern fast \u00fcberall, wo Hundehalter spazieren gehen.<\/p>\n<p>Bisse k\u00f6nnen am ganzen K\u00f6rper auftauchen. Besonders beliebt bei Zecken sind jedoch Partien wie Achselh\u00f6hlen und Schenkelspalt, da dort weniger Hundehaare wachsen. Frauchen und Herrchen sollten nach dem Spaziergang jedoch den kompletten Hund nach Zecken absuchen. Beim Laufen und Toben durch hohes Gras mit seinem Liebling greifen die Plagegeister auch Menschen an. Ein Blick an den eigenen K\u00f6rper ist ebenfalls ratsam.<\/p>\n<h2>Risiko beim Zeckenbiss<\/h2>\n<p>Die eigentliche Gefahr bei einem Zeckenbiss liegt weniger am Blutverlust als an den <strong>Krankheiten, die eine Zecke \u00fcbertragen kann<\/strong>. Auch beim Hund gibt es FSME, die Fr\u00fchsommer-Meningoenzephalitis, wie wir sie vom Menschen kennen. Menschen k\u00f6nnen sich gegen Virusinfektionen impfen lassen, f\u00fcr Hunde steht aber noch kein Impfstoff zur Verf\u00fcgung.<\/p>\n<p>Zudem k\u00f6nnen <strong>Zecken Borrelien \u00fcbertragen, die Fieber beim Hund, Lahmheit und Gelenkschwellungen beim Hund ausl\u00f6sen. <\/strong>Dagegen gibt es zwar Impfstoffe, diese sind aber umstritten. Es gibt viele Borrelien-Unterarten, die teilweise von den Impfstoffen gar nicht erfasst werden. Wenn der Hund tats\u00e4chlich an einer Borreliose erkrankt, ist eine Therapie mit einer lang andauernden Gabe von hochdosierten Antibiotika notwendig.<\/p>\n<h2>\u00dcbertragung einer Zecke auf den Menschen<\/h2>\n<p>Eine Zecke kann von einem Hund auf den Menschen \u00fcbergehen. Besonders hoch ist das Risiko, wenn sie noch nicht gesaugt hat und vom Tier abf\u00e4llt. Die Zecke sucht sich einen neuen Wirt, ob Mensch oder Tier spielt keine Rolle.<\/p>\n<h2>Zeckenabwehr<\/h2>\n<p>Allgemein wird dazu geraten, lieber ein Repellent, also ein abschreckendes Mittel, zur Zeckenabwehr zu verwenden als ein sogenanntes systemisches Antiparasitikum, das sich im Hund \u00fcber die Blutbahn verteilt und die Zecke erst nach dem Biss t\u00f6tet. Begr\u00fcndet wird das damit, dass eine Zecke, die gar nicht erst saugt, keine Krankheiten \u00fcbertragen kann.<\/p>\n<p>Die <strong>Gefahr einer Krankheits\u00fcbertragung steigt nach acht bis zehn Stunden stark an<\/strong>. Deswegen sollten Zecken unmittelbar entfernt werden. Wurde ein Hund mit einem systemischen Antiparasitikum behandelt, stirbt die Zecke ab, bevor sie Erreger \u00fcbertragen kann. Welches Mittel am besten geeignet ist, muss im Einzelfall entschieden werden. Im Zweifelsfall sollte immer der Tierarzt gefragt werden.<\/p>\n<p>Wichtig: St\u00f6bert Dein Hund w\u00e4hrend des Spaziergangs allein durch Wald und Flur, durchsuche ihn im Anschluss nicht nur nach Zecken, sondern achte auch auf m\u00f6gliche <strong>Verletzungen durch Grannen am Hund<\/strong>. Zeigt das Tier Symptome, wie geschwollene Augen oder eine wunde Nase, kann dies auf einen Kontakt zwischen den Raupen des <strong><a href=\"https:\/\/uelzener.de\/magazin\/hund\/tiergesundheit\/eichenprozessionsspinner-hund-und-katze\/\">Eichenprozessionsspinners und Deinem Hund<\/a><\/strong> hinweisen. In diesem Fall rufst Du am besten umgehend den Tierarzt, um einem allergischen Schock vorzubeugen.<\/p>\n\n<div class=\"related_articles boxed\">\n    <h2>Mehr zum Thema<\/h2>\n    \n    <div class=\"wrapper\"><div class=\"title align-center\"><h3><a href=\"https:\/\/uelzener.de\/magazin\/hund\/tiergesundheit\/fieber-und-erkaeltung-hund\/\">Fieber und Erk\u00e4ltung beim Hund: Symptome richtig erkennen<\/a><\/h3><\/div><div class=\"img align-center\"><img decoding=\"async\" width=\"315\" height=\"180\" src=\"https:\/\/uelzener.de\/magazin\/app\/uploads\/2021\/10\/Erkaeltung-und-Fieber-beim-Hund-315x180.jpg\" class=\"attachment-315x180 size-315x180 wp-post-image\" alt=\"Fieber und Erk\u00e4ltung haben den kleinen Hund geschafft, er liegt kaputt auf der Seite.\" \/><\/div><\/div><div class=\"wrapper\"><div class=\"title align-center\"><h3><a href=\"https:\/\/uelzener.de\/magazin\/hund\/tiergesundheit\/grannen-hund\/\">Grannen beim Hund: Verletzungsgefahr im Sommer<\/a><\/h3><\/div><div class=\"img align-center\"><img decoding=\"async\" width=\"315\" height=\"180\" src=\"https:\/\/uelzener.de\/magazin\/app\/uploads\/2019\/07\/e27f581b-ca31-4f42-a644-3e2f7b965516-315x180.jpg\" class=\"attachment-315x180 size-315x180 wp-post-image\" alt=\"Ein Hund sitz im Hochsommer im hohen Geitreidefeld. Gerade zu dieser trockenen Jahreszeit k\u00f6nnen sich Grannen im Fell und in der Haut der Hund festsetzen.\" srcset=\"https:\/\/uelzener.de\/magazin\/app\/uploads\/2019\/07\/e27f581b-ca31-4f42-a644-3e2f7b965516-315x180.jpg 315w, https:\/\/uelzener.de\/magazin\/app\/uploads\/2019\/07\/e27f581b-ca31-4f42-a644-3e2f7b965516-650x369.jpg 650w\" sizes=\"(max-width: 315px) 100vw, 315px\" \/><\/div><\/div><div class=\"wrapper\"><div class=\"title align-center\"><h3><a href=\"https:\/\/uelzener.de\/magazin\/hund\/haeufige-fragen\/wenn-hunde-gras-fressen-gruende-risiken\/\">Wenn Hunde Gras fressen: Gr\u00fcnde und m\u00f6gliche Risiken<\/a><\/h3><\/div><div class=\"img align-center\"><img decoding=\"async\" width=\"315\" height=\"180\" src=\"https:\/\/uelzener.de\/magazin\/app\/uploads\/2024\/05\/hund-frisst-gras-315x180.jpg\" class=\"attachment-315x180 size-315x180 wp-post-image\" alt=\"Hund frisst Gras.\" \/><\/div><\/div><\/div>\n\n<h2>Die h\u00e4ufigste Zecke im Steckbrief<\/h2>\n<p><strong>Lateinischer Name:<\/strong> Ixodes ricinus (Gemeiner Holzbock)<\/p>\n<p><strong>Gr\u00f6\u00dfe:<\/strong> bis zu 0,45 cm (nicht vollgesogen)<\/p>\n<p><strong>H\u00e4ufigkeit:<\/strong> h\u00e4ufig, sch\u00e4tzungsweise haben \u00fcber 92 % aller hiesigen Hunde Zeckenkontakt<\/p>\n<p><strong>Symptome:<\/strong> Blutverlust bei starkem Befall<\/p>\n<p><strong>\u00dcbertragung auf den Menschen:<\/strong> m\u00f6glich<\/p>\n<p>F\u00fcr einen optimalen Schutz f\u00fcr Deinen Liebling bieten wir in unserer <strong>Hunde-Krankenversicherung\u00a0<\/strong> einen Zuschuss f\u00fcr pr\u00e4ventive Ma\u00dfnahmen, \u00a0zum Beispiel die Behandlung von Ektoparasiten wie Zecken.<\/p>\n\n<div class=\"banner\">\n    <a href=\"https:\/\/uelzener.de\/hund\/hunde-krankenversicherung\/?agt=0000104925&sem=true&utm_medium=magazin&utm_source=wordpress&utm_campaign=hund_kv&utm_content=banner\">\n        <img decoding=\"async\" width=\"300\" height=\"212\" src=\"https:\/\/uelzener.de\/magazin\/app\/uploads\/2025\/01\/Hunde-Kranken-Versicherung.jpg\" class=\"attachment-medium size-medium\" alt=\"Banner Hunde-Kranken-Versicherung\" \/>    <\/a>\n<\/div>\n\n","protected":false},"excerpt":{"rendered":"<p>Schon gewusst, dass Zecken echte \u00dcberlebensk\u00fcnstler sind? Sie \u00fcberleben selbst mehrere Stunden im Wasser, im Gefrierfach oder in der Waschmaschine. Gerade in den w\u00e4rmeren Monaten steigt die Zeckenplage auf Spazierg\u00e4ngen. Was Du \u00fcber Zecken wissen solltest, erf\u00e4hrst Du hier. Die meisten Hundehalter kennen die leidige Zeckenproblematik: Manchmal hat es den Anschein, der geliebte Vierbeiner w\u00fcrde [&hellip;]<\/p>\n","protected":false},"author":1,"featured_media":12824,"parent":11701,"menu_order":65,"comment_status":"closed","ping_status":"closed","template":"templates\/blog.php","meta":{"_acf_changed":false,"_crdt_document":"","footnotes":"","beyondwords_generate_audio":"0","beyondwords_project_id":"","beyondwords_content_id":"","beyondwords_preview_token":"","beyondwords_player_style":"","beyondwords_language_id":"","beyondwords_title_voice_id":"","beyondwords_body_voice_id":"","beyondwords_summary_voice_id":"","beyondwords_error_message":"","beyondwords_disabled":"","beyondwords_delete_content":"","beyondwords_podcast_id":"","beyondwords_hash":"","publish_post_to_speechkit":"","speechkit_hash":"","speechkit_generate_audio":"","speechkit_project_id":"","speechkit_podcast_id":"","speechkit_error_message":"","speechkit_disabled":"","speechkit_access_key":"","speechkit_error":"","speechkit_info":"","speechkit_response":"","speechkit_retries":"","speechkit_status":"","speechkit_updated_at":"","_speechkit_link":"","_speechkit_text":""},"class_list":["post-10121","page","type-page","status-publish","has-post-thumbnail","hentry"],"acf":[],"yoast_head":"<!-- This site is optimized with the Yoast SEO Premium plugin  - https:\/\/yoast.com\/product\/yoast-seo-premium-wordpress\/ -->\n<title>Zecken beim Hund \u2013 so sch\u00fctzt Du Dein Tier | Uelzener<\/title>\n<meta name=\"description\" content=\"Erfahre alles zu Zecken bei Hunden \u2713 sichere Entfernung \u2713 zuverl\u00e4ssiger Schutz \u2713 Risiken f\u00fcr Tier &amp; Mensch \u25b6 Mehr erfahren!\" \/>\n<meta name=\"robots\" content=\"index, follow, max-snippet:-1, max-image-preview:large, max-video-preview:-1\" \/>\n<link rel=\"canonical\" href=\"https:\/\/uelzener.de\/magazin\/hund\/tiergesundheit\/zecken-hund\/\" \/>\n<meta property=\"og:locale\" content=\"de_DE\" \/>\n<meta property=\"og:type\" content=\"article\" \/>\n<meta property=\"og:title\" content=\"Zecken beim Hund: Richtig entfernen und dein Tier sch\u00fctzen\" \/>\n<meta property=\"og:description\" content=\"Erfahre alles zu Zecken bei Hunden \u2713 sichere Entfernung \u2713 zuverl\u00e4ssiger Schutz \u2713 Risiken f\u00fcr Tier &amp; Mensch \u25b6 Mehr erfahren!\" \/>\n<meta property=\"og:url\" content=\"https:\/\/uelzener.de\/magazin\/hund\/tiergesundheit\/zecken-hund\/\" \/>\n<meta property=\"og:site_name\" content=\"Uelzener Tier-Magazin\" \/>\n<meta property=\"article:publisher\" content=\"https:\/\/www.facebook.com\/Uelzener\" \/>\n<meta property=\"article:modified_time\" content=\"2025-08-21T09:37:25+00:00\" \/>\n<meta property=\"og:image\" content=\"https:\/\/uelzener.de\/magazin\/app\/uploads\/2021\/10\/Zecken-beim-Hund-1.jpg\" \/>\n\t<meta property=\"og:image:width\" content=\"1024\" \/>\n\t<meta property=\"og:image:height\" content=\"450\" \/>\n\t<meta property=\"og:image:type\" content=\"image\/jpeg\" \/>\n<meta name=\"twitter:card\" content=\"summary_large_image\" \/>\n<meta name=\"twitter:label1\" content=\"Gesch\u00e4tzte Lesezeit\" \/>\n\t<meta name=\"twitter:data1\" content=\"4\u00a0Minuten\" \/>\n<script type=\"application\/ld+json\" class=\"yoast-schema-graph\">{\"@context\":\"https:\/\/schema.org\",\"@graph\":[{\"@type\":\"WebPage\",\"@id\":\"https:\/\/uelzener.de\/magazin\/hund\/tiergesundheit\/zecken-hund\/\",\"url\":\"https:\/\/uelzener.de\/magazin\/hund\/tiergesundheit\/zecken-hund\/\",\"name\":\"Zecken beim Hund \u2013 so sch\u00fctzt Du Dein Tier | Uelzener\",\"isPartOf\":{\"@id\":\"https:\/\/uelzener.de\/magazin\/#website\"},\"primaryImageOfPage\":{\"@id\":\"https:\/\/uelzener.de\/magazin\/hund\/tiergesundheit\/zecken-hund\/#primaryimage\"},\"image\":{\"@id\":\"https:\/\/uelzener.de\/magazin\/hund\/tiergesundheit\/zecken-hund\/#primaryimage\"},\"thumbnailUrl\":\"https:\/\/uelzener.de\/magazin\/app\/uploads\/2021\/10\/Zecken-beim-Hund-1.jpg\",\"datePublished\":\"2020-06-03T22:00:00+00:00\",\"dateModified\":\"2025-08-21T09:37:25+00:00\",\"description\":\"Erfahre alles zu Zecken bei Hunden \u2713 sichere Entfernung \u2713 zuverl\u00e4ssiger Schutz \u2713 Risiken f\u00fcr Tier & Mensch \u25b6 Mehr erfahren!\",\"breadcrumb\":{\"@id\":\"https:\/\/uelzener.de\/magazin\/hund\/tiergesundheit\/zecken-hund\/#breadcrumb\"},\"inLanguage\":\"de\",\"potentialAction\":[{\"@type\":\"ReadAction\",\"target\":[\"https:\/\/uelzener.de\/magazin\/hund\/tiergesundheit\/zecken-hund\/\"]}]},{\"@type\":\"ImageObject\",\"inLanguage\":\"de\",\"@id\":\"https:\/\/uelzener.de\/magazin\/hund\/tiergesundheit\/zecken-hund\/#primaryimage\",\"url\":\"https:\/\/uelzener.de\/magazin\/app\/uploads\/2021\/10\/Zecken-beim-Hund-1.jpg\",\"contentUrl\":\"https:\/\/uelzener.de\/magazin\/app\/uploads\/2021\/10\/Zecken-beim-Hund-1.jpg\",\"width\":1024,\"height\":450,\"caption\":\"Hund w\u00e4lzt sich auf gr\u00fcner Wiese, hier gibt es viele Zecken die den Hund befallen k\u00f6nnen.\"},{\"@type\":\"WebSite\",\"@id\":\"https:\/\/uelzener.de\/magazin\/#website\",\"url\":\"https:\/\/uelzener.de\/magazin\/\",\"name\":\"Uelzener Tiermagazin\",\"description\":\"Online Tierratgeber der Uelzener Versicherungen\",\"publisher\":{\"@id\":\"https:\/\/uelzener.de\/magazin\/#organization\"},\"potentialAction\":[{\"@type\":\"SearchAction\",\"target\":{\"@type\":\"EntryPoint\",\"urlTemplate\":\"https:\/\/uelzener.de\/magazin\/?s={search_term_string}\"},\"query-input\":{\"@type\":\"PropertyValueSpecification\",\"valueRequired\":true,\"valueName\":\"search_term_string\"}}],\"inLanguage\":\"de\"},{\"@type\":\"Organization\",\"@id\":\"https:\/\/uelzener.de\/magazin\/#organization\",\"name\":\"Uelzener Versicherungen\",\"url\":\"https:\/\/uelzener.de\/magazin\/\",\"logo\":{\"@type\":\"ImageObject\",\"inLanguage\":\"de\",\"@id\":\"https:\/\/uelzener.de\/magazin\/#\/schema\/logo\/image\/\",\"url\":\"https:\/\/uelzener.de\/magazin\/app\/uploads\/2024\/11\/uelzener_allgemeine_versicherungsgesellschaft_a_g_logo.jpg\",\"contentUrl\":\"https:\/\/uelzener.de\/magazin\/app\/uploads\/2024\/11\/uelzener_allgemeine_versicherungsgesellschaft_a_g_logo.jpg\",\"width\":200,\"height\":200,\"caption\":\"Uelzener Versicherungen\"},\"image\":{\"@id\":\"https:\/\/uelzener.de\/magazin\/#\/schema\/logo\/image\/\"},\"sameAs\":[\"https:\/\/www.facebook.com\/Uelzener\",\"https:\/\/instagram.com\/uelzener\",\"https:\/\/www.xing.com\/pages\/uelzenerallgemeineversicherungs-gesellschafta-g\",\"https:\/\/www.youtube.com\/UelzenerVersicherungen\"]}]}<\/script>\n<!-- \/ Yoast SEO Premium plugin. -->","yoast_head_json":{"title":"Zecken beim Hund \u2013 so sch\u00fctzt Du Dein Tier | Uelzener","description":"Erfahre alles zu Zecken bei Hunden \u2713 sichere Entfernung \u2713 zuverl\u00e4ssiger Schutz \u2713 Risiken f\u00fcr Tier & Mensch \u25b6 Mehr erfahren!","robots":{"index":"index","follow":"follow","max-snippet":"max-snippet:-1","max-image-preview":"max-image-preview:large","max-video-preview":"max-video-preview:-1"},"canonical":"https:\/\/uelzener.de\/magazin\/hund\/tiergesundheit\/zecken-hund\/","og_locale":"de_DE","og_type":"article","og_title":"Zecken beim Hund: Richtig entfernen und dein Tier sch\u00fctzen","og_description":"Erfahre alles zu Zecken bei Hunden \u2713 sichere Entfernung \u2713 zuverl\u00e4ssiger Schutz \u2713 Risiken f\u00fcr Tier & Mensch \u25b6 Mehr erfahren!","og_url":"https:\/\/uelzener.de\/magazin\/hund\/tiergesundheit\/zecken-hund\/","og_site_name":"Uelzener Tier-Magazin","article_publisher":"https:\/\/www.facebook.com\/Uelzener","article_modified_time":"2025-08-21T09:37:25+00:00","og_image":[{"width":1024,"height":450,"url":"https:\/\/uelzener.de\/magazin\/app\/uploads\/2021\/10\/Zecken-beim-Hund-1.jpg","type":"image\/jpeg"}],"twitter_card":"summary_large_image","twitter_misc":{"Gesch\u00e4tzte Lesezeit":"4\u00a0Minuten"},"schema":{"@context":"https:\/\/schema.org","@graph":[{"@type":"WebPage","@id":"https:\/\/uelzener.de\/magazin\/hund\/tiergesundheit\/zecken-hund\/","url":"https:\/\/uelzener.de\/magazin\/hund\/tiergesundheit\/zecken-hund\/","name":"Zecken beim Hund \u2013 so sch\u00fctzt Du Dein Tier | Uelzener","isPartOf":{"@id":"https:\/\/uelzener.de\/magazin\/#website"},"primaryImageOfPage":{"@id":"https:\/\/uelzener.de\/magazin\/hund\/tiergesundheit\/zecken-hund\/#primaryimage"},"image":{"@id":"https:\/\/uelzener.de\/magazin\/hund\/tiergesundheit\/zecken-hund\/#primaryimage"},"thumbnailUrl":"https:\/\/uelzener.de\/magazin\/app\/uploads\/2021\/10\/Zecken-beim-Hund-1.jpg","datePublished":"2020-06-03T22:00:00+00:00","dateModified":"2025-08-21T09:37:25+00:00","description":"Erfahre alles zu Zecken bei Hunden \u2713 sichere Entfernung \u2713 zuverl\u00e4ssiger Schutz \u2713 Risiken f\u00fcr Tier & Mensch \u25b6 Mehr erfahren!","breadcrumb":{"@id":"https:\/\/uelzener.de\/magazin\/hund\/tiergesundheit\/zecken-hund\/#breadcrumb"},"inLanguage":"de","potentialAction":[{"@type":"ReadAction","target":["https:\/\/uelzener.de\/magazin\/hund\/tiergesundheit\/zecken-hund\/"]}]},{"@type":"ImageObject","inLanguage":"de","@id":"https:\/\/uelzener.de\/magazin\/hund\/tiergesundheit\/zecken-hund\/#primaryimage","url":"https:\/\/uelzener.de\/magazin\/app\/uploads\/2021\/10\/Zecken-beim-Hund-1.jpg","contentUrl":"https:\/\/uelzener.de\/magazin\/app\/uploads\/2021\/10\/Zecken-beim-Hund-1.jpg","width":1024,"height":450,"caption":"Hund w\u00e4lzt sich auf gr\u00fcner Wiese, hier gibt es viele Zecken die den Hund befallen k\u00f6nnen."},{"@type":"WebSite","@id":"https:\/\/uelzener.de\/magazin\/#website","url":"https:\/\/uelzener.de\/magazin\/","name":"Uelzener Tiermagazin","description":"Online Tierratgeber der Uelzener Versicherungen","publisher":{"@id":"https:\/\/uelzener.de\/magazin\/#organization"},"potentialAction":[{"@type":"SearchAction","target":{"@type":"EntryPoint","urlTemplate":"https:\/\/uelzener.de\/magazin\/?s={search_term_string}"},"query-input":{"@type":"PropertyValueSpecification","valueRequired":true,"valueName":"search_term_string"}}],"inLanguage":"de"},{"@type":"Organization","@id":"https:\/\/uelzener.de\/magazin\/#organization","name":"Uelzener Versicherungen","url":"https:\/\/uelzener.de\/magazin\/","logo":{"@type":"ImageObject","inLanguage":"de","@id":"https:\/\/uelzener.de\/magazin\/#\/schema\/logo\/image\/","url":"https:\/\/uelzener.de\/magazin\/app\/uploads\/2024\/11\/uelzener_allgemeine_versicherungsgesellschaft_a_g_logo.jpg","contentUrl":"https:\/\/uelzener.de\/magazin\/app\/uploads\/2024\/11\/uelzener_allgemeine_versicherungsgesellschaft_a_g_logo.jpg","width":200,"height":200,"caption":"Uelzener Versicherungen"},"image":{"@id":"https:\/\/uelzener.de\/magazin\/#\/schema\/logo\/image\/"},"sameAs":["https:\/\/www.facebook.com\/Uelzener","https:\/\/instagram.com\/uelzener","https:\/\/www.xing.com\/pages\/uelzenerallgemeineversicherungs-gesellschafta-g","https:\/\/www.youtube.com\/UelzenerVersicherungen"]}]}},"_links":{"self":[{"href":"https:\/\/uelzener.de\/magazin\/wp-json\/wp\/v2\/pages\/10121","targetHints":{"allow":["GET"]}}],"collection":[{"href":"https:\/\/uelzener.de\/magazin\/wp-json\/wp\/v2\/pages"}],"about":[{"href":"https:\/\/uelzener.de\/magazin\/wp-json\/wp\/v2\/types\/page"}],"author":[{"embeddable":true,"href":"https:\/\/uelzener.de\/magazin\/wp-json\/wp\/v2\/users\/1"}],"replies":[{"embeddable":true,"href":"https:\/\/uelzener.de\/magazin\/wp-json\/wp\/v2\/comments?post=10121"}],"version-history":[{"count":11,"href":"https:\/\/uelzener.de\/magazin\/wp-json\/wp\/v2\/pages\/10121\/revisions"}],"predecessor-version":[{"id":18907,"href":"https:\/\/uelzener.de\/magazin\/wp-json\/wp\/v2\/pages\/10121\/revisions\/18907"}],"up":[{"embeddable":true,"href":"https:\/\/uelzener.de\/magazin\/wp-json\/wp\/v2\/pages\/11701"}],"wp:featuredmedia":[{"embeddable":true,"href":"https:\/\/uelzener.de\/magazin\/wp-json\/wp\/v2\/media\/12824"}],"wp:attachment":[{"href":"https:\/\/uelzener.de\/magazin\/wp-json\/wp\/v2\/media?parent=10121"}],"curies":[{"name":"wp","href":"https:\/\/api.w.org\/{rel}","templated":true}]}}