{"id":10075,"date":"2019-06-11T00:00:00","date_gmt":"2019-06-11T00:00:00","guid":{"rendered":""},"modified":"2023-10-25T12:36:26","modified_gmt":"2023-10-25T10:36:26","slug":"labrador","status":"publish","type":"page","link":"https:\/\/uelzener.de\/magazin\/hund\/rasseportrait\/labrador\/","title":{"rendered":"Der Labrador: Das Wasser ist sein Element"},"content":{"rendered":"<p>Schon gewusst, dass der schwimmfreudige Retriever tats\u00e4chlich Schwimmh\u00e4ute zwischen den Zehen hat? Was Du noch \u00fcber den beliebten Labrador wissen sollten, erf\u00e4hrst Du in unserem Rasseportrait.<\/p>\n<p>Der Labrador Retriever, der von seinen Liebhabern oft auch Labbi genannt wird, befindet sich schon seit l\u00e4ngerem weit vorn auf der Beliebtheitsskala der Familienhunde. Ein freundliches und menschenbezogenes Wesen zeichnen ihn ebenso aus, wie seine gro\u00dfe Leidenschaft f\u00fcrs Schwimmen.<\/p>\n<h2>Der Charakter<\/h2>\n<p>Der Labrador hat ein sanftes und geduldiges Wesen, ist sehr freundlich gegen\u00fcber Menschen und bringt einen gewissen \u201ewill to please\u201c mit. Er ist also bem\u00fcht, alles richtigzumachen, um ein Lob von seinem Besitzer zu ergattern.<\/p>\n<p>Hohe Intelligenz, Aufgeschlossenheit und Neugierde sind ebenfalls typische Charaktereigenschaften des Labradors. Au\u00dferdem ist der Labbi sehr anh\u00e4nglich und orientiert sich gern an seinem Besitzer.<\/p>\n<p>Obwohl er zur Jagd gez\u00fcchtet wurde, bringt er nur einen geringen Jagdtrieb mit und geht in der Regel nicht wildern. Bei der Jagd wird er erst \u201enach dem Schuss\u201c eingesetzt und wartet auf seinen Einsatz, um das geschossene Wild aufzusp\u00fcren und in einem St\u00fcck zum J\u00e4ger zur\u00fcckzubringen. Daher kommt auch das Rassemerkmal des weichen Mauls.<\/p>\n<p>Durch seine Vorfahren und den Einsatz im Wasser ist der Labrador ein leidenschaftlicher und guter Schwimmer. Sobald seine Pfoten das Wasser ber\u00fchren, ist der Labbi in seinem Element.<\/p>\n<p><img decoding=\"async\" src=\"\/magazin\/app\/uploads\/2021\/02\/2516734b-2bd2-4e2d-b8e9-b6c5ca0f5cc2.jpg\" \/><\/p>\n<p>Den Labrador kann drei unterschiedliche Fellfarben haben: schwarz, gelb und braun. Urspr\u00fcnglich waren alle Labradore schwarz. Gelbe und braune Welpen waren als Fehlfarbe unerw\u00fcnscht. Mit der Zeit wurden diese Farben immer beliebter und \u00a0in den Rassestandard aufgenommen.<\/p>\n<p>Das Fell des Labradors besteht aus kurzem und dichtem Stockhaar, unter dem sich die wetterbest\u00e4ndige Unterwolle verbirgt. Die <a href=\"https:\/\/uelzener.de\/magazin\/hund\/pflege\/fellpflege-beim-hund\/\">Fellpflege<\/a> ist unproblematisch, regelm\u00e4\u00dfiges B\u00fcrsten reicht aus. Allerdings haart der Labbi das ganze Jahr \u00fcber. Der Staubsauger kommt hier \u00f6fter zum Einsatz.<\/p>\n<p>Die Lebenserwartung des Labradors betr\u00e4gt ungef\u00e4hr 12 bis 13 Jahre. R\u00fcden haben eine Gr\u00f6\u00dfe von 56 bis 57 Zentimetern, H\u00fcndinnen sind mit 54 bis 56 Zentimetern etwas kleiner. Das Gewicht betr\u00e4gt zwischen 25 und 36 Kilogramm. Labbis neigen zu \u00dcbergewicht, weswegen der Halter ein gutes Auge auf die Figur seines Hundes und auch <strong>eine gute Hunde-Versicherung<\/strong> haben sollte. Bei Vierbeinern mit Schwergewicht ist das Gesundheitsrisiko erh\u00f6ht.<\/p>\n\n<div class=\"banner\">\n    <a href=\"https:\/\/uelzener.de\/hund\/?agt=0000104925&sem=true&utm_medium=magazin&utm_source=wordpress&utm_campaign=hund&utm_content=banner\">\n        <img decoding=\"async\" width=\"300\" height=\"212\" src=\"https:\/\/uelzener.de\/magazin\/app\/uploads\/2023\/10\/Hunde-Versicherung.jpg\" class=\"attachment-medium size-medium\" alt=\"Banner Hunde-Versicherung\" \/>    <\/a>\n<\/div>\n\n<p>Der K\u00f6rperbau ist kr\u00e4ftig, muskul\u00f6s und kompakt. Typische Labbi-Merkmale sind auch seine Otterrute und der breite Kopf mit den Schlappohren. Die tendenziell schmaleren Arbeitslinien k\u00f6nnen in der \u00e4u\u00dferen Erscheinung etwas abweichen.<\/p>\n<h2>Die Haltung<\/h2>\n<p>Durch sein ruhiges und gelehriges Wesen wird der Labrador oft als Anf\u00e4nger- und Familienhund empfohlen und gilt als leicht zu erziehen. Er ist kinderlieb und geduldig.<\/p>\n<p>Trotz der guten Eignung f\u00fcr Ersthundebesitzer, ben\u00f6tigt der Labrador \u2013 wie alle anderen Hunde auch \u2013 von Beginn an eine gute und konsequente Erziehung. Insgesamt ist er ein ruhiger Hund, ben\u00f6tigt f\u00fcr seine Energie aber k\u00f6rperliche sowie geistige Besch\u00e4ftigung.<\/p>\n<p>Neben seiner Verwendung als <a href=\"https:\/\/uelzener.de\/magazin\/hund\/haeufige-fragen\/familienhunde\/\"><strong>Familienhund<\/strong><\/a> wird er auch gern als Blindenhund, Therapiehund oder Besuchshund f\u00fcr Menschen mit Behinderungen oder in Seniorenheimen eingesetzt. Dar\u00fcber hinaus kommt der Labbi mit seiner guten Sp\u00fcrnase bei der Polizei als Drogensp\u00fcr- oder Rettungshund zum Einsatz.<\/p>\n<h2>Die Herkunft<\/h2>\n<p>Urspr\u00fcnglich stammt der Labrador aus dem Osten Kanadas \u2013 aus Neufundland \u2013 und wurde nach der Labrador-Halbinsel benannt. Die damals dort lebenden St. John\u2019s Hunde waren mit gro\u00dfer Wahrscheinlichkeit die Urv\u00e4ter des heutigen Labradors.<\/p>\n<p>Im 19. Jahrhundert kam der Labrador nach Gro\u00dfbritannien und wurde vom Adel als Jagdhund eingesetzt. Den Namen \u201eLabrador Retriever\u201c tr\u00e4gt er erst seit 1870. Dieser stammt vom englischen \u201eto retrieve\u201c und bedeutet \u201ewiederfinden bzw. bergen\u201c, was sich auf die charakteristisch guten Apportierf\u00e4higkeiten des Labradors bei der Jagd bezieht. 1903 wurde die Rasse anerkannt.<\/p>\n","protected":false},"excerpt":{"rendered":"<p>Schon gewusst, dass der schwimmfreudige Retriever tats\u00e4chlich Schwimmh\u00e4ute zwischen den Zehen hat? Was Du noch \u00fcber den beliebten Labrador wissen sollten, erf\u00e4hrst Du in unserem Rasseportrait. Der Labrador Retriever, der von seinen Liebhabern oft auch Labbi genannt wird, befindet sich schon seit l\u00e4ngerem weit vorn auf der Beliebtheitsskala der Familienhunde. Ein freundliches und menschenbezogenes Wesen [&hellip;]<\/p>\n","protected":false},"author":1,"featured_media":10665,"parent":2475,"menu_order":17,"comment_status":"open","ping_status":"open","template":"templates\/blog.php","meta":{"_acf_changed":false,"_crdt_document":"","footnotes":"","beyondwords_generate_audio":"0","beyondwords_project_id":"","beyondwords_content_id":"","beyondwords_preview_token":"","beyondwords_player_style":"","beyondwords_language_id":"","beyondwords_title_voice_id":"","beyondwords_body_voice_id":"","beyondwords_summary_voice_id":"","beyondwords_error_message":"","beyondwords_disabled":"","beyondwords_delete_content":"","beyondwords_podcast_id":"","beyondwords_hash":"","publish_post_to_speechkit":"","speechkit_hash":"","speechkit_generate_audio":"","speechkit_project_id":"","speechkit_podcast_id":"","speechkit_error_message":"","speechkit_disabled":"","speechkit_access_key":"","speechkit_error":"","speechkit_info":"","speechkit_response":"","speechkit_retries":"","speechkit_status":"","speechkit_updated_at":"","_speechkit_link":"","_speechkit_text":""},"class_list":["post-10075","page","type-page","status-publish","has-post-thumbnail","hentry"],"acf":[],"yoast_head":"<!-- This site is optimized with the Yoast SEO Premium plugin  - https:\/\/yoast.com\/product\/yoast-seo-premium-wordpress\/ -->\n<title>Labrador im Rasseportrait \u2013 Herkunft, Charakter &amp; Haltung | Uelzener<\/title>\n<meta name=\"description\" content=\"Erfahre alles zur Hunderasse Labrador \u2713 Herkunft \u2713 Aussehen \u2713 Charakter \u2713 Haltung \u2713 Lebenserwartung \u25b6 Hier informieren!\" \/>\n<meta name=\"robots\" content=\"index, follow, max-snippet:-1, max-image-preview:large, max-video-preview:-1\" \/>\n<link rel=\"canonical\" href=\"https:\/\/uelzener.de\/magazin\/hund\/rasseportrait\/labrador\/\" \/>\n<meta property=\"og:locale\" content=\"de_DE\" \/>\n<meta property=\"og:type\" content=\"article\" \/>\n<meta property=\"og:title\" content=\"Der Labrador: Das Wasser ist sein Element\" \/>\n<meta property=\"og:description\" content=\"Erfahre alles zur Hunderasse Labrador \u2713 Herkunft \u2713 Aussehen \u2713 Charakter \u2713 Haltung \u2713 Lebenserwartung \u25b6 Hier informieren!\" \/>\n<meta property=\"og:url\" content=\"https:\/\/uelzener.de\/magazin\/hund\/rasseportrait\/labrador\/\" \/>\n<meta property=\"og:site_name\" content=\"Uelzener Tier-Magazin\" \/>\n<meta property=\"article:publisher\" content=\"https:\/\/www.facebook.com\/Uelzener\" \/>\n<meta property=\"article:modified_time\" content=\"2023-10-25T10:36:26+00:00\" \/>\n<meta property=\"og:image\" content=\"https:\/\/uelzener.de\/magazin\/app\/uploads\/2019\/06\/afc45615-78b1-4c00-8f93-d4de7b39aeb7.jpg\" \/>\n\t<meta property=\"og:image:width\" content=\"650\" \/>\n\t<meta property=\"og:image:height\" content=\"433\" \/>\n\t<meta property=\"og:image:type\" content=\"image\/jpeg\" \/>\n<meta name=\"twitter:card\" content=\"summary_large_image\" \/>\n<meta name=\"twitter:label1\" content=\"Gesch\u00e4tzte Lesezeit\" \/>\n\t<meta name=\"twitter:data1\" content=\"3\u00a0Minuten\" \/>\n<script type=\"application\/ld+json\" class=\"yoast-schema-graph\">{\"@context\":\"https:\\\/\\\/schema.org\",\"@graph\":[{\"@type\":\"WebPage\",\"@id\":\"https:\\\/\\\/uelzener.de\\\/magazin\\\/hund\\\/rasseportrait\\\/labrador\\\/\",\"url\":\"https:\\\/\\\/uelzener.de\\\/magazin\\\/hund\\\/rasseportrait\\\/labrador\\\/\",\"name\":\"Labrador im Rasseportrait \u2013 Herkunft, Charakter & Haltung | Uelzener\",\"isPartOf\":{\"@id\":\"https:\\\/\\\/uelzener.de\\\/magazin\\\/#website\"},\"primaryImageOfPage\":{\"@id\":\"https:\\\/\\\/uelzener.de\\\/magazin\\\/hund\\\/rasseportrait\\\/labrador\\\/#primaryimage\"},\"image\":{\"@id\":\"https:\\\/\\\/uelzener.de\\\/magazin\\\/hund\\\/rasseportrait\\\/labrador\\\/#primaryimage\"},\"thumbnailUrl\":\"https:\\\/\\\/uelzener.de\\\/magazin\\\/app\\\/uploads\\\/2019\\\/06\\\/afc45615-78b1-4c00-8f93-d4de7b39aeb7.jpg\",\"datePublished\":\"2019-06-11T00:00:00+00:00\",\"dateModified\":\"2023-10-25T10:36:26+00:00\",\"description\":\"Erfahre alles zur Hunderasse Labrador \u2713 Herkunft \u2713 Aussehen \u2713 Charakter \u2713 Haltung \u2713 Lebenserwartung \u25b6 Hier informieren!\",\"breadcrumb\":{\"@id\":\"https:\\\/\\\/uelzener.de\\\/magazin\\\/hund\\\/rasseportrait\\\/labrador\\\/#breadcrumb\"},\"inLanguage\":\"de\",\"potentialAction\":[{\"@type\":\"ReadAction\",\"target\":[\"https:\\\/\\\/uelzener.de\\\/magazin\\\/hund\\\/rasseportrait\\\/labrador\\\/\"]}]},{\"@type\":\"ImageObject\",\"inLanguage\":\"de\",\"@id\":\"https:\\\/\\\/uelzener.de\\\/magazin\\\/hund\\\/rasseportrait\\\/labrador\\\/#primaryimage\",\"url\":\"https:\\\/\\\/uelzener.de\\\/magazin\\\/app\\\/uploads\\\/2019\\\/06\\\/afc45615-78b1-4c00-8f93-d4de7b39aeb7.jpg\",\"contentUrl\":\"https:\\\/\\\/uelzener.de\\\/magazin\\\/app\\\/uploads\\\/2019\\\/06\\\/afc45615-78b1-4c00-8f93-d4de7b39aeb7.jpg\",\"width\":650,\"height\":433,\"caption\":\"Schwarzer Labrador springt freudig erregt durchs Wasser.\"},{\"@type\":\"WebSite\",\"@id\":\"https:\\\/\\\/uelzener.de\\\/magazin\\\/#website\",\"url\":\"https:\\\/\\\/uelzener.de\\\/magazin\\\/\",\"name\":\"Uelzener Tiermagazin\",\"description\":\"Online Tierratgeber der Uelzener Versicherungen\",\"publisher\":{\"@id\":\"https:\\\/\\\/uelzener.de\\\/magazin\\\/#organization\"},\"potentialAction\":[{\"@type\":\"SearchAction\",\"target\":{\"@type\":\"EntryPoint\",\"urlTemplate\":\"https:\\\/\\\/uelzener.de\\\/magazin\\\/?s={search_term_string}\"},\"query-input\":{\"@type\":\"PropertyValueSpecification\",\"valueRequired\":true,\"valueName\":\"search_term_string\"}}],\"inLanguage\":\"de\"},{\"@type\":\"Organization\",\"@id\":\"https:\\\/\\\/uelzener.de\\\/magazin\\\/#organization\",\"name\":\"Uelzener Versicherungen\",\"url\":\"https:\\\/\\\/uelzener.de\\\/magazin\\\/\",\"logo\":{\"@type\":\"ImageObject\",\"inLanguage\":\"de\",\"@id\":\"https:\\\/\\\/uelzener.de\\\/magazin\\\/#\\\/schema\\\/logo\\\/image\\\/\",\"url\":\"https:\\\/\\\/uelzener.de\\\/magazin\\\/app\\\/uploads\\\/2024\\\/11\\\/uelzener_allgemeine_versicherungsgesellschaft_a_g_logo.jpg\",\"contentUrl\":\"https:\\\/\\\/uelzener.de\\\/magazin\\\/app\\\/uploads\\\/2024\\\/11\\\/uelzener_allgemeine_versicherungsgesellschaft_a_g_logo.jpg\",\"width\":200,\"height\":200,\"caption\":\"Uelzener Versicherungen\"},\"image\":{\"@id\":\"https:\\\/\\\/uelzener.de\\\/magazin\\\/#\\\/schema\\\/logo\\\/image\\\/\"},\"sameAs\":[\"https:\\\/\\\/www.facebook.com\\\/Uelzener\",\"https:\\\/\\\/instagram.com\\\/uelzener\",\"https:\\\/\\\/www.xing.com\\\/pages\\\/uelzenerallgemeineversicherungs-gesellschafta-g\",\"https:\\\/\\\/www.youtube.com\\\/UelzenerVersicherungen\"]}]}<\/script>\n<!-- \/ Yoast SEO Premium plugin. -->","yoast_head_json":{"title":"Labrador im Rasseportrait \u2013 Herkunft, Charakter & Haltung | Uelzener","description":"Erfahre alles zur Hunderasse Labrador \u2713 Herkunft \u2713 Aussehen \u2713 Charakter \u2713 Haltung \u2713 Lebenserwartung \u25b6 Hier informieren!","robots":{"index":"index","follow":"follow","max-snippet":"max-snippet:-1","max-image-preview":"max-image-preview:large","max-video-preview":"max-video-preview:-1"},"canonical":"https:\/\/uelzener.de\/magazin\/hund\/rasseportrait\/labrador\/","og_locale":"de_DE","og_type":"article","og_title":"Der Labrador: Das Wasser ist sein Element","og_description":"Erfahre alles zur Hunderasse Labrador \u2713 Herkunft \u2713 Aussehen \u2713 Charakter \u2713 Haltung \u2713 Lebenserwartung \u25b6 Hier informieren!","og_url":"https:\/\/uelzener.de\/magazin\/hund\/rasseportrait\/labrador\/","og_site_name":"Uelzener Tier-Magazin","article_publisher":"https:\/\/www.facebook.com\/Uelzener","article_modified_time":"2023-10-25T10:36:26+00:00","og_image":[{"width":650,"height":433,"url":"https:\/\/uelzener.de\/magazin\/app\/uploads\/2019\/06\/afc45615-78b1-4c00-8f93-d4de7b39aeb7.jpg","type":"image\/jpeg"}],"twitter_card":"summary_large_image","twitter_misc":{"Gesch\u00e4tzte Lesezeit":"3\u00a0Minuten"},"schema":{"@context":"https:\/\/schema.org","@graph":[{"@type":"WebPage","@id":"https:\/\/uelzener.de\/magazin\/hund\/rasseportrait\/labrador\/","url":"https:\/\/uelzener.de\/magazin\/hund\/rasseportrait\/labrador\/","name":"Labrador im Rasseportrait \u2013 Herkunft, Charakter & Haltung | Uelzener","isPartOf":{"@id":"https:\/\/uelzener.de\/magazin\/#website"},"primaryImageOfPage":{"@id":"https:\/\/uelzener.de\/magazin\/hund\/rasseportrait\/labrador\/#primaryimage"},"image":{"@id":"https:\/\/uelzener.de\/magazin\/hund\/rasseportrait\/labrador\/#primaryimage"},"thumbnailUrl":"https:\/\/uelzener.de\/magazin\/app\/uploads\/2019\/06\/afc45615-78b1-4c00-8f93-d4de7b39aeb7.jpg","datePublished":"2019-06-11T00:00:00+00:00","dateModified":"2023-10-25T10:36:26+00:00","description":"Erfahre alles zur Hunderasse Labrador \u2713 Herkunft \u2713 Aussehen \u2713 Charakter \u2713 Haltung \u2713 Lebenserwartung \u25b6 Hier informieren!","breadcrumb":{"@id":"https:\/\/uelzener.de\/magazin\/hund\/rasseportrait\/labrador\/#breadcrumb"},"inLanguage":"de","potentialAction":[{"@type":"ReadAction","target":["https:\/\/uelzener.de\/magazin\/hund\/rasseportrait\/labrador\/"]}]},{"@type":"ImageObject","inLanguage":"de","@id":"https:\/\/uelzener.de\/magazin\/hund\/rasseportrait\/labrador\/#primaryimage","url":"https:\/\/uelzener.de\/magazin\/app\/uploads\/2019\/06\/afc45615-78b1-4c00-8f93-d4de7b39aeb7.jpg","contentUrl":"https:\/\/uelzener.de\/magazin\/app\/uploads\/2019\/06\/afc45615-78b1-4c00-8f93-d4de7b39aeb7.jpg","width":650,"height":433,"caption":"Schwarzer Labrador springt freudig erregt durchs Wasser."},{"@type":"WebSite","@id":"https:\/\/uelzener.de\/magazin\/#website","url":"https:\/\/uelzener.de\/magazin\/","name":"Uelzener Tiermagazin","description":"Online Tierratgeber der Uelzener Versicherungen","publisher":{"@id":"https:\/\/uelzener.de\/magazin\/#organization"},"potentialAction":[{"@type":"SearchAction","target":{"@type":"EntryPoint","urlTemplate":"https:\/\/uelzener.de\/magazin\/?s={search_term_string}"},"query-input":{"@type":"PropertyValueSpecification","valueRequired":true,"valueName":"search_term_string"}}],"inLanguage":"de"},{"@type":"Organization","@id":"https:\/\/uelzener.de\/magazin\/#organization","name":"Uelzener Versicherungen","url":"https:\/\/uelzener.de\/magazin\/","logo":{"@type":"ImageObject","inLanguage":"de","@id":"https:\/\/uelzener.de\/magazin\/#\/schema\/logo\/image\/","url":"https:\/\/uelzener.de\/magazin\/app\/uploads\/2024\/11\/uelzener_allgemeine_versicherungsgesellschaft_a_g_logo.jpg","contentUrl":"https:\/\/uelzener.de\/magazin\/app\/uploads\/2024\/11\/uelzener_allgemeine_versicherungsgesellschaft_a_g_logo.jpg","width":200,"height":200,"caption":"Uelzener Versicherungen"},"image":{"@id":"https:\/\/uelzener.de\/magazin\/#\/schema\/logo\/image\/"},"sameAs":["https:\/\/www.facebook.com\/Uelzener","https:\/\/instagram.com\/uelzener","https:\/\/www.xing.com\/pages\/uelzenerallgemeineversicherungs-gesellschafta-g","https:\/\/www.youtube.com\/UelzenerVersicherungen"]}]}},"_links":{"self":[{"href":"https:\/\/uelzener.de\/magazin\/wp-json\/wp\/v2\/pages\/10075","targetHints":{"allow":["GET"]}}],"collection":[{"href":"https:\/\/uelzener.de\/magazin\/wp-json\/wp\/v2\/pages"}],"about":[{"href":"https:\/\/uelzener.de\/magazin\/wp-json\/wp\/v2\/types\/page"}],"author":[{"embeddable":true,"href":"https:\/\/uelzener.de\/magazin\/wp-json\/wp\/v2\/users\/1"}],"replies":[{"embeddable":true,"href":"https:\/\/uelzener.de\/magazin\/wp-json\/wp\/v2\/comments?post=10075"}],"version-history":[{"count":9,"href":"https:\/\/uelzener.de\/magazin\/wp-json\/wp\/v2\/pages\/10075\/revisions"}],"predecessor-version":[{"id":16526,"href":"https:\/\/uelzener.de\/magazin\/wp-json\/wp\/v2\/pages\/10075\/revisions\/16526"}],"up":[{"embeddable":true,"href":"https:\/\/uelzener.de\/magazin\/wp-json\/wp\/v2\/pages\/2475"}],"wp:featuredmedia":[{"embeddable":true,"href":"https:\/\/uelzener.de\/magazin\/wp-json\/wp\/v2\/media\/10665"}],"wp:attachment":[{"href":"https:\/\/uelzener.de\/magazin\/wp-json\/wp\/v2\/media?parent=10075"}],"curies":[{"name":"wp","href":"https:\/\/api.w.org\/{rel}","templated":true}]}}