{"id":10070,"date":"2019-04-02T00:00:00","date_gmt":"2019-04-01T22:00:00","guid":{"rendered":""},"modified":"2023-03-02T11:52:03","modified_gmt":"2023-03-02T10:52:03","slug":"west-highland-terrier","status":"publish","type":"page","link":"https:\/\/uelzener.de\/magazin\/hund\/rasseportrait\/west-highland-terrier\/","title":{"rendered":"West Highland Terrier: Klein aber oho!"},"content":{"rendered":"<p><strong>Wer kennt ihn nicht: Den wei\u00dfen, wuscheligen Hund, der einen oft am Hundefutterregal anlacht? Der Westie: einstiger Modehund, f\u00fcr Sp\u00e4\u00dfe zu haben, selbstbewusst und verzaubert mit seiner gro\u00dfen Pers\u00f6nlichkeit.<\/strong><\/p>\n<p>Der kleine, charmante West Highland White Terrier, besser bekannt als Westie, wurde in Deutschland in den 1990er Jahren beliebt. Er war regelrecht ein Modehund: Kaum ein Spaziergang verging, bei dem man nicht einen Westie antraf. Noch heute ist er untrennbar mit einer Hundefuttermarke verbunden.<\/p>\n<p><strong>Der Charakter<\/strong><\/p>\n<p>Lebendig, aufgeweckt, selbstbewusst: Im Charakter des West Highland White Terriers merkt man, dass er ein echter Terrier ist. Er ist stets wachsam und meldet Ungew\u00f6hnliches, ist dabei aber kein Kl\u00e4ffer. Fr\u00fcher wurde er zwar auch als Wachhund gehalten, aber wirklich vor Einbrechern sch\u00fctzen w\u00fcrde er nicht. Dazu ist der kleine Charmeur zu freundlich.<br \/>\nAuch f\u00fcr Haushalte mit Kindern ist der stets gut gelaunte Westie geeignet. Er freut sich \u00fcber Spielkameraden, die mit ihm die Umgebung entdecken und mit ihm herum tollen. Durch seinen Hang zur Selbstst\u00e4ndigkeit sind in der Erziehung liebevolle Konsequenz und Geduld vonn\u00f6ten. Au\u00dferdem m\u00fcssen Frauchen und Herrchen standhaft bleiben, wenn der kleine Clown seine Sp\u00e4\u00dfe treibt oder seinen Charme spielen l\u00e4sst. F\u00fcr seinen hellen Kopf braucht der Westie Besch\u00e4ftigung. Allerdings sollte die urspr\u00fcngliche Z\u00fcchtung des Westies nicht vergessen werden. Er wurde in erster Linie zur Jagd eingesetzt. Also Achtung bei Spazierg\u00e4ngen ohne Leine!<\/p>\n<p><img decoding=\"async\" src=\"\/magazin\/app\/uploads\/2021\/02\/b4e98148-5823-4554-b35b-7043e823fae7.jpg\" \/><\/p>\n<p>Das \u00e4u\u00dfere Erscheinungsbild des West Highland White Terriers ist seit jeher unver\u00e4ndert. Wie es der Name schon sagt, tr\u00e4gt er ein wei\u00dfes, robustes Haarkleid. Unter seinem rauen, aber nicht drahtigen Deckhaar verbirgt sich die dichte, weiche Unterwolle. \u00a0Mit einer Widerristh\u00f6he von circa 28 Zentimeter bringt er 6,5 bis 10 Kilogramm auf die Waage. Lassen Sie sich nicht von seiner Gr\u00f6\u00dfe t\u00e4uschen, der Westie hat es faustdick hinter den Ohren! Eine Besonderheit beim Terrier ist seine Rute: Laut Rassestandard ist diese 13 bis 15 Zentimeter lang und mit hartem Haar bedeckt.<\/p>\n<p><strong>Die Haltung<\/strong><\/p>\n<p>Bei der Haltung kommt der Fellpflege eine gro\u00dfe Bedeutung zu: Da die Haare nicht von alleine ausfallen, wird das wetterfeste Haarkleid regelm\u00e4\u00dfig getrimmt. Was die Gr\u00f6\u00dfe der Wohnung angeht, hat der Terrier keine Anspr\u00fcche, solange kleine \u00dcbungen und Tricks sowie ausreichend Bewegung vorhanden sind.<\/p>\n<p><strong>Die Herkunft<\/strong><\/p>\n<p>Der West Highland White Terrier ist ein niederl\u00e4ufiger, ehemaliger Jagdterrier aus Schottland. Dort wurde er lange Zeit als Wachhund gehalten und zur Jagd mitgenommen. Sein \u00c4u\u00dferes wurde speziell zur Jagd gez\u00fcchtet: Durch die geringe Gr\u00f6\u00dfe und den schmalen K\u00f6rperbau passt der kleine Terrier problemlos in Baue. So war er bei der Fuchs- und Hasenjagd, aber auch bei der M\u00e4usebek\u00e4mpfung rund um Haus und Hof nicht wegzudenken.<\/p>\n<p>Der Westie ist eng mit den Cairn- und Skye-Terriern verwandt. Begr\u00fcnder der Rasse ist Colonel Edward Donald Malcom of Poltaloch. Sein Grund: Er schwor sich, nur noch wei\u00dfe Hunde zu z\u00fcchten, als er versehentlich seinen Lieblingshund, einen Cairn Terrier, erschoss. Der Engl\u00e4nder hielt w\u00e4hrend der Jagd seinen Hund aufgrund der rotbraunen Fellfarbe f\u00fcr Wild.<\/p>\n","protected":false},"excerpt":{"rendered":"<p>Wer kennt ihn nicht: Den wei\u00dfen, wuscheligen Hund, der einen oft am Hundefutterregal anlacht? Der Westie: einstiger Modehund, f\u00fcr Sp\u00e4\u00dfe zu haben, selbstbewusst und verzaubert mit seiner gro\u00dfen Pers\u00f6nlichkeit. Der kleine, charmante West Highland White Terrier, besser bekannt als Westie, wurde in Deutschland in den 1990er Jahren beliebt. Er war regelrecht ein Modehund: Kaum ein [&hellip;]<\/p>\n","protected":false},"author":1,"featured_media":10660,"parent":2475,"menu_order":15,"comment_status":"closed","ping_status":"closed","template":"templates\/blog.php","meta":{"_acf_changed":false,"_crdt_document":"","footnotes":"","beyondwords_generate_audio":"","beyondwords_project_id":"","beyondwords_content_id":"","beyondwords_preview_token":"","beyondwords_player_style":"","beyondwords_language_id":"","beyondwords_title_voice_id":"","beyondwords_body_voice_id":"","beyondwords_summary_voice_id":"","beyondwords_error_message":"","beyondwords_disabled":"","beyondwords_delete_content":"","beyondwords_podcast_id":"","beyondwords_hash":"","publish_post_to_speechkit":"","speechkit_hash":"","speechkit_generate_audio":"","speechkit_project_id":"","speechkit_podcast_id":"","speechkit_error_message":"","speechkit_disabled":"","speechkit_access_key":"","speechkit_error":"","speechkit_info":"","speechkit_response":"","speechkit_retries":"","speechkit_status":"","speechkit_updated_at":"","_speechkit_link":"","_speechkit_text":""},"class_list":["post-10070","page","type-page","status-publish","has-post-thumbnail","hentry"],"acf":[],"yoast_head":"<!-- This site is optimized with the Yoast SEO Premium plugin  - https:\/\/yoast.com\/product\/yoast-seo-premium-wordpress\/ -->\n<title>West Highland Terrier im Rasseportrait | Uelzener<\/title>\n<meta name=\"description\" content=\"Erfahre alles zur Hunderasse West Highland Terrier \u2713 Herkunft \u2713 Aussehen \u2713 Charakter \u2713 Haltung \u25b6 Hier informieren!\" \/>\n<meta name=\"robots\" content=\"index, follow, max-snippet:-1, max-image-preview:large, max-video-preview:-1\" \/>\n<link rel=\"canonical\" href=\"https:\/\/uelzener.de\/magazin\/hund\/rasseportrait\/west-highland-terrier\/\" \/>\n<meta property=\"og:locale\" content=\"de_DE\" \/>\n<meta property=\"og:type\" content=\"article\" \/>\n<meta property=\"og:title\" content=\"West Highland Terrier: Klein aber oho!\" \/>\n<meta property=\"og:description\" content=\"Erfahre alles zur Hunderasse West Highland Terrier \u2713 Herkunft \u2713 Aussehen \u2713 Charakter \u2713 Haltung \u25b6 Hier informieren!\" \/>\n<meta property=\"og:url\" content=\"https:\/\/uelzener.de\/magazin\/hund\/rasseportrait\/west-highland-terrier\/\" \/>\n<meta property=\"og:site_name\" content=\"Uelzener Tier-Magazin\" \/>\n<meta property=\"article:publisher\" content=\"https:\/\/www.facebook.com\/Uelzener\" \/>\n<meta property=\"article:modified_time\" content=\"2023-03-02T10:52:03+00:00\" \/>\n<meta property=\"og:image\" content=\"https:\/\/uelzener.de\/magazin\/app\/uploads\/2019\/04\/1c6d3c74-ef8c-4a80-9b04-1ad627fe9d77.jpg\" \/>\n\t<meta property=\"og:image:width\" content=\"650\" \/>\n\t<meta property=\"og:image:height\" content=\"433\" \/>\n\t<meta property=\"og:image:type\" content=\"image\/jpeg\" \/>\n<meta name=\"twitter:card\" content=\"summary_large_image\" \/>\n<meta name=\"twitter:label1\" content=\"Gesch\u00e4tzte Lesezeit\" \/>\n\t<meta name=\"twitter:data1\" content=\"3\u00a0Minuten\" \/>\n<script type=\"application\/ld+json\" class=\"yoast-schema-graph\">{\"@context\":\"https:\/\/schema.org\",\"@graph\":[{\"@type\":\"WebPage\",\"@id\":\"https:\/\/uelzener.de\/magazin\/hund\/rasseportrait\/west-highland-terrier\/\",\"url\":\"https:\/\/uelzener.de\/magazin\/hund\/rasseportrait\/west-highland-terrier\/\",\"name\":\"West Highland Terrier im Rasseportrait | Uelzener\",\"isPartOf\":{\"@id\":\"https:\/\/uelzener.de\/magazin\/#website\"},\"primaryImageOfPage\":{\"@id\":\"https:\/\/uelzener.de\/magazin\/hund\/rasseportrait\/west-highland-terrier\/#primaryimage\"},\"image\":{\"@id\":\"https:\/\/uelzener.de\/magazin\/hund\/rasseportrait\/west-highland-terrier\/#primaryimage\"},\"thumbnailUrl\":\"https:\/\/uelzener.de\/magazin\/app\/uploads\/2019\/04\/1c6d3c74-ef8c-4a80-9b04-1ad627fe9d77.jpg\",\"datePublished\":\"2019-04-01T22:00:00+00:00\",\"dateModified\":\"2023-03-02T10:52:03+00:00\",\"description\":\"Erfahre alles zur Hunderasse West Highland Terrier \u2713 Herkunft \u2713 Aussehen \u2713 Charakter \u2713 Haltung \u25b6 Hier informieren!\",\"breadcrumb\":{\"@id\":\"https:\/\/uelzener.de\/magazin\/hund\/rasseportrait\/west-highland-terrier\/#breadcrumb\"},\"inLanguage\":\"de\",\"potentialAction\":[{\"@type\":\"ReadAction\",\"target\":[\"https:\/\/uelzener.de\/magazin\/hund\/rasseportrait\/west-highland-terrier\/\"]}]},{\"@type\":\"ImageObject\",\"inLanguage\":\"de\",\"@id\":\"https:\/\/uelzener.de\/magazin\/hund\/rasseportrait\/west-highland-terrier\/#primaryimage\",\"url\":\"https:\/\/uelzener.de\/magazin\/app\/uploads\/2019\/04\/1c6d3c74-ef8c-4a80-9b04-1ad627fe9d77.jpg\",\"contentUrl\":\"https:\/\/uelzener.de\/magazin\/app\/uploads\/2019\/04\/1c6d3c74-ef8c-4a80-9b04-1ad627fe9d77.jpg\",\"width\":650,\"height\":433,\"caption\":\"Kleiner West Highland Terrier sitzt in hohem Gras mit aufgestellten Ohren.\"},{\"@type\":\"WebSite\",\"@id\":\"https:\/\/uelzener.de\/magazin\/#website\",\"url\":\"https:\/\/uelzener.de\/magazin\/\",\"name\":\"Uelzener Tiermagazin\",\"description\":\"Online Tierratgeber der Uelzener Versicherungen\",\"publisher\":{\"@id\":\"https:\/\/uelzener.de\/magazin\/#organization\"},\"potentialAction\":[{\"@type\":\"SearchAction\",\"target\":{\"@type\":\"EntryPoint\",\"urlTemplate\":\"https:\/\/uelzener.de\/magazin\/?s={search_term_string}\"},\"query-input\":{\"@type\":\"PropertyValueSpecification\",\"valueRequired\":true,\"valueName\":\"search_term_string\"}}],\"inLanguage\":\"de\"},{\"@type\":\"Organization\",\"@id\":\"https:\/\/uelzener.de\/magazin\/#organization\",\"name\":\"Uelzener Versicherungen\",\"url\":\"https:\/\/uelzener.de\/magazin\/\",\"logo\":{\"@type\":\"ImageObject\",\"inLanguage\":\"de\",\"@id\":\"https:\/\/uelzener.de\/magazin\/#\/schema\/logo\/image\/\",\"url\":\"https:\/\/uelzener.de\/magazin\/app\/uploads\/2024\/11\/uelzener_allgemeine_versicherungsgesellschaft_a_g_logo.jpg\",\"contentUrl\":\"https:\/\/uelzener.de\/magazin\/app\/uploads\/2024\/11\/uelzener_allgemeine_versicherungsgesellschaft_a_g_logo.jpg\",\"width\":200,\"height\":200,\"caption\":\"Uelzener Versicherungen\"},\"image\":{\"@id\":\"https:\/\/uelzener.de\/magazin\/#\/schema\/logo\/image\/\"},\"sameAs\":[\"https:\/\/www.facebook.com\/Uelzener\",\"https:\/\/instagram.com\/uelzener\",\"https:\/\/www.xing.com\/pages\/uelzenerallgemeineversicherungs-gesellschafta-g\",\"https:\/\/www.youtube.com\/UelzenerVersicherungen\"]}]}<\/script>\n<!-- \/ Yoast SEO Premium plugin. -->","yoast_head_json":{"title":"West Highland Terrier im Rasseportrait | Uelzener","description":"Erfahre alles zur Hunderasse West Highland Terrier \u2713 Herkunft \u2713 Aussehen \u2713 Charakter \u2713 Haltung \u25b6 Hier informieren!","robots":{"index":"index","follow":"follow","max-snippet":"max-snippet:-1","max-image-preview":"max-image-preview:large","max-video-preview":"max-video-preview:-1"},"canonical":"https:\/\/uelzener.de\/magazin\/hund\/rasseportrait\/west-highland-terrier\/","og_locale":"de_DE","og_type":"article","og_title":"West Highland Terrier: Klein aber oho!","og_description":"Erfahre alles zur Hunderasse West Highland Terrier \u2713 Herkunft \u2713 Aussehen \u2713 Charakter \u2713 Haltung \u25b6 Hier informieren!","og_url":"https:\/\/uelzener.de\/magazin\/hund\/rasseportrait\/west-highland-terrier\/","og_site_name":"Uelzener Tier-Magazin","article_publisher":"https:\/\/www.facebook.com\/Uelzener","article_modified_time":"2023-03-02T10:52:03+00:00","og_image":[{"width":650,"height":433,"url":"https:\/\/uelzener.de\/magazin\/app\/uploads\/2019\/04\/1c6d3c74-ef8c-4a80-9b04-1ad627fe9d77.jpg","type":"image\/jpeg"}],"twitter_card":"summary_large_image","twitter_misc":{"Gesch\u00e4tzte Lesezeit":"3\u00a0Minuten"},"schema":{"@context":"https:\/\/schema.org","@graph":[{"@type":"WebPage","@id":"https:\/\/uelzener.de\/magazin\/hund\/rasseportrait\/west-highland-terrier\/","url":"https:\/\/uelzener.de\/magazin\/hund\/rasseportrait\/west-highland-terrier\/","name":"West Highland Terrier im Rasseportrait | Uelzener","isPartOf":{"@id":"https:\/\/uelzener.de\/magazin\/#website"},"primaryImageOfPage":{"@id":"https:\/\/uelzener.de\/magazin\/hund\/rasseportrait\/west-highland-terrier\/#primaryimage"},"image":{"@id":"https:\/\/uelzener.de\/magazin\/hund\/rasseportrait\/west-highland-terrier\/#primaryimage"},"thumbnailUrl":"https:\/\/uelzener.de\/magazin\/app\/uploads\/2019\/04\/1c6d3c74-ef8c-4a80-9b04-1ad627fe9d77.jpg","datePublished":"2019-04-01T22:00:00+00:00","dateModified":"2023-03-02T10:52:03+00:00","description":"Erfahre alles zur Hunderasse West Highland Terrier \u2713 Herkunft \u2713 Aussehen \u2713 Charakter \u2713 Haltung \u25b6 Hier informieren!","breadcrumb":{"@id":"https:\/\/uelzener.de\/magazin\/hund\/rasseportrait\/west-highland-terrier\/#breadcrumb"},"inLanguage":"de","potentialAction":[{"@type":"ReadAction","target":["https:\/\/uelzener.de\/magazin\/hund\/rasseportrait\/west-highland-terrier\/"]}]},{"@type":"ImageObject","inLanguage":"de","@id":"https:\/\/uelzener.de\/magazin\/hund\/rasseportrait\/west-highland-terrier\/#primaryimage","url":"https:\/\/uelzener.de\/magazin\/app\/uploads\/2019\/04\/1c6d3c74-ef8c-4a80-9b04-1ad627fe9d77.jpg","contentUrl":"https:\/\/uelzener.de\/magazin\/app\/uploads\/2019\/04\/1c6d3c74-ef8c-4a80-9b04-1ad627fe9d77.jpg","width":650,"height":433,"caption":"Kleiner West Highland Terrier sitzt in hohem Gras mit aufgestellten Ohren."},{"@type":"WebSite","@id":"https:\/\/uelzener.de\/magazin\/#website","url":"https:\/\/uelzener.de\/magazin\/","name":"Uelzener Tiermagazin","description":"Online Tierratgeber der Uelzener Versicherungen","publisher":{"@id":"https:\/\/uelzener.de\/magazin\/#organization"},"potentialAction":[{"@type":"SearchAction","target":{"@type":"EntryPoint","urlTemplate":"https:\/\/uelzener.de\/magazin\/?s={search_term_string}"},"query-input":{"@type":"PropertyValueSpecification","valueRequired":true,"valueName":"search_term_string"}}],"inLanguage":"de"},{"@type":"Organization","@id":"https:\/\/uelzener.de\/magazin\/#organization","name":"Uelzener Versicherungen","url":"https:\/\/uelzener.de\/magazin\/","logo":{"@type":"ImageObject","inLanguage":"de","@id":"https:\/\/uelzener.de\/magazin\/#\/schema\/logo\/image\/","url":"https:\/\/uelzener.de\/magazin\/app\/uploads\/2024\/11\/uelzener_allgemeine_versicherungsgesellschaft_a_g_logo.jpg","contentUrl":"https:\/\/uelzener.de\/magazin\/app\/uploads\/2024\/11\/uelzener_allgemeine_versicherungsgesellschaft_a_g_logo.jpg","width":200,"height":200,"caption":"Uelzener Versicherungen"},"image":{"@id":"https:\/\/uelzener.de\/magazin\/#\/schema\/logo\/image\/"},"sameAs":["https:\/\/www.facebook.com\/Uelzener","https:\/\/instagram.com\/uelzener","https:\/\/www.xing.com\/pages\/uelzenerallgemeineversicherungs-gesellschafta-g","https:\/\/www.youtube.com\/UelzenerVersicherungen"]}]}},"_links":{"self":[{"href":"https:\/\/uelzener.de\/magazin\/wp-json\/wp\/v2\/pages\/10070","targetHints":{"allow":["GET"]}}],"collection":[{"href":"https:\/\/uelzener.de\/magazin\/wp-json\/wp\/v2\/pages"}],"about":[{"href":"https:\/\/uelzener.de\/magazin\/wp-json\/wp\/v2\/types\/page"}],"author":[{"embeddable":true,"href":"https:\/\/uelzener.de\/magazin\/wp-json\/wp\/v2\/users\/1"}],"replies":[{"embeddable":true,"href":"https:\/\/uelzener.de\/magazin\/wp-json\/wp\/v2\/comments?post=10070"}],"version-history":[{"count":5,"href":"https:\/\/uelzener.de\/magazin\/wp-json\/wp\/v2\/pages\/10070\/revisions"}],"predecessor-version":[{"id":14133,"href":"https:\/\/uelzener.de\/magazin\/wp-json\/wp\/v2\/pages\/10070\/revisions\/14133"}],"up":[{"embeddable":true,"href":"https:\/\/uelzener.de\/magazin\/wp-json\/wp\/v2\/pages\/2475"}],"wp:featuredmedia":[{"embeddable":true,"href":"https:\/\/uelzener.de\/magazin\/wp-json\/wp\/v2\/media\/10660"}],"wp:attachment":[{"href":"https:\/\/uelzener.de\/magazin\/wp-json\/wp\/v2\/media?parent=10070"}],"curies":[{"name":"wp","href":"https:\/\/api.w.org\/{rel}","templated":true}]}}