{"id":10002,"date":"2015-05-26T00:00:00","date_gmt":"2015-05-26T00:00:00","guid":{"rendered":""},"modified":"2023-02-21T08:19:59","modified_gmt":"2023-02-21T07:19:59","slug":"sennenhunde","status":"publish","type":"page","link":"https:\/\/uelzener.de\/magazin\/hund\/rasseportrait\/sennenhunde\/","title":{"rendered":"Sennenhunde: vier Rassen im \u00dcberblick"},"content":{"rendered":"<p><strong>\u201eSennenhunde\u201c ist eine Sammelbezeichnung f\u00fcr die Hunde der Schweizer Bergbauern. Je nach Verwendung haben sich vier verschiedene Rassen heraus gebildet, die zwar alle das typische dreifarbige Fell haben, sich aber sonst in ihren Anspr\u00fcchen unterscheiden. Allen gemein ist, dass sie bei konsequenter, aber freundlich-liebevoller Erziehung anh\u00e4ngliche und treue Familienhunde abgeben, die prima mit Kindern auskommen und gerne Haus und Hof h\u00fcten. F\u00fcr den Zwinger oder die reine Wohnungshaltung sind sie hingegen nicht geeignet.<\/strong><\/p>\n<p>Der <strong>Gro\u00dfe<\/strong> <strong>Schweizer<\/strong> <strong>Sennenhund<\/strong> hatte seine Funktion vor allem als W\u00e4chter auf dem Hof, beim Bewachen der Viehherden sowie als Zughund f\u00fcr kleine Karren. Aufgrund seiner Gr\u00f6\u00dfe (bis zu 70 cm Schulterh\u00f6he) braucht er einen direkten Zugang nach drau\u00dfen, m\u00f6glichst ohne Treppen. Gl\u00fccklich ist er, wenn er \u201eseinem Job\u201c als W\u00e4chter auf dem heimischen Grundst\u00fcck \u2013 idealerweise ein Hof oder ein Haus mit gro\u00dfem Garten &#8211; nachgehen kann und seine Menschen um sich hat. T\u00e4gliche lange Spazierg\u00e4nge machen das Hundegl\u00fcck perfekt.<\/p>\n<p>Der <strong>Berner<\/strong> <strong>Sennenhund<\/strong>, auch ein Hof-, H\u00fcte- und Zughund, ist etwas kleiner, aber aufgrund seines langen Fells leicht vom Gro\u00dfen Schweizer Sennenhund zu unterscheiden. Gute Aufgaben f\u00fcr ihn sind neben dem Bewachen des Hofs der Einsatz als Zug- und Schlittenhund. Wegen seines dichten Fells kommt er gut mit Schnee zurecht, gro\u00dfe Hitze behagt ihm nicht. Am wohlsten f\u00fchlt er sich als Mitglied im \u201eFamilienrudel\u201c, lange, gem\u00fctliche Spazierg\u00e4nge, viel Auslauf im Garten und andere gemeinsame Aktivit\u00e4ten sind f\u00fcr ihn das Gr\u00f6\u00dfte. Wie der Gro\u00dfe Schweizer schaltet er manchmal auf stur, l\u00e4sst sich mit etwas Geduld aber gut erziehen.<\/p>\n<p>Der <strong>Appenzeller<\/strong> <strong>Sennenhund<\/strong> ist etwas kleiner als die beiden anderen Rassen. Er wurde fr\u00fcher als H\u00fctehund f\u00fcr die Viehherden eingesetzt. Daher ist er flink, bewegungsfreudig, ausdauernd, mutig und intelligent und gut geeignet als Rettungs- und F\u00e4hrtenhund sowie f\u00fcr den Hundesport. Sportliche Menschen, die ihn t\u00e4glich auf lange Spazierg\u00e4nge mitnehmen, sind f\u00fcr ihn wichtig. Auch der Appenzeller Sennenhund ist ein sehr menschenbezogener Hund, der rund um die Uhr mit seinem Rudel zusammen sein m\u00f6chte, aufmerksam sein Haus bewacht und mit heller Stimme Besuch ank\u00fcndigt.<\/p>\n<p>Der <strong>Entlebucher<\/strong> <strong>Sennenhund<\/strong> ist mit etwa 50 cm der kleinste der vier Sennenhunde. Auch er ist ein typischer H\u00fctehund, der im Hochgebirge die Viehherden unter seiner Kontrolle hatte. Die Anforderungen f\u00fcr diesen anspruchsvollen Job wie Mut, Geschicklichkeit, Kraft, Ausdauer und viel Intelligenz hat er sich bis heute bewahrt. Daher braucht der Entlebucher eine Aufgabe, die ihn ausf\u00fcllt und seinem Temperament entgegen kommt, zum Beispiel als F\u00e4hrtenhund oder beim Hundesport. Zugleich ist er treu, sehr anh\u00e4nglich und braucht st\u00e4ndigen Kontakt zu seinen Menschen, denen er stets alles recht machen m\u00f6chte. Daher sollte er zwar konsequent, aber mit viel Einf\u00fchlungsverm\u00f6gen erzogen werden.<\/p>\n","protected":false},"excerpt":{"rendered":"<p>\u201eSennenhunde\u201c ist eine Sammelbezeichnung f\u00fcr die Hunde der Schweizer Bergbauern. Je nach Verwendung haben sich vier verschiedene Rassen heraus gebildet, die zwar alle das typische dreifarbige Fell haben, sich aber sonst in ihren Anspr\u00fcchen unterscheiden. Allen gemein ist, dass sie bei konsequenter, aber freundlich-liebevoller Erziehung anh\u00e4ngliche und treue Familienhunde abgeben, die prima mit Kindern auskommen [&hellip;]<\/p>\n","protected":false},"author":1,"featured_media":10592,"parent":2475,"menu_order":1,"comment_status":"open","ping_status":"open","template":"templates\/blog.php","meta":{"_acf_changed":false,"_crdt_document":"","footnotes":"","beyondwords_generate_audio":"","beyondwords_project_id":"","beyondwords_content_id":"","beyondwords_preview_token":"","beyondwords_player_style":"","beyondwords_language_id":"","beyondwords_title_voice_id":"","beyondwords_body_voice_id":"","beyondwords_summary_voice_id":"","beyondwords_error_message":"","beyondwords_disabled":"","beyondwords_delete_content":"","beyondwords_podcast_id":"","beyondwords_hash":"","publish_post_to_speechkit":"","speechkit_hash":"","speechkit_generate_audio":"","speechkit_project_id":"","speechkit_podcast_id":"","speechkit_error_message":"","speechkit_disabled":"","speechkit_access_key":"","speechkit_error":"","speechkit_info":"","speechkit_response":"","speechkit_retries":"","speechkit_status":"","speechkit_updated_at":"","_speechkit_link":"","_speechkit_text":""},"class_list":["post-10002","page","type-page","status-publish","has-post-thumbnail","hentry"],"acf":[],"yoast_head":"<!-- This site is optimized with the Yoast SEO Premium plugin  - https:\/\/yoast.com\/product\/yoast-seo-premium-wordpress\/ -->\n<title>Sennenhunde im Rasseportrait \u2013 Rassen im \u00dcberblick | Uelzener<\/title>\n<meta name=\"description\" content=\"Erfahre alles zu den Unterschieden der Sennenhunde-Rassen \u2713 Berner \u2713 Appenzeller \u2713 Entlebucher \u2713 Gro\u00dfer Schweizer Sennenhund!\" \/>\n<meta name=\"robots\" content=\"index, follow, max-snippet:-1, max-image-preview:large, max-video-preview:-1\" \/>\n<link rel=\"canonical\" href=\"https:\/\/uelzener.de\/magazin\/hund\/rasseportrait\/sennenhunde\/\" \/>\n<meta property=\"og:locale\" content=\"de_DE\" \/>\n<meta property=\"og:type\" content=\"article\" \/>\n<meta property=\"og:title\" content=\"Sennenhunde: vier Rassen im \u00dcberblick\" \/>\n<meta property=\"og:description\" content=\"Erfahre alles zu den Unterschieden der Sennenhunde-Rassen \u2713 Berner \u2713 Appenzeller \u2713 Entlebucher \u2713 Gro\u00dfer Schweizer Sennenhund!\" \/>\n<meta property=\"og:url\" content=\"https:\/\/uelzener.de\/magazin\/hund\/rasseportrait\/sennenhunde\/\" \/>\n<meta property=\"og:site_name\" content=\"Uelzener Tier-Magazin\" \/>\n<meta property=\"article:publisher\" content=\"https:\/\/www.facebook.com\/Uelzener\" \/>\n<meta property=\"article:modified_time\" content=\"2023-02-21T07:19:59+00:00\" \/>\n<meta property=\"og:image\" content=\"https:\/\/uelzener.de\/magazin\/app\/uploads\/2015\/05\/Vielbauch-0789_02024_.jpg\" \/>\n\t<meta property=\"og:image:width\" content=\"800\" \/>\n\t<meta property=\"og:image:height\" content=\"808\" \/>\n\t<meta property=\"og:image:type\" content=\"image\/jpeg\" \/>\n<meta name=\"twitter:card\" content=\"summary_large_image\" \/>\n<meta name=\"twitter:label1\" content=\"Gesch\u00e4tzte Lesezeit\" \/>\n\t<meta name=\"twitter:data1\" content=\"2\u00a0Minuten\" \/>\n<script type=\"application\/ld+json\" class=\"yoast-schema-graph\">{\"@context\":\"https:\\\/\\\/schema.org\",\"@graph\":[{\"@type\":\"WebPage\",\"@id\":\"https:\\\/\\\/uelzener.de\\\/magazin\\\/hund\\\/rasseportrait\\\/sennenhunde\\\/\",\"url\":\"https:\\\/\\\/uelzener.de\\\/magazin\\\/hund\\\/rasseportrait\\\/sennenhunde\\\/\",\"name\":\"Sennenhunde im Rasseportrait \u2013 Rassen im \u00dcberblick | Uelzener\",\"isPartOf\":{\"@id\":\"https:\\\/\\\/uelzener.de\\\/magazin\\\/#website\"},\"primaryImageOfPage\":{\"@id\":\"https:\\\/\\\/uelzener.de\\\/magazin\\\/hund\\\/rasseportrait\\\/sennenhunde\\\/#primaryimage\"},\"image\":{\"@id\":\"https:\\\/\\\/uelzener.de\\\/magazin\\\/hund\\\/rasseportrait\\\/sennenhunde\\\/#primaryimage\"},\"thumbnailUrl\":\"https:\\\/\\\/uelzener.de\\\/magazin\\\/app\\\/uploads\\\/2015\\\/05\\\/Vielbauch-0789_02024_.jpg\",\"datePublished\":\"2015-05-26T00:00:00+00:00\",\"dateModified\":\"2023-02-21T07:19:59+00:00\",\"description\":\"Erfahre alles zu den Unterschieden der Sennenhunde-Rassen \u2713 Berner \u2713 Appenzeller \u2713 Entlebucher \u2713 Gro\u00dfer Schweizer Sennenhund!\",\"breadcrumb\":{\"@id\":\"https:\\\/\\\/uelzener.de\\\/magazin\\\/hund\\\/rasseportrait\\\/sennenhunde\\\/#breadcrumb\"},\"inLanguage\":\"de\",\"potentialAction\":[{\"@type\":\"ReadAction\",\"target\":[\"https:\\\/\\\/uelzener.de\\\/magazin\\\/hund\\\/rasseportrait\\\/sennenhunde\\\/\"]}]},{\"@type\":\"ImageObject\",\"inLanguage\":\"de\",\"@id\":\"https:\\\/\\\/uelzener.de\\\/magazin\\\/hund\\\/rasseportrait\\\/sennenhunde\\\/#primaryimage\",\"url\":\"https:\\\/\\\/uelzener.de\\\/magazin\\\/app\\\/uploads\\\/2015\\\/05\\\/Vielbauch-0789_02024_.jpg\",\"contentUrl\":\"https:\\\/\\\/uelzener.de\\\/magazin\\\/app\\\/uploads\\\/2015\\\/05\\\/Vielbauch-0789_02024_.jpg\",\"width\":800,\"height\":808,\"caption\":\"Portrait eines Sennenhundes vor schwarzem Hintergrund\"},{\"@type\":\"WebSite\",\"@id\":\"https:\\\/\\\/uelzener.de\\\/magazin\\\/#website\",\"url\":\"https:\\\/\\\/uelzener.de\\\/magazin\\\/\",\"name\":\"Uelzener Tiermagazin\",\"description\":\"Online Tierratgeber der Uelzener Versicherungen\",\"publisher\":{\"@id\":\"https:\\\/\\\/uelzener.de\\\/magazin\\\/#organization\"},\"potentialAction\":[{\"@type\":\"SearchAction\",\"target\":{\"@type\":\"EntryPoint\",\"urlTemplate\":\"https:\\\/\\\/uelzener.de\\\/magazin\\\/?s={search_term_string}\"},\"query-input\":{\"@type\":\"PropertyValueSpecification\",\"valueRequired\":true,\"valueName\":\"search_term_string\"}}],\"inLanguage\":\"de\"},{\"@type\":\"Organization\",\"@id\":\"https:\\\/\\\/uelzener.de\\\/magazin\\\/#organization\",\"name\":\"Uelzener Versicherungen\",\"url\":\"https:\\\/\\\/uelzener.de\\\/magazin\\\/\",\"logo\":{\"@type\":\"ImageObject\",\"inLanguage\":\"de\",\"@id\":\"https:\\\/\\\/uelzener.de\\\/magazin\\\/#\\\/schema\\\/logo\\\/image\\\/\",\"url\":\"https:\\\/\\\/uelzener.de\\\/magazin\\\/app\\\/uploads\\\/2024\\\/11\\\/uelzener_allgemeine_versicherungsgesellschaft_a_g_logo.jpg\",\"contentUrl\":\"https:\\\/\\\/uelzener.de\\\/magazin\\\/app\\\/uploads\\\/2024\\\/11\\\/uelzener_allgemeine_versicherungsgesellschaft_a_g_logo.jpg\",\"width\":200,\"height\":200,\"caption\":\"Uelzener Versicherungen\"},\"image\":{\"@id\":\"https:\\\/\\\/uelzener.de\\\/magazin\\\/#\\\/schema\\\/logo\\\/image\\\/\"},\"sameAs\":[\"https:\\\/\\\/www.facebook.com\\\/Uelzener\",\"https:\\\/\\\/instagram.com\\\/uelzener\",\"https:\\\/\\\/www.xing.com\\\/pages\\\/uelzenerallgemeineversicherungs-gesellschafta-g\",\"https:\\\/\\\/www.youtube.com\\\/UelzenerVersicherungen\"]}]}<\/script>\n<!-- \/ Yoast SEO Premium plugin. -->","yoast_head_json":{"title":"Sennenhunde im Rasseportrait \u2013 Rassen im \u00dcberblick | Uelzener","description":"Erfahre alles zu den Unterschieden der Sennenhunde-Rassen \u2713 Berner \u2713 Appenzeller \u2713 Entlebucher \u2713 Gro\u00dfer Schweizer Sennenhund!","robots":{"index":"index","follow":"follow","max-snippet":"max-snippet:-1","max-image-preview":"max-image-preview:large","max-video-preview":"max-video-preview:-1"},"canonical":"https:\/\/uelzener.de\/magazin\/hund\/rasseportrait\/sennenhunde\/","og_locale":"de_DE","og_type":"article","og_title":"Sennenhunde: vier Rassen im \u00dcberblick","og_description":"Erfahre alles zu den Unterschieden der Sennenhunde-Rassen \u2713 Berner \u2713 Appenzeller \u2713 Entlebucher \u2713 Gro\u00dfer Schweizer Sennenhund!","og_url":"https:\/\/uelzener.de\/magazin\/hund\/rasseportrait\/sennenhunde\/","og_site_name":"Uelzener Tier-Magazin","article_publisher":"https:\/\/www.facebook.com\/Uelzener","article_modified_time":"2023-02-21T07:19:59+00:00","og_image":[{"width":800,"height":808,"url":"https:\/\/uelzener.de\/magazin\/app\/uploads\/2015\/05\/Vielbauch-0789_02024_.jpg","type":"image\/jpeg"}],"twitter_card":"summary_large_image","twitter_misc":{"Gesch\u00e4tzte Lesezeit":"2\u00a0Minuten"},"schema":{"@context":"https:\/\/schema.org","@graph":[{"@type":"WebPage","@id":"https:\/\/uelzener.de\/magazin\/hund\/rasseportrait\/sennenhunde\/","url":"https:\/\/uelzener.de\/magazin\/hund\/rasseportrait\/sennenhunde\/","name":"Sennenhunde im Rasseportrait \u2013 Rassen im \u00dcberblick | Uelzener","isPartOf":{"@id":"https:\/\/uelzener.de\/magazin\/#website"},"primaryImageOfPage":{"@id":"https:\/\/uelzener.de\/magazin\/hund\/rasseportrait\/sennenhunde\/#primaryimage"},"image":{"@id":"https:\/\/uelzener.de\/magazin\/hund\/rasseportrait\/sennenhunde\/#primaryimage"},"thumbnailUrl":"https:\/\/uelzener.de\/magazin\/app\/uploads\/2015\/05\/Vielbauch-0789_02024_.jpg","datePublished":"2015-05-26T00:00:00+00:00","dateModified":"2023-02-21T07:19:59+00:00","description":"Erfahre alles zu den Unterschieden der Sennenhunde-Rassen \u2713 Berner \u2713 Appenzeller \u2713 Entlebucher \u2713 Gro\u00dfer Schweizer Sennenhund!","breadcrumb":{"@id":"https:\/\/uelzener.de\/magazin\/hund\/rasseportrait\/sennenhunde\/#breadcrumb"},"inLanguage":"de","potentialAction":[{"@type":"ReadAction","target":["https:\/\/uelzener.de\/magazin\/hund\/rasseportrait\/sennenhunde\/"]}]},{"@type":"ImageObject","inLanguage":"de","@id":"https:\/\/uelzener.de\/magazin\/hund\/rasseportrait\/sennenhunde\/#primaryimage","url":"https:\/\/uelzener.de\/magazin\/app\/uploads\/2015\/05\/Vielbauch-0789_02024_.jpg","contentUrl":"https:\/\/uelzener.de\/magazin\/app\/uploads\/2015\/05\/Vielbauch-0789_02024_.jpg","width":800,"height":808,"caption":"Portrait eines Sennenhundes vor schwarzem Hintergrund"},{"@type":"WebSite","@id":"https:\/\/uelzener.de\/magazin\/#website","url":"https:\/\/uelzener.de\/magazin\/","name":"Uelzener Tiermagazin","description":"Online Tierratgeber der Uelzener Versicherungen","publisher":{"@id":"https:\/\/uelzener.de\/magazin\/#organization"},"potentialAction":[{"@type":"SearchAction","target":{"@type":"EntryPoint","urlTemplate":"https:\/\/uelzener.de\/magazin\/?s={search_term_string}"},"query-input":{"@type":"PropertyValueSpecification","valueRequired":true,"valueName":"search_term_string"}}],"inLanguage":"de"},{"@type":"Organization","@id":"https:\/\/uelzener.de\/magazin\/#organization","name":"Uelzener Versicherungen","url":"https:\/\/uelzener.de\/magazin\/","logo":{"@type":"ImageObject","inLanguage":"de","@id":"https:\/\/uelzener.de\/magazin\/#\/schema\/logo\/image\/","url":"https:\/\/uelzener.de\/magazin\/app\/uploads\/2024\/11\/uelzener_allgemeine_versicherungsgesellschaft_a_g_logo.jpg","contentUrl":"https:\/\/uelzener.de\/magazin\/app\/uploads\/2024\/11\/uelzener_allgemeine_versicherungsgesellschaft_a_g_logo.jpg","width":200,"height":200,"caption":"Uelzener Versicherungen"},"image":{"@id":"https:\/\/uelzener.de\/magazin\/#\/schema\/logo\/image\/"},"sameAs":["https:\/\/www.facebook.com\/Uelzener","https:\/\/instagram.com\/uelzener","https:\/\/www.xing.com\/pages\/uelzenerallgemeineversicherungs-gesellschafta-g","https:\/\/www.youtube.com\/UelzenerVersicherungen"]}]}},"_links":{"self":[{"href":"https:\/\/uelzener.de\/magazin\/wp-json\/wp\/v2\/pages\/10002","targetHints":{"allow":["GET"]}}],"collection":[{"href":"https:\/\/uelzener.de\/magazin\/wp-json\/wp\/v2\/pages"}],"about":[{"href":"https:\/\/uelzener.de\/magazin\/wp-json\/wp\/v2\/types\/page"}],"author":[{"embeddable":true,"href":"https:\/\/uelzener.de\/magazin\/wp-json\/wp\/v2\/users\/1"}],"replies":[{"embeddable":true,"href":"https:\/\/uelzener.de\/magazin\/wp-json\/wp\/v2\/comments?post=10002"}],"version-history":[{"count":5,"href":"https:\/\/uelzener.de\/magazin\/wp-json\/wp\/v2\/pages\/10002\/revisions"}],"predecessor-version":[{"id":12362,"href":"https:\/\/uelzener.de\/magazin\/wp-json\/wp\/v2\/pages\/10002\/revisions\/12362"}],"up":[{"embeddable":true,"href":"https:\/\/uelzener.de\/magazin\/wp-json\/wp\/v2\/pages\/2475"}],"wp:featuredmedia":[{"embeddable":true,"href":"https:\/\/uelzener.de\/magazin\/wp-json\/wp\/v2\/media\/10592"}],"wp:attachment":[{"href":"https:\/\/uelzener.de\/magazin\/wp-json\/wp\/v2\/media?parent=10002"}],"curies":[{"name":"wp","href":"https:\/\/api.w.org\/{rel}","templated":true}]}}